{"id":3164,"date":"2021-05-28T11:44:03","date_gmt":"2021-05-28T09:44:03","guid":{"rendered":"https:\/\/neueautos.ch\/?page_id=3164"},"modified":"2021-10-04T11:34:05","modified_gmt":"2021-10-04T09:34:05","slug":"medias","status":"publish","type":"page","link":"https:\/\/neueautos.ch\/fr\/medias\/","title":{"rendered":"M\u00c9DIAS"},"content":{"rendered":"<p>[et_\u200bpb_\u200bsection fb_built=\u201c1\u201d custom_padding_last_edited=\u201con|phone\u201d admin_label=\u201cListings\u201d _builder_version=\u201c4.7.3\u201d background_color=\u201crgba(0,0,0,0)\u201d custom_padding=\u201c30px|80px|60px|80px|false|true\u201d custom_padding_tablet=\u201d|40px||40px|false|true\u201d custom_padding_phone=\u201c30px|20px|60px|20px|false|true\u201d][et_pb_row use_custom_gutter=\u201con\u201d gutter_width=\u201c2\u201d custom_padding_last_edited=\u201con|phone\u201d admin_label=\u201cShop Area\u201d module_\u200bclass=\u201d et_\u200bpb_\u200brow_\u200bfullwidth\u201d _builder_version=\u201c4.7.3\u201d width=\u201c100%\u201d width_tablet=\u201c80%\u201d width_last_edited=\u201coff|desktop\u201d max_width=\u201c2340px\u201d max_width_tablet=\u201c80%\u201d max_width_last_edited=\u201coff|desktop\u201d custom_\u200bmargin=\u201d|||\u201d custom_padding=\u201c20px|240px|20px|240px|true|true\u201d custom_padding_tablet=\u201d|0px||0px|true|true\u201d custom_padding_phone=\u201c20px||20px||true|true\u201d animation_style=\u201cslide\u201d animation_direction=\u201cbottom\u201d animation_duration=\u201c600ms\u201d animation_delay=\u201c150ms\u201d animation_intensity_slide=\u201c3%\u201d make_fullwidth=\u201con\u201d][et_pb_column type=\u201c4_4\u201d _builder_version=\u201c3.25\u201d custom_\u200bpadding=\u201d|||\u201d custom_padding__hover=\u201d|||\u201d][et_pb_text _builder_version=\u201c4.7.3\u201d _module_preset=\u201cdefault\u201d header_2_font=\u201cRoboto Condensed|300||on|||||\u201d header_2_text_align=\u201ccenter\u201d header_2_text_color=\u201c#383838\u201d header_2_font_size=\u201c42px\u201d header_2_line_height=\u201c1.1em\u201d custom_padding=\u201c9px|||||\u201d]<\/p>\n<h2>AUTO H\u00d6NGG DANS LES M\u00c9DIAS<\/h2>\n<p>[\/et_pb_text][\/et_pb_column][\/et_pb_row][et_pb_row column_structure=\u201c1_3,1_3,1_3\u201d use_custom_gutter=\u201con\u201d gutter_width=\u201c2\u201d custom_padding_last_edited=\u201con|phone\u201d admin_label=\u201cShop Area\u201d module_\u200bclass=\u201d et_\u200bpb_\u200brow_\u200bfullwidth\u201d _builder_version=\u201c4.7.3\u201d width=\u201c100%\u201d width_tablet=\u201c80%\u201d width_last_edited=\u201coff|desktop\u201d max_width_tablet=\u201c80%\u201d max_width_last_edited=\u201coff|desktop\u201d custom_\u200bmargin=\u201d|||\u201d custom_padding=\u201c20px||20px||true|true\u201d custom_\u200bpadding_\u200btablet=\u201d\u201d custom_padding_phone=\u201c20px||20px||true|false\u201d animation_style=\u201cslide\u201d animation_direction=\u201cbottom\u201d animation_duration=\u201c600ms\u201d animation_delay=\u201c150ms\u201d animation_intensity_slide=\u201c3%\u201d make_fullwidth=\u201con\u201d][et_pb_column type=\u201c1_3\u201d _builder_version=\u201c3.25\u201d custom_\u200bpadding=\u201d|||\u201d custom_padding__hover=\u201d|||\u201d][et_pb_image src=\u201chttps:\/\/neueautos.ch\/wp-content\/uploads\/2021\/02\/handel.png\u201d title_text=\u201chandel\u201d _builder_version=\u201c4.7.3\u201d _module_preset=\u201cdefault\u201d custom_margin=\u201d||-2px|||\u201d][\/et_pb_image][et_pb_text _builder_version=\u201c4.7.3\u201d _module_preset=\u201cdefault\u201d text_font=\u201cRoboto|300|||||||\u201d text_text_color=\u201c#333333\u201d text_font_size=\u201c18px\u201d text_line_height=\u201c1.6em\u201d link_text_color=\u201c#bc3918\u201d ul_font=\u201cRoboto|300|||||||\u201d ul_text_color=\u201d#4f4f4f\u201d ul_font_size=\u201c18px\u201d ul_line_height=\u201c1.5em\u201d header_2_font=\u201cRoboto Condensed|700|||||||\u201d header_2_text_color=\u201c#424242\u201d header_2_line_height=\u201c1.2em\u201d background_color=\u201c#f7f7f7\u201d custom_padding=\u201c40px|20px|40px|40px|true|false\u201d custom_padding_tablet=\u201c30px|30px|30px|30px|true|true\u201d custom_\u200bpadding_\u200bphone=\u201d\u201d custom_padding_last_edited=\u201con|phone\u201d]<\/p>\n<h2>HANDEL &amp; GEWERBE H\u00d6NGG<\/h2>\n<p>Im Han\u00addel &amp; Gewerbe H\u00f6ngg machen die Mit\u00adglieder regelm\u00e4s\u00adsig Betrieb\u00adsvorstelun\u00adgen. Hier ein paar Bilder vom Besuch der H\u00f6ng\u00adger \u201cGewerbler\u201d bei der Auto H\u00f6ngg. <strong><br><a href=\"https:\/\/www.hoengg.ch\/fotos-betriebsvorstellung-auto-hoengg-belfanti-ag\/\">&gt; Bilder Betriebsvorstellung<\/a><\/strong><\/p>\n<p>[\/et_pb_text][\/et_pb_column][et_pb_column type=\u201c1_3\u201d _builder_version=\u201c3.25\u201d custom_\u200bpadding=\u201d|||\u201d custom_padding__hover=\u201d|||\u201d][et_pb_image src=\u201chttps:\/\/neueautos.ch\/wp-content\/uploads\/2021\/02\/eaivt.png\u201d title_text=\u201ceaivt\u201d _builder_version=\u201c4.7.3\u201d _module_preset=\u201cdefault\u201d custom_margin=\u201d||-2px|||\u201d][\/et_pb_image][et_pb_text _builder_version=\u201c4.7.3\u201d _module_preset=\u201cdefault\u201d text_font=\u201cRoboto|300|||||||\u201d text_text_color=\u201c#333333\u201d text_font_size=\u201c18px\u201d text_line_height=\u201c1.6em\u201d link_text_color=\u201c#bc3918\u201d ul_font=\u201cRoboto|300|||||||\u201d ul_text_color=\u201d#4f4f4f\u201d ul_font_size=\u201c18px\u201d ul_line_height=\u201c1.5em\u201d header_2_font=\u201cRoboto Condensed|700|||||||\u201d header_2_text_color=\u201c#424242\u201d header_2_line_height=\u201c1.2em\u201d background_color=\u201c#f7f7f7\u201d custom_padding=\u201c40px|20px|40px|40px|true|false\u201d custom_padding_tablet=\u201c30px|30px|30px|30px|true|true\u201d custom_\u200bpadding_\u200bphone=\u201d\u201d custom_padding_last_edited=\u201con|phone\u201d hover_enabled=\u201c0\u201d sticky_enabled=\u201c0\u201d]<\/p>\n<h2>EAIVT IN LONDON \/\u200b MOTION \u2013&nbsp;2019<\/h2>\n<p>Am\u00fcsan\u00adter Bericht \u00fcber das EAIVT Tre\u00adf\u00adfen in Lon\u00addon das von Mar\u00adco Belfan\u00adti gef\u00fchrt wurde.<strong><br><a href=\"https:\/\/www.neueautos.ch\/wp-content\/uploads\/2020\/03\/Belfanti_Motion_27.pdf\">&gt; Motion<\/a><\/strong><\/p>\n<p>[\/et_pb_text][\/et_pb_column][et_pb_column type=\u201c1_3\u201d _builder_version=\u201c3.25\u201d custom_\u200bpadding=\u201d|||\u201d custom_padding__hover=\u201d|||\u201d][et_pb_image src=\u201chttps:\/\/neueautos.ch\/wp-content\/uploads\/2021\/02\/auto.png\u201d title_text=\u201cauto\u201d _builder_version=\u201c4.7.3\u201d _module_preset=\u201cdefault\u201d custom_margin=\u201d||-2px|||\u201d][\/et_pb_image][et_pb_text _builder_version=\u201c4.7.3\u201d _module_preset=\u201cdefault\u201d text_font=\u201cRoboto|300|||||||\u201d text_text_color=\u201c#333333\u201d text_font_size=\u201c18px\u201d text_line_height=\u201c1.6em\u201d link_text_color=\u201c#bc3918\u201d ul_font=\u201cRoboto|300|||||||\u201d ul_text_color=\u201d#4f4f4f\u201d ul_font_size=\u201c18px\u201d ul_line_height=\u201c1.5em\u201d header_2_font=\u201cRoboto Condensed|700|||||||\u201d header_2_text_color=\u201c#424242\u201d header_2_line_height=\u201c1.2em\u201d background_color=\u201c#f7f7f7\u201d custom_padding=\u201c40px|20px|40px|40px|true|false\u201d custom_padding_tablet=\u201c30px|30px|30px|30px|true|true\u201d custom_\u200bpadding_\u200bphone=\u201d\u201d custom_padding_last_edited=\u201con|desktop\u201d hover_enabled=\u201c0\u201d sticky_enabled=\u201c0\u201d]<\/p>\n<h2>AUTOHAUS<\/h2>\n<p>Anl\u00e4sslich der EAIVT Tagung die Mar\u00adco Belfan\u00adti als Pr\u00e4si\u00addent des europ\u00e4is\u00adchen Ver\u00adban\u00addes der freien Auto\u00adh\u00e4ndler leit\u00adete, wurde im Auto\u00adhaus ein Bericht ver\u00f6f\u00adfentlicht.<strong><br><a href=\"https:\/\/neueautos.ch\/wp-content\/uploads\/2021\/09\/Autohaus-Artikel-7.2017.pdf\">&gt; Auto\u00adhaus Artikel 7.2017<\/a><\/strong><\/p>\n<p>[\/et_pb_text][\/et_pb_column][\/et_pb_row][et_pb_row column_structure=\u201c1_3,1_3,1_3\u201d use_custom_gutter=\u201con\u201d gutter_width=\u201c2\u201d admin_label=\u201cShop Area\u201d module_\u200bclass=\u201d et_\u200bpb_\u200brow_\u200bfullwidth\u201d _builder_version=\u201c4.7.3\u201d width=\u201c100%\u201d width_tablet=\u201c80%\u201d width_last_edited=\u201coff|desktop\u201d max_width_tablet=\u201c80%\u201d max_width_last_edited=\u201coff|desktop\u201d custom_\u200bmargin=\u201d|||\u201d custom_padding=\u201c0px||28px||false|true\u201d animation_style=\u201cslide\u201d animation_direction=\u201cbottom\u201d animation_duration=\u201c600ms\u201d animation_delay=\u201c150ms\u201d animation_intensity_slide=\u201c3%\u201d make_fullwidth=\u201con\u201d][et_pb_column type=\u201c1_3\u201d _builder_version=\u201c3.25\u201d custom_\u200bpadding=\u201d|||\u201d custom_padding__hover=\u201d|||\u201d][et_pb_image src=\u201chttps:\/\/neueautos.ch\/wp-content\/uploads\/2021\/02\/hoengger-online.png\u201d title_text=\u201choengger-online\u201d _builder_version=\u201c4.7.3\u201d _module_preset=\u201cdefault\u201d custom_margin=\u201d||-2px|||\u201d border_width_all=\u201c0px\u201d][\/et_pb_image][et_pb_text _builder_version=\u201c4.7.3\u201d _module_preset=\u201cdefault\u201d text_font=\u201cRoboto|300|||||||\u201d text_text_color=\u201c#333333\u201d text_font_size=\u201c18px\u201d text_line_height=\u201c1.6em\u201d link_text_color=\u201c#bc3918\u201d ul_font=\u201cRoboto|300|||||||\u201d ul_text_color=\u201d#4f4f4f\u201d ul_font_size=\u201c18px\u201d ul_line_height=\u201c1.5em\u201d header_2_font=\u201cRoboto Condensed|700|||||||\u201d header_2_text_color=\u201c#424242\u201d header_2_line_height=\u201c1.2em\u201d background_color=\u201c#f7f7f7\u201d custom_padding=\u201c40px|20px|40px|40px|true|false\u201d custom_padding_tablet=\u201c30px|30px|30px|30px|true|true\u201d custom_\u200bpadding_\u200bphone=\u201d\u201d custom_padding_last_edited=\u201con|desktop\u201d]<\/p>\n<h2>DER H\u00d6NGGER \u2013 DER AUTO (HANDEL) FL\u00dcSTERER<\/h2>\n<p>Der H\u00f6ng\u00adger hat Mar\u00adco Belfan\u00adti als den Aut\u00adofl\u00fcster\u00ader beschrieben :o)<strong><br> <a href=\"http:\/\/hoengger.ch\/der-autohandel-fluesterer\/\">&gt; Artikel im H\u00f6ngger<\/a><\/strong><\/p>\n<p>[\/et_pb_text][\/et_pb_column][et_pb_column type=\u201c1_3\u201d _builder_version=\u201c3.25\u201d custom_\u200bpadding=\u201d|||\u201d custom_padding__hover=\u201d|||\u201d][et_pb_image src=\u201chttps:\/\/neueautos.ch\/wp-content\/uploads\/2021\/02\/eaivt.png\u201d title_text=\u201ceaivt\u201d _builder_version=\u201c4.7.3\u201d _module_preset=\u201cdefault\u201d custom_margin=\u201d||-2px|||\u201d][\/et_pb_image][et_pb_text _builder_version=\u201c4.7.3\u201d _module_preset=\u201cdefault\u201d text_font=\u201cRoboto|300|||||||\u201d text_text_color=\u201c#333333\u201d text_font_size=\u201c18px\u201d text_line_height=\u201c1.6em\u201d link_text_color=\u201c#bc3918\u201d ul_font=\u201cRoboto|300|||||||\u201d ul_text_color=\u201d#4f4f4f\u201d ul_font_size=\u201c18px\u201d ul_line_height=\u201c1.5em\u201d header_2_font=\u201cRoboto Condensed|700|||||||\u201d header_2_text_color=\u201c#424242\u201d header_2_line_height=\u201c1.2em\u201d background_color=\u201c#f7f7f7\u201d custom_padding=\u201c40px|20px|40px|40px|true|false\u201d custom_padding_tablet=\u201c30px|30px|30px|30px|true|true\u201d custom_\u200bpadding_\u200bphone=\u201d\u201d custom_padding_last_edited=\u201con|phone\u201d]<\/p>\n<h2>BUNDESVERBAND BVFK DEUTSCHLAND \/\u200b MOTION<\/h2>\n<p>Bericht \u00fcber das EAIVT Tre\u00adf\u00adfen von Liss\u00adabon, pr\u00e4\u00adsi\u00addiert von Mar\u00adco Belfan\u00adti.<strong><br><a href=\"https:\/\/neueautos.ch\/wp-content\/uploads\/2021\/09\/Motion_24.pdf\">&gt; Motion_\u200b24<\/a><\/strong><\/p>\n<p>[\/et_pb_text][\/et_pb_column][et_pb_column type=\u201c1_3\u201d _builder_version=\u201c3.25\u201d custom_\u200bpadding=\u201d|||\u201d custom_padding__hover=\u201d|||\u201d][et_pb_image src=\u201chttps:\/\/neueautos.ch\/wp-content\/uploads\/2021\/02\/20min.png\u201d title_text=\u201c20min\u201d _builder_version=\u201c4.7.3\u201d _module_preset=\u201cdefault\u201d custom_margin=\u201d||-2px|||\u201d][\/et_pb_image][et_pb_text _builder_version=\u201c4.7.3\u201d _module_preset=\u201cdefault\u201d text_font=\u201cRoboto|300|||||||\u201d text_text_color=\u201c#333333\u201d text_font_size=\u201c18px\u201d text_line_height=\u201c1.6em\u201d link_text_color=\u201c#bc3918\u201d ul_font=\u201cRoboto|300|||||||\u201d ul_text_color=\u201d#4f4f4f\u201d ul_font_size=\u201c18px\u201d ul_line_height=\u201c1.5em\u201d header_2_font=\u201cRoboto Condensed|700|||||||\u201d header_2_text_color=\u201c#424242\u201d header_2_line_height=\u201c1.2em\u201d background_color=\u201c#f7f7f7\u201d custom_margin=\u201d||||false|false\u201d custom_padding=\u201c40px|20px|40px|40px|true|false\u201d custom_padding_tablet=\u201c30px|30px|30px|30px|true|true\u201d custom_\u200bpadding_\u200bphone=\u201d\u201d custom_padding_last_edited=\u201con|tablet\u201d]<\/p>\n<h2>20 MINUTEN BEFRAGT MARCO BELFANTI<\/h2>\n<p>Schweiz\u00ader fahren lieber Automat.<strong><br> <a href=\"https:\/\/www.20min.ch\/story\/schweizer-fahren-lieber-automat-554821121959\">&gt; Artikel 20 Minuten Online<\/a><\/strong><\/p>\n<p>[\/et_pb_text][\/et_pb_column][\/et_pb_row][et_pb_row column_structure=\u201c1_3,1_3,1_3\u201d use_custom_gutter=\u201con\u201d gutter_width=\u201c2\u201d admin_label=\u201cShop Area\u201d module_\u200bclass=\u201d et_\u200bpb_\u200brow_\u200bfullwidth\u201d _builder_version=\u201c4.7.3\u201d width=\u201c100%\u201d width_tablet=\u201c80%\u201d width_last_edited=\u201coff|desktop\u201d max_width_tablet=\u201c80%\u201d max_width_last_edited=\u201coff|desktop\u201d custom_\u200bmargin=\u201d|||\u201d custom_padding=\u201c0px||28px||false|true\u201d animation_style=\u201cslide\u201d animation_direction=\u201cbottom\u201d animation_duration=\u201c600ms\u201d animation_delay=\u201c150ms\u201d animation_intensity_slide=\u201c3%\u201d make_fullwidth=\u201con\u201d][et_pb_column type=\u201c1_3\u201d _builder_version=\u201c3.25\u201d custom_\u200bpadding=\u201d|||\u201d custom_padding__hover=\u201d|||\u201d][et_pb_image src=\u201chttps:\/\/neueautos.ch\/wp-content\/uploads\/2021\/02\/eaivt.png\u201d title_text=\u201ceaivt\u201d _builder_version=\u201c4.7.3\u201d _module_preset=\u201cdefault\u201d custom_margin=\u201d||-2px|||\u201d][\/et_pb_image][et_pb_text _builder_version=\u201c4.7.3\u201d _module_preset=\u201cdefault\u201d text_font=\u201cRoboto|300|||||||\u201d text_text_color=\u201c#333333\u201d text_font_size=\u201c18px\u201d text_line_height=\u201c1.6em\u201d link_text_color=\u201c#bc3918\u201d ul_font=\u201cRoboto|300|||||||\u201d ul_text_color=\u201d#4f4f4f\u201d ul_font_size=\u201c18px\u201d ul_line_height=\u201c1.5em\u201d header_2_font=\u201cRoboto Condensed|700|||||||\u201d header_2_text_color=\u201c#424242\u201d header_2_line_height=\u201c1.2em\u201d background_color=\u201c#f7f7f7\u201d custom_padding=\u201c40px|20px|40px|40px|true|false\u201d custom_padding_tablet=\u201c30px|30px|30px|30px|true|true\u201d custom_\u200bpadding_\u200bphone=\u201d\u201d custom_padding_last_edited=\u201con|phone\u201d]<\/p>\n<h2>DIE ZUKUNFT DES FREIEN AUTOHANDELS \/\u200b MOTION<\/h2>\n<p>Anl\u00e4sslich der Jahresta\u00adgung des Deutschen Ver\u00adbands BVfK, Bun\u00addesver\u00adband freier Kfz-H\u00e4ndler, hat Mar\u00adco Belfan\u00adti ein Refer\u00adat gehal\u00adten.. Hier k\u00f6n\u00adnen Sie das nach\u00adle\u00adsen.<strong><br><a href=\"https:\/\/neueautos.ch\/wp-content\/uploads\/2021\/09\/EAIVT_Zukunft.pdf\">&gt; Die Zukun\u00adft des freien Autohandels<\/a><\/strong><\/p>\n<p>[\/et_pb_text][\/et_pb_column][et_pb_column type=\u201c1_3\u201d _builder_version=\u201c3.25\u201d custom_\u200bpadding=\u201d|||\u201d custom_padding__hover=\u201d|||\u201d][et_pb_image src=\u201chttps:\/\/neueautos.ch\/wp-content\/uploads\/2021\/05\/tages-anzeiger.png\u201d title_text=\u201ctages-anzeiger\u201d _builder_version=\u201c4.7.3\u201d _module_preset=\u201cdefault\u201d custom_margin=\u201d||-2px|||\u201d][\/et_pb_image][et_pb_text _builder_version=\u201c4.7.3\u201d _module_preset=\u201cdefault\u201d text_font=\u201cRoboto|300|||||||\u201d text_text_color=\u201c#333333\u201d text_font_size=\u201c18px\u201d text_line_height=\u201c1.6em\u201d link_text_color=\u201c#bc3918\u201d ul_font=\u201cRoboto|300|||||||\u201d ul_text_color=\u201d#4f4f4f\u201d ul_font_size=\u201c18px\u201d ul_line_height=\u201c1.5em\u201d header_2_font=\u201cRoboto Condensed|700|||||||\u201d header_2_text_color=\u201c#424242\u201d header_2_line_height=\u201c1.2em\u201d background_color=\u201c#f7f7f7\u201d custom_padding=\u201c40px|20px|40px|40px|true|false\u201d custom_padding_tablet=\u201c30px|30px|30px|30px|true|true\u201d custom_\u200bpadding_\u200bphone=\u201d\u201d custom_padding_last_edited=\u201con|phone\u201d]<\/p>\n<h2>TAGESANZEIGER ONLINE<\/h2>\n<p>Als der VW Abgasskan\u00addal in USA bekan\u00adnt wurde, hat Tage\u00adsanzeiger Online mit Mar\u00adco Belfan\u00adti eine Reportage zum The\u00adma gemacht. Das ganze Aus\u00admass, auch in Europa, kan\u00adnte man zu diesem Zeit\u00adpunkt noch nicht.<strong><br> <a href=\"https:\/\/www.tagesanzeiger.ch\/wirtschaft\/beim-zuercher-autohaendler-kunden-kommen-mit-vorbehalt\/story\/20670534\">&gt; Tage\u00adsanzeiger Online Beitrag<\/a><\/strong><\/p>\n<p>[\/et_pb_text][\/et_pb_column][et_pb_column type=\u201c1_3\u201d _builder_version=\u201c3.25\u201d custom_\u200bpadding=\u201d|||\u201d custom_padding__hover=\u201d|||\u201d][et_pb_image src=\u201chttps:\/\/neueautos.ch\/wp-content\/uploads\/2021\/02\/eaivt.png\u201d title_text=\u201ceaivt\u201d _builder_version=\u201c4.7.3\u201d _module_preset=\u201cdefault\u201d custom_margin=\u201d||-2px|||\u201d][\/et_pb_image][et_pb_text _builder_version=\u201c4.7.3\u201d _module_preset=\u201cdefault\u201d text_font=\u201cRoboto|300|||||||\u201d text_text_color=\u201c#333333\u201d text_font_size=\u201c18px\u201d text_line_height=\u201c1.6em\u201d link_text_color=\u201c#bc3918\u201d ul_font=\u201cRoboto|300|||||||\u201d ul_text_color=\u201d#4f4f4f\u201d ul_font_size=\u201c18px\u201d ul_line_height=\u201c1.5em\u201d header_2_font=\u201cRoboto Condensed|700|||||||\u201d header_2_text_color=\u201c#424242\u201d header_2_line_height=\u201c1.2em\u201d background_color=\u201c#f7f7f7\u201d custom_padding=\u201c40px|20px|40px|40px|true|false\u201d custom_padding_tablet=\u201c30px|30px|30px|30px|true|true\u201d custom_\u200bpadding_\u200bphone=\u201d\u201d custom_padding_last_edited=\u201con|tablet\u201d]<\/p>\n<h2>EUROTAX AUTO INFORMATION<\/h2>\n<p>Dr. Niko\u00adlaus ENGEL, Chefredak\u00adteur AUTO-Infor\u00adma\u00adtion, befragte Mar\u00adco Belfan\u00adti anl\u00e4sslich des EAIVT Kongress in Wien \u00fcber den freien Automarkt und dessen weit\u00adere Entwick\u00adlung. Lesen Sie hier.<strong><br><a href=\"https:\/\/neueautos.ch\/wp-content\/uploads\/2021\/09\/Auto-Wirtschaft-3.7.2015.pdf\">&gt; Auto &amp; Wirtschaft 3.7.2015<\/a><\/strong><\/p>\n<p>[\/et_pb_text][\/et_pb_column][\/et_pb_row][et_pb_row column_structure=\u201c1_3,1_3,1_3\u201d use_custom_gutter=\u201con\u201d gutter_width=\u201c2\u201d admin_label=\u201cShop Area\u201d module_\u200bclass=\u201d et_\u200bpb_\u200brow_\u200bfullwidth\u201d _builder_version=\u201c4.7.3\u201d width=\u201c100%\u201d width_tablet=\u201c80%\u201d width_last_edited=\u201coff|desktop\u201d max_width_tablet=\u201c80%\u201d max_width_last_edited=\u201coff|desktop\u201d custom_\u200bmargin=\u201d|||\u201d custom_padding=\u201c0px||28px||false|true\u201d animation_style=\u201cslide\u201d animation_direction=\u201cbottom\u201d animation_duration=\u201c600ms\u201d animation_delay=\u201c150ms\u201d animation_intensity_slide=\u201c3%\u201d make_fullwidth=\u201con\u201d][et_pb_column type=\u201c1_3\u201d _builder_version=\u201c3.25\u201d custom_\u200bpadding=\u201d|||\u201d custom_padding__hover=\u201d|||\u201d][et_pb_image src=\u201chttps:\/\/neueautos.ch\/wp-content\/uploads\/2021\/02\/20min.png\u201d title_text=\u201c20min\u201d _builder_version=\u201c4.7.3\u201d _module_preset=\u201cdefault\u201d custom_margin=\u201d||-2px|||\u201d][\/et_pb_image][et_pb_text _builder_version=\u201c4.7.3\u201d _module_preset=\u201cdefault\u201d text_font=\u201cRoboto|300|||||||\u201d text_text_color=\u201c#333333\u201d text_font_size=\u201c18px\u201d text_line_height=\u201c1.6em\u201d link_text_color=\u201c#bc3918\u201d ul_font=\u201cRoboto|300|||||||\u201d ul_text_color=\u201d#4f4f4f\u201d ul_font_size=\u201c18px\u201d ul_line_height=\u201c1.5em\u201d header_2_font=\u201cRoboto Condensed|700|||||||\u201d header_2_text_color=\u201c#424242\u201d header_2_line_height=\u201c1.2em\u201d background_color=\u201c#f7f7f7\u201d custom_padding=\u201c40px|20px|40px|40px|true|false\u201d custom_padding_tablet=\u201c30px|30px|30px|30px|true|true\u201d custom_\u200bpadding_\u200bphone=\u201d\u201d custom_padding_last_edited=\u201con|phone\u201d]<\/p>\n<h2>20 MINUTEN<\/h2>\n<p>Seit der Aufhe\u00adbung der Euro-Unter\u00adgren\u00adze ist die Preis\u00add\u00adif\u00adferenz zwis\u00adchen der Schweiz und Deutsch\u00adland um 20% gestiegen. Kon\u00adsumenten\u00adsch\u00fctzer ver\u00adlan\u00adgen nun eine Preisan\u00adpas\u00adsung im Schweiz\u00ader Auto\u00adhan\u00addel. 20 Minuten berichtet dar\u00fcber, wie bei der Auto Hongg Z\u00fcrich die Kun\u00adden vom schwachen Euro prof\u00adi\u00adtieren k\u00f6n\u00adnen.<strong><br><a href=\"https:\/\/www.20min.ch\/story\/konsumentenschuetzer-fordern-tiefere-autopreise-463303966681\">&gt; Kon\u00adsumenten\u00adsch\u00fctzer fordern tief\u00adere Autopreise<\/a><\/strong><\/p>\n<p>[\/et_pb_text][\/et_pb_column][et_pb_column type=\u201c1_3\u201d _builder_version=\u201c3.25\u201d custom_\u200bpadding=\u201d|||\u201d custom_padding__hover=\u201d|||\u201d][et_pb_image src=\u201chttps:\/\/neueautos.ch\/wp-content\/uploads\/2021\/05\/telezueri.png\u201d title_text=\u201ctelezueri\u201d _builder_version=\u201c4.7.3\u201d _module_preset=\u201cdefault\u201d custom_margin=\u201d||-2px|||\u201d][\/et_pb_image][et_pb_text _builder_version=\u201c4.7.3\u201d _module_preset=\u201cdefault\u201d text_font=\u201cRoboto|300|||||||\u201d text_text_color=\u201c#333333\u201d text_font_size=\u201c18px\u201d text_line_height=\u201c1.6em\u201d link_text_color=\u201c#bc3918\u201d ul_font=\u201cRoboto|300|||||||\u201d ul_text_color=\u201d#4f4f4f\u201d ul_font_size=\u201c18px\u201d ul_line_height=\u201c1.5em\u201d header_2_font=\u201cRoboto Condensed|700|||||||\u201d header_2_text_color=\u201c#424242\u201d header_2_line_height=\u201c1.2em\u201d background_color=\u201c#f7f7f7\u201d custom_padding=\u201c40px|20px|40px|40px|true|false\u201d custom_padding_tablet=\u201c30px|30px|30px|30px|true|true\u201d custom_\u200bpadding_\u200bphone=\u201d\u201d custom_padding_last_edited=\u201con|phone\u201d]<\/p>\n<h2>TELEZ\u00dcRI \/\u200b Z\u00dcRINEWS<\/h2>\n<p>Z\u00fcriNews berichtet \u00fcber die Auswirkun\u00adgen der Aufhe\u00adbung der Euro-Unter\u00adgren\u00adze. Vom g\u00fcn\u00adsti\u00adgen Wech\u00adselkurs prof\u00adi\u00adtiert vor allem der Import-Sek\u00adtor. Coop und Migros senken die Preise. Mar\u00adco Belfan\u00adti gibt Auskun\u00adft dar\u00fcber, wie die W\u00e4hrungsvorteile im Fahrzeug-Direk\u00adtim\u00adport weit\u00adergegeben wer\u00adden.<strong><br> <a href=\"https:\/\/vimeo.com\/117656853\">&gt; Kon\u00adsumenten\u00advorteile dank g\u00fcn\u00adsti\u00adgen Wechselkurs<\/a><\/strong><\/p>\n<p>[\/et_pb_text][\/et_pb_column][et_pb_column type=\u201c1_3\u201d _builder_version=\u201c3.25\u201d custom_\u200bpadding=\u201d|||\u201d custom_padding__hover=\u201d|||\u201d][et_pb_image src=\u201chttps:\/\/neueautos.ch\/wp-content\/uploads\/2021\/05\/nzz.png\u201d title_text=\u201cnzz\u201d _builder_version=\u201c4.7.3\u201d _module_preset=\u201cdefault\u201d custom_margin=\u201d||-2px|||\u201d][\/et_pb_image][et_pb_text _builder_version=\u201c4.7.3\u201d _module_preset=\u201cdefault\u201d text_font=\u201cRoboto|300|||||||\u201d text_text_color=\u201c#333333\u201d text_font_size=\u201c18px\u201d text_line_height=\u201c1.6em\u201d link_text_color=\u201c#bc3918\u201d ul_font=\u201cRoboto|300|||||||\u201d ul_text_color=\u201d#4f4f4f\u201d ul_font_size=\u201c18px\u201d ul_line_height=\u201c1.5em\u201d header_2_font=\u201cRoboto Condensed|700|||||||\u201d header_2_text_color=\u201c#424242\u201d header_2_line_height=\u201c1.2em\u201d background_color=\u201c#f7f7f7\u201d custom_padding=\u201c40px|20px|40px|40px|true|false\u201d custom_padding_tablet=\u201c30px|30px|30px|30px|true|true\u201d custom_\u200bpadding_\u200bphone=\u201d\u201d custom_padding_last_edited=\u201con|tablet\u201d]<\/p>\n<h2>NZZ \/\u200b NEUE Z\u00dcRCHER ZEITUNG<\/h2>\n<p>Direk\u00adtim\u00adpor\u00adteure haben sich im Schweiz\u00ader Automarkt etabliert. Mit einem Mark\u00adtan\u00adteil von zulet\u00adzt gegen 8 Prozent \u00fcben sie eine diszi\u00adplin\u00adierende Wirkung auf die offiziellen Verteil\u00adsys\u00adteme aus und f\u00fchren zu einem bre\u00adit\u00aderen Ange\u00adbot f\u00fcr die K\u00e4ufer. Die Auto H\u00f6ngg Z\u00fcrich als Pio\u00adneer in diesem Gesch\u00e4ft in der Schweiz wird als gutes Beispiel erw\u00e4h\u00adnt und Inhab\u00ader und Gesch\u00e4fts\u00adf\u00fchrer Mar\u00adco Belfan\u00adti zum Markt befragt.<strong><br> <a href=\"https:\/\/www.nzz.ch\/wirtschaft\/wirtschaftspolitik\/direktimporte-beleben-den-autohandel-1.18319919?reduced=true\">&gt; Direk\u00adtim\u00adporte beleben den Autohandel<\/a><\/strong><\/p>\n<p>[\/et_pb_text][\/et_pb_column][\/et_pb_row][et_pb_row column_structure=\u201c1_3,1_3,1_3\u201d use_custom_gutter=\u201con\u201d gutter_width=\u201c2\u201d admin_label=\u201cShop Area\u201d module_\u200bclass=\u201d et_\u200bpb_\u200brow_\u200bfullwidth\u201d _builder_version=\u201c4.7.3\u201d width=\u201c100%\u201d width_tablet=\u201c80%\u201d width_last_edited=\u201coff|desktop\u201d max_width_tablet=\u201c80%\u201d max_width_last_edited=\u201coff|desktop\u201d custom_\u200bmargin=\u201d|||\u201d custom_padding=\u201c0px||28px||false|true\u201d animation_style=\u201cslide\u201d animation_direction=\u201cbottom\u201d animation_duration=\u201c600ms\u201d animation_delay=\u201c150ms\u201d animation_intensity_slide=\u201c3%\u201d make_fullwidth=\u201con\u201d][et_pb_column type=\u201c1_3\u201d _builder_version=\u201c3.25\u201d custom_\u200bpadding=\u201d|||\u201d custom_padding__hover=\u201d|||\u201d][et_pb_image src=\u201chttps:\/\/neueautos.ch\/wp-content\/uploads\/2021\/02\/eaivt.png\u201d title_text=\u201ceaivt\u201d _builder_version=\u201c4.7.3\u201d _module_preset=\u201cdefault\u201d custom_margin=\u201d||-2px|||\u201d][\/et_pb_image][et_pb_text _builder_version=\u201c4.7.3\u201d _module_preset=\u201cdefault\u201d text_font=\u201cRoboto|300|||||||\u201d text_text_color=\u201c#333333\u201d text_font_size=\u201c18px\u201d text_line_height=\u201c1.6em\u201d link_text_color=\u201c#bc3918\u201d ul_font=\u201cRoboto|300|||||||\u201d ul_text_color=\u201d#4f4f4f\u201d ul_font_size=\u201c18px\u201d ul_line_height=\u201c1.5em\u201d header_2_font=\u201cRoboto Condensed|700|||||||\u201d header_2_text_color=\u201c#424242\u201d header_2_line_height=\u201c1.2em\u201d background_color=\u201c#f7f7f7\u201d custom_padding=\u201c40px|20px|40px|40px|true|false\u201d custom_padding_tablet=\u201c30px|30px|30px|30px|true|true\u201d custom_\u200bpadding_\u200bphone=\u201d\u201d custom_padding_last_edited=\u201con|phone\u201d]<\/p>\n<h2>MOTION \u2013 DAS MAGAZIN FREIER KFZ H\u00c4NDLER<\/h2>\n<p>Ein Beitrag \u00fcber den EAIVT Inter\u00adna\u00adtion\u00adal Mar\u00adket Con\u00adgress, der 2013 in Br\u00fcs\u00adsel stattge\u00adfun\u00adden hat. Die Inhalt der Ver\u00adanstal\u00adtung wer\u00adden kurz beschrieben und Mar\u00adco Belfan\u00adti wird als Pr\u00e4si\u00addent des EAIVT zitiert.<strong><br><a href=\"https:\/\/neueautos.ch\/wp-content\/uploads\/2021\/09\/Scan_20131025_090816_0001.pdf\">&gt; EAIVT Inter\u00adna\u00adtion\u00adal Mar\u00adket Con\u00adgress&nbsp;2013<\/a><\/strong><\/p>\n<p>[\/et_pb_text][\/et_pb_column][et_pb_column type=\u201c1_3\u201d _builder_version=\u201c3.25\u201d custom_\u200bpadding=\u201d|||\u201d custom_padding__hover=\u201d|||\u201d][et_pb_image src=\u201chttps:\/\/neueautos.ch\/wp-content\/uploads\/2021\/05\/10vor10.png\u201d title_text=\u201c10vor10\u201d _builder_version=\u201c4.7.3\u201d _module_preset=\u201cdefault\u201d custom_margin=\u201d||-2px|||\u201d][\/et_pb_image][et_pb_text _builder_version=\u201c4.7.3\u201d _module_preset=\u201cdefault\u201d text_font=\u201cRoboto|300|||||||\u201d text_text_color=\u201c#333333\u201d text_font_size=\u201c18px\u201d text_line_height=\u201c1.6em\u201d link_text_color=\u201c#bc3918\u201d ul_font=\u201cRoboto|300|||||||\u201d ul_text_color=\u201d#4f4f4f\u201d ul_font_size=\u201c18px\u201d ul_line_height=\u201c1.5em\u201d header_2_font=\u201cRoboto Condensed|700|||||||\u201d header_2_text_color=\u201c#424242\u201d header_2_line_height=\u201c1.2em\u201d background_color=\u201c#f7f7f7\u201d custom_padding=\u201c40px|20px|40px|40px|true|false\u201d custom_padding_tablet=\u201c30px|30px|30px|30px|true|true\u201d custom_\u200bpadding_\u200bphone=\u201d\u201d custom_padding_last_edited=\u201con|phone\u201d]<\/p>\n<h2>10 VOR&nbsp;10<\/h2>\n<p>Die Kon\u00adsumenten in krisen\u00adgesch\u00fct\u00adtel\u00adten L\u00e4n\u00addern wie Spanien, Ital\u00adien oder Griechen\u00adland sind nicht in Kau\u00adflaune und so bleiben H\u00e4ndler auf tausenden Autos sitzen. Diese verkaufen die H\u00e4ndler in die Schweiz, wo sie mit grossen Rabat\u00adten an den Mann gebracht wer\u00adden. Ein gutes Gesch\u00e4ft f\u00fcr Impor\u00adteure und K\u00e4ufer. Die Auto H\u00f6ngg Z\u00fcrich wurde als Beispiel in dieser 10 vor 10 Sendung gebracht.<strong><br> <a href=\"https:\/\/www.srf.ch\/play\/tv\/10-vor-10\/video\/auto-schnaeppchen-aus-krisenlaendern?urn=urn:srf:video:8c578254-f2ba-404e-95c2-10abc38bbf1b\">&gt; Kon\u00adsumenten\u00advorteile dank g\u00fcn\u00adsti\u00adgen Wechselkurs<\/a><\/strong><\/p>\n<p>[\/et_pb_text][\/et_pb_column][et_pb_column type=\u201c1_3\u201d _builder_version=\u201c3.25\u201d custom_\u200bpadding=\u201d|||\u201d custom_padding__hover=\u201d|||\u201d][et_pb_image src=\u201chttps:\/\/neueautos.ch\/wp-content\/uploads\/2021\/05\/nzz.png\u201d title_text=\u201cnzz\u201d _builder_version=\u201c4.7.3\u201d _module_preset=\u201cdefault\u201d custom_margin=\u201d||-2px|||\u201d][\/et_pb_image][et_pb_text _builder_version=\u201c4.7.3\u201d _module_preset=\u201cdefault\u201d text_font=\u201cRoboto|300|||||||\u201d text_text_color=\u201c#333333\u201d text_font_size=\u201c18px\u201d text_line_height=\u201c1.6em\u201d link_text_color=\u201c#bc3918\u201d ul_font=\u201cRoboto|300|||||||\u201d ul_text_color=\u201d#4f4f4f\u201d ul_font_size=\u201c18px\u201d ul_line_height=\u201c1.5em\u201d header_2_font=\u201cRoboto Condensed|700|||||||\u201d header_2_text_color=\u201c#424242\u201d header_2_line_height=\u201c1.2em\u201d background_color=\u201c#f7f7f7\u201d custom_padding=\u201c40px|20px|40px|40px|true|false\u201d custom_padding_tablet=\u201c30px|30px|30px|30px|true|true\u201d custom_\u200bpadding_\u200bphone=\u201d\u201d custom_padding_last_edited=\u201con|tablet\u201d]<\/p>\n<h2>NZZ<\/h2>\n<p>Die NZZ inter\u00adviewte Dirtek\u00adtim\u00adpor\u00adteur Mar\u00adco Belfan\u00adti. Er erz\u00e4hlte, in den let\u00adzten Jahren habe sich die Zahl der von Auto H\u00f6ngg Z\u00fcrich verkauften Fahrzeuge regelm\u00e4s\u00adsig ver\u00addop\u00adpelt. 2012 wur\u00adden bere\u00adits 200 Per\u00adso\u00adn\u00aden\u00adwa\u00adgen verkauft, und f\u00fcr den Rest des Jahres rech\u00adnet Mar\u00adco Belfan\u00adti nochmals mit der gle\u00adichen Menge. Mit dem Kursz\u00ader\u00adfall des Euro hat sich der Preisvorteil dieser Fahrzeuge in den ver\u00adgan\u00adgenen Jahren immer mehr ver\u00adgr\u00f6ssert. \u201eDas hat die Bev\u00f6lkerung f\u00fcr das The\u00adma Direk\u00adtim\u00adport sen\u00adsi\u00adbil\u00adisiert\u201c, so der erfol\u00adgre\u00adiche Gesch\u00e4fts\u00adf\u00fchrer.<strong><br> <a href=\"https:\/\/www.nzz.ch\/direktimporte-druecken-die-preise-1.17509315?reduced=true\">&gt; Direk\u00adtim\u00adport dr\u00fcckt die Preise<\/a><\/strong><\/p>\n<p>[\/et_pb_text][\/et_pb_column][\/et_pb_row][et_pb_row column_structure=\u201c1_3,1_3,1_3\u201d use_custom_gutter=\u201con\u201d gutter_width=\u201c2\u201d admin_label=\u201cShop Area\u201d module_\u200bclass=\u201d et_\u200bpb_\u200brow_\u200bfullwidth\u201d _builder_version=\u201c4.7.3\u201d width=\u201c100%\u201d width_tablet=\u201c80%\u201d width_last_edited=\u201coff|desktop\u201d max_width_tablet=\u201c80%\u201d max_width_last_edited=\u201coff|desktop\u201d custom_\u200bmargin=\u201d|||\u201d custom_padding=\u201c0px||28px||false|true\u201d animation_style=\u201cslide\u201d animation_direction=\u201cbottom\u201d animation_duration=\u201c600ms\u201d animation_delay=\u201c150ms\u201d animation_intensity_slide=\u201c3%\u201d make_fullwidth=\u201con\u201d][et_pb_column type=\u201c1_3\u201d _builder_version=\u201c3.25\u201d custom_\u200bpadding=\u201d|||\u201d custom_padding__hover=\u201d|||\u201d][et_pb_image src=\u201chttps:\/\/neueautos.ch\/wp-content\/uploads\/2021\/05\/telezueri.png\u201d title_text=\u201ctelezueri\u201d _builder_version=\u201c4.7.3\u201d _module_preset=\u201cdefault\u201d custom_margin=\u201d||-2px|||\u201d][\/et_pb_image][et_pb_text _builder_version=\u201c4.7.3\u201d _module_preset=\u201cdefault\u201d text_font=\u201cRoboto|300|||||||\u201d text_text_color=\u201c#333333\u201d text_font_size=\u201c18px\u201d text_line_height=\u201c1.6em\u201d link_text_color=\u201c#bc3918\u201d ul_font=\u201cRoboto|300|||||||\u201d ul_text_color=\u201d#4f4f4f\u201d ul_font_size=\u201c18px\u201d ul_line_height=\u201c1.5em\u201d header_2_font=\u201cRoboto Condensed|700|||||||\u201d header_2_text_color=\u201c#424242\u201d header_2_line_height=\u201c1.2em\u201d background_color=\u201c#f7f7f7\u201d custom_padding=\u201c40px|20px|40px|40px|true|false\u201d custom_padding_tablet=\u201c30px|30px|30px|30px|true|true\u201d custom_\u200bpadding_\u200bphone=\u201d\u201d custom_padding_last_edited=\u201con|phone\u201d]<\/p>\n<h2>TELE Z\u00dcRI<\/h2>\n<p>Mar\u00adco Belfan\u00adti, Direk\u00adtim\u00adpor\u00adteur und ehe\u00adma\u00adliger Pr\u00e4si\u00addent des Ver\u00adband freier Auto\u00adhan\u00addel Schweiz, machte die Wet\u00adtbe\u00adwerb\u00adskom\u00admis\u00adsion Weko auf die Prak\u00adtik des Auto\u00adher\u00adstellers BMW aufmerk\u00adsam, an Schweiz\u00ader im Aus\u00adland keine BMW\u2019s zu verkaufen. \u201eDirek\u00adtim\u00adport, wie ich es zum Beispiel mache, ist legal, Auto\u00adher\u00adsteller und Impor\u00adteure haben sich jedoch teil\u00adweise nicht kor\u00adrekt ver\u00adhal\u00adten\u201c, so Mar\u00adco Belfan\u00adti. Die WEKO unter\u00adsagte dem Auto\u00adher\u00adsteller BMW diese Prak\u00adtik darauf.<strong><br><a href=\"https:\/\/www.youtube.com\/watch?v=GJmqCZOUeKw&amp;t=1s\">&gt; Mega-Busse f\u00fcr&nbsp;BMW<\/a><\/strong><\/p>\n<p>[\/et_pb_text][\/et_pb_column][et_pb_column type=\u201c1_3\u201d _builder_version=\u201c3.25\u201d custom_\u200bpadding=\u201d|||\u201d custom_padding__hover=\u201d|||\u201d][et_pb_image src=\u201chttps:\/\/neueautos.ch\/wp-content\/uploads\/2021\/05\/tele-top.png\u201d title_text=\u201ctele-top\u201d _builder_version=\u201c4.7.3\u201d _module_preset=\u201cdefault\u201d custom_margin=\u201d||-2px|||\u201d][\/et_pb_image][et_pb_text _builder_version=\u201c4.7.3\u201d _module_preset=\u201cdefault\u201d text_font=\u201cRoboto|300|||||||\u201d text_text_color=\u201c#333333\u201d text_font_size=\u201c18px\u201d text_line_height=\u201c1.6em\u201d link_text_color=\u201c#bc3918\u201d ul_font=\u201cRoboto|300|||||||\u201d ul_text_color=\u201d#4f4f4f\u201d ul_font_size=\u201c18px\u201d ul_line_height=\u201c1.5em\u201d header_2_font=\u201cRoboto Condensed|700|||||||\u201d header_2_text_color=\u201c#424242\u201d header_2_line_height=\u201c1.2em\u201d background_color=\u201c#f7f7f7\u201d custom_padding=\u201c40px|20px|40px|40px|true|false\u201d custom_padding_tablet=\u201c30px|30px|30px|30px|true|true\u201d custom_\u200bpadding_\u200bphone=\u201d\u201d custom_padding_last_edited=\u201con|phone\u201d hover_enabled=\u201c0\u201d sticky_enabled=\u201c0\u201d]<\/p>\n<h2>TELE TOP<\/h2>\n<p>Par\u00adal\u00adle\u00adlimpor\u00adteur Mar\u00adco Belfan\u00adti zeigt einen Toy\u00adota Ver\u00adso, der 34 Prozent g\u00fcn\u00adstiger ist als das\u00adselbe Mod\u00adell beim Schweiz\u00ader Marken\u00adh\u00e4ndler. \u201eDie Autos kom\u00admen immer aus der gle\u00adichen Fab\u00adrik, vielle\u00adicht haben sie teil\u00adweise eine andere Ausstat\u00adtung, die l\u00e4n\u00adderbe\u00add\u00adingt ist, aber die tech\u00adnis\u00adche Aus\u00adr\u00fcs\u00adtung ist immer die gle\u00adiche.\u201c Kun\u00adden seien nicht mehr bere\u00adit, hohe Preise zu bezahlen und w\u00fcr\u00adden immer h\u00e4u\u00adfiger Direk\u00adtim\u00adpor\u00adteure auf\u00adsuchen. So wird der Wet\u00adtbe\u00adwerb gef\u00f6rdert, find\u00adet Thomas Pletsch\u00ader vom Ver\u00adband economiesu\u00adisse.<strong><br><a href=\"https:\/\/www.youtube.com\/watch?v=sOmyJfTXo4Q&amp;t=10s\">&gt; Auto Direktimport<\/a><\/strong><\/p>\n<p>[\/et_pb_text][\/et_pb_column][et_pb_column type=\u201c1_3\u201d _builder_version=\u201c3.25\u201d custom_\u200bpadding=\u201d|||\u201d custom_padding__hover=\u201d|||\u201d][et_pb_image src=\u201chttps:\/\/neueautos.ch\/wp-content\/uploads\/2021\/05\/telezueri.png\u201d title_text=\u201ctelezueri\u201d _builder_version=\u201c4.7.3\u201d _module_preset=\u201cdefault\u201d custom_margin=\u201d||-2px|||\u201d][\/et_pb_image][et_pb_text _builder_version=\u201c4.7.3\u201d _module_preset=\u201cdefault\u201d text_font=\u201cRoboto|300|||||||\u201d text_text_color=\u201c#333333\u201d text_font_size=\u201c18px\u201d text_line_height=\u201c1.6em\u201d link_text_color=\u201c#bc3918\u201d ul_font=\u201cRoboto|300|||||||\u201d ul_text_color=\u201d#4f4f4f\u201d ul_font_size=\u201c18px\u201d ul_line_height=\u201c1.5em\u201d header_2_font=\u201cRoboto Condensed|700|||||||\u201d header_2_text_color=\u201c#424242\u201d header_2_line_height=\u201c1.2em\u201d background_color=\u201c#f7f7f7\u201d custom_padding=\u201c40px|20px|40px|40px|true|false\u201d custom_padding_tablet=\u201c30px|30px|30px|30px|true|true\u201d custom_\u200bpadding_\u200bphone=\u201d\u201d custom_padding_last_edited=\u201con|tablet\u201d]<\/p>\n<h2>TELE Z\u00dcRI<\/h2>\n<p>\u201eDas Inter\u00adesse der Kun\u00adden ist sehr gross, wir erhal\u00adten viele Anfra\u00adgen. Die Preise wer\u00adden immer g\u00fcn\u00adstiger\u201c, so Mar\u00adco Belfan\u00adti, Schweiz\u00ader Direk\u00adtim\u00adpor\u00adteur der ersten Stunde. Der Anteil der direk\u00adtim\u00adportierten Autos liege in der Schweiz bei rund 10 Prozent, so der Berichter\u00adstat\u00adter.<strong><br> <a href=\"https:\/\/www.youtube.com\/watch?v=DFv_XMuVREU\">&gt; Auto Import dank starkem Franken<\/a><\/strong><\/p>\n<p>[\/et_pb_text][\/et_pb_column][\/et_pb_row][et_pb_row column_structure=\u201c1_3,1_3,1_3\u201d use_custom_gutter=\u201con\u201d gutter_width=\u201c2\u201d admin_label=\u201cShop Area\u201d module_\u200bclass=\u201d et_\u200bpb_\u200brow_\u200bfullwidth\u201d _builder_version=\u201c4.7.3\u201d width=\u201c100%\u201d width_tablet=\u201c80%\u201d width_last_edited=\u201coff|desktop\u201d max_width_tablet=\u201c80%\u201d max_width_last_edited=\u201coff|desktop\u201d custom_\u200bmargin=\u201d|||\u201d custom_padding=\u201c0px||28px||false|true\u201d animation_style=\u201cslide\u201d animation_direction=\u201cbottom\u201d animation_duration=\u201c600ms\u201d animation_delay=\u201c150ms\u201d animation_intensity_slide=\u201c3%\u201d make_fullwidth=\u201con\u201d][et_pb_column type=\u201c1_3\u201d _builder_version=\u201c3.25\u201d custom_\u200bpadding=\u201d|||\u201d custom_padding__hover=\u201d|||\u201d][et_pb_image src=\u201chttps:\/\/neueautos.ch\/wp-content\/uploads\/2021\/05\/nzz.png\u201d title_text=\u201cnzz\u201d _builder_version=\u201c4.7.3\u201d _module_preset=\u201cdefault\u201d custom_margin=\u201d||-2px|||\u201d][\/et_pb_image][et_pb_text _builder_version=\u201c4.7.3\u201d _module_preset=\u201cdefault\u201d text_font=\u201cRoboto|300|||||||\u201d text_text_color=\u201c#333333\u201d text_font_size=\u201c18px\u201d text_line_height=\u201c1.6em\u201d link_text_color=\u201c#bc3918\u201d ul_font=\u201cRoboto|300|||||||\u201d ul_text_color=\u201d#4f4f4f\u201d ul_font_size=\u201c18px\u201d ul_line_height=\u201c1.5em\u201d header_2_font=\u201cRoboto Condensed|700|||||||\u201d header_2_text_color=\u201c#424242\u201d header_2_line_height=\u201c1.2em\u201d background_color=\u201c#f7f7f7\u201d custom_padding=\u201c40px|20px|40px|40px|true|false\u201d custom_padding_tablet=\u201c30px|30px|30px|30px|true|true\u201d custom_\u200bpadding_\u200bphone=\u201d\u201d custom_padding_last_edited=\u201con|phone\u201d]<\/p>\n<h2>NZZ<\/h2>\n<p>Der NZZ-Bericht informiert, dass nicht nur die Gara\u00adgen im gren\u00adz\u00adna\u00adhen Aus\u00adland mit der Schweiz\u00ader Kund\u00adschaft ein gutes Gesch\u00e4ft machen, son\u00addern auch freie Impor\u00adteure, die unter Umge\u00adhung der offiziellen Schweiz\u00ader Marken\u00advertreter direkt im Aus\u00adland einkaufen und ihren so Kun\u00adden erhe\u00adbliche W\u00e4hrungsvorteile offerieren k\u00f6n\u00adnen. Auto H\u00f6ngg Z\u00fcrich etwa verze\u00adichne steigende Absatz\u00adzahlen, wie Jo\u00ebl Thi\u00e9baud, Gen\u00ader\u00adalsekret\u00e4r des Ver\u00adban\u00addes freier Auto\u00adhan\u00addel Schweiz, best\u00e4tigt.<strong><br> <a href=\"https:\/\/www.nzz.ch\/probe_fahren_in_zuerich__kaufen_in_konstanz-1.12002201?reduced=true\">&gt; Fahren in Z\u00fcrich, kaufen in Konstanz<\/a><\/strong><\/p>\n<p>[\/et_pb_text][\/et_pb_column][et_pb_column type=\u201c1_3\u201d _builder_version=\u201c3.25\u201d custom_\u200bpadding=\u201d|||\u201d custom_padding__hover=\u201d|||\u201d][et_pb_image src=\u201chttps:\/\/neueautos.ch\/wp-content\/uploads\/2021\/05\/blick.png\u201d title_text=\u201cblick\u201d _builder_version=\u201c4.7.3\u201d _module_preset=\u201cdefault\u201d custom_margin=\u201d||-2px|||\u201d][\/et_pb_image][et_pb_text _builder_version=\u201c4.7.3\u201d _module_preset=\u201cdefault\u201d text_font=\u201cRoboto|300|||||||\u201d text_text_color=\u201c#333333\u201d text_font_size=\u201c18px\u201d text_line_height=\u201c1.6em\u201d link_text_color=\u201c#bc3918\u201d ul_font=\u201cRoboto|300|||||||\u201d ul_text_color=\u201d#4f4f4f\u201d ul_font_size=\u201c18px\u201d ul_line_height=\u201c1.5em\u201d header_2_font=\u201cRoboto Condensed|700|||||||\u201d header_2_text_color=\u201c#424242\u201d header_2_line_height=\u201c1.2em\u201d background_color=\u201c#f7f7f7\u201d custom_padding=\u201c40px|20px|40px|40px|true|false\u201d custom_padding_tablet=\u201c30px|30px|30px|30px|true|true\u201d custom_\u200bpadding_\u200bphone=\u201d\u201d custom_padding_last_edited=\u201con|phone\u201d hover_enabled=\u201c0\u201d sticky_enabled=\u201c0\u201d]<\/p>\n<h2>BLICK<\/h2>\n<p>Mar\u00adco Belfan\u00adti, Pr\u00e4si\u00addent des Ver\u00adband freier Auto\u00adhan\u00addel Schweiz, sagt gegen\u00fcber Blick, dass \u201eFahrzeuge, die bei unseren Garag\u00adis\u00adten ste\u00adhen, etwa 20 bis 30 Prozent g\u00fcn\u00adstiger sind\u201c als bei der Marken\u00advertre\u00adtung. \u201e2010 set\u00adzten wir 50 Prozent mehr Direk\u00adtim\u00adport-Autos ab als im Jahr zuvor\u201c, so der erfol\u00adgre\u00adiche Direk\u00adtim\u00adpor\u00adteur der Fir\u00adma Auto H\u00f6ngg Z\u00fcrich weit\u00ader. Er rech\u00adnet auch f\u00fcr das Jahr 2011 mit ein\u00ader weit\u00aderen Zunahme der Direk\u00adtim\u00adport-Wagen.<strong><br><a href=\"https:\/\/neueautos.ch\/wp-content\/uploads\/2021\/09\/Blick.pdf\">&gt; Direk\u00adtim\u00adporte leg\u00aden 2011 kr\u00e4ftig zu<\/a><\/strong><\/p>\n<p>[\/et_pb_text][\/et_pb_column][et_pb_column type=\u201c1_3\u201d _builder_version=\u201c3.25\u201d custom_\u200bpadding=\u201d|||\u201d custom_padding__hover=\u201d|||\u201d][et_pb_image src=\u201chttps:\/\/neueautos.ch\/wp-content\/uploads\/2021\/02\/auto.png\u201d title_text=\u201cauto\u201d _builder_version=\u201c4.7.3\u201d _module_preset=\u201cdefault\u201d custom_margin=\u201d||-2px|||\u201d][\/et_pb_image][et_pb_text _builder_version=\u201c4.7.3\u201d _module_preset=\u201cdefault\u201d text_font=\u201cRoboto|300|||||||\u201d text_text_color=\u201c#333333\u201d text_font_size=\u201c18px\u201d text_line_height=\u201c1.6em\u201d link_text_color=\u201c#bc3918\u201d ul_font=\u201cRoboto|300|||||||\u201d ul_text_color=\u201d#4f4f4f\u201d ul_font_size=\u201c18px\u201d ul_line_height=\u201c1.5em\u201d header_2_font=\u201cRoboto Condensed|700|||||||\u201d header_2_text_color=\u201c#424242\u201d header_2_line_height=\u201c1.2em\u201d background_color=\u201c#f7f7f7\u201d custom_padding=\u201c40px|20px|40px|40px|true|false\u201d custom_padding_tablet=\u201c30px|30px|30px|30px|true|true\u201d custom_\u200bpadding_\u200bphone=\u201d\u201d custom_padding_last_edited=\u201con|tablet\u201d hover_enabled=\u201c0\u201d sticky_enabled=\u201c0\u201d]<\/p>\n<h2>AUTOHAUS<\/h2>\n<p>Mar\u00adco Belfan\u00adti, Pr\u00e4si\u00addent des europ\u00e4is\u00adchen Ver\u00adban\u00addes der freien Auto\u00adh\u00e4ndler, r\u00e4t im Branchen\u00admagazin Auto\u00adhaus, nur noch mit Neuwa\u00adgen zu han\u00addeln \u2013 so h\u00e4lt er es auch selb\u00adst. \u201eBei Gebraucht\u00adwa\u00adgen hat man sofort Diskus\u00adsio\u00adnen\u201c, weiss der Profi. Zudem: \u201eWer sich reinkni\u00adet, kann im Aus\u00adland dur\u00adchaus gute Gesch\u00e4fte machen.\u201c<strong><br><a href=\"https:\/\/neueautos.ch\/wp-content\/uploads\/2021\/09\/Autohaus16811.pdf\">&gt; Wo geht noch&nbsp;was?<\/a><\/strong><\/p>\n<p>[\/et_pb_text][\/et_pb_column][\/et_pb_row][et_pb_row column_structure=\u201c1_3,1_3,1_3\u201d use_custom_gutter=\u201con\u201d gutter_width=\u201c2\u201d admin_label=\u201cShop Area\u201d module_\u200bclass=\u201d et_\u200bpb_\u200brow_\u200bfullwidth\u201d _builder_version=\u201c4.7.3\u201d width=\u201c100%\u201d width_tablet=\u201c80%\u201d width_last_edited=\u201coff|desktop\u201d max_width_tablet=\u201c80%\u201d max_width_last_edited=\u201coff|desktop\u201d custom_\u200bmargin=\u201d|||\u201d custom_padding=\u201c0px||28px||false|true\u201d animation_style=\u201cslide\u201d animation_direction=\u201cbottom\u201d animation_duration=\u201c600ms\u201d animation_delay=\u201c150ms\u201d animation_intensity_slide=\u201c3%\u201d make_fullwidth=\u201con\u201d][et_pb_column type=\u201c1_3\u201d _builder_version=\u201c3.25\u201d custom_\u200bpadding=\u201d|||\u201d custom_padding__hover=\u201d|||\u201d][et_pb_image src=\u201chttps:\/\/neueautos.ch\/wp-content\/uploads\/2021\/05\/automobiel-revue.png\u201d title_text=\u201cautomobiel-revue\u201d _builder_version=\u201c4.7.3\u201d _module_preset=\u201cdefault\u201d custom_margin=\u201d||-2px|||\u201d][\/et_pb_image][et_pb_text _builder_version=\u201c4.7.3\u201d _module_preset=\u201cdefault\u201d text_font=\u201cRoboto|300|||||||\u201d text_text_color=\u201c#333333\u201d text_font_size=\u201c18px\u201d text_line_height=\u201c1.6em\u201d link_text_color=\u201c#bc3918\u201d ul_font=\u201cRoboto|300|||||||\u201d ul_text_color=\u201d#4f4f4f\u201d ul_font_size=\u201c18px\u201d ul_line_height=\u201c1.5em\u201d header_2_font=\u201cRoboto Condensed|700|||||||\u201d header_2_text_color=\u201c#424242\u201d header_2_line_height=\u201c1.2em\u201d background_color=\u201c#f7f7f7\u201d custom_padding=\u201c40px|20px|40px|40px|true|false\u201d custom_padding_tablet=\u201c30px|30px|30px|30px|true|true\u201d custom_\u200bpadding_\u200bphone=\u201d\u201d custom_padding_last_edited=\u201con|phone\u201d]<\/p>\n<h2>AUTOMOBIL REVUE<\/h2>\n<p>\u201eBei uns sind Bestell\u00adfahrzeuge sehr sel\u00adten, der Kunde sucht bei uns g\u00fcn\u00adstige Autos mit sen\u00adsa\u00adtionellen Rabat\u00adten \u2013 da ste\u00adht nicht der Wun\u00adschzettel im Vorder\u00adgrund, den man beim Marken-Garag\u00adis\u00adten zeigt\u201c, so Direk\u00adtim\u00adpor\u00adteur Mar\u00adco Belfan\u00adti von der Auto H\u00f6ngg Z\u00fcrich. Noch w\u00fcr\u00adden den Direk\u00adtim\u00adpor\u00adteuren einige Steine in den Weg gelegt, doch die Zukun\u00adft s\u00e4he gut aus.<strong><br><a href=\"https:\/\/www.youtube.com\/watch?v=D8VsAhuJGZ0\">&gt; Die Pirat\u00aden der Autobranche<\/a><\/strong><\/p>\n<p>[\/et_pb_text][\/et_pb_column][et_pb_column type=\u201c1_3\u201d _builder_version=\u201c3.25\u201d custom_\u200bpadding=\u201d|||\u201d custom_padding__hover=\u201d|||\u201d][et_pb_image src=\u201chttps:\/\/neueautos.ch\/wp-content\/uploads\/2021\/05\/sonntagszeitung.png\u201d title_text=\u201csonntagszeitung\u201d _builder_version=\u201c4.7.3\u201d _module_preset=\u201cdefault\u201d custom_margin=\u201d||-2px|||\u201d][\/et_pb_image][et_pb_text _builder_version=\u201c4.7.3\u201d _module_preset=\u201cdefault\u201d text_font=\u201cRoboto|300|||||||\u201d text_text_color=\u201c#333333\u201d text_font_size=\u201c18px\u201d text_line_height=\u201c1.6em\u201d link_text_color=\u201c#bc3918\u201d ul_font=\u201cRoboto|300|||||||\u201d ul_text_color=\u201d#4f4f4f\u201d ul_font_size=\u201c18px\u201d ul_line_height=\u201c1.5em\u201d header_2_font=\u201cRoboto Condensed|700|||||||\u201d header_2_text_color=\u201c#424242\u201d header_2_line_height=\u201c1.2em\u201d background_color=\u201c#f7f7f7\u201d custom_padding=\u201c40px|20px|40px|40px|true|false\u201d custom_padding_tablet=\u201c30px|30px|30px|30px|true|true\u201d custom_\u200bpadding_\u200bphone=\u201d\u201d custom_padding_last_edited=\u201con|phone\u201d hover_enabled=\u201c0\u201d sticky_enabled=\u201c0\u201d]<\/p>\n<h2>SONNTAGSZEITUNG<\/h2>\n<p>Ein infor\u00adma\u00adtiv\u00ader Bericht der Son\u00adntagszeitung \u00fcber Auto\u00adher\u00adsteller, welche europ\u00e4is\u00adchen Gara\u00adgen ver\u00adboten haben, Schweiz\u00adern Neuwa\u00adgen zu verkaufen \u2013 obwohl der Automarkt in der Schweiz frei ist. Par\u00adal\u00adle\u00adlimpor\u00adteur Mar\u00adco Belfan\u00adti von der Auto H\u00f6ngg Z\u00fcrich erk\u00adl\u00e4rt im Text, dass ein Direk\u00adtim\u00adport \u00fcber ihn je nach Marke bis zu 30 Prozent g\u00fcn\u00adstiger sei als der Kauf bei einem Marken-Garag\u00adis\u00adten in der Schweiz.<strong><br><a href=\"https:\/\/neueautos.ch\/wp-content\/uploads\/2021\/09\/sonntagszeitung.pdf\">&gt; Autos zu Aldi-Preisen<\/a><\/strong><\/p>\n<p>[\/et_pb_text][\/et_pb_column][et_pb_column type=\u201c1_3\u201d _builder_version=\u201c3.25\u201d custom_\u200bpadding=\u201d|||\u201d custom_padding__hover=\u201d|||\u201d][et_pb_image src=\u201chttps:\/\/neueautos.ch\/wp-content\/uploads\/2021\/05\/kassensturz.png\u201d title_text=\u201ckassensturz\u201d _builder_version=\u201c4.7.3\u201d _module_preset=\u201cdefault\u201d custom_margin=\u201d||-2px|||\u201d][\/et_pb_image][et_pb_text _builder_version=\u201c4.7.3\u201d _module_preset=\u201cdefault\u201d text_font=\u201cRoboto|300|||||||\u201d text_text_color=\u201c#333333\u201d text_font_size=\u201c18px\u201d text_line_height=\u201c1.6em\u201d link_text_color=\u201c#bc3918\u201d ul_font=\u201cRoboto|300|||||||\u201d ul_text_color=\u201d#4f4f4f\u201d ul_font_size=\u201c18px\u201d ul_line_height=\u201c1.5em\u201d header_2_font=\u201cRoboto Condensed|700|||||||\u201d header_2_text_color=\u201c#424242\u201d header_2_line_height=\u201c1.2em\u201d background_color=\u201c#f7f7f7\u201d custom_padding=\u201c40px|20px|40px|40px|true|false\u201d custom_padding_tablet=\u201c30px|30px|30px|30px|true|true\u201d custom_\u200bpadding_\u200bphone=\u201d\u201d custom_padding_last_edited=\u201con|tablet\u201d hover_enabled=\u201c0\u201d sticky_enabled=\u201c0\u201d]<\/p>\n<h2>KASSENSTURZ<\/h2>\n<p>Die Sendung beleuchtet das The\u00adma Direk\u00adtim\u00adport und befragt dazu Garag\u00adist Mar\u00adco Belfan\u00adti von der Auto H\u00f6ngg Z\u00fcrich. \u201eWir f\u00fchren jedes importierte Auto beim Strassen\u00adverkehrsamt vor und kl\u00e4ren alles Notwendi\u00adge ab.\u201c Der befragte Profi Roger Z\u00e4ch nen\u00adnt dies einen k\u00fcn\u00adstlich insze\u00adnierten Aufwand, der kreiert wird, um Direk\u00adtim\u00adporte f\u00fcr die Kun\u00adden zu erschw\u00aderen und unat\u00adtrak\u00adtiv zu machen.<strong><br><a href=\"https:\/\/www.youtube.com\/watch?v=L26h-dw3QJo\">&gt; Kassen\u00adsturzsendung vom 02.11.2010<\/a><\/strong><\/p>\n<p>[\/et_pb_text][\/et_pb_column][\/et_pb_row][et_pb_row column_structure=\u201c1_3,1_3,1_3\u201d use_custom_gutter=\u201con\u201d gutter_width=\u201c2\u201d admin_label=\u201cShop Area\u201d module_\u200bclass=\u201d et_\u200bpb_\u200brow_\u200bfullwidth\u201d _builder_version=\u201c4.7.3\u201d width=\u201c100%\u201d width_tablet=\u201c80%\u201d width_last_edited=\u201coff|desktop\u201d max_width_tablet=\u201c80%\u201d max_width_last_edited=\u201coff|desktop\u201d custom_\u200bmargin=\u201d|||\u201d custom_padding=\u201c0px||28px||false|true\u201d animation_style=\u201cslide\u201d animation_direction=\u201cbottom\u201d animation_duration=\u201c600ms\u201d animation_delay=\u201c150ms\u201d animation_intensity_slide=\u201c3%\u201d make_fullwidth=\u201con\u201d][et_pb_column type=\u201c1_3\u201d _builder_version=\u201c3.25\u201d custom_\u200bpadding=\u201d|||\u201d custom_padding__hover=\u201d|||\u201d][et_pb_image src=\u201chttps:\/\/neueautos.ch\/wp-content\/uploads\/2021\/05\/leer.png\u201d title_text=\u201cleer\u201d _builder_version=\u201c4.7.3\u201d _module_preset=\u201cdefault\u201d custom_margin=\u201d||-2px|||\u201d][\/et_pb_image][et_pb_text _builder_version=\u201c4.7.3\u201d _module_preset=\u201cdefault\u201d text_font=\u201cRoboto|300|||||||\u201d text_text_color=\u201c#333333\u201d text_font_size=\u201c18px\u201d text_line_height=\u201c1.6em\u201d link_text_color=\u201c#bc3918\u201d ul_font=\u201cRoboto|300|||||||\u201d ul_text_color=\u201d#4f4f4f\u201d ul_font_size=\u201c18px\u201d ul_line_height=\u201c1.5em\u201d header_2_font=\u201cRoboto Condensed|700|||||||\u201d header_2_text_color=\u201c#424242\u201d header_2_line_height=\u201c1.2em\u201d background_color=\u201c#f7f7f7\u201d custom_padding=\u201c40px|20px|40px|40px|true|false\u201d custom_padding_tablet=\u201c30px|30px|30px|30px|true|true\u201d custom_\u200bpadding_\u200bphone=\u201d\u201d custom_padding_last_edited=\u201con|phone\u201d hover_enabled=\u201c0\u201d sticky_enabled=\u201c0\u201d]<\/p>\n<h2>Z\u00dcRICH NORD<\/h2>\n<p>Im Bericht wird darauf einge\u00adgan\u00adgen, dass die Auto H\u00f6ngg AG nicht nur Direk\u00adtim\u00adporte anbi\u00adetet, son\u00addern auch Fahrzeuge repari\u00adert, die nicht bei ihr gekauft wur\u00adden. Mar\u00adco Belfan\u00adti informiert zudem, dass ein Auto\u00adher\u00adsteller den Verkauf sein\u00ader Fahrzeuge im Aus\u00adland an Schweiz\u00ader ver\u00adbi\u00adetet. Der Direk\u00adtim\u00adpor\u00adteur aus H\u00f6ngg stellt zudem immer wieder fest, dass Auto\u00adher\u00adsteller den K\u00e4ufern Steine in den Weg leg\u00aden, um von der Hochlohnin\u00adsel Schweiz zu prof\u00adi\u00adtieren.<strong><br><a href=\"https:\/\/neueautos.ch\/wp-content\/uploads\/2021\/09\/zurinord.pdf\">&gt; Auto H\u00f6ngg mis\u00adcht europ\u00e4isch mit<\/a><\/strong><\/p>\n<p>[\/et_pb_text][\/et_pb_column][et_pb_column type=\u201c1_3\u201d _builder_version=\u201c3.25\u201d custom_\u200bpadding=\u201d|||\u201d custom_padding__hover=\u201d|||\u201d][et_pb_image src=\u201chttps:\/\/neueautos.ch\/wp-content\/uploads\/2021\/05\/tages-anzeiger.png\u201d title_text=\u201ctages-anzeiger\u201d _builder_version=\u201c4.7.3\u201d _module_preset=\u201cdefault\u201d custom_margin=\u201d||-2px|||\u201d][\/et_pb_image][et_pb_text _builder_version=\u201c4.7.3\u201d _module_preset=\u201cdefault\u201d text_font=\u201cRoboto|300|||||||\u201d text_text_color=\u201c#333333\u201d text_font_size=\u201c18px\u201d text_line_height=\u201c1.6em\u201d link_text_color=\u201c#bc3918\u201d ul_font=\u201cRoboto|300|||||||\u201d ul_text_color=\u201d#4f4f4f\u201d ul_font_size=\u201c18px\u201d ul_line_height=\u201c1.5em\u201d header_2_font=\u201cRoboto Condensed|700|||||||\u201d header_2_text_color=\u201c#424242\u201d header_2_line_height=\u201c1.2em\u201d background_color=\u201c#f7f7f7\u201d custom_padding=\u201c40px|20px|40px|40px|true|false\u201d custom_padding_tablet=\u201c30px|30px|30px|30px|true|true\u201d custom_\u200bpadding_\u200bphone=\u201d\u201d custom_padding_last_edited=\u201con|phone\u201d hover_enabled=\u201c0\u201d sticky_enabled=\u201c0\u201d]<\/p>\n<h2>TAGES ANZEIGER<\/h2>\n<p>Autos importieren leicht gemacht: In diesem Bericht gibt der Tages Anzeiger einige Tipps und l\u00e4sst sich von Direk\u00adtim\u00adpor\u00adteur Mar\u00adco Belfan\u00adti berat\u00aden. Der Gang zum freien H\u00e4ndler emp\u00adfiehlt sich laut dem Tages Anzeiger allerd\u00adings nur f\u00fcr jene, die bez\u00fcglich Farbe und Ausstat\u00adtung flex\u00adi\u00adbel sind. \u00abWir f\u00fchren in der Regel keine Wun\u00adschbestel\u00adlun\u00adgen aus\u00bb, wird Mar\u00adco Belfan\u00adti, Garag\u00adist in H\u00f6ngg und Pr\u00e4si\u00addent der freien Auto\u00adh\u00e4ndler der Schweiz, zitiert. \u201eImmer mehr Ver\u00adbandsmit\u00adglieder importieren den\u00adnoch direkt, auch solche, die in diesem Bere\u00adich bish\u00ader nicht aktiv waren\u00bb.<strong><br><a href=\"https:\/\/www.tagesanzeiger.ch\/wirtschaft\/unternehmen-und-konjunktur\/autos-importieren-leicht-gemacht\/story\/24624138\">&gt; Autos importieren leicht gemacht<\/a><\/strong><\/p>\n<p>[\/et_pb_text][\/et_pb_column][et_pb_column type=\u201c1_3\u201d _builder_version=\u201c3.25\u201d custom_\u200bpadding=\u201d|||\u201d custom_padding__hover=\u201d|||\u201d][et_pb_image src=\u201chttps:\/\/neueautos.ch\/wp-content\/uploads\/2021\/05\/nzz.png\u201d title_text=\u201cnzz\u201d _builder_version=\u201c4.7.3\u201d _module_preset=\u201cdefault\u201d custom_margin=\u201d||-2px|||\u201d][\/et_pb_image][et_pb_text _builder_version=\u201c4.7.3\u201d _module_preset=\u201cdefault\u201d text_font=\u201cRoboto|300|||||||\u201d text_text_color=\u201c#333333\u201d text_font_size=\u201c18px\u201d text_line_height=\u201c1.6em\u201d link_text_color=\u201c#bc3918\u201d ul_font=\u201cRoboto|300|||||||\u201d ul_text_color=\u201d#4f4f4f\u201d ul_font_size=\u201c18px\u201d ul_line_height=\u201c1.5em\u201d header_2_font=\u201cRoboto Condensed|700|||||||\u201d header_2_text_color=\u201c#424242\u201d header_2_line_height=\u201c1.2em\u201d background_color=\u201c#f7f7f7\u201d custom_padding=\u201c40px|20px|40px|40px|true|false\u201d custom_padding_tablet=\u201c30px|30px|30px|30px|true|true\u201d custom_\u200bpadding_\u200bphone=\u201d\u201d custom_padding_last_edited=\u201con|tablet\u201d hover_enabled=\u201c0\u201d sticky_enabled=\u201c0\u201d]<\/p>\n<h2>NZZ<\/h2>\n<p>Die NZZ schreibt, der H\u00f6hen\u00adflug des Frankens ver\u00adan\u00adlasse die K\u00e4ufer zunehmend dazu, ihre Waren direkt zu importieren \u2013 so auch Neuwa\u00adgen aus den Nach\u00adbar\u00adl\u00e4n\u00addern. \u00abMan kann von ein\u00ader Ver\u00addop\u00adpelung der Direk\u00adtim\u00adporte in diesem Jahr aus\u00adge\u00adhen\u00bb, sagt Mar\u00adco Belfan\u00adti, Pr\u00e4si\u00addent des Ver\u00adban\u00addes freier Auto\u00adhan\u00addel Schweiz, im Bericht. Der Anteil der Direk\u00adtim\u00adporte lag bish\u00ader bei etwa 3 bis 4 Prozent und w\u00fcrde demzu\u00adfolge nun bei 6 bis 8 Prozent liegen.<strong><br><a href=\"https:\/\/www.nzz.ch\/sbb_korrigieren_hohen_euro-wechselkurs-1.7689004?reduced=true\">&gt; Kor\u00adrek\u00adtur des Euro-Wechselkurs<\/a><\/strong><\/p>\n<p>[\/et_pb_text][\/et_pb_column][\/et_pb_row][et_pb_row column_structure=\u201c1_3,1_3,1_3\u201d use_custom_gutter=\u201con\u201d gutter_width=\u201c2\u201d admin_label=\u201cShop Area\u201d module_\u200bclass=\u201d et_\u200bpb_\u200brow_\u200bfullwidth\u201d _builder_version=\u201c4.7.3\u201d width=\u201c100%\u201d width_tablet=\u201c80%\u201d width_last_edited=\u201coff|desktop\u201d max_width_tablet=\u201c80%\u201d max_width_last_edited=\u201coff|desktop\u201d custom_\u200bmargin=\u201d|||\u201d custom_padding=\u201c0px||28px||false|true\u201d animation_style=\u201cslide\u201d animation_direction=\u201cbottom\u201d animation_duration=\u201c600ms\u201d animation_delay=\u201c150ms\u201d animation_intensity_slide=\u201c3%\u201d make_fullwidth=\u201con\u201d][et_pb_column type=\u201c1_3\u201d _builder_version=\u201c3.25\u201d custom_\u200bpadding=\u201d|||\u201d custom_padding__hover=\u201d|||\u201d][et_pb_image src=\u201chttps:\/\/neueautos.ch\/wp-content\/uploads\/2021\/05\/cash.png\u201d title_text=\u201ccash\u201d _builder_version=\u201c4.7.3\u201d _module_preset=\u201cdefault\u201d custom_margin=\u201d||-2px|||\u201d][\/et_pb_image][et_pb_text _builder_version=\u201c4.7.3\u201d _module_preset=\u201cdefault\u201d text_font=\u201cRoboto|300|||||||\u201d text_text_color=\u201c#333333\u201d text_font_size=\u201c18px\u201d text_line_height=\u201c1.6em\u201d link_text_color=\u201c#bc3918\u201d ul_font=\u201cRoboto|300|||||||\u201d ul_text_color=\u201d#4f4f4f\u201d ul_font_size=\u201c18px\u201d ul_line_height=\u201c1.5em\u201d header_2_font=\u201cRoboto Condensed|700|||||||\u201d header_2_text_color=\u201c#424242\u201d header_2_line_height=\u201c1.2em\u201d background_color=\u201c#f7f7f7\u201d custom_padding=\u201c40px|20px|40px|40px|true|false\u201d custom_padding_tablet=\u201c30px|30px|30px|30px|true|true\u201d custom_\u200bpadding_\u200bphone=\u201d\u201d custom_padding_last_edited=\u201con|phone\u201d hover_enabled=\u201c0\u201d sticky_enabled=\u201c0\u201d]<\/p>\n<h2>CASH<\/h2>\n<p>W\u00e4hrend sich Schweiz\u00ader Marken\u00advertre\u00adtun\u00adgen um den Euro-Rabatt dr\u00fcck\u00aden, lohnt sich f\u00fcr Autok\u00e4ufer der Gang zum Direk\u00adtim\u00adpor\u00adteur, so der Cash-Bericht. Bei eini\u00adgen Neuwa\u00adgen sind Rabat\u00adte von rund einem Vier\u00adtel auf den Schweiz\u00ader Lis\u00adten\u00adpreis m\u00f6glich. \u00abReal\u00adis\u00adtis\u00adcher\u00adweise darf man je nach Fahrzeug\u00adtyp mit einem Preis\u00adab\u00adschlag von 20 bis 30 Prozent im Ver\u00adgle\u00adich zum Lis\u00adten\u00adpreis eines offiziellen Schweiz\u00ader Marken\u00adh\u00e4ndlers rech\u00adnen\u00bb, sagt Mar\u00adco Belfan\u00adti, Pr\u00e4si\u00addent des Ver\u00adbands des freien Auto\u00adhan\u00addels der Schweiz. Er r\u00e4t, Fahrzeuge nur bei ser\u00adi\u00f6sen H\u00e4ndlern zu kaufen, die das Fahrzeug auch an Lager haben. \u00abEs ist auch kein Prob\u00adlem, das Auto im benach\u00adbarten Aus\u00adland zu kaufen\u00bb, so der Direk\u00adtim\u00adpor\u00adteur.<strong><br><a href=\"https:\/\/www.cash.ch\/news\/alle\">&gt; Auto\u00adh\u00e4ndler und der \u00abEuro-Rabatt\u00bb<\/a><\/strong><\/p>\n<p>[\/et_pb_text][\/et_pb_column][et_pb_column type=\u201c1_3\u201d _builder_version=\u201c3.25\u201d custom_\u200bpadding=\u201d|||\u201d custom_padding__hover=\u201d|||\u201d][et_pb_image src=\u201chttps:\/\/neueautos.ch\/wp-content\/uploads\/2021\/05\/saldo.png\u201d title_text=\u201csaldo\u201d _builder_version=\u201c4.7.3\u201d _module_preset=\u201cdefault\u201d custom_margin=\u201d||-2px|||\u201d][\/et_pb_image][et_pb_text _builder_version=\u201c4.7.3\u201d _module_preset=\u201cdefault\u201d text_font=\u201cRoboto|300|||||||\u201d text_text_color=\u201c#333333\u201d text_font_size=\u201c18px\u201d text_line_height=\u201c1.6em\u201d link_text_color=\u201c#bc3918\u201d ul_font=\u201cRoboto|300|||||||\u201d ul_text_color=\u201d#4f4f4f\u201d ul_font_size=\u201c18px\u201d ul_line_height=\u201c1.5em\u201d header_2_font=\u201cRoboto Condensed|700|||||||\u201d header_2_text_color=\u201c#424242\u201d header_2_line_height=\u201c1.2em\u201d background_color=\u201c#f7f7f7\u201d custom_padding=\u201c40px|20px|40px|40px|true|false\u201d custom_padding_tablet=\u201c30px|30px|30px|30px|true|true\u201d custom_\u200bpadding_\u200bphone=\u201d\u201d custom_padding_last_edited=\u201con|phone\u201d hover_enabled=\u201c0\u201d sticky_enabled=\u201c0\u201d]<\/p>\n<h2>SALDO<\/h2>\n<p>Beson\u00adders schwierig verkaufen sich laut dem Sal\u00addo-Bericht grosse, schwere Auto\u00admod\u00adelle. \u00abIm Pre\u00admi\u00adum-Seg\u00adment, wo es fr\u00fcher kaum Verg\u00fcn\u00ads\u00adti\u00adgun\u00adgen gab, kann man nun mit guten Rabat\u00adten rech\u00adnen\u00bb, sagt Mar\u00adco Belfan\u00adti vom Ver\u00adband Freier Auto\u00adhan\u00addel Schweiz im Inter\u00adview. Er r\u00e4t poten\u00adziellen K\u00e4ufern, sich vorg\u00e4ngig genau zu \u00fcber\u00adlegen, welche Marken und Mod\u00adelle f\u00fcr sie in Frage kom\u00admen. Dann sollen sie mehrere H\u00e4ndler auf\u00adsuchen und die Preise ver\u00adhan\u00addeln. \u201eDas ist zwar mit einigem Aufwand ver\u00adbun\u00adden, aber es lohnt sich\u201c, so der Inhab\u00ader von Auto H\u00f6ngg Z\u00fcrich. Jet\u00adzt liegt beim Autokauf viel Spar\u00adpoten\u00adzial drin.<strong><br> <a href=\"https:\/\/www.saldo.ch\/artikel\/artikeldetail\/grosses-sparpotenzial-beim-autokauf\/\">&gt; Spar\u00adpoten\u00adzial beim Autokauf<\/a><\/strong><\/p>\n<p>[\/et_pb_text][\/et_pb_column][et_pb_column type=\u201c1_3\u201d _builder_version=\u201c3.25\u201d custom_\u200bpadding=\u201d|||\u201d custom_padding__hover=\u201d|||\u201d][et_pb_image src=\u201chttps:\/\/neueautos.ch\/wp-content\/uploads\/2021\/05\/cash.png\u201d title_text=\u201ccash\u201d _builder_version=\u201c4.7.3\u201d _module_preset=\u201cdefault\u201d custom_margin=\u201d||-2px|||\u201d][\/et_pb_image][et_pb_text _builder_version=\u201c4.7.3\u201d _module_preset=\u201cdefault\u201d text_font=\u201cRoboto|300|||||||\u201d text_text_color=\u201c#333333\u201d text_font_size=\u201c18px\u201d text_line_height=\u201c1.6em\u201d link_text_color=\u201c#bc3918\u201d ul_font=\u201cRoboto|300|||||||\u201d ul_text_color=\u201d#4f4f4f\u201d ul_font_size=\u201c18px\u201d ul_line_height=\u201c1.5em\u201d header_2_font=\u201cRoboto Condensed|700|||||||\u201d header_2_text_color=\u201c#424242\u201d header_2_line_height=\u201c1.2em\u201d background_color=\u201c#f7f7f7\u201d custom_padding=\u201c40px|20px|40px|40px|true|false\u201d custom_padding_tablet=\u201c30px|30px|30px|30px|true|true\u201d custom_\u200bpadding_\u200bphone=\u201d\u201d custom_padding_last_edited=\u201con|tablet\u201d]<\/p>\n<h2>CASH TV<\/h2>\n<p>Die Auto H\u00f6ngg Z\u00fcrich importiert spezielle Autos, die es in Europa nicht gibt. So besorgte Inhab\u00ader Mar\u00adco Belfan\u00adti Hybrid\u00adfahrzeuge aus Ameri\u00adka f\u00fcr einen Kun\u00adden in Schaffhausen. Dass das Nav\u00adi\u00adga\u00adtion\u00ads\u00adger\u00e4t nicht Deutsch spricht, muss dann in Kauf genom\u00admen wer\u00adden. Doch f\u00fcr alles gibt es Abhil\u00adfe. Die Sendung anschauen?<strong><br><a href=\"https:\/\/www.youtube.com\/watch?v=CDbQ_nrRhyk\">&gt; Sendung vom 20. April&nbsp;2008<\/a><\/strong><\/p>\n<p>[\/et_pb_text][\/et_pb_column][\/et_pb_row][et_pb_row column_structure=\u201c1_3,1_3,1_3\u201d use_custom_gutter=\u201con\u201d gutter_width=\u201c2\u201d admin_label=\u201cShop Area\u201d module_\u200bclass=\u201d et_\u200bpb_\u200brow_\u200bfullwidth\u201d _builder_version=\u201c4.7.3\u201d width=\u201c100%\u201d width_tablet=\u201c80%\u201d width_last_edited=\u201coff|desktop\u201d max_width_tablet=\u201c80%\u201d max_width_last_edited=\u201coff|desktop\u201d custom_\u200bmargin=\u201d|||\u201d custom_padding=\u201c0px||28px||false|true\u201d animation_style=\u201cslide\u201d animation_direction=\u201cbottom\u201d animation_duration=\u201c600ms\u201d animation_delay=\u201c150ms\u201d animation_intensity_slide=\u201c3%\u201d make_fullwidth=\u201con\u201d][et_pb_column type=\u201c1_3\u201d _builder_version=\u201c3.25\u201d custom_\u200bpadding=\u201d|||\u201d custom_padding__hover=\u201d|||\u201d][et_pb_image src=\u201chttps:\/\/neueautos.ch\/wp-content\/uploads\/2021\/05\/tages-anzeiger.png\u201d title_text=\u201ctages-anzeiger\u201d _builder_version=\u201c4.7.3\u201d _module_preset=\u201cdefault\u201d custom_margin=\u201d||-2px|||\u201d][\/et_pb_image][et_pb_text _builder_version=\u201c4.7.3\u201d _module_preset=\u201cdefault\u201d text_font=\u201cRoboto|300|||||||\u201d text_text_color=\u201c#333333\u201d text_font_size=\u201c18px\u201d text_line_height=\u201c1.6em\u201d link_text_color=\u201c#bc3918\u201d ul_font=\u201cRoboto|300|||||||\u201d ul_text_color=\u201d#4f4f4f\u201d ul_font_size=\u201c18px\u201d ul_line_height=\u201c1.5em\u201d header_2_font=\u201cRoboto Condensed|700|||||||\u201d header_2_text_color=\u201c#424242\u201d header_2_line_height=\u201c1.2em\u201d background_color=\u201c#f7f7f7\u201d custom_padding=\u201c40px|20px|40px|40px|true|false\u201d custom_padding_tablet=\u201c30px|30px|30px|30px|true|true\u201d custom_\u200bpadding_\u200bphone=\u201d\u201d custom_padding_last_edited=\u201con|phone\u201d hover_enabled=\u201c0\u201d sticky_enabled=\u201c0\u201d]<\/p>\n<h2>TAGES ANZEIGER<\/h2>\n<p>Direk\u00adtim\u00adpor\u00adteur Mar\u00adco Belfan\u00adti von Auto H\u00f6ngg Z\u00fcrich erz\u00e4hlt im Bericht des Tages Anzeiger, dass importierte Autos vor allem aus Hol\u00adland k\u00e4men und in kleinen St\u00fcck\u00adzahlen mit Last\u00adwa\u00adgen in die Schweiz trans\u00adportiert w\u00fcr\u00adden. \u201eVor eini\u00adgen Jahren kaufte man viel in Spanien, dort vor allem Mer\u00adcedes, oder D\u00e4ne\u00admark \u2013 vor allem Audis.\u201cDie L\u00e4n\u00adder mit den besten Import-Ange\u00adboten f\u00fcr die Schweiz\u00ader \u00e4ndern sich immer wieder.<strong><br><a href=\"https:\/\/neueautos.ch\/wp-content\/uploads\/2021\/09\/Tagesanzeiger.pdf\">&gt; Par\u00adal\u00adlel importierte Autos billiger<\/a><\/strong><\/p>\n<p>[\/et_pb_text][\/et_pb_column][et_pb_column type=\u201c1_3\u201d _builder_version=\u201c3.25\u201d custom_\u200bpadding=\u201d|||\u201d custom_padding__hover=\u201d|||\u201d][et_pb_image src=\u201chttps:\/\/neueautos.ch\/wp-content\/uploads\/2021\/05\/kassensturz.png\u201d title_text=\u201ckassensturz\u201d _builder_version=\u201c4.7.3\u201d _module_preset=\u201cdefault\u201d custom_margin=\u201d||-2px|||\u201d][\/et_pb_image][et_pb_text _builder_version=\u201c4.7.3\u201d _module_preset=\u201cdefault\u201d text_font=\u201cRoboto|300|||||||\u201d text_text_color=\u201c#333333\u201d text_font_size=\u201c18px\u201d text_line_height=\u201c1.6em\u201d link_text_color=\u201c#bc3918\u201d ul_font=\u201cRoboto|300|||||||\u201d ul_text_color=\u201d#4f4f4f\u201d ul_font_size=\u201c18px\u201d ul_line_height=\u201c1.5em\u201d header_2_font=\u201cRoboto Condensed|700|||||||\u201d header_2_text_color=\u201c#424242\u201d header_2_line_height=\u201c1.2em\u201d background_color=\u201c#f7f7f7\u201d custom_padding=\u201c40px|20px|40px|40px|true|false\u201d custom_padding_tablet=\u201c30px|30px|30px|30px|true|true\u201d custom_\u200bpadding_\u200bphone=\u201d\u201d custom_padding_last_edited=\u201con|phone\u201d hover_enabled=\u201c0\u201d sticky_enabled=\u201c0\u201d]<\/p>\n<h2>KASSENSTURZ<\/h2>\n<p>Der Bericht im Kassen\u00adsturz \u00fcber die teuren Preise in der Schweiz nen\u00adnt Autodi\u00adrek\u00adtim\u00adpor\u00adteur Mar\u00adco Belfan\u00adti von der Fir\u00adma Auto H\u00f6ngg Z\u00fcrich als Beispiel f\u00fcr einen kreativ\u00aden Unternehmer, dessen Auf\u00adtrags\u00adb\u00fcch\u00ader seit Jahren voll sind \u2013 weil er auf Direk\u00adtim\u00adporte set\u00adzt.<strong><br><a href=\"https:\/\/neueautos.ch\/wp-content\/uploads\/2021\/09\/Kassensturz2003.pdf\">&gt; Kreative Unternehmer haben Erfolg<\/a><\/strong><\/p>\n<p>[\/et_pb_text][\/et_pb_column][et_pb_column type=\u201c1_3\u201d _builder_version=\u201c3.25\u201d custom_\u200bpadding=\u201d|||\u201d custom_padding__hover=\u201d|||\u201d][\/et_pb_column][\/et_pb_row][\/et_pb_section][et_pb_section fb_built=\u201c1\u201d admin_label=\u201cListings\u201d module_class=\u201cow_front_auto\u201d _builder_version=\u201c4.7.3\u201d background_color=\u201crgba(0,0,0,0)\u201d custom_padding=\u201c50px|80px|60px|80px|false|true\u201d locked=\u201coff\u201d][et_pb_row use_custom_gutter=\u201con\u201d gutter_width=\u201c2\u201d make_equal=\u201con\u201d admin_label=\u201cShop Area\u201d module_\u200bclass=\u201d et_\u200bpb_\u200brow_\u200bfullwidth\u201d _builder_version=\u201c4.7.3\u201d width=\u201c100%\u201d width_tablet=\u201cauto\u201d width_\u200bphone=\u201d\u201d width_last_edited=\u201con|desktop\u201d max_width=\u201c1440px\u201d max_width_tablet=\u201c100%\u201d max_\u200bwidth_\u200bphone=\u201d\u201d max_width_last_edited=\u201con|tablet\u201d custom_\u200bmargin=\u201d|||\u201d custom_\u200bpadding=\u201d|||\u201d animation_style=\u201cslide\u201d animation_direction=\u201cbottom\u201d animation_duration=\u201c600ms\u201d animation_delay=\u201c150ms\u201d animation_intensity_slide=\u201c3%\u201d make_fullwidth=\u201con\u201d width__hover_enabled=\u201coff|desktop\u201d][et_pb_column type=\u201c4_4\u201d _builder_version=\u201c4.7.3\u201d background_color=\u201crgba(0,0,0,0)\u201d custom_\u200bpadding=\u201d|||\u201d custom_\u200bpadding_\u200b_\u200bhover=\u201d|||\u201d transform_styles__hover_enabled=\u201con|hover\u201d transform_scale__hover_enabled=\u201con|hover\u201d transform_translate__hover_enabled=\u201con|desktop\u201d transform_rotate__hover_enabled=\u201con|desktop\u201d transform_skew__hover_enabled=\u201con|desktop\u201d transform_origin__hover_enabled=\u201con|desktop\u201d][et_pb_text _builder_version=\u201c4.7.3\u201d _module_preset=\u201cdefault\u201d header_2_font=\u201cRoboto Condensed|300||on|||||\u201d header_2_text_align=\u201ccenter\u201d header_2_text_color=\u201c#383838\u201d header_2_font_size=\u201c42px\u201d custom_padding=\u201c9px|||||\u201d]<\/p>\n<h2>NOS MEILLEURES OFFRES<\/h2>\n<p>[\/et_pb_text][et_pb_text admin_label=\u201cText\u201d _builder_version=\u201c4.7.3\u201d _module_preset=\u201cdefault\u201d text_font=\u201cRoboto|300|||||||\u201d text_text_color=\u201c#333333\u201d text_font_size=\u201c18px\u201d ul_font=\u201cRoboto|300|||||||\u201d ul_text_color=\u201d#4f4f4f\u201d ul_font_size=\u201c18px\u201d ul_line_height=\u201c1.5em\u201d header_2_font=\u201cRoboto Condensed|700|||||||\u201d header_2_text_color=\u201d#2d2d2d\u201d header_2_line_height=\u201c1.2em\u201d custom_padding=\u201c0px||0px|0px||\u201d transform_styles__hover_enabled=\u201con|hover\u201d transform_scale__hover_enabled=\u201con|hover\u201d transform_translate__hover_enabled=\u201con|desktop\u201d transform_rotate__hover_enabled=\u201con|desktop\u201d transform_skew__hover_enabled=\u201con|desktop\u201d transform_origin__hover_enabled=\u201con|desktop\u201d]<\/p>\n<div class=\"ow_autos_wrapper\"><div class=\"ow_autos_body\" data-show=\"0\"><div class=\"ow_autos_list\"><div class=\"ow_autos_filters ow_autos_list_fullwidth\"><div class=\"ow_autos_filter_item\"><input type=\"radio\" id=\"az\" name=\"order\" value=\"title_ASC\" checked><label for=\"az\">A-Z<\/label><\/div><div class=\"ow_autos_filter_item\"><input type=\"radio\" id=\"preis_desc\" name=\"order\" value=\"preis_DESC\"><label for=\"preis_desc\">Prix d\u00e9crois\u00adsant<\/label><\/div><div class=\"ow_autos_filter_item\"><input type=\"radio\" id=\"preis_asc\" name=\"order\" value=\"preis_ASC\"><label for=\"preis_asc\">Prix crois\u00adsant<\/label><\/div><\/div><div class=\"ow_auto_item\"><div class=\"ow_auto_item_image\"><div class=\"ow_auto_item_image_slide\"><div class=\"ow_galery_image_bg\"><img data-lazy=\"https:\/\/neueautos.ch\/wp-content\/themes\/Divi-Child\/actions\/zipContents\/475254105389.jpg\"><\/div><\/div><div class=\"ow_auto_item_image_slide\"><div class=\"ow_galery_image_bg\"><img data-lazy=\"https:\/\/neueautos.ch\/wp-content\/themes\/Divi-Child\/actions\/zipContents\/475254105389_2.jpg\"><\/div><\/div><div class=\"ow_auto_item_image_slide\"><div class=\"ow_galery_image_bg\"><img data-lazy=\"https:\/\/neueautos.ch\/wp-content\/themes\/Divi-Child\/actions\/zipContents\/475254105389_3.jpg\"><\/div><\/div><div class=\"ow_auto_item_image_slide\"><div class=\"ow_galery_image_bg\"><img data-lazy=\"https:\/\/neueautos.ch\/wp-content\/themes\/Divi-Child\/actions\/zipContents\/475254105389_4.jpg\"><\/div><\/div><div class=\"ow_auto_item_image_slide\"><div class=\"ow_galery_image_bg\"><img data-lazy=\"https:\/\/neueautos.ch\/wp-content\/themes\/Divi-Child\/actions\/zipContents\/475254105389_5.jpg\"><\/div><\/div><div class=\"ow_auto_item_image_slide\"><div class=\"ow_galery_image_bg\"><img data-lazy=\"https:\/\/neueautos.ch\/wp-content\/themes\/Divi-Child\/actions\/zipContents\/475254105389_6.jpg\"><\/div><\/div><div class=\"ow_auto_item_image_slide\"><div class=\"ow_galery_image_bg\"><img data-lazy=\"https:\/\/neueautos.ch\/wp-content\/themes\/Divi-Child\/actions\/zipContents\/475254105389_7.jpg\"><\/div><\/div><div class=\"ow_auto_item_image_slide\"><div class=\"ow_galery_image_bg\"><img data-lazy=\"https:\/\/neueautos.ch\/wp-content\/themes\/Divi-Child\/actions\/zipContents\/475254105389_8.jpg\"><\/div><\/div><div class=\"ow_auto_item_image_slide\"><div class=\"ow_galery_image_bg\"><img data-lazy=\"https:\/\/neueautos.ch\/wp-content\/themes\/Divi-Child\/actions\/zipContents\/475254105389_9.jpg\"><\/div><\/div><div class=\"ow_auto_item_image_slide\"><div class=\"ow_galery_image_bg\"><img data-lazy=\"https:\/\/neueautos.ch\/wp-content\/themes\/Divi-Child\/actions\/zipContents\/475254105389_10.jpg\"><\/div><\/div><div class=\"ow_auto_item_image_slide\"><div class=\"ow_galery_image_bg\"><img data-lazy=\"https:\/\/neueautos.ch\/wp-content\/themes\/Divi-Child\/actions\/zipContents\/475254105389_11.jpg\"><\/div><\/div><div class=\"ow_auto_item_image_slide\"><div class=\"ow_galery_image_bg\"><img data-lazy=\"https:\/\/neueautos.ch\/wp-content\/themes\/Divi-Child\/actions\/zipContents\/475254105389_12.jpg\"><\/div><\/div><div class=\"ow_auto_item_image_slide\"><div class=\"ow_galery_image_bg\"><img data-lazy=\"https:\/\/neueautos.ch\/wp-content\/themes\/Divi-Child\/actions\/zipContents\/475254105389_13.jpg\"><\/div><\/div><div class=\"ow_auto_item_image_slide\"><div class=\"ow_galery_image_bg\"><img data-lazy=\"https:\/\/neueautos.ch\/wp-content\/themes\/Divi-Child\/actions\/zipContents\/475254105389_14.jpg\"><\/div><\/div><div class=\"ow_auto_item_image_slide\"><div class=\"ow_galery_image_bg\"><img data-lazy=\"https:\/\/neueautos.ch\/wp-content\/themes\/Divi-Child\/actions\/zipContents\/475254105389_15.jpg\"><\/div><\/div><div class=\"ow_auto_item_image_slide\"><div class=\"ow_galery_image_bg\"><img data-lazy=\"https:\/\/neueautos.ch\/wp-content\/themes\/Divi-Child\/actions\/zipContents\/475254105389_16.jpg\"><\/div><\/div><\/div><a class=\"ow_auto_item_text\" href=\"https:\/\/neueautos.ch\/fr\/auto\/lexus-lbx-1-5-hybrid-elegant-105389-2\/\"><div class=\"ow_auto_item_text_data\"><div class=\"ow_auto_item_title mb32 text-center\"><h3><strong>Lexus<\/strong> LBX 1.5 Hybrid Elegant<\/h3><\/div><p><strong>Car\u00adbu\u00adrant:<\/strong> Hybrid<\/p><p><strong>Trans\u00admis\u00adsion:<\/strong> Automatique<\/p><p><strong>Kilo\u00adm\u00e9\u00adtrage:<\/strong> 50km<\/p><p><strong>Pre\u00admi\u00e8re imma\u00adtric\u00adu\u00adla\u00adtion:<\/strong> 26.03.2026<\/p><\/div><div class=\"ow_auto_item_text_bottom mt32\"><p class=\"preis\">CHF 34\u2019900.00<\/p><div class=\"ow_button ow_button_red\"><span><span>Plus d\u2019in\u00adfos<\/span><\/span><\/div><\/div><\/a><\/div><div class=\"ow_auto_item\"><div class=\"ow_auto_item_image\"><div class=\"ow_auto_item_image_slide\"><div class=\"ow_galery_image_bg\"><img data-lazy=\"https:\/\/neueautos.ch\/wp-content\/themes\/Divi-Child\/actions\/zipContents\/475254105390.jpg\"><\/div><\/div><div class=\"ow_auto_item_image_slide\"><div class=\"ow_galery_image_bg\"><img data-lazy=\"https:\/\/neueautos.ch\/wp-content\/themes\/Divi-Child\/actions\/zipContents\/475254105390_2.jpg\"><\/div><\/div><div class=\"ow_auto_item_image_slide\"><div class=\"ow_galery_image_bg\"><img data-lazy=\"https:\/\/neueautos.ch\/wp-content\/themes\/Divi-Child\/actions\/zipContents\/475254105390_3.jpg\"><\/div><\/div><div class=\"ow_auto_item_image_slide\"><div class=\"ow_galery_image_bg\"><img data-lazy=\"https:\/\/neueautos.ch\/wp-content\/themes\/Divi-Child\/actions\/zipContents\/475254105390_4.jpg\"><\/div><\/div><div class=\"ow_auto_item_image_slide\"><div class=\"ow_galery_image_bg\"><img data-lazy=\"https:\/\/neueautos.ch\/wp-content\/themes\/Divi-Child\/actions\/zipContents\/475254105390_5.jpg\"><\/div><\/div><div class=\"ow_auto_item_image_slide\"><div class=\"ow_galery_image_bg\"><img data-lazy=\"https:\/\/neueautos.ch\/wp-content\/themes\/Divi-Child\/actions\/zipContents\/475254105390_6.jpg\"><\/div><\/div><div class=\"ow_auto_item_image_slide\"><div class=\"ow_galery_image_bg\"><img data-lazy=\"https:\/\/neueautos.ch\/wp-content\/themes\/Divi-Child\/actions\/zipContents\/475254105390_7.jpg\"><\/div><\/div><div class=\"ow_auto_item_image_slide\"><div class=\"ow_galery_image_bg\"><img data-lazy=\"https:\/\/neueautos.ch\/wp-content\/themes\/Divi-Child\/actions\/zipContents\/475254105390_8.jpg\"><\/div><\/div><div class=\"ow_auto_item_image_slide\"><div class=\"ow_galery_image_bg\"><img data-lazy=\"https:\/\/neueautos.ch\/wp-content\/themes\/Divi-Child\/actions\/zipContents\/475254105390_9.jpg\"><\/div><\/div><div class=\"ow_auto_item_image_slide\"><div class=\"ow_galery_image_bg\"><img data-lazy=\"https:\/\/neueautos.ch\/wp-content\/themes\/Divi-Child\/actions\/zipContents\/475254105390_10.jpg\"><\/div><\/div><div class=\"ow_auto_item_image_slide\"><div class=\"ow_galery_image_bg\"><img data-lazy=\"https:\/\/neueautos.ch\/wp-content\/themes\/Divi-Child\/actions\/zipContents\/475254105390_11.jpg\"><\/div><\/div><div class=\"ow_auto_item_image_slide\"><div class=\"ow_galery_image_bg\"><img data-lazy=\"https:\/\/neueautos.ch\/wp-content\/themes\/Divi-Child\/actions\/zipContents\/475254105390_12.jpg\"><\/div><\/div><div class=\"ow_auto_item_image_slide\"><div class=\"ow_galery_image_bg\"><img data-lazy=\"https:\/\/neueautos.ch\/wp-content\/themes\/Divi-Child\/actions\/zipContents\/475254105390_13.jpg\"><\/div><\/div><div class=\"ow_auto_item_image_slide\"><div class=\"ow_galery_image_bg\"><img data-lazy=\"https:\/\/neueautos.ch\/wp-content\/themes\/Divi-Child\/actions\/zipContents\/475254105390_14.jpg\"><\/div><\/div><div class=\"ow_auto_item_image_slide\"><div class=\"ow_galery_image_bg\"><img data-lazy=\"https:\/\/neueautos.ch\/wp-content\/themes\/Divi-Child\/actions\/zipContents\/475254105390_15.jpg\"><\/div><\/div><div class=\"ow_auto_item_image_slide\"><div class=\"ow_galery_image_bg\"><img data-lazy=\"https:\/\/neueautos.ch\/wp-content\/themes\/Divi-Child\/actions\/zipContents\/475254105390_16.jpg\"><\/div><\/div><\/div><a class=\"ow_auto_item_text\" href=\"https:\/\/neueautos.ch\/fr\/auto\/lexus-lbx-1-5-hybrid-elegant-105390-2\/\"><div class=\"ow_auto_item_text_data\"><div class=\"ow_auto_item_title mb32 text-center\"><h3><strong>Lexus<\/strong> LBX 1.5 Hybrid Elegant<\/h3><\/div><p><strong>Car\u00adbu\u00adrant:<\/strong> Hybrid<\/p><p><strong>Trans\u00admis\u00adsion:<\/strong> Automatique<\/p><p><strong>Kilo\u00adm\u00e9\u00adtrage:<\/strong> 50km<\/p><p><strong>Pre\u00admi\u00e8re imma\u00adtric\u00adu\u00adla\u00adtion:<\/strong> 26.03.2026<\/p><\/div><div class=\"ow_auto_item_text_bottom mt32\"><p class=\"preis\">CHF 34\u2019900.00<\/p><div class=\"ow_button ow_button_red\"><span><span>Plus d\u2019in\u00adfos<\/span><\/span><\/div><\/div><\/a><\/div><div class=\"ow_auto_item\"><div class=\"ow_auto_item_image\"><div class=\"ow_auto_item_image_slide\"><div class=\"ow_galery_image_bg\"><img data-lazy=\"https:\/\/neueautos.ch\/wp-content\/themes\/Divi-Child\/actions\/zipContents\/475254105263.jpg\"><\/div><\/div><div class=\"ow_auto_item_image_slide\"><div class=\"ow_galery_image_bg\"><img data-lazy=\"https:\/\/neueautos.ch\/wp-content\/themes\/Divi-Child\/actions\/zipContents\/475254105263_2.jpg\"><\/div><\/div><div class=\"ow_auto_item_image_slide\"><div class=\"ow_galery_image_bg\"><img data-lazy=\"https:\/\/neueautos.ch\/wp-content\/themes\/Divi-Child\/actions\/zipContents\/475254105263_3.jpg\"><\/div><\/div><div class=\"ow_auto_item_image_slide\"><div class=\"ow_galery_image_bg\"><img data-lazy=\"https:\/\/neueautos.ch\/wp-content\/themes\/Divi-Child\/actions\/zipContents\/475254105263_4.jpg\"><\/div><\/div><div class=\"ow_auto_item_image_slide\"><div class=\"ow_galery_image_bg\"><img data-lazy=\"https:\/\/neueautos.ch\/wp-content\/themes\/Divi-Child\/actions\/zipContents\/475254105263_5.jpg\"><\/div><\/div><div class=\"ow_auto_item_image_slide\"><div class=\"ow_galery_image_bg\"><img data-lazy=\"https:\/\/neueautos.ch\/wp-content\/themes\/Divi-Child\/actions\/zipContents\/475254105263_6.jpg\"><\/div><\/div><div class=\"ow_auto_item_image_slide\"><div class=\"ow_galery_image_bg\"><img data-lazy=\"https:\/\/neueautos.ch\/wp-content\/themes\/Divi-Child\/actions\/zipContents\/475254105263_7.jpg\"><\/div><\/div><div class=\"ow_auto_item_image_slide\"><div class=\"ow_galery_image_bg\"><img data-lazy=\"https:\/\/neueautos.ch\/wp-content\/themes\/Divi-Child\/actions\/zipContents\/475254105263_8.jpg\"><\/div><\/div><div class=\"ow_auto_item_image_slide\"><div class=\"ow_galery_image_bg\"><img data-lazy=\"https:\/\/neueautos.ch\/wp-content\/themes\/Divi-Child\/actions\/zipContents\/475254105263_9.jpg\"><\/div><\/div><div class=\"ow_auto_item_image_slide\"><div class=\"ow_galery_image_bg\"><img data-lazy=\"https:\/\/neueautos.ch\/wp-content\/themes\/Divi-Child\/actions\/zipContents\/475254105263_10.jpg\"><\/div><\/div><div class=\"ow_auto_item_image_slide\"><div class=\"ow_galery_image_bg\"><img data-lazy=\"https:\/\/neueautos.ch\/wp-content\/themes\/Divi-Child\/actions\/zipContents\/475254105263_11.jpg\"><\/div><\/div><div class=\"ow_auto_item_image_slide\"><div class=\"ow_galery_image_bg\"><img data-lazy=\"https:\/\/neueautos.ch\/wp-content\/themes\/Divi-Child\/actions\/zipContents\/475254105263_12.jpg\"><\/div><\/div><div class=\"ow_auto_item_image_slide\"><div class=\"ow_galery_image_bg\"><img data-lazy=\"https:\/\/neueautos.ch\/wp-content\/themes\/Divi-Child\/actions\/zipContents\/475254105263_13.jpg\"><\/div><\/div><div class=\"ow_auto_item_image_slide\"><div class=\"ow_galery_image_bg\"><img data-lazy=\"https:\/\/neueautos.ch\/wp-content\/themes\/Divi-Child\/actions\/zipContents\/475254105263_14.jpg\"><\/div><\/div><div class=\"ow_auto_item_image_slide\"><div class=\"ow_galery_image_bg\"><img data-lazy=\"https:\/\/neueautos.ch\/wp-content\/themes\/Divi-Child\/actions\/zipContents\/475254105263_15.jpg\"><\/div><\/div><div class=\"ow_auto_item_image_slide\"><div class=\"ow_galery_image_bg\"><img data-lazy=\"https:\/\/neueautos.ch\/wp-content\/themes\/Divi-Child\/actions\/zipContents\/475254105263_16.jpg\"><\/div><\/div><\/div><a class=\"ow_auto_item_text\" href=\"https:\/\/neueautos.ch\/fr\/auto\/lexus-nx-450h-comfort-105263-2\/\"><div class=\"ow_auto_item_text_data\"><div class=\"ow_auto_item_title mb32 text-center\"><h3><strong>Lexus<\/strong> NX 450h+ Comfort<\/h3><\/div><p><strong>Car\u00adbu\u00adrant:<\/strong> Hybrid<\/p><p><strong>Trans\u00admis\u00adsion:<\/strong> Automatique<\/p><p><strong>Kilo\u00adm\u00e9\u00adtrage:<\/strong> 3000km<\/p><p><strong>Pre\u00admi\u00e8re imma\u00adtric\u00adu\u00adla\u00adtion:<\/strong> 23.12.2025<\/p><\/div><div class=\"ow_auto_item_text_bottom mt32\"><p class=\"preis\">CHF 55\u2019900.00<\/p><div class=\"ow_button ow_button_red\"><span><span>Plus d\u2019in\u00adfos<\/span><\/span><\/div><\/div><\/a><\/div><div class=\"ow_auto_item\"><div class=\"ow_auto_item_image\"><div class=\"ow_auto_item_image_slide\"><div class=\"ow_galery_image_bg\"><img data-lazy=\"https:\/\/neueautos.ch\/wp-content\/themes\/Divi-Child\/actions\/zipContents\/475254105377.jpg\"><\/div><\/div><div class=\"ow_auto_item_image_slide\"><div class=\"ow_galery_image_bg\"><img data-lazy=\"https:\/\/neueautos.ch\/wp-content\/themes\/Divi-Child\/actions\/zipContents\/475254105377_2.jpg\"><\/div><\/div><div class=\"ow_auto_item_image_slide\"><div class=\"ow_galery_image_bg\"><img data-lazy=\"https:\/\/neueautos.ch\/wp-content\/themes\/Divi-Child\/actions\/zipContents\/475254105377_3.jpg\"><\/div><\/div><div class=\"ow_auto_item_image_slide\"><div class=\"ow_galery_image_bg\"><img data-lazy=\"https:\/\/neueautos.ch\/wp-content\/themes\/Divi-Child\/actions\/zipContents\/475254105377_4.jpg\"><\/div><\/div><div class=\"ow_auto_item_image_slide\"><div class=\"ow_galery_image_bg\"><img data-lazy=\"https:\/\/neueautos.ch\/wp-content\/themes\/Divi-Child\/actions\/zipContents\/475254105377_5.jpg\"><\/div><\/div><div class=\"ow_auto_item_image_slide\"><div class=\"ow_galery_image_bg\"><img data-lazy=\"https:\/\/neueautos.ch\/wp-content\/themes\/Divi-Child\/actions\/zipContents\/475254105377_6.jpg\"><\/div><\/div><div class=\"ow_auto_item_image_slide\"><div class=\"ow_galery_image_bg\"><img data-lazy=\"https:\/\/neueautos.ch\/wp-content\/themes\/Divi-Child\/actions\/zipContents\/475254105377_7.jpg\"><\/div><\/div><div class=\"ow_auto_item_image_slide\"><div class=\"ow_galery_image_bg\"><img data-lazy=\"https:\/\/neueautos.ch\/wp-content\/themes\/Divi-Child\/actions\/zipContents\/475254105377_8.jpg\"><\/div><\/div><div class=\"ow_auto_item_image_slide\"><div class=\"ow_galery_image_bg\"><img data-lazy=\"https:\/\/neueautos.ch\/wp-content\/themes\/Divi-Child\/actions\/zipContents\/475254105377_9.jpg\"><\/div><\/div><div class=\"ow_auto_item_image_slide\"><div class=\"ow_galery_image_bg\"><img data-lazy=\"https:\/\/neueautos.ch\/wp-content\/themes\/Divi-Child\/actions\/zipContents\/475254105377_10.jpg\"><\/div><\/div><div class=\"ow_auto_item_image_slide\"><div class=\"ow_galery_image_bg\"><img data-lazy=\"https:\/\/neueautos.ch\/wp-content\/themes\/Divi-Child\/actions\/zipContents\/475254105377_11.jpg\"><\/div><\/div><div class=\"ow_auto_item_image_slide\"><div class=\"ow_galery_image_bg\"><img data-lazy=\"https:\/\/neueautos.ch\/wp-content\/themes\/Divi-Child\/actions\/zipContents\/475254105377_12.jpg\"><\/div><\/div><div class=\"ow_auto_item_image_slide\"><div class=\"ow_galery_image_bg\"><img data-lazy=\"https:\/\/neueautos.ch\/wp-content\/themes\/Divi-Child\/actions\/zipContents\/475254105377_13.jpg\"><\/div><\/div><div class=\"ow_auto_item_image_slide\"><div class=\"ow_galery_image_bg\"><img data-lazy=\"https:\/\/neueautos.ch\/wp-content\/themes\/Divi-Child\/actions\/zipContents\/475254105377_14.jpg\"><\/div><\/div><div class=\"ow_auto_item_image_slide\"><div class=\"ow_galery_image_bg\"><img data-lazy=\"https:\/\/neueautos.ch\/wp-content\/themes\/Divi-Child\/actions\/zipContents\/475254105377_15.jpg\"><\/div><\/div><div class=\"ow_auto_item_image_slide\"><div class=\"ow_galery_image_bg\"><img data-lazy=\"https:\/\/neueautos.ch\/wp-content\/themes\/Divi-Child\/actions\/zipContents\/475254105377_16.jpg\"><\/div><\/div><\/div><a class=\"ow_auto_item_text\" href=\"https:\/\/neueautos.ch\/fr\/auto\/lexus-rx-450h-excellence-105377-2\/\"><div class=\"ow_auto_item_text_data\"><div class=\"ow_auto_item_title mb32 text-center\"><h3><strong>Lexus<\/strong> RX 450h+ Excellence<\/h3><\/div><p><strong>Car\u00adbu\u00adrant:<\/strong> Hybrid<\/p><p><strong>Trans\u00admis\u00adsion:<\/strong> Automatique<\/p><p><strong>Kilo\u00adm\u00e9\u00adtrage:<\/strong> 50km<\/p><p><strong>Pre\u00admi\u00e8re imma\u00adtric\u00adu\u00adla\u00adtion:<\/strong> 09.03.2026<\/p><\/div><div class=\"ow_auto_item_text_bottom mt32\"><p class=\"preis\">CHF 79\u2019990.00<\/p><div class=\"ow_button ow_button_red\"><span><span>Plus d\u2019in\u00adfos<\/span><\/span><\/div><\/div><\/a><\/div><div class=\"ow_auto_item\"><div class=\"ow_auto_item_image\"><div class=\"ow_auto_item_image_slide\"><div class=\"ow_galery_image_bg\"><img data-lazy=\"https:\/\/neueautos.ch\/wp-content\/themes\/Divi-Child\/actions\/zipContents\/475254105253.jpg\"><\/div><\/div><div class=\"ow_auto_item_image_slide\"><div class=\"ow_galery_image_bg\"><img data-lazy=\"https:\/\/neueautos.ch\/wp-content\/themes\/Divi-Child\/actions\/zipContents\/475254105253_2.jpg\"><\/div><\/div><div class=\"ow_auto_item_image_slide\"><div class=\"ow_galery_image_bg\"><img data-lazy=\"https:\/\/neueautos.ch\/wp-content\/themes\/Divi-Child\/actions\/zipContents\/475254105253_3.jpg\"><\/div><\/div><div class=\"ow_auto_item_image_slide\"><div class=\"ow_galery_image_bg\"><img data-lazy=\"https:\/\/neueautos.ch\/wp-content\/themes\/Divi-Child\/actions\/zipContents\/475254105253_4.jpg\"><\/div><\/div><div class=\"ow_auto_item_image_slide\"><div class=\"ow_galery_image_bg\"><img data-lazy=\"https:\/\/neueautos.ch\/wp-content\/themes\/Divi-Child\/actions\/zipContents\/475254105253_5.jpg\"><\/div><\/div><div class=\"ow_auto_item_image_slide\"><div class=\"ow_galery_image_bg\"><img data-lazy=\"https:\/\/neueautos.ch\/wp-content\/themes\/Divi-Child\/actions\/zipContents\/475254105253_6.jpg\"><\/div><\/div><div class=\"ow_auto_item_image_slide\"><div class=\"ow_galery_image_bg\"><img data-lazy=\"https:\/\/neueautos.ch\/wp-content\/themes\/Divi-Child\/actions\/zipContents\/475254105253_7.jpg\"><\/div><\/div><div class=\"ow_auto_item_image_slide\"><div class=\"ow_galery_image_bg\"><img data-lazy=\"https:\/\/neueautos.ch\/wp-content\/themes\/Divi-Child\/actions\/zipContents\/475254105253_8.jpg\"><\/div><\/div><div class=\"ow_auto_item_image_slide\"><div class=\"ow_galery_image_bg\"><img data-lazy=\"https:\/\/neueautos.ch\/wp-content\/themes\/Divi-Child\/actions\/zipContents\/475254105253_9.jpg\"><\/div><\/div><div class=\"ow_auto_item_image_slide\"><div class=\"ow_galery_image_bg\"><img data-lazy=\"https:\/\/neueautos.ch\/wp-content\/themes\/Divi-Child\/actions\/zipContents\/475254105253_10.jpg\"><\/div><\/div><div class=\"ow_auto_item_image_slide\"><div class=\"ow_galery_image_bg\"><img data-lazy=\"https:\/\/neueautos.ch\/wp-content\/themes\/Divi-Child\/actions\/zipContents\/475254105253_11.jpg\"><\/div><\/div><div class=\"ow_auto_item_image_slide\"><div class=\"ow_galery_image_bg\"><img data-lazy=\"https:\/\/neueautos.ch\/wp-content\/themes\/Divi-Child\/actions\/zipContents\/475254105253_12.jpg\"><\/div><\/div><div class=\"ow_auto_item_image_slide\"><div class=\"ow_galery_image_bg\"><img data-lazy=\"https:\/\/neueautos.ch\/wp-content\/themes\/Divi-Child\/actions\/zipContents\/475254105253_13.jpg\"><\/div><\/div><div class=\"ow_auto_item_image_slide\"><div class=\"ow_galery_image_bg\"><img data-lazy=\"https:\/\/neueautos.ch\/wp-content\/themes\/Divi-Child\/actions\/zipContents\/475254105253_14.jpg\"><\/div><\/div><div class=\"ow_auto_item_image_slide\"><div class=\"ow_galery_image_bg\"><img data-lazy=\"https:\/\/neueautos.ch\/wp-content\/themes\/Divi-Child\/actions\/zipContents\/475254105253_15.jpg\"><\/div><\/div><div class=\"ow_auto_item_image_slide\"><div class=\"ow_galery_image_bg\"><img data-lazy=\"https:\/\/neueautos.ch\/wp-content\/themes\/Divi-Child\/actions\/zipContents\/475254105253_16.jpg\"><\/div><\/div><\/div><a class=\"ow_auto_item_text\" href=\"https:\/\/neueautos.ch\/fr\/auto\/toyota-corolla-touring-sports-2-0-hev-premium-105253-2\/\"><div class=\"ow_auto_item_text_data\"><div class=\"ow_auto_item_title mb32 text-center\"><h3><strong>Toyota<\/strong> Corolla Touring Sports 2.0 HEV Premium<\/h3><\/div><p><strong>Car\u00adbu\u00adrant:<\/strong> Hybrid<\/p><p><strong>Trans\u00admis\u00adsion:<\/strong> Automatique<\/p><p><strong>Kilo\u00adm\u00e9\u00adtrage:<\/strong> 50km<\/p><p><strong>Pre\u00admi\u00e8re imma\u00adtric\u00adu\u00adla\u00adtion:<\/strong> 23.12.2025<\/p><\/div><div class=\"ow_auto_item_text_bottom mt32\"><p class=\"preis\">CHF 35\u2019900.00<\/p><div class=\"ow_button ow_button_red\"><span><span>Plus d\u2019in\u00adfos<\/span><\/span><\/div><\/div><\/a><\/div><div class=\"ow_auto_item\"><div class=\"ow_auto_item_image\"><div class=\"ow_auto_item_image_slide\"><div class=\"ow_galery_image_bg\"><img data-lazy=\"https:\/\/neueautos.ch\/wp-content\/themes\/Divi-Child\/actions\/zipContents\/475254105366.jpg\"><\/div><\/div><div class=\"ow_auto_item_image_slide\"><div class=\"ow_galery_image_bg\"><img data-lazy=\"https:\/\/neueautos.ch\/wp-content\/themes\/Divi-Child\/actions\/zipContents\/475254105366_2.jpg\"><\/div><\/div><div class=\"ow_auto_item_image_slide\"><div class=\"ow_galery_image_bg\"><img data-lazy=\"https:\/\/neueautos.ch\/wp-content\/themes\/Divi-Child\/actions\/zipContents\/475254105366_3.jpg\"><\/div><\/div><div class=\"ow_auto_item_image_slide\"><div class=\"ow_galery_image_bg\"><img data-lazy=\"https:\/\/neueautos.ch\/wp-content\/themes\/Divi-Child\/actions\/zipContents\/475254105366_4.jpg\"><\/div><\/div><div class=\"ow_auto_item_image_slide\"><div class=\"ow_galery_image_bg\"><img data-lazy=\"https:\/\/neueautos.ch\/wp-content\/themes\/Divi-Child\/actions\/zipContents\/475254105366_5.jpg\"><\/div><\/div><div class=\"ow_auto_item_image_slide\"><div class=\"ow_galery_image_bg\"><img data-lazy=\"https:\/\/neueautos.ch\/wp-content\/themes\/Divi-Child\/actions\/zipContents\/475254105366_6.jpg\"><\/div><\/div><div class=\"ow_auto_item_image_slide\"><div class=\"ow_galery_image_bg\"><img data-lazy=\"https:\/\/neueautos.ch\/wp-content\/themes\/Divi-Child\/actions\/zipContents\/475254105366_7.jpg\"><\/div><\/div><div class=\"ow_auto_item_image_slide\"><div class=\"ow_galery_image_bg\"><img data-lazy=\"https:\/\/neueautos.ch\/wp-content\/themes\/Divi-Child\/actions\/zipContents\/475254105366_8.jpg\"><\/div><\/div><div class=\"ow_auto_item_image_slide\"><div class=\"ow_galery_image_bg\"><img data-lazy=\"https:\/\/neueautos.ch\/wp-content\/themes\/Divi-Child\/actions\/zipContents\/475254105366_9.jpg\"><\/div><\/div><div class=\"ow_auto_item_image_slide\"><div class=\"ow_galery_image_bg\"><img data-lazy=\"https:\/\/neueautos.ch\/wp-content\/themes\/Divi-Child\/actions\/zipContents\/475254105366_10.jpg\"><\/div><\/div><div class=\"ow_auto_item_image_slide\"><div class=\"ow_galery_image_bg\"><img data-lazy=\"https:\/\/neueautos.ch\/wp-content\/themes\/Divi-Child\/actions\/zipContents\/475254105366_11.jpg\"><\/div><\/div><div class=\"ow_auto_item_image_slide\"><div class=\"ow_galery_image_bg\"><img data-lazy=\"https:\/\/neueautos.ch\/wp-content\/themes\/Divi-Child\/actions\/zipContents\/475254105366_12.jpg\"><\/div><\/div><div class=\"ow_auto_item_image_slide\"><div class=\"ow_galery_image_bg\"><img data-lazy=\"https:\/\/neueautos.ch\/wp-content\/themes\/Divi-Child\/actions\/zipContents\/475254105366_13.jpg\"><\/div><\/div><div class=\"ow_auto_item_image_slide\"><div class=\"ow_galery_image_bg\"><img data-lazy=\"https:\/\/neueautos.ch\/wp-content\/themes\/Divi-Child\/actions\/zipContents\/475254105366_14.jpg\"><\/div><\/div><div class=\"ow_auto_item_image_slide\"><div class=\"ow_galery_image_bg\"><img data-lazy=\"https:\/\/neueautos.ch\/wp-content\/themes\/Divi-Child\/actions\/zipContents\/475254105366_15.jpg\"><\/div><\/div><div class=\"ow_auto_item_image_slide\"><div class=\"ow_galery_image_bg\"><img data-lazy=\"https:\/\/neueautos.ch\/wp-content\/themes\/Divi-Child\/actions\/zipContents\/475254105366_16.jpg\"><\/div><\/div><\/div><a class=\"ow_auto_item_text\" href=\"https:\/\/neueautos.ch\/fr\/auto\/toyota-corolla-touring-sports-2-0-hev-premium-105366-2\/\"><div class=\"ow_auto_item_text_data\"><div class=\"ow_auto_item_title mb32 text-center\"><h3><strong>Toyota<\/strong> Corolla Touring Sports 2.0 HEV Premium<\/h3><\/div><p><strong>Car\u00adbu\u00adrant:<\/strong> Hybrid<\/p><p><strong>Trans\u00admis\u00adsion:<\/strong> Automatique<\/p><p><strong>Kilo\u00adm\u00e9\u00adtrage:<\/strong> 50km<\/p><p><strong>Pre\u00admi\u00e8re imma\u00adtric\u00adu\u00adla\u00adtion:<\/strong> 02.12.2025<\/p><\/div><div class=\"ow_auto_item_text_bottom mt32\"><p class=\"preis\">CHF 35\u2019900.00<\/p><div class=\"ow_button ow_button_red\"><span><span>Plus d\u2019in\u00adfos<\/span><\/span><\/div><\/div><\/a><\/div><div class=\"ow_auto_item\"><div class=\"ow_auto_item_image\"><div class=\"ow_auto_item_image_slide\"><div class=\"ow_galery_image_bg\"><img data-lazy=\"https:\/\/neueautos.ch\/wp-content\/themes\/Divi-Child\/actions\/zipContents\/475254105351.jpg\"><\/div><\/div><div class=\"ow_auto_item_image_slide\"><div class=\"ow_galery_image_bg\"><img data-lazy=\"https:\/\/neueautos.ch\/wp-content\/themes\/Divi-Child\/actions\/zipContents\/475254105351_2.jpg\"><\/div><\/div><div class=\"ow_auto_item_image_slide\"><div class=\"ow_galery_image_bg\"><img data-lazy=\"https:\/\/neueautos.ch\/wp-content\/themes\/Divi-Child\/actions\/zipContents\/475254105351_3.jpg\"><\/div><\/div><div class=\"ow_auto_item_image_slide\"><div class=\"ow_galery_image_bg\"><img data-lazy=\"https:\/\/neueautos.ch\/wp-content\/themes\/Divi-Child\/actions\/zipContents\/475254105351_4.jpg\"><\/div><\/div><div class=\"ow_auto_item_image_slide\"><div class=\"ow_galery_image_bg\"><img data-lazy=\"https:\/\/neueautos.ch\/wp-content\/themes\/Divi-Child\/actions\/zipContents\/475254105351_5.jpg\"><\/div><\/div><div class=\"ow_auto_item_image_slide\"><div class=\"ow_galery_image_bg\"><img data-lazy=\"https:\/\/neueautos.ch\/wp-content\/themes\/Divi-Child\/actions\/zipContents\/475254105351_6.jpg\"><\/div><\/div><div class=\"ow_auto_item_image_slide\"><div class=\"ow_galery_image_bg\"><img data-lazy=\"https:\/\/neueautos.ch\/wp-content\/themes\/Divi-Child\/actions\/zipContents\/475254105351_7.jpg\"><\/div><\/div><div class=\"ow_auto_item_image_slide\"><div class=\"ow_galery_image_bg\"><img data-lazy=\"https:\/\/neueautos.ch\/wp-content\/themes\/Divi-Child\/actions\/zipContents\/475254105351_8.jpg\"><\/div><\/div><div class=\"ow_auto_item_image_slide\"><div class=\"ow_galery_image_bg\"><img data-lazy=\"https:\/\/neueautos.ch\/wp-content\/themes\/Divi-Child\/actions\/zipContents\/475254105351_9.jpg\"><\/div><\/div><div class=\"ow_auto_item_image_slide\"><div class=\"ow_galery_image_bg\"><img data-lazy=\"https:\/\/neueautos.ch\/wp-content\/themes\/Divi-Child\/actions\/zipContents\/475254105351_10.jpg\"><\/div><\/div><div class=\"ow_auto_item_image_slide\"><div class=\"ow_galery_image_bg\"><img data-lazy=\"https:\/\/neueautos.ch\/wp-content\/themes\/Divi-Child\/actions\/zipContents\/475254105351_11.jpg\"><\/div><\/div><div class=\"ow_auto_item_image_slide\"><div class=\"ow_galery_image_bg\"><img data-lazy=\"https:\/\/neueautos.ch\/wp-content\/themes\/Divi-Child\/actions\/zipContents\/475254105351_12.jpg\"><\/div><\/div><div class=\"ow_auto_item_image_slide\"><div class=\"ow_galery_image_bg\"><img data-lazy=\"https:\/\/neueautos.ch\/wp-content\/themes\/Divi-Child\/actions\/zipContents\/475254105351_13.jpg\"><\/div><\/div><div class=\"ow_auto_item_image_slide\"><div class=\"ow_galery_image_bg\"><img data-lazy=\"https:\/\/neueautos.ch\/wp-content\/themes\/Divi-Child\/actions\/zipContents\/475254105351_14.jpg\"><\/div><\/div><div class=\"ow_auto_item_image_slide\"><div class=\"ow_galery_image_bg\"><img data-lazy=\"https:\/\/neueautos.ch\/wp-content\/themes\/Divi-Child\/actions\/zipContents\/475254105351_15.jpg\"><\/div><\/div><div class=\"ow_auto_item_image_slide\"><div class=\"ow_galery_image_bg\"><img data-lazy=\"https:\/\/neueautos.ch\/wp-content\/themes\/Divi-Child\/actions\/zipContents\/475254105351_16.jpg\"><\/div><\/div><\/div><a class=\"ow_auto_item_text\" href=\"https:\/\/neueautos.ch\/fr\/auto\/toyota-corolla-touring-sports-2-0-hev-premium-leder-105351-2\/\"><div class=\"ow_auto_item_text_data\"><div class=\"ow_auto_item_title mb32 text-center\"><h3><strong>Toyota<\/strong> Corolla Touring Sports 2.0 HEV Premium, LEDER<\/h3><\/div><p><strong>Car\u00adbu\u00adrant:<\/strong> Hybrid<\/p><p><strong>Trans\u00admis\u00adsion:<\/strong> Automatique<\/p><p><strong>Kilo\u00adm\u00e9\u00adtrage:<\/strong> 50km<\/p><p><strong>Pre\u00admi\u00e8re imma\u00adtric\u00adu\u00adla\u00adtion:<\/strong> 03.12.2025<\/p><\/div><div class=\"ow_auto_item_text_bottom mt32\"><p class=\"preis\">CHF 36\u2019900.00<\/p><div class=\"ow_button ow_button_red\"><span><span>Plus d\u2019in\u00adfos<\/span><\/span><\/div><\/div><\/a><\/div><div class=\"ow_auto_item\"><div class=\"ow_auto_item_image\"><div class=\"ow_auto_item_image_slide\"><div class=\"ow_galery_image_bg\"><img data-lazy=\"https:\/\/neueautos.ch\/wp-content\/themes\/Divi-Child\/actions\/zipContents\/475254105353.jpg\"><\/div><\/div><div class=\"ow_auto_item_image_slide\"><div class=\"ow_galery_image_bg\"><img data-lazy=\"https:\/\/neueautos.ch\/wp-content\/themes\/Divi-Child\/actions\/zipContents\/475254105353_2.jpg\"><\/div><\/div><div class=\"ow_auto_item_image_slide\"><div class=\"ow_galery_image_bg\"><img data-lazy=\"https:\/\/neueautos.ch\/wp-content\/themes\/Divi-Child\/actions\/zipContents\/475254105353_3.jpg\"><\/div><\/div><div class=\"ow_auto_item_image_slide\"><div class=\"ow_galery_image_bg\"><img data-lazy=\"https:\/\/neueautos.ch\/wp-content\/themes\/Divi-Child\/actions\/zipContents\/475254105353_4.jpg\"><\/div><\/div><div class=\"ow_auto_item_image_slide\"><div class=\"ow_galery_image_bg\"><img data-lazy=\"https:\/\/neueautos.ch\/wp-content\/themes\/Divi-Child\/actions\/zipContents\/475254105353_5.jpg\"><\/div><\/div><div class=\"ow_auto_item_image_slide\"><div class=\"ow_galery_image_bg\"><img data-lazy=\"https:\/\/neueautos.ch\/wp-content\/themes\/Divi-Child\/actions\/zipContents\/475254105353_6.jpg\"><\/div><\/div><div class=\"ow_auto_item_image_slide\"><div class=\"ow_galery_image_bg\"><img data-lazy=\"https:\/\/neueautos.ch\/wp-content\/themes\/Divi-Child\/actions\/zipContents\/475254105353_7.jpg\"><\/div><\/div><div class=\"ow_auto_item_image_slide\"><div class=\"ow_galery_image_bg\"><img data-lazy=\"https:\/\/neueautos.ch\/wp-content\/themes\/Divi-Child\/actions\/zipContents\/475254105353_8.jpg\"><\/div><\/div><div class=\"ow_auto_item_image_slide\"><div class=\"ow_galery_image_bg\"><img data-lazy=\"https:\/\/neueautos.ch\/wp-content\/themes\/Divi-Child\/actions\/zipContents\/475254105353_9.jpg\"><\/div><\/div><div class=\"ow_auto_item_image_slide\"><div class=\"ow_galery_image_bg\"><img data-lazy=\"https:\/\/neueautos.ch\/wp-content\/themes\/Divi-Child\/actions\/zipContents\/475254105353_10.jpg\"><\/div><\/div><div class=\"ow_auto_item_image_slide\"><div class=\"ow_galery_image_bg\"><img data-lazy=\"https:\/\/neueautos.ch\/wp-content\/themes\/Divi-Child\/actions\/zipContents\/475254105353_11.jpg\"><\/div><\/div><div class=\"ow_auto_item_image_slide\"><div class=\"ow_galery_image_bg\"><img data-lazy=\"https:\/\/neueautos.ch\/wp-content\/themes\/Divi-Child\/actions\/zipContents\/475254105353_12.jpg\"><\/div><\/div><div class=\"ow_auto_item_image_slide\"><div class=\"ow_galery_image_bg\"><img data-lazy=\"https:\/\/neueautos.ch\/wp-content\/themes\/Divi-Child\/actions\/zipContents\/475254105353_13.jpg\"><\/div><\/div><div class=\"ow_auto_item_image_slide\"><div class=\"ow_galery_image_bg\"><img data-lazy=\"https:\/\/neueautos.ch\/wp-content\/themes\/Divi-Child\/actions\/zipContents\/475254105353_14.jpg\"><\/div><\/div><div class=\"ow_auto_item_image_slide\"><div class=\"ow_galery_image_bg\"><img data-lazy=\"https:\/\/neueautos.ch\/wp-content\/themes\/Divi-Child\/actions\/zipContents\/475254105353_15.jpg\"><\/div><\/div><div class=\"ow_auto_item_image_slide\"><div class=\"ow_galery_image_bg\"><img data-lazy=\"https:\/\/neueautos.ch\/wp-content\/themes\/Divi-Child\/actions\/zipContents\/475254105353_16.jpg\"><\/div><\/div><\/div><a class=\"ow_auto_item_text\" href=\"https:\/\/neueautos.ch\/fr\/auto\/toyota-corolla-touring-sports-2-0-hev-premium-leder-105353-2\/\"><div class=\"ow_auto_item_text_data\"><div class=\"ow_auto_item_title mb32 text-center\"><h3><strong>Toyota<\/strong> Corolla Touring Sports 2.0 HEV Premium, LEDER<\/h3><\/div><p><strong>Car\u00adbu\u00adrant:<\/strong> Hybrid<\/p><p><strong>Trans\u00admis\u00adsion:<\/strong> Automatique<\/p><p><strong>Kilo\u00adm\u00e9\u00adtrage:<\/strong> 50km<\/p><p><strong>Pre\u00admi\u00e8re imma\u00adtric\u00adu\u00adla\u00adtion:<\/strong> 05.11.2025<\/p><\/div><div class=\"ow_auto_item_text_bottom mt32\"><p class=\"preis\">CHF 36\u2019900.00<\/p><div class=\"ow_button ow_button_red\"><span><span>Plus d\u2019in\u00adfos<\/span><\/span><\/div><\/div><\/a><\/div><div class=\"ow_auto_item\"><div class=\"ow_auto_item_image\"><div class=\"ow_auto_item_image_slide\"><div class=\"ow_galery_image_bg\"><img data-lazy=\"https:\/\/neueautos.ch\/wp-content\/themes\/Divi-Child\/actions\/zipContents\/475254105354.jpg\"><\/div><\/div><div class=\"ow_auto_item_image_slide\"><div class=\"ow_galery_image_bg\"><img data-lazy=\"https:\/\/neueautos.ch\/wp-content\/themes\/Divi-Child\/actions\/zipContents\/475254105354_2.jpg\"><\/div><\/div><div class=\"ow_auto_item_image_slide\"><div class=\"ow_galery_image_bg\"><img data-lazy=\"https:\/\/neueautos.ch\/wp-content\/themes\/Divi-Child\/actions\/zipContents\/475254105354_3.jpg\"><\/div><\/div><div class=\"ow_auto_item_image_slide\"><div class=\"ow_galery_image_bg\"><img data-lazy=\"https:\/\/neueautos.ch\/wp-content\/themes\/Divi-Child\/actions\/zipContents\/475254105354_4.jpg\"><\/div><\/div><div class=\"ow_auto_item_image_slide\"><div class=\"ow_galery_image_bg\"><img data-lazy=\"https:\/\/neueautos.ch\/wp-content\/themes\/Divi-Child\/actions\/zipContents\/475254105354_5.jpg\"><\/div><\/div><div class=\"ow_auto_item_image_slide\"><div class=\"ow_galery_image_bg\"><img data-lazy=\"https:\/\/neueautos.ch\/wp-content\/themes\/Divi-Child\/actions\/zipContents\/475254105354_6.jpg\"><\/div><\/div><div class=\"ow_auto_item_image_slide\"><div class=\"ow_galery_image_bg\"><img data-lazy=\"https:\/\/neueautos.ch\/wp-content\/themes\/Divi-Child\/actions\/zipContents\/475254105354_7.jpg\"><\/div><\/div><div class=\"ow_auto_item_image_slide\"><div class=\"ow_galery_image_bg\"><img data-lazy=\"https:\/\/neueautos.ch\/wp-content\/themes\/Divi-Child\/actions\/zipContents\/475254105354_8.jpg\"><\/div><\/div><div class=\"ow_auto_item_image_slide\"><div class=\"ow_galery_image_bg\"><img data-lazy=\"https:\/\/neueautos.ch\/wp-content\/themes\/Divi-Child\/actions\/zipContents\/475254105354_9.jpg\"><\/div><\/div><div class=\"ow_auto_item_image_slide\"><div class=\"ow_galery_image_bg\"><img data-lazy=\"https:\/\/neueautos.ch\/wp-content\/themes\/Divi-Child\/actions\/zipContents\/475254105354_10.jpg\"><\/div><\/div><div class=\"ow_auto_item_image_slide\"><div class=\"ow_galery_image_bg\"><img data-lazy=\"https:\/\/neueautos.ch\/wp-content\/themes\/Divi-Child\/actions\/zipContents\/475254105354_11.jpg\"><\/div><\/div><div class=\"ow_auto_item_image_slide\"><div class=\"ow_galery_image_bg\"><img data-lazy=\"https:\/\/neueautos.ch\/wp-content\/themes\/Divi-Child\/actions\/zipContents\/475254105354_12.jpg\"><\/div><\/div><div class=\"ow_auto_item_image_slide\"><div class=\"ow_galery_image_bg\"><img data-lazy=\"https:\/\/neueautos.ch\/wp-content\/themes\/Divi-Child\/actions\/zipContents\/475254105354_13.jpg\"><\/div><\/div><div class=\"ow_auto_item_image_slide\"><div class=\"ow_galery_image_bg\"><img data-lazy=\"https:\/\/neueautos.ch\/wp-content\/themes\/Divi-Child\/actions\/zipContents\/475254105354_14.jpg\"><\/div><\/div><div class=\"ow_auto_item_image_slide\"><div class=\"ow_galery_image_bg\"><img data-lazy=\"https:\/\/neueautos.ch\/wp-content\/themes\/Divi-Child\/actions\/zipContents\/475254105354_15.jpg\"><\/div><\/div><div class=\"ow_auto_item_image_slide\"><div class=\"ow_galery_image_bg\"><img data-lazy=\"https:\/\/neueautos.ch\/wp-content\/themes\/Divi-Child\/actions\/zipContents\/475254105354_16.jpg\"><\/div><\/div><\/div><a class=\"ow_auto_item_text\" href=\"https:\/\/neueautos.ch\/fr\/auto\/toyota-corolla-touring-sports-2-0-hev-premium-leder-105354-2\/\"><div class=\"ow_auto_item_text_data\"><div class=\"ow_auto_item_title mb32 text-center\"><h3><strong>Toyota<\/strong> Corolla Touring Sports 2.0 HEV Premium, LEDER<\/h3><\/div><p><strong>Car\u00adbu\u00adrant:<\/strong> Hybrid<\/p><p><strong>Trans\u00admis\u00adsion:<\/strong> Automatique<\/p><p><strong>Kilo\u00adm\u00e9\u00adtrage:<\/strong> 50km<\/p><p><strong>Pre\u00admi\u00e8re imma\u00adtric\u00adu\u00adla\u00adtion:<\/strong> 19.11.2025<\/p><\/div><div class=\"ow_auto_item_text_bottom mt32\"><p class=\"preis\">CHF 36\u2019900.00<\/p><div class=\"ow_button ow_button_red\"><span><span>Plus d\u2019in\u00adfos<\/span><\/span><\/div><\/div><\/a><\/div><div class=\"ow_auto_item\"><div class=\"ow_auto_item_image\"><div class=\"ow_auto_item_image_slide\"><div class=\"ow_galery_image_bg\"><img data-lazy=\"https:\/\/neueautos.ch\/wp-content\/themes\/Divi-Child\/actions\/zipContents\/475254105329.jpg\"><\/div><\/div><div class=\"ow_auto_item_image_slide\"><div class=\"ow_galery_image_bg\"><img data-lazy=\"https:\/\/neueautos.ch\/wp-content\/themes\/Divi-Child\/actions\/zipContents\/475254105329_2.jpg\"><\/div><\/div><div class=\"ow_auto_item_image_slide\"><div class=\"ow_galery_image_bg\"><img data-lazy=\"https:\/\/neueautos.ch\/wp-content\/themes\/Divi-Child\/actions\/zipContents\/475254105329_3.jpg\"><\/div><\/div><div class=\"ow_auto_item_image_slide\"><div class=\"ow_galery_image_bg\"><img data-lazy=\"https:\/\/neueautos.ch\/wp-content\/themes\/Divi-Child\/actions\/zipContents\/475254105329_4.jpg\"><\/div><\/div><div class=\"ow_auto_item_image_slide\"><div class=\"ow_galery_image_bg\"><img data-lazy=\"https:\/\/neueautos.ch\/wp-content\/themes\/Divi-Child\/actions\/zipContents\/475254105329_5.jpg\"><\/div><\/div><div class=\"ow_auto_item_image_slide\"><div class=\"ow_galery_image_bg\"><img data-lazy=\"https:\/\/neueautos.ch\/wp-content\/themes\/Divi-Child\/actions\/zipContents\/475254105329_6.jpg\"><\/div><\/div><div class=\"ow_auto_item_image_slide\"><div class=\"ow_galery_image_bg\"><img data-lazy=\"https:\/\/neueautos.ch\/wp-content\/themes\/Divi-Child\/actions\/zipContents\/475254105329_7.jpg\"><\/div><\/div><div class=\"ow_auto_item_image_slide\"><div class=\"ow_galery_image_bg\"><img data-lazy=\"https:\/\/neueautos.ch\/wp-content\/themes\/Divi-Child\/actions\/zipContents\/475254105329_8.jpg\"><\/div><\/div><div class=\"ow_auto_item_image_slide\"><div class=\"ow_galery_image_bg\"><img data-lazy=\"https:\/\/neueautos.ch\/wp-content\/themes\/Divi-Child\/actions\/zipContents\/475254105329_9.jpg\"><\/div><\/div><div class=\"ow_auto_item_image_slide\"><div class=\"ow_galery_image_bg\"><img data-lazy=\"https:\/\/neueautos.ch\/wp-content\/themes\/Divi-Child\/actions\/zipContents\/475254105329_10.jpg\"><\/div><\/div><div class=\"ow_auto_item_image_slide\"><div class=\"ow_galery_image_bg\"><img data-lazy=\"https:\/\/neueautos.ch\/wp-content\/themes\/Divi-Child\/actions\/zipContents\/475254105329_11.jpg\"><\/div><\/div><div class=\"ow_auto_item_image_slide\"><div class=\"ow_galery_image_bg\"><img data-lazy=\"https:\/\/neueautos.ch\/wp-content\/themes\/Divi-Child\/actions\/zipContents\/475254105329_12.jpg\"><\/div><\/div><div class=\"ow_auto_item_image_slide\"><div class=\"ow_galery_image_bg\"><img data-lazy=\"https:\/\/neueautos.ch\/wp-content\/themes\/Divi-Child\/actions\/zipContents\/475254105329_13.jpg\"><\/div><\/div><div class=\"ow_auto_item_image_slide\"><div class=\"ow_galery_image_bg\"><img data-lazy=\"https:\/\/neueautos.ch\/wp-content\/themes\/Divi-Child\/actions\/zipContents\/475254105329_14.jpg\"><\/div><\/div><div class=\"ow_auto_item_image_slide\"><div class=\"ow_galery_image_bg\"><img data-lazy=\"https:\/\/neueautos.ch\/wp-content\/themes\/Divi-Child\/actions\/zipContents\/475254105329_15.jpg\"><\/div><\/div><div class=\"ow_auto_item_image_slide\"><div class=\"ow_galery_image_bg\"><img data-lazy=\"https:\/\/neueautos.ch\/wp-content\/themes\/Divi-Child\/actions\/zipContents\/475254105329_16.jpg\"><\/div><\/div><\/div><a class=\"ow_auto_item_text\" href=\"https:\/\/neueautos.ch\/fr\/auto\/toyota-corolla-touring-sports-2-0-hsd-premium-leder-105329-2\/\"><div class=\"ow_auto_item_text_data\"><div class=\"ow_auto_item_title mb32 text-center\"><h3><strong>Toyota<\/strong> Corolla Touring Sports 2.0 HEV Premium, LEDER<\/h3><\/div><p><strong>Car\u00adbu\u00adrant:<\/strong> Hybrid<\/p><p><strong>Trans\u00admis\u00adsion:<\/strong> Automatique<\/p><p><strong>Kilo\u00adm\u00e9\u00adtrage:<\/strong> 50km<\/p><p><strong>Pre\u00admi\u00e8re imma\u00adtric\u00adu\u00adla\u00adtion:<\/strong> Neuf<\/p><\/div><div class=\"ow_auto_item_text_bottom mt32\"><p class=\"preis\">CHF 36\u2019900.00<\/p><div class=\"ow_button ow_button_red\"><span><span>Plus d\u2019in\u00adfos<\/span><\/span><\/div><\/div><\/a><\/div><div class=\"ow_auto_item\"><div class=\"ow_auto_item_image\"><div class=\"ow_auto_item_image_slide\"><div class=\"ow_galery_image_bg\"><img data-lazy=\"https:\/\/neueautos.ch\/wp-content\/themes\/Divi-Child\/actions\/zipContents\/475254105379.jpg\"><\/div><\/div><div class=\"ow_auto_item_image_slide\"><div class=\"ow_galery_image_bg\"><img data-lazy=\"https:\/\/neueautos.ch\/wp-content\/themes\/Divi-Child\/actions\/zipContents\/475254105379_2.jpg\"><\/div><\/div><div class=\"ow_auto_item_image_slide\"><div class=\"ow_galery_image_bg\"><img data-lazy=\"https:\/\/neueautos.ch\/wp-content\/themes\/Divi-Child\/actions\/zipContents\/475254105379_3.jpg\"><\/div><\/div><div class=\"ow_auto_item_image_slide\"><div class=\"ow_galery_image_bg\"><img data-lazy=\"https:\/\/neueautos.ch\/wp-content\/themes\/Divi-Child\/actions\/zipContents\/475254105379_4.jpg\"><\/div><\/div><div class=\"ow_auto_item_image_slide\"><div class=\"ow_galery_image_bg\"><img data-lazy=\"https:\/\/neueautos.ch\/wp-content\/themes\/Divi-Child\/actions\/zipContents\/475254105379_5.jpg\"><\/div><\/div><div class=\"ow_auto_item_image_slide\"><div class=\"ow_galery_image_bg\"><img data-lazy=\"https:\/\/neueautos.ch\/wp-content\/themes\/Divi-Child\/actions\/zipContents\/475254105379_6.jpg\"><\/div><\/div><div class=\"ow_auto_item_image_slide\"><div class=\"ow_galery_image_bg\"><img data-lazy=\"https:\/\/neueautos.ch\/wp-content\/themes\/Divi-Child\/actions\/zipContents\/475254105379_7.jpg\"><\/div><\/div><div class=\"ow_auto_item_image_slide\"><div class=\"ow_galery_image_bg\"><img data-lazy=\"https:\/\/neueautos.ch\/wp-content\/themes\/Divi-Child\/actions\/zipContents\/475254105379_8.jpg\"><\/div><\/div><div class=\"ow_auto_item_image_slide\"><div class=\"ow_galery_image_bg\"><img data-lazy=\"https:\/\/neueautos.ch\/wp-content\/themes\/Divi-Child\/actions\/zipContents\/475254105379_9.jpg\"><\/div><\/div><div class=\"ow_auto_item_image_slide\"><div class=\"ow_galery_image_bg\"><img data-lazy=\"https:\/\/neueautos.ch\/wp-content\/themes\/Divi-Child\/actions\/zipContents\/475254105379_10.jpg\"><\/div><\/div><div class=\"ow_auto_item_image_slide\"><div class=\"ow_galery_image_bg\"><img data-lazy=\"https:\/\/neueautos.ch\/wp-content\/themes\/Divi-Child\/actions\/zipContents\/475254105379_11.jpg\"><\/div><\/div><div class=\"ow_auto_item_image_slide\"><div class=\"ow_galery_image_bg\"><img data-lazy=\"https:\/\/neueautos.ch\/wp-content\/themes\/Divi-Child\/actions\/zipContents\/475254105379_12.jpg\"><\/div><\/div><div class=\"ow_auto_item_image_slide\"><div class=\"ow_galery_image_bg\"><img data-lazy=\"https:\/\/neueautos.ch\/wp-content\/themes\/Divi-Child\/actions\/zipContents\/475254105379_13.jpg\"><\/div><\/div><div class=\"ow_auto_item_image_slide\"><div class=\"ow_galery_image_bg\"><img data-lazy=\"https:\/\/neueautos.ch\/wp-content\/themes\/Divi-Child\/actions\/zipContents\/475254105379_14.jpg\"><\/div><\/div><div class=\"ow_auto_item_image_slide\"><div class=\"ow_galery_image_bg\"><img data-lazy=\"https:\/\/neueautos.ch\/wp-content\/themes\/Divi-Child\/actions\/zipContents\/475254105379_15.jpg\"><\/div><\/div><div class=\"ow_auto_item_image_slide\"><div class=\"ow_galery_image_bg\"><img data-lazy=\"https:\/\/neueautos.ch\/wp-content\/themes\/Divi-Child\/actions\/zipContents\/475254105379_16.jpg\"><\/div><\/div><\/div><a class=\"ow_auto_item_text\" href=\"https:\/\/neueautos.ch\/fr\/auto\/toyota-gr-corolla-1-6t-4x4-circuit-edition-105379-2\/\"><div class=\"ow_auto_item_text_data\"><div class=\"ow_auto_item_title mb32 text-center\"><h3><strong>Toyota<\/strong> GR Corolla 1.6T 4x4 Circuit Edition<\/h3><\/div><p><strong>Car\u00adbu\u00adrant:<\/strong> Essence<\/p><p><strong>Trans\u00admis\u00adsion:<\/strong> Boite a&nbsp;main<\/p><p><strong>Kilo\u00adm\u00e9\u00adtrage:<\/strong> 4000km<\/p><p><strong>Pre\u00admi\u00e8re imma\u00adtric\u00adu\u00adla\u00adtion:<\/strong> 25.04.2024<\/p><\/div><div class=\"ow_auto_item_text_bottom mt32\"><p class=\"preis\">CHF 64\u2019500.00<\/p><div class=\"ow_button ow_button_red\"><span><span>Plus d\u2019in\u00adfos<\/span><\/span><\/div><\/div><\/a><\/div><div class=\"ow_auto_item\"><div class=\"ow_auto_item_image\"><div class=\"ow_auto_item_image_slide\"><div class=\"ow_galery_image_bg\"><img data-lazy=\"https:\/\/neueautos.ch\/wp-content\/themes\/Divi-Child\/actions\/zipContents\/475254105285.jpg\"><\/div><\/div><div class=\"ow_auto_item_image_slide\"><div class=\"ow_galery_image_bg\"><img data-lazy=\"https:\/\/neueautos.ch\/wp-content\/themes\/Divi-Child\/actions\/zipContents\/475254105285_2.jpg\"><\/div><\/div><div class=\"ow_auto_item_image_slide\"><div class=\"ow_galery_image_bg\"><img data-lazy=\"https:\/\/neueautos.ch\/wp-content\/themes\/Divi-Child\/actions\/zipContents\/475254105285_3.jpg\"><\/div><\/div><div class=\"ow_auto_item_image_slide\"><div class=\"ow_galery_image_bg\"><img data-lazy=\"https:\/\/neueautos.ch\/wp-content\/themes\/Divi-Child\/actions\/zipContents\/475254105285_4.jpg\"><\/div><\/div><div class=\"ow_auto_item_image_slide\"><div class=\"ow_galery_image_bg\"><img data-lazy=\"https:\/\/neueautos.ch\/wp-content\/themes\/Divi-Child\/actions\/zipContents\/475254105285_5.jpg\"><\/div><\/div><div class=\"ow_auto_item_image_slide\"><div class=\"ow_galery_image_bg\"><img data-lazy=\"https:\/\/neueautos.ch\/wp-content\/themes\/Divi-Child\/actions\/zipContents\/475254105285_6.jpg\"><\/div><\/div><div class=\"ow_auto_item_image_slide\"><div class=\"ow_galery_image_bg\"><img data-lazy=\"https:\/\/neueautos.ch\/wp-content\/themes\/Divi-Child\/actions\/zipContents\/475254105285_7.jpg\"><\/div><\/div><div class=\"ow_auto_item_image_slide\"><div class=\"ow_galery_image_bg\"><img data-lazy=\"https:\/\/neueautos.ch\/wp-content\/themes\/Divi-Child\/actions\/zipContents\/475254105285_8.jpg\"><\/div><\/div><div class=\"ow_auto_item_image_slide\"><div class=\"ow_galery_image_bg\"><img data-lazy=\"https:\/\/neueautos.ch\/wp-content\/themes\/Divi-Child\/actions\/zipContents\/475254105285_9.jpg\"><\/div><\/div><div class=\"ow_auto_item_image_slide\"><div class=\"ow_galery_image_bg\"><img data-lazy=\"https:\/\/neueautos.ch\/wp-content\/themes\/Divi-Child\/actions\/zipContents\/475254105285_10.jpg\"><\/div><\/div><div class=\"ow_auto_item_image_slide\"><div class=\"ow_galery_image_bg\"><img data-lazy=\"https:\/\/neueautos.ch\/wp-content\/themes\/Divi-Child\/actions\/zipContents\/475254105285_11.jpg\"><\/div><\/div><div class=\"ow_auto_item_image_slide\"><div class=\"ow_galery_image_bg\"><img data-lazy=\"https:\/\/neueautos.ch\/wp-content\/themes\/Divi-Child\/actions\/zipContents\/475254105285_12.jpg\"><\/div><\/div><div class=\"ow_auto_item_image_slide\"><div class=\"ow_galery_image_bg\"><img data-lazy=\"https:\/\/neueautos.ch\/wp-content\/themes\/Divi-Child\/actions\/zipContents\/475254105285_13.jpg\"><\/div><\/div><div class=\"ow_auto_item_image_slide\"><div class=\"ow_galery_image_bg\"><img data-lazy=\"https:\/\/neueautos.ch\/wp-content\/themes\/Divi-Child\/actions\/zipContents\/475254105285_14.jpg\"><\/div><\/div><div class=\"ow_auto_item_image_slide\"><div class=\"ow_galery_image_bg\"><img data-lazy=\"https:\/\/neueautos.ch\/wp-content\/themes\/Divi-Child\/actions\/zipContents\/475254105285_15.jpg\"><\/div><\/div><div class=\"ow_auto_item_image_slide\"><div class=\"ow_galery_image_bg\"><img data-lazy=\"https:\/\/neueautos.ch\/wp-content\/themes\/Divi-Child\/actions\/zipContents\/475254105285_16.jpg\"><\/div><\/div><\/div><a class=\"ow_auto_item_text\" href=\"https:\/\/neueautos.ch\/fr\/auto\/toyota-gr-supra-3-0-twin-turbo-final-edition-1-of-300-105285-2\/\"><div class=\"ow_auto_item_text_data\"><div class=\"ow_auto_item_title mb32 text-center\"><h3><strong>Toyota<\/strong> GR Supra 3.0 Twin Turbo - Final Edition 1 of&nbsp;300<\/h3><\/div><p><strong>Car\u00adbu\u00adrant:<\/strong> Essence<\/p><p><strong>Trans\u00admis\u00adsion:<\/strong> Boite a&nbsp;main<\/p><p><strong>Kilo\u00adm\u00e9\u00adtrage:<\/strong> 100km<\/p><p><strong>Pre\u00admi\u00e8re imma\u00adtric\u00adu\u00adla\u00adtion:<\/strong> 08.12.2025<\/p><\/div><div class=\"ow_auto_item_text_bottom mt32\"><p class=\"preis\">CHF 195\u2019000.00<\/p><div class=\"ow_button ow_button_red\"><span><span>Plus d\u2019in\u00adfos<\/span><\/span><\/div><\/div><\/a><\/div><div class=\"ow_auto_item\"><div class=\"ow_auto_item_image\"><div class=\"ow_auto_item_image_slide\"><div class=\"ow_galery_image_bg\"><img data-lazy=\"https:\/\/neueautos.ch\/wp-content\/themes\/Divi-Child\/actions\/zipContents\/475254105364.jpg\"><\/div><\/div><div class=\"ow_auto_item_image_slide\"><div class=\"ow_galery_image_bg\"><img data-lazy=\"https:\/\/neueautos.ch\/wp-content\/themes\/Divi-Child\/actions\/zipContents\/475254105364_2.jpg\"><\/div><\/div><div class=\"ow_auto_item_image_slide\"><div class=\"ow_galery_image_bg\"><img data-lazy=\"https:\/\/neueautos.ch\/wp-content\/themes\/Divi-Child\/actions\/zipContents\/475254105364_3.jpg\"><\/div><\/div><div class=\"ow_auto_item_image_slide\"><div class=\"ow_galery_image_bg\"><img data-lazy=\"https:\/\/neueautos.ch\/wp-content\/themes\/Divi-Child\/actions\/zipContents\/475254105364_4.jpg\"><\/div><\/div><div class=\"ow_auto_item_image_slide\"><div class=\"ow_galery_image_bg\"><img data-lazy=\"https:\/\/neueautos.ch\/wp-content\/themes\/Divi-Child\/actions\/zipContents\/475254105364_5.jpg\"><\/div><\/div><div class=\"ow_auto_item_image_slide\"><div class=\"ow_galery_image_bg\"><img data-lazy=\"https:\/\/neueautos.ch\/wp-content\/themes\/Divi-Child\/actions\/zipContents\/475254105364_6.jpg\"><\/div><\/div><div class=\"ow_auto_item_image_slide\"><div class=\"ow_galery_image_bg\"><img data-lazy=\"https:\/\/neueautos.ch\/wp-content\/themes\/Divi-Child\/actions\/zipContents\/475254105364_7.jpg\"><\/div><\/div><div class=\"ow_auto_item_image_slide\"><div class=\"ow_galery_image_bg\"><img data-lazy=\"https:\/\/neueautos.ch\/wp-content\/themes\/Divi-Child\/actions\/zipContents\/475254105364_8.jpg\"><\/div><\/div><div class=\"ow_auto_item_image_slide\"><div class=\"ow_galery_image_bg\"><img data-lazy=\"https:\/\/neueautos.ch\/wp-content\/themes\/Divi-Child\/actions\/zipContents\/475254105364_9.jpg\"><\/div><\/div><div class=\"ow_auto_item_image_slide\"><div class=\"ow_galery_image_bg\"><img data-lazy=\"https:\/\/neueautos.ch\/wp-content\/themes\/Divi-Child\/actions\/zipContents\/475254105364_10.jpg\"><\/div><\/div><div class=\"ow_auto_item_image_slide\"><div class=\"ow_galery_image_bg\"><img data-lazy=\"https:\/\/neueautos.ch\/wp-content\/themes\/Divi-Child\/actions\/zipContents\/475254105364_11.jpg\"><\/div><\/div><div class=\"ow_auto_item_image_slide\"><div class=\"ow_galery_image_bg\"><img data-lazy=\"https:\/\/neueautos.ch\/wp-content\/themes\/Divi-Child\/actions\/zipContents\/475254105364_12.jpg\"><\/div><\/div><div class=\"ow_auto_item_image_slide\"><div class=\"ow_galery_image_bg\"><img data-lazy=\"https:\/\/neueautos.ch\/wp-content\/themes\/Divi-Child\/actions\/zipContents\/475254105364_13.jpg\"><\/div><\/div><div class=\"ow_auto_item_image_slide\"><div class=\"ow_galery_image_bg\"><img data-lazy=\"https:\/\/neueautos.ch\/wp-content\/themes\/Divi-Child\/actions\/zipContents\/475254105364_14.jpg\"><\/div><\/div><div class=\"ow_auto_item_image_slide\"><div class=\"ow_galery_image_bg\"><img data-lazy=\"https:\/\/neueautos.ch\/wp-content\/themes\/Divi-Child\/actions\/zipContents\/475254105364_15.jpg\"><\/div><\/div><div class=\"ow_auto_item_image_slide\"><div class=\"ow_galery_image_bg\"><img data-lazy=\"https:\/\/neueautos.ch\/wp-content\/themes\/Divi-Child\/actions\/zipContents\/475254105364_16.jpg\"><\/div><\/div><\/div><a class=\"ow_auto_item_text\" href=\"https:\/\/neueautos.ch\/fr\/auto\/toyota-land-cruiser-2-8-d-205-first-edition-105364-2\/\"><div class=\"ow_auto_item_text_data\"><div class=\"ow_auto_item_title mb32 text-center\"><h3><strong>Toyota<\/strong> Land Cruiser 2.8 D 205 First Edition<\/h3><\/div><p><strong>Car\u00adbu\u00adrant:<\/strong> Diesel<\/p><p><strong>Trans\u00admis\u00adsion:<\/strong> Automatique<\/p><p><strong>Kilo\u00adm\u00e9\u00adtrage:<\/strong> 9000km<\/p><p><strong>Pre\u00admi\u00e8re imma\u00adtric\u00adu\u00adla\u00adtion:<\/strong> 09.01.2025<\/p><\/div><div class=\"ow_auto_item_text_bottom mt32\"><p class=\"preis\">CHF 92\u2019500.00<\/p><div class=\"ow_button ow_button_red\"><span><span>Plus d\u2019in\u00adfos<\/span><\/span><\/div><\/div><\/a><\/div><div class=\"ow_auto_item\"><div class=\"ow_auto_item_image\"><div class=\"ow_auto_item_image_slide\"><div class=\"ow_galery_image_bg\"><img data-lazy=\"https:\/\/neueautos.ch\/wp-content\/themes\/Divi-Child\/actions\/zipContents\/475254105309.jpg\"><\/div><\/div><div class=\"ow_auto_item_image_slide\"><div class=\"ow_galery_image_bg\"><img data-lazy=\"https:\/\/neueautos.ch\/wp-content\/themes\/Divi-Child\/actions\/zipContents\/475254105309_2.jpg\"><\/div><\/div><div class=\"ow_auto_item_image_slide\"><div class=\"ow_galery_image_bg\"><img data-lazy=\"https:\/\/neueautos.ch\/wp-content\/themes\/Divi-Child\/actions\/zipContents\/475254105309_3.jpg\"><\/div><\/div><div class=\"ow_auto_item_image_slide\"><div class=\"ow_galery_image_bg\"><img data-lazy=\"https:\/\/neueautos.ch\/wp-content\/themes\/Divi-Child\/actions\/zipContents\/475254105309_4.jpg\"><\/div><\/div><div class=\"ow_auto_item_image_slide\"><div class=\"ow_galery_image_bg\"><img data-lazy=\"https:\/\/neueautos.ch\/wp-content\/themes\/Divi-Child\/actions\/zipContents\/475254105309_5.jpg\"><\/div><\/div><div class=\"ow_auto_item_image_slide\"><div class=\"ow_galery_image_bg\"><img data-lazy=\"https:\/\/neueautos.ch\/wp-content\/themes\/Divi-Child\/actions\/zipContents\/475254105309_6.jpg\"><\/div><\/div><div class=\"ow_auto_item_image_slide\"><div class=\"ow_galery_image_bg\"><img data-lazy=\"https:\/\/neueautos.ch\/wp-content\/themes\/Divi-Child\/actions\/zipContents\/475254105309_7.jpg\"><\/div><\/div><div class=\"ow_auto_item_image_slide\"><div class=\"ow_galery_image_bg\"><img data-lazy=\"https:\/\/neueautos.ch\/wp-content\/themes\/Divi-Child\/actions\/zipContents\/475254105309_8.jpg\"><\/div><\/div><div class=\"ow_auto_item_image_slide\"><div class=\"ow_galery_image_bg\"><img data-lazy=\"https:\/\/neueautos.ch\/wp-content\/themes\/Divi-Child\/actions\/zipContents\/475254105309_9.jpg\"><\/div><\/div><div class=\"ow_auto_item_image_slide\"><div class=\"ow_galery_image_bg\"><img data-lazy=\"https:\/\/neueautos.ch\/wp-content\/themes\/Divi-Child\/actions\/zipContents\/475254105309_10.jpg\"><\/div><\/div><div class=\"ow_auto_item_image_slide\"><div class=\"ow_galery_image_bg\"><img data-lazy=\"https:\/\/neueautos.ch\/wp-content\/themes\/Divi-Child\/actions\/zipContents\/475254105309_11.jpg\"><\/div><\/div><div class=\"ow_auto_item_image_slide\"><div class=\"ow_galery_image_bg\"><img data-lazy=\"https:\/\/neueautos.ch\/wp-content\/themes\/Divi-Child\/actions\/zipContents\/475254105309_12.jpg\"><\/div><\/div><div class=\"ow_auto_item_image_slide\"><div class=\"ow_galery_image_bg\"><img data-lazy=\"https:\/\/neueautos.ch\/wp-content\/themes\/Divi-Child\/actions\/zipContents\/475254105309_13.jpg\"><\/div><\/div><div class=\"ow_auto_item_image_slide\"><div class=\"ow_galery_image_bg\"><img data-lazy=\"https:\/\/neueautos.ch\/wp-content\/themes\/Divi-Child\/actions\/zipContents\/475254105309_14.jpg\"><\/div><\/div><div class=\"ow_auto_item_image_slide\"><div class=\"ow_galery_image_bg\"><img data-lazy=\"https:\/\/neueautos.ch\/wp-content\/themes\/Divi-Child\/actions\/zipContents\/475254105309_15.jpg\"><\/div><\/div><div class=\"ow_auto_item_image_slide\"><div class=\"ow_galery_image_bg\"><img data-lazy=\"https:\/\/neueautos.ch\/wp-content\/themes\/Divi-Child\/actions\/zipContents\/475254105309_16.jpg\"><\/div><\/div><\/div><a class=\"ow_auto_item_text\" href=\"https:\/\/neueautos.ch\/fr\/auto\/toyota-yaris-cross-1-5-vvt-i-hsd-premium-2wd-105309-2\/\"><div class=\"ow_auto_item_text_data\"><div class=\"ow_auto_item_title mb32 text-center\"><h3><strong>Toyota<\/strong> Yaris Cross 1.5 VVT-i HEV Premium 2WD<\/h3><\/div><p><strong>Car\u00adbu\u00adrant:<\/strong> Hybrid<\/p><p><strong>Trans\u00admis\u00adsion:<\/strong> Automatique<\/p><p><strong>Kilo\u00adm\u00e9\u00adtrage:<\/strong> 50km<\/p><p><strong>Pre\u00admi\u00e8re imma\u00adtric\u00adu\u00adla\u00adtion:<\/strong> Neuf<\/p><\/div><div class=\"ow_auto_item_text_bottom mt32\"><p class=\"preis\">CHF 31\u2019900.00<\/p><div class=\"ow_button ow_button_red\"><span><span>Plus d\u2019in\u00adfos<\/span><\/span><\/div><\/div><\/a><\/div><div class=\"ow_auto_item\"><div class=\"ow_auto_item_image\"><div class=\"ow_auto_item_image_slide\"><div class=\"ow_galery_image_bg\"><img data-lazy=\"https:\/\/neueautos.ch\/wp-content\/themes\/Divi-Child\/actions\/zipContents\/475254105380.jpg\"><\/div><\/div><div class=\"ow_auto_item_image_slide\"><div class=\"ow_galery_image_bg\"><img data-lazy=\"https:\/\/neueautos.ch\/wp-content\/themes\/Divi-Child\/actions\/zipContents\/475254105380_2.jpg\"><\/div><\/div><div class=\"ow_auto_item_image_slide\"><div class=\"ow_galery_image_bg\"><img data-lazy=\"https:\/\/neueautos.ch\/wp-content\/themes\/Divi-Child\/actions\/zipContents\/475254105380_3.jpg\"><\/div><\/div><div class=\"ow_auto_item_image_slide\"><div class=\"ow_galery_image_bg\"><img data-lazy=\"https:\/\/neueautos.ch\/wp-content\/themes\/Divi-Child\/actions\/zipContents\/475254105380_4.jpg\"><\/div><\/div><div class=\"ow_auto_item_image_slide\"><div class=\"ow_galery_image_bg\"><img data-lazy=\"https:\/\/neueautos.ch\/wp-content\/themes\/Divi-Child\/actions\/zipContents\/475254105380_5.jpg\"><\/div><\/div><div class=\"ow_auto_item_image_slide\"><div class=\"ow_galery_image_bg\"><img data-lazy=\"https:\/\/neueautos.ch\/wp-content\/themes\/Divi-Child\/actions\/zipContents\/475254105380_6.jpg\"><\/div><\/div><div class=\"ow_auto_item_image_slide\"><div class=\"ow_galery_image_bg\"><img data-lazy=\"https:\/\/neueautos.ch\/wp-content\/themes\/Divi-Child\/actions\/zipContents\/475254105380_7.jpg\"><\/div><\/div><div class=\"ow_auto_item_image_slide\"><div class=\"ow_galery_image_bg\"><img data-lazy=\"https:\/\/neueautos.ch\/wp-content\/themes\/Divi-Child\/actions\/zipContents\/475254105380_8.jpg\"><\/div><\/div><div class=\"ow_auto_item_image_slide\"><div class=\"ow_galery_image_bg\"><img data-lazy=\"https:\/\/neueautos.ch\/wp-content\/themes\/Divi-Child\/actions\/zipContents\/475254105380_9.jpg\"><\/div><\/div><div class=\"ow_auto_item_image_slide\"><div class=\"ow_galery_image_bg\"><img data-lazy=\"https:\/\/neueautos.ch\/wp-content\/themes\/Divi-Child\/actions\/zipContents\/475254105380_10.jpg\"><\/div><\/div><div class=\"ow_auto_item_image_slide\"><div class=\"ow_galery_image_bg\"><img data-lazy=\"https:\/\/neueautos.ch\/wp-content\/themes\/Divi-Child\/actions\/zipContents\/475254105380_11.jpg\"><\/div><\/div><div class=\"ow_auto_item_image_slide\"><div class=\"ow_galery_image_bg\"><img data-lazy=\"https:\/\/neueautos.ch\/wp-content\/themes\/Divi-Child\/actions\/zipContents\/475254105380_12.jpg\"><\/div><\/div><div class=\"ow_auto_item_image_slide\"><div class=\"ow_galery_image_bg\"><img data-lazy=\"https:\/\/neueautos.ch\/wp-content\/themes\/Divi-Child\/actions\/zipContents\/475254105380_13.jpg\"><\/div><\/div><div class=\"ow_auto_item_image_slide\"><div class=\"ow_galery_image_bg\"><img data-lazy=\"https:\/\/neueautos.ch\/wp-content\/themes\/Divi-Child\/actions\/zipContents\/475254105380_14.jpg\"><\/div><\/div><div class=\"ow_auto_item_image_slide\"><div class=\"ow_galery_image_bg\"><img data-lazy=\"https:\/\/neueautos.ch\/wp-content\/themes\/Divi-Child\/actions\/zipContents\/475254105380_15.jpg\"><\/div><\/div><div class=\"ow_auto_item_image_slide\"><div class=\"ow_galery_image_bg\"><img data-lazy=\"https:\/\/neueautos.ch\/wp-content\/themes\/Divi-Child\/actions\/zipContents\/475254105380_16.jpg\"><\/div><\/div><\/div><a class=\"ow_auto_item_text\" href=\"https:\/\/neueautos.ch\/fr\/auto\/toyota-yaris-cross-1-5-vvt-i-hsd-premium-2wd-105380-2\/\"><div class=\"ow_auto_item_text_data\"><div class=\"ow_auto_item_title mb32 text-center\"><h3><strong>Toyota<\/strong> Yaris Cross 1.5 VVT-i HSD Premium 2WD<\/h3><\/div><p><strong>Car\u00adbu\u00adrant:<\/strong> Hybrid<\/p><p><strong>Trans\u00admis\u00adsion:<\/strong> Automatique<\/p><p><strong>Kilo\u00adm\u00e9\u00adtrage:<\/strong> 50km<\/p><p><strong>Pre\u00admi\u00e8re imma\u00adtric\u00adu\u00adla\u00adtion:<\/strong> Neuf<\/p><\/div><div class=\"ow_auto_item_text_bottom mt32\"><p class=\"preis\">CHF 30\u2019900.00<\/p><div class=\"ow_button ow_button_red\"><span><span>Plus d\u2019in\u00adfos<\/span><\/span><\/div><\/div><\/a><\/div><div class=\"ow_auto_item\"><div class=\"ow_auto_item_image\"><div class=\"ow_auto_item_image_slide\"><div class=\"ow_galery_image_bg\"><img data-lazy=\"https:\/\/neueautos.ch\/wp-content\/themes\/Divi-Child\/actions\/zipContents\/475254105385.jpg\"><\/div><\/div><div class=\"ow_auto_item_image_slide\"><div class=\"ow_galery_image_bg\"><img data-lazy=\"https:\/\/neueautos.ch\/wp-content\/themes\/Divi-Child\/actions\/zipContents\/475254105385_2.jpg\"><\/div><\/div><div class=\"ow_auto_item_image_slide\"><div class=\"ow_galery_image_bg\"><img data-lazy=\"https:\/\/neueautos.ch\/wp-content\/themes\/Divi-Child\/actions\/zipContents\/475254105385_3.jpg\"><\/div><\/div><div class=\"ow_auto_item_image_slide\"><div class=\"ow_galery_image_bg\"><img data-lazy=\"https:\/\/neueautos.ch\/wp-content\/themes\/Divi-Child\/actions\/zipContents\/475254105385_4.jpg\"><\/div><\/div><div class=\"ow_auto_item_image_slide\"><div class=\"ow_galery_image_bg\"><img data-lazy=\"https:\/\/neueautos.ch\/wp-content\/themes\/Divi-Child\/actions\/zipContents\/475254105385_5.jpg\"><\/div><\/div><div class=\"ow_auto_item_image_slide\"><div class=\"ow_galery_image_bg\"><img data-lazy=\"https:\/\/neueautos.ch\/wp-content\/themes\/Divi-Child\/actions\/zipContents\/475254105385_6.jpg\"><\/div><\/div><div class=\"ow_auto_item_image_slide\"><div class=\"ow_galery_image_bg\"><img data-lazy=\"https:\/\/neueautos.ch\/wp-content\/themes\/Divi-Child\/actions\/zipContents\/475254105385_7.jpg\"><\/div><\/div><div class=\"ow_auto_item_image_slide\"><div class=\"ow_galery_image_bg\"><img data-lazy=\"https:\/\/neueautos.ch\/wp-content\/themes\/Divi-Child\/actions\/zipContents\/475254105385_8.jpg\"><\/div><\/div><div class=\"ow_auto_item_image_slide\"><div class=\"ow_galery_image_bg\"><img data-lazy=\"https:\/\/neueautos.ch\/wp-content\/themes\/Divi-Child\/actions\/zipContents\/475254105385_9.jpg\"><\/div><\/div><div class=\"ow_auto_item_image_slide\"><div class=\"ow_galery_image_bg\"><img data-lazy=\"https:\/\/neueautos.ch\/wp-content\/themes\/Divi-Child\/actions\/zipContents\/475254105385_10.jpg\"><\/div><\/div><div class=\"ow_auto_item_image_slide\"><div class=\"ow_galery_image_bg\"><img data-lazy=\"https:\/\/neueautos.ch\/wp-content\/themes\/Divi-Child\/actions\/zipContents\/475254105385_11.jpg\"><\/div><\/div><div class=\"ow_auto_item_image_slide\"><div class=\"ow_galery_image_bg\"><img data-lazy=\"https:\/\/neueautos.ch\/wp-content\/themes\/Divi-Child\/actions\/zipContents\/475254105385_12.jpg\"><\/div><\/div><div class=\"ow_auto_item_image_slide\"><div class=\"ow_galery_image_bg\"><img data-lazy=\"https:\/\/neueautos.ch\/wp-content\/themes\/Divi-Child\/actions\/zipContents\/475254105385_13.jpg\"><\/div><\/div><div class=\"ow_auto_item_image_slide\"><div class=\"ow_galery_image_bg\"><img data-lazy=\"https:\/\/neueautos.ch\/wp-content\/themes\/Divi-Child\/actions\/zipContents\/475254105385_14.jpg\"><\/div><\/div><div class=\"ow_auto_item_image_slide\"><div class=\"ow_galery_image_bg\"><img data-lazy=\"https:\/\/neueautos.ch\/wp-content\/themes\/Divi-Child\/actions\/zipContents\/475254105385_15.jpg\"><\/div><\/div><div class=\"ow_auto_item_image_slide\"><div class=\"ow_galery_image_bg\"><img data-lazy=\"https:\/\/neueautos.ch\/wp-content\/themes\/Divi-Child\/actions\/zipContents\/475254105385_16.jpg\"><\/div><\/div><\/div><a class=\"ow_auto_item_text\" href=\"https:\/\/neueautos.ch\/fr\/auto\/toyota-yaris-cross-1-5-vvt-i-hsd-premium-2wd-105385-2\/\"><div class=\"ow_auto_item_text_data\"><div class=\"ow_auto_item_title mb32 text-center\"><h3><strong>Toyota<\/strong> Yaris Cross 1.5 VVT-i HSD Premium 2WD<\/h3><\/div><p><strong>Car\u00adbu\u00adrant:<\/strong> Hybrid<\/p><p><strong>Trans\u00admis\u00adsion:<\/strong> Automatique<\/p><p><strong>Kilo\u00adm\u00e9\u00adtrage:<\/strong> 100km<\/p><p><strong>Pre\u00admi\u00e8re imma\u00adtric\u00adu\u00adla\u00adtion:<\/strong> 07.07.2025<\/p><\/div><div class=\"ow_auto_item_text_bottom mt32\"><p class=\"preis\">CHF 28\u2019900.00<\/p><div class=\"ow_button ow_button_red\"><span><span>Plus d\u2019in\u00adfos<\/span><\/span><\/div><\/div><\/a><\/div><div class=\"ow_auto_item\"><div class=\"ow_auto_item_image\"><div class=\"ow_auto_item_image_slide\"><div class=\"ow_galery_image_bg\"><img data-lazy=\"https:\/\/neueautos.ch\/wp-content\/themes\/Divi-Child\/actions\/zipContents\/475254105386.jpg\"><\/div><\/div><div class=\"ow_auto_item_image_slide\"><div class=\"ow_galery_image_bg\"><img data-lazy=\"https:\/\/neueautos.ch\/wp-content\/themes\/Divi-Child\/actions\/zipContents\/475254105386_2.jpg\"><\/div><\/div><div class=\"ow_auto_item_image_slide\"><div class=\"ow_galery_image_bg\"><img data-lazy=\"https:\/\/neueautos.ch\/wp-content\/themes\/Divi-Child\/actions\/zipContents\/475254105386_3.jpg\"><\/div><\/div><div class=\"ow_auto_item_image_slide\"><div class=\"ow_galery_image_bg\"><img data-lazy=\"https:\/\/neueautos.ch\/wp-content\/themes\/Divi-Child\/actions\/zipContents\/475254105386_4.jpg\"><\/div><\/div><div class=\"ow_auto_item_image_slide\"><div class=\"ow_galery_image_bg\"><img data-lazy=\"https:\/\/neueautos.ch\/wp-content\/themes\/Divi-Child\/actions\/zipContents\/475254105386_5.jpg\"><\/div><\/div><div class=\"ow_auto_item_image_slide\"><div class=\"ow_galery_image_bg\"><img data-lazy=\"https:\/\/neueautos.ch\/wp-content\/themes\/Divi-Child\/actions\/zipContents\/475254105386_6.jpg\"><\/div><\/div><div class=\"ow_auto_item_image_slide\"><div class=\"ow_galery_image_bg\"><img data-lazy=\"https:\/\/neueautos.ch\/wp-content\/themes\/Divi-Child\/actions\/zipContents\/475254105386_7.jpg\"><\/div><\/div><div class=\"ow_auto_item_image_slide\"><div class=\"ow_galery_image_bg\"><img data-lazy=\"https:\/\/neueautos.ch\/wp-content\/themes\/Divi-Child\/actions\/zipContents\/475254105386_8.jpg\"><\/div><\/div><div class=\"ow_auto_item_image_slide\"><div class=\"ow_galery_image_bg\"><img data-lazy=\"https:\/\/neueautos.ch\/wp-content\/themes\/Divi-Child\/actions\/zipContents\/475254105386_9.jpg\"><\/div><\/div><div class=\"ow_auto_item_image_slide\"><div class=\"ow_galery_image_bg\"><img data-lazy=\"https:\/\/neueautos.ch\/wp-content\/themes\/Divi-Child\/actions\/zipContents\/475254105386_10.jpg\"><\/div><\/div><div class=\"ow_auto_item_image_slide\"><div class=\"ow_galery_image_bg\"><img data-lazy=\"https:\/\/neueautos.ch\/wp-content\/themes\/Divi-Child\/actions\/zipContents\/475254105386_11.jpg\"><\/div><\/div><div class=\"ow_auto_item_image_slide\"><div class=\"ow_galery_image_bg\"><img data-lazy=\"https:\/\/neueautos.ch\/wp-content\/themes\/Divi-Child\/actions\/zipContents\/475254105386_12.jpg\"><\/div><\/div><div class=\"ow_auto_item_image_slide\"><div class=\"ow_galery_image_bg\"><img data-lazy=\"https:\/\/neueautos.ch\/wp-content\/themes\/Divi-Child\/actions\/zipContents\/475254105386_13.jpg\"><\/div><\/div><div class=\"ow_auto_item_image_slide\"><div class=\"ow_galery_image_bg\"><img data-lazy=\"https:\/\/neueautos.ch\/wp-content\/themes\/Divi-Child\/actions\/zipContents\/475254105386_14.jpg\"><\/div><\/div><div class=\"ow_auto_item_image_slide\"><div class=\"ow_galery_image_bg\"><img data-lazy=\"https:\/\/neueautos.ch\/wp-content\/themes\/Divi-Child\/actions\/zipContents\/475254105386_15.jpg\"><\/div><\/div><div class=\"ow_auto_item_image_slide\"><div class=\"ow_galery_image_bg\"><img data-lazy=\"https:\/\/neueautos.ch\/wp-content\/themes\/Divi-Child\/actions\/zipContents\/475254105386_16.jpg\"><\/div><\/div><\/div><a class=\"ow_auto_item_text\" href=\"https:\/\/neueautos.ch\/fr\/auto\/toyota-yaris-cross-1-5-vvt-i-hsd-premium-2wd-105386-2\/\"><div class=\"ow_auto_item_text_data\"><div class=\"ow_auto_item_title mb32 text-center\"><h3><strong>Toyota<\/strong> Yaris Cross 1.5 VVT-i HSD Premium 2WD<\/h3><\/div><p><strong>Car\u00adbu\u00adrant:<\/strong> Hybrid<\/p><p><strong>Trans\u00admis\u00adsion:<\/strong> Automatique<\/p><p><strong>Kilo\u00adm\u00e9\u00adtrage:<\/strong> 100km<\/p><p><strong>Pre\u00admi\u00e8re imma\u00adtric\u00adu\u00adla\u00adtion:<\/strong> 07.07.2025<\/p><\/div><div class=\"ow_auto_item_text_bottom mt32\"><p class=\"preis\">CHF 28\u2019900.00<\/p><div class=\"ow_button ow_button_red\"><span><span>Plus d\u2019in\u00adfos<\/span><\/span><\/div><\/div><\/a><\/div><div class=\"ow_auto_item\"><div class=\"ow_auto_item_image\"><div class=\"ow_auto_item_image_slide\"><div class=\"ow_galery_image_bg\"><img data-lazy=\"https:\/\/neueautos.ch\/wp-content\/themes\/Divi-Child\/actions\/zipContents\/475254105387.jpg\"><\/div><\/div><div class=\"ow_auto_item_image_slide\"><div class=\"ow_galery_image_bg\"><img data-lazy=\"https:\/\/neueautos.ch\/wp-content\/themes\/Divi-Child\/actions\/zipContents\/475254105387_2.jpg\"><\/div><\/div><div class=\"ow_auto_item_image_slide\"><div class=\"ow_galery_image_bg\"><img data-lazy=\"https:\/\/neueautos.ch\/wp-content\/themes\/Divi-Child\/actions\/zipContents\/475254105387_3.jpg\"><\/div><\/div><div class=\"ow_auto_item_image_slide\"><div class=\"ow_galery_image_bg\"><img data-lazy=\"https:\/\/neueautos.ch\/wp-content\/themes\/Divi-Child\/actions\/zipContents\/475254105387_4.jpg\"><\/div><\/div><div class=\"ow_auto_item_image_slide\"><div class=\"ow_galery_image_bg\"><img data-lazy=\"https:\/\/neueautos.ch\/wp-content\/themes\/Divi-Child\/actions\/zipContents\/475254105387_5.jpg\"><\/div><\/div><div class=\"ow_auto_item_image_slide\"><div class=\"ow_galery_image_bg\"><img data-lazy=\"https:\/\/neueautos.ch\/wp-content\/themes\/Divi-Child\/actions\/zipContents\/475254105387_6.jpg\"><\/div><\/div><div class=\"ow_auto_item_image_slide\"><div class=\"ow_galery_image_bg\"><img data-lazy=\"https:\/\/neueautos.ch\/wp-content\/themes\/Divi-Child\/actions\/zipContents\/475254105387_7.jpg\"><\/div><\/div><div class=\"ow_auto_item_image_slide\"><div class=\"ow_galery_image_bg\"><img data-lazy=\"https:\/\/neueautos.ch\/wp-content\/themes\/Divi-Child\/actions\/zipContents\/475254105387_8.jpg\"><\/div><\/div><div class=\"ow_auto_item_image_slide\"><div class=\"ow_galery_image_bg\"><img data-lazy=\"https:\/\/neueautos.ch\/wp-content\/themes\/Divi-Child\/actions\/zipContents\/475254105387_9.jpg\"><\/div><\/div><div class=\"ow_auto_item_image_slide\"><div class=\"ow_galery_image_bg\"><img data-lazy=\"https:\/\/neueautos.ch\/wp-content\/themes\/Divi-Child\/actions\/zipContents\/475254105387_10.jpg\"><\/div><\/div><div class=\"ow_auto_item_image_slide\"><div class=\"ow_galery_image_bg\"><img data-lazy=\"https:\/\/neueautos.ch\/wp-content\/themes\/Divi-Child\/actions\/zipContents\/475254105387_11.jpg\"><\/div><\/div><div class=\"ow_auto_item_image_slide\"><div class=\"ow_galery_image_bg\"><img data-lazy=\"https:\/\/neueautos.ch\/wp-content\/themes\/Divi-Child\/actions\/zipContents\/475254105387_12.jpg\"><\/div><\/div><div class=\"ow_auto_item_image_slide\"><div class=\"ow_galery_image_bg\"><img data-lazy=\"https:\/\/neueautos.ch\/wp-content\/themes\/Divi-Child\/actions\/zipContents\/475254105387_13.jpg\"><\/div><\/div><div class=\"ow_auto_item_image_slide\"><div class=\"ow_galery_image_bg\"><img data-lazy=\"https:\/\/neueautos.ch\/wp-content\/themes\/Divi-Child\/actions\/zipContents\/475254105387_14.jpg\"><\/div><\/div><div class=\"ow_auto_item_image_slide\"><div class=\"ow_galery_image_bg\"><img data-lazy=\"https:\/\/neueautos.ch\/wp-content\/themes\/Divi-Child\/actions\/zipContents\/475254105387_15.jpg\"><\/div><\/div><div class=\"ow_auto_item_image_slide\"><div class=\"ow_galery_image_bg\"><img data-lazy=\"https:\/\/neueautos.ch\/wp-content\/themes\/Divi-Child\/actions\/zipContents\/475254105387_16.jpg\"><\/div><\/div><\/div><a class=\"ow_auto_item_text\" href=\"https:\/\/neueautos.ch\/fr\/auto\/toyota-yaris-cross-1-5-vvt-i-hsd-premium-2wd-105387-2\/\"><div class=\"ow_auto_item_text_data\"><div class=\"ow_auto_item_title mb32 text-center\"><h3><strong>Toyota<\/strong> Yaris Cross 1.5 VVT-i HSD Premium 2WD<\/h3><\/div><p><strong>Car\u00adbu\u00adrant:<\/strong> Hybrid<\/p><p><strong>Trans\u00admis\u00adsion:<\/strong> Automatique<\/p><p><strong>Kilo\u00adm\u00e9\u00adtrage:<\/strong> 100km<\/p><p><strong>Pre\u00admi\u00e8re imma\u00adtric\u00adu\u00adla\u00adtion:<\/strong> 07.07.2025<\/p><\/div><div class=\"ow_auto_item_text_bottom mt32\"><p class=\"preis\">CHF 28\u2019900.00<\/p><div class=\"ow_button ow_button_red\"><span><span>Plus d\u2019in\u00adfos<\/span><\/span><\/div><\/div><\/a><\/div><div class=\"ow_auto_item\"><div class=\"ow_auto_item_image\"><div class=\"ow_auto_item_image_slide\"><div class=\"ow_galery_image_bg\"><img data-lazy=\"https:\/\/neueautos.ch\/wp-content\/themes\/Divi-Child\/actions\/zipContents\/475254105393.jpg\"><\/div><\/div><div class=\"ow_auto_item_image_slide\"><div class=\"ow_galery_image_bg\"><img data-lazy=\"https:\/\/neueautos.ch\/wp-content\/themes\/Divi-Child\/actions\/zipContents\/475254105393_2.jpg\"><\/div><\/div><div class=\"ow_auto_item_image_slide\"><div class=\"ow_galery_image_bg\"><img data-lazy=\"https:\/\/neueautos.ch\/wp-content\/themes\/Divi-Child\/actions\/zipContents\/475254105393_3.jpg\"><\/div><\/div><div class=\"ow_auto_item_image_slide\"><div class=\"ow_galery_image_bg\"><img data-lazy=\"https:\/\/neueautos.ch\/wp-content\/themes\/Divi-Child\/actions\/zipContents\/475254105393_4.jpg\"><\/div><\/div><div class=\"ow_auto_item_image_slide\"><div class=\"ow_galery_image_bg\"><img data-lazy=\"https:\/\/neueautos.ch\/wp-content\/themes\/Divi-Child\/actions\/zipContents\/475254105393_5.jpg\"><\/div><\/div><div class=\"ow_auto_item_image_slide\"><div class=\"ow_galery_image_bg\"><img data-lazy=\"https:\/\/neueautos.ch\/wp-content\/themes\/Divi-Child\/actions\/zipContents\/475254105393_6.jpg\"><\/div><\/div><div class=\"ow_auto_item_image_slide\"><div class=\"ow_galery_image_bg\"><img data-lazy=\"https:\/\/neueautos.ch\/wp-content\/themes\/Divi-Child\/actions\/zipContents\/475254105393_7.jpg\"><\/div><\/div><div class=\"ow_auto_item_image_slide\"><div class=\"ow_galery_image_bg\"><img data-lazy=\"https:\/\/neueautos.ch\/wp-content\/themes\/Divi-Child\/actions\/zipContents\/475254105393_8.jpg\"><\/div><\/div><div class=\"ow_auto_item_image_slide\"><div class=\"ow_galery_image_bg\"><img data-lazy=\"https:\/\/neueautos.ch\/wp-content\/themes\/Divi-Child\/actions\/zipContents\/475254105393_9.jpg\"><\/div><\/div><div class=\"ow_auto_item_image_slide\"><div class=\"ow_galery_image_bg\"><img data-lazy=\"https:\/\/neueautos.ch\/wp-content\/themes\/Divi-Child\/actions\/zipContents\/475254105393_10.jpg\"><\/div><\/div><div class=\"ow_auto_item_image_slide\"><div class=\"ow_galery_image_bg\"><img data-lazy=\"https:\/\/neueautos.ch\/wp-content\/themes\/Divi-Child\/actions\/zipContents\/475254105393_11.jpg\"><\/div><\/div><div class=\"ow_auto_item_image_slide\"><div class=\"ow_galery_image_bg\"><img data-lazy=\"https:\/\/neueautos.ch\/wp-content\/themes\/Divi-Child\/actions\/zipContents\/475254105393_12.jpg\"><\/div><\/div><div class=\"ow_auto_item_image_slide\"><div class=\"ow_galery_image_bg\"><img data-lazy=\"https:\/\/neueautos.ch\/wp-content\/themes\/Divi-Child\/actions\/zipContents\/475254105393_13.jpg\"><\/div><\/div><div class=\"ow_auto_item_image_slide\"><div class=\"ow_galery_image_bg\"><img data-lazy=\"https:\/\/neueautos.ch\/wp-content\/themes\/Divi-Child\/actions\/zipContents\/475254105393_14.jpg\"><\/div><\/div><div class=\"ow_auto_item_image_slide\"><div class=\"ow_galery_image_bg\"><img data-lazy=\"https:\/\/neueautos.ch\/wp-content\/themes\/Divi-Child\/actions\/zipContents\/475254105393_15.jpg\"><\/div><\/div><div class=\"ow_auto_item_image_slide\"><div class=\"ow_galery_image_bg\"><img data-lazy=\"https:\/\/neueautos.ch\/wp-content\/themes\/Divi-Child\/actions\/zipContents\/475254105393_16.jpg\"><\/div><\/div><\/div><a class=\"ow_auto_item_text\" href=\"https:\/\/neueautos.ch\/fr\/auto\/toyota-yaris-cross-1-5-vvt-i-hsd-premium-2wd-105393-2\/\"><div class=\"ow_auto_item_text_data\"><div class=\"ow_auto_item_title mb32 text-center\"><h3><strong>Toyota<\/strong> Yaris Cross 1.5 VVT-i HSD Premium 2WD<\/h3><\/div><p><strong>Car\u00adbu\u00adrant:<\/strong> Hybrid<\/p><p><strong>Trans\u00admis\u00adsion:<\/strong> Automatique<\/p><p><strong>Kilo\u00adm\u00e9\u00adtrage:<\/strong> 50km<\/p><p><strong>Pre\u00admi\u00e8re imma\u00adtric\u00adu\u00adla\u00adtion:<\/strong> Neuf<\/p><\/div><div class=\"ow_auto_item_text_bottom mt32\"><p class=\"preis\">CHF 30\u2019900.00<\/p><div class=\"ow_button ow_button_red\"><span><span>Plus d\u2019in\u00adfos<\/span><\/span><\/div><\/div><\/a><\/div><\/div><\/div><\/div>\n<p>[\/et_pb_text][\/et_pb_column][\/et_pb_row][\/et_pb_section]<\/p>\n","protected":false},"excerpt":{"rendered":"<p>[et_\u200b\u200bpb_\u200b\u200bsection fb_built=\u201c1\u201d custom_padding_last_edited=\u201con|phone\u201d admin_label=\u201cListings\u201d _builder_version=\u201c4.7.3\u201d background_color=\u201crgba(0,0,0,0)\u201d custom_padding=\u201c30px|80px|60px|80px|false|true\u201d custom_padding_tablet=\u201d|40px||40px|false|true\u201d custom_padding_phone=\u201c30px|20px|60px|20px|false|true\u201d][et_pb_row use_custom_gutter=\u201con\u201d gutter_width=\u201c2\u201d custom_padding_last_edited=\u201con|phone\u201d admin_label=\u201cShop Area\u201d module_\u200b\u200bclass=\u201d et_\u200b\u200bpb_\u200b\u200brow_\u200b\u200bfullwidth\u201d _builder_version=\u201c4.7.3\u201d width=\u201c100%\u201d width_tablet=\u201c80%\u201d width_last_edited=\u201coff|desktop\u201d max_width=\u201c2340px\u201d max_width_tablet=\u201c80%\u201d max_width_last_edited=\u201coff|desktop\u201d custom_\u200b\u200bmargin=\u201d|||\u201d custom_padding=\u201c20px|240px|20px|240px|true|true\u201d custom_padding_tablet=\u201d|0px||0px|true|true\u201d custom_padding_phone=\u201c20px||20px||true|true\u201d animation_style=\u201cslide\u201d animation_direction=\u201cbottom\u201d animation_duration=\u201c600ms\u201d animation_delay=\u201c150ms\u201d animation_intensity_slide=\u201c3%\u201d make_fullwidth=\u201con\u201d][et_pb_column type=\u201c4_4\u201d _builder_version=\u201c3.25\u201d custom_\u200b\u200bpadding=\u201d|||\u201d custom_padding__hover=\u201d|||\u201d][et_pb_text _builder_version=\u201c4.7.3\u201d _module_preset=\u201cdefault\u201d header_2_font=\u201cRoboto Condensed|300||on|||||\u201d header_2_text_align=\u201ccenter\u201d header_2_text_color=\u201c#383838\u201d header_2_font_size=\u201c42px\u201d header_2_line_height=\u201c1.1em\u201d custom_padding=\u201c9px|||||\u201d] AUTO H\u00d6NGG DANS LES M\u00c9DIAS [\/et_pb_text][\/et_pb_column][\/et_pb_row][et_pb_row column_structure=\u201c1_3,1_3,1_3\u201d use_custom_gutter=\u201con\u201d gutter_width=\u201c2\u201d [\u2026]<\/p>\n","protected":false},"author":4,"featured_media":0,"parent":0,"menu_order":0,"comment_status":"closed","ping_status":"closed","template":"","meta":{"_et_pb_use_builder":"on","_et_pb_old_content":"[et_pb_section fb_built=\"1\" custom_padding_last_edited=\"on|phone\" admin_label=\"Listings\" _builder_version=\"4.7.3\" background_color=\"rgba(0,0,0,0)\" custom_padding=\"30px|80px|60px|80px|false|true\" custom_padding_tablet=\"|40px||40px|false|true\" custom_padding_phone=\"30px|20px|60px|20px|false|true\"][et_pb_row use_custom_gutter=\"on\" gutter_width=\"2\" custom_padding_last_edited=\"on|phone\" admin_label=\"Shop Area\" module_class=\" et_pb_row_fullwidth\" _builder_version=\"4.7.3\" width=\"100%\" width_tablet=\"80%\" width_last_edited=\"off|desktop\" max_width=\"2340px\" max_width_tablet=\"80%\" max_width_last_edited=\"off|desktop\" custom_margin=\"|||\" custom_padding=\"20px|240px|20px|240px|true|true\" custom_padding_tablet=\"|0px||0px|true|true\" custom_padding_phone=\"20px||20px||true|true\" animation_style=\"slide\" animation_direction=\"bottom\" animation_duration=\"600ms\" animation_delay=\"150ms\" animation_intensity_slide=\"3%\" make_fullwidth=\"on\"][et_pb_column type=\"4_4\" _builder_version=\"3.25\" custom_padding=\"|||\" custom_padding__hover=\"|||\"][et_pb_text _builder_version=\"4.7.3\" _module_preset=\"default\" header_2_font=\"Roboto Condensed|300||on|||||\" header_2_text_align=\"center\" header_2_text_color=\"#383838\" header_2_font_size=\"42px\" header_2_line_height=\"1.1em\" custom_padding=\"9px|||||\"]<h2>AUTO H\u00d6NGG IN DER PRESSE<\/h2>[\/et_pb_text][\/et_pb_column][\/et_pb_row][et_pb_row column_structure=\"1_3,1_3,1_3\" use_custom_gutter=\"on\" gutter_width=\"2\" custom_padding_last_edited=\"on|phone\" admin_label=\"Shop Area\" module_class=\" et_pb_row_fullwidth\" _builder_version=\"4.7.3\" width=\"100%\" width_tablet=\"80%\" width_last_edited=\"off|desktop\" max_width_tablet=\"80%\" max_width_last_edited=\"off|desktop\" custom_margin=\"|||\" custom_padding=\"20px||20px||true|true\" custom_padding_tablet=\"\" custom_padding_phone=\"20px||20px||true|false\" animation_style=\"slide\" animation_direction=\"bottom\" animation_duration=\"600ms\" animation_delay=\"150ms\" animation_intensity_slide=\"3%\" make_fullwidth=\"on\"][et_pb_column type=\"1_3\" _builder_version=\"3.25\" custom_padding=\"|||\" custom_padding__hover=\"|||\"][et_pb_image src=\"https:\/\/neueautos.ch\/wp-content\/uploads\/2021\/02\/handel.png\" title_text=\"handel\" _builder_version=\"4.7.3\" _module_preset=\"default\" custom_margin=\"||-2px|||\"][\/et_pb_image][et_pb_text _builder_version=\"4.7.3\" _module_preset=\"default\" text_font=\"Roboto|300|||||||\" text_text_color=\"#333333\" text_font_size=\"18px\" text_line_height=\"1.6em\" link_text_color=\"#bc3918\" ul_font=\"Roboto|300|||||||\" ul_text_color=\"#4f4f4f\" ul_font_size=\"18px\" ul_line_height=\"1.5em\" header_2_font=\"Roboto Condensed|700|||||||\" header_2_text_color=\"#424242\" header_2_line_height=\"1.2em\" background_color=\"#f7f7f7\" custom_padding=\"40px|20px|40px|40px|true|false\" custom_padding_tablet=\"30px|30px|30px|30px|true|true\" custom_padding_phone=\"\" custom_padding_last_edited=\"on|phone\"]<h2>HANDEL & GEWERBE H\u00d6NGG<\/h2>\r\n<p>Im Handel & Gewerbe H\u00f6ngg machen die Mitglieder regelm\u00e4ssig Betriebsvorstelungen. Hier ein paar Bilder vom Besuch der H\u00f6ngger \u201cGewerbler\u201d bei der Auto H\u00f6ngg. <strong><br \/> <a href=\"https:\/\/www.hoengg.ch\/fotos-betriebsvorstellung-auto-hoengg-belfanti-ag\/\">> Bilder Betriebsvorstellung<\/a><\/strong><\/p>[\/et_pb_text][\/et_pb_column][et_pb_column type=\"1_3\" _builder_version=\"3.25\" custom_padding=\"|||\" custom_padding__hover=\"|||\"][et_pb_image src=\"https:\/\/neueautos.ch\/wp-content\/uploads\/2021\/02\/eaivt.png\" title_text=\"eaivt\" _builder_version=\"4.7.3\" _module_preset=\"default\" custom_margin=\"||-2px|||\"][\/et_pb_image][et_pb_text _builder_version=\"4.7.3\" _module_preset=\"default\" text_font=\"Roboto|300|||||||\" text_text_color=\"#333333\" text_font_size=\"18px\" text_line_height=\"1.6em\" link_text_color=\"#bc3918\" ul_font=\"Roboto|300|||||||\" ul_text_color=\"#4f4f4f\" ul_font_size=\"18px\" ul_line_height=\"1.5em\" header_2_font=\"Roboto Condensed|700|||||||\" header_2_text_color=\"#424242\" header_2_line_height=\"1.2em\" background_color=\"#f7f7f7\" custom_padding=\"40px|20px|40px|40px|true|false\" custom_padding_tablet=\"30px|30px|30px|30px|true|true\" custom_padding_phone=\"\" custom_padding_last_edited=\"on|phone\"]<h2>EAIVT IN LONDON \/ MOTION \u2013 2019<\/h2>\r\n<p>Am\u00fcsanter Bericht \u00fcber das EAIVT Treffen in London das von Marco Belfanti gef\u00fchrt wurde.<strong><br \/> <a href=\"https:\/\/www.neueautos.ch\/wp-content\/uploads\/2020\/03\/Belfanti_Motion_27.pdf\">> Motion<\/a><\/strong><\/p>[\/et_pb_text][\/et_pb_column][et_pb_column type=\"1_3\" _builder_version=\"3.25\" custom_padding=\"|||\" custom_padding__hover=\"|||\"][et_pb_image src=\"https:\/\/neueautos.ch\/wp-content\/uploads\/2021\/02\/auto.png\" title_text=\"auto\" _builder_version=\"4.7.3\" _module_preset=\"default\" custom_margin=\"||-2px|||\"][\/et_pb_image][et_pb_text _builder_version=\"4.7.3\" _module_preset=\"default\" text_font=\"Roboto|300|||||||\" text_text_color=\"#333333\" text_font_size=\"18px\" text_line_height=\"1.6em\" link_text_color=\"#bc3918\" ul_font=\"Roboto|300|||||||\" ul_text_color=\"#4f4f4f\" ul_font_size=\"18px\" ul_line_height=\"1.5em\" header_2_font=\"Roboto Condensed|700|||||||\" header_2_text_color=\"#424242\" header_2_line_height=\"1.2em\" background_color=\"#f7f7f7\" custom_padding=\"40px|20px|40px|40px|true|false\" custom_padding_tablet=\"30px|30px|30px|30px|true|true\" custom_padding_phone=\"\" custom_padding_last_edited=\"on|desktop\"]<h2>AUTOHAUS<\/h2>\r\n<p>Anl\u00e4sslich der EAIVT Tagung die Marco Belfanti als Pr\u00e4sident des europ\u00e4ischen Verbandes der freien Autoh\u00e4ndler leitete, wurde im Autohaus ein Bericht ver\u00f6ffentlicht.<strong><br \/> <a href=\"https:\/\/www.neueautos.ch\/wp-content\/uploads\/2017\/10\/Autohaus-Artikel-7.2017.pdf\">> Autohaus Artikel 7.2017<\/a><\/strong><\/p>[\/et_pb_text][\/et_pb_column][\/et_pb_row][et_pb_row column_structure=\"1_3,1_3,1_3\" use_custom_gutter=\"on\" gutter_width=\"2\" admin_label=\"Shop Area\" module_class=\" et_pb_row_fullwidth\" _builder_version=\"4.7.3\" width=\"100%\" width_tablet=\"80%\" width_last_edited=\"off|desktop\" max_width_tablet=\"80%\" max_width_last_edited=\"off|desktop\" custom_margin=\"|||\" custom_padding=\"0px||28px||false|true\" animation_style=\"slide\" animation_direction=\"bottom\" animation_duration=\"600ms\" animation_delay=\"150ms\" animation_intensity_slide=\"3%\" make_fullwidth=\"on\"][et_pb_column type=\"1_3\" _builder_version=\"3.25\" custom_padding=\"|||\" custom_padding__hover=\"|||\"][et_pb_image src=\"https:\/\/neueautos.ch\/wp-content\/uploads\/2021\/02\/hoengger-online.png\" title_text=\"hoengger-online\" _builder_version=\"4.7.3\" _module_preset=\"default\" custom_margin=\"||-2px|||\" border_width_all=\"0px\"][\/et_pb_image][et_pb_text _builder_version=\"4.7.3\" _module_preset=\"default\" text_font=\"Roboto|300|||||||\" text_text_color=\"#333333\" text_font_size=\"18px\" text_line_height=\"1.6em\" link_text_color=\"#bc3918\" ul_font=\"Roboto|300|||||||\" ul_text_color=\"#4f4f4f\" ul_font_size=\"18px\" ul_line_height=\"1.5em\" header_2_font=\"Roboto Condensed|700|||||||\" header_2_text_color=\"#424242\" header_2_line_height=\"1.2em\" background_color=\"#f7f7f7\" custom_padding=\"40px|20px|40px|40px|true|false\" custom_padding_tablet=\"30px|30px|30px|30px|true|true\" custom_padding_phone=\"\" custom_padding_last_edited=\"on|desktop\"]<h2>DER H\u00d6NGGER \u2013 DER AUTO (HANDEL) FL\u00dcSTERER<\/h2>\r\n<p>Der H\u00f6ngger hat Marco Belfanti als den Autofl\u00fcsterer beschrieben :o)<strong><br \/> <a href=\"http:\/\/hoengger.ch\/der-autohandel-fluesterer\/\">> Artikel im H\u00f6ngger<\/a><\/strong><\/p>[\/et_pb_text][\/et_pb_column][et_pb_column type=\"1_3\" _builder_version=\"3.25\" custom_padding=\"|||\" custom_padding__hover=\"|||\"][et_pb_image src=\"https:\/\/neueautos.ch\/wp-content\/uploads\/2021\/02\/eaivt.png\" title_text=\"eaivt\" _builder_version=\"4.7.3\" _module_preset=\"default\" custom_margin=\"||-2px|||\"][\/et_pb_image][et_pb_text _builder_version=\"4.7.3\" _module_preset=\"default\" text_font=\"Roboto|300|||||||\" text_text_color=\"#333333\" text_font_size=\"18px\" text_line_height=\"1.6em\" link_text_color=\"#bc3918\" ul_font=\"Roboto|300|||||||\" ul_text_color=\"#4f4f4f\" ul_font_size=\"18px\" ul_line_height=\"1.5em\" header_2_font=\"Roboto Condensed|700|||||||\" header_2_text_color=\"#424242\" header_2_line_height=\"1.2em\" background_color=\"#f7f7f7\" custom_padding=\"40px|20px|40px|40px|true|false\" custom_padding_tablet=\"30px|30px|30px|30px|true|true\" custom_padding_phone=\"\" custom_padding_last_edited=\"on|phone\"]<h2>BUNDESVERBAND BVFK DEUTSCHLAND \/ MOTION<\/h2>\r\n<p>Bericht \u00fcber das EAIVT Treffen von Lissabon, pr\u00e4sidiert von Marco Belfanti.<strong><br \/> <a href=\"neueautos.ch\/wp-content\/uploads\/2016\/11\/Motion_24.pdf\">> Motion_24<\/a><\/strong><\/p>[\/et_pb_text][\/et_pb_column][et_pb_column type=\"1_3\" _builder_version=\"3.25\" custom_padding=\"|||\" custom_padding__hover=\"|||\"][et_pb_image src=\"https:\/\/neueautos.ch\/wp-content\/uploads\/2021\/02\/20min.png\" title_text=\"20min\" _builder_version=\"4.7.3\" _module_preset=\"default\" custom_margin=\"||-2px|||\"][\/et_pb_image][et_pb_text _builder_version=\"4.7.3\" _module_preset=\"default\" text_font=\"Roboto|300|||||||\" text_text_color=\"#333333\" text_font_size=\"18px\" text_line_height=\"1.6em\" link_text_color=\"#bc3918\" ul_font=\"Roboto|300|||||||\" ul_text_color=\"#4f4f4f\" ul_font_size=\"18px\" ul_line_height=\"1.5em\" header_2_font=\"Roboto Condensed|700|||||||\" header_2_text_color=\"#424242\" header_2_line_height=\"1.2em\" background_color=\"#f7f7f7\" custom_margin=\"||||false|false\" custom_padding=\"40px|20px|40px|40px|true|false\" custom_padding_tablet=\"30px|30px|30px|30px|true|true\" custom_padding_phone=\"\" custom_padding_last_edited=\"on|tablet\"]<h2>20 MINUTEN BEFRAGT MARCO BELFANTI<\/h2>\r\n<p>Schweizer fahren lieber Automat.<strong><br \/> <a href=\"https:\/\/www.20min.ch\/story\/schweizer-fahren-lieber-automat-554821121959\">> Artikel 20 Minuten Online<\/a><\/strong><\/p>[\/et_pb_text][\/et_pb_column][\/et_pb_row][et_pb_row column_structure=\"1_3,1_3,1_3\" use_custom_gutter=\"on\" gutter_width=\"2\" admin_label=\"Shop Area\" module_class=\" et_pb_row_fullwidth\" _builder_version=\"4.7.3\" width=\"100%\" width_tablet=\"80%\" width_last_edited=\"off|desktop\" max_width_tablet=\"80%\" max_width_last_edited=\"off|desktop\" custom_margin=\"|||\" custom_padding=\"0px||28px||false|true\" animation_style=\"slide\" animation_direction=\"bottom\" animation_duration=\"600ms\" animation_delay=\"150ms\" animation_intensity_slide=\"3%\" make_fullwidth=\"on\"][et_pb_column type=\"1_3\" _builder_version=\"3.25\" custom_padding=\"|||\" custom_padding__hover=\"|||\"][et_pb_image src=\"https:\/\/neueautos.ch\/wp-content\/uploads\/2021\/02\/eaivt.png\" title_text=\"eaivt\" _builder_version=\"4.7.3\" _module_preset=\"default\" custom_margin=\"||-2px|||\"][\/et_pb_image][et_pb_text _builder_version=\"4.7.3\" _module_preset=\"default\" text_font=\"Roboto|300|||||||\" text_text_color=\"#333333\" text_font_size=\"18px\" text_line_height=\"1.6em\" link_text_color=\"#bc3918\" ul_font=\"Roboto|300|||||||\" ul_text_color=\"#4f4f4f\" ul_font_size=\"18px\" ul_line_height=\"1.5em\" header_2_font=\"Roboto Condensed|700|||||||\" header_2_text_color=\"#424242\" header_2_line_height=\"1.2em\" background_color=\"#f7f7f7\" custom_padding=\"40px|20px|40px|40px|true|false\" custom_padding_tablet=\"30px|30px|30px|30px|true|true\" custom_padding_phone=\"\" custom_padding_last_edited=\"on|phone\"]<h2>DIE ZUKUNFT DES FREIEN AUTOHANDELS \/ MOTION<\/h2>\r\n<p>Anl\u00e4sslich der Jahrestagung des Deutschen Verbands BVfK, Bundesverband freier Kfz-H\u00e4ndler, hat Marco Belfanti ein Referat gehalten.. Hier k\u00f6nnen Sie das nachlesen.<strong><br \/> <a href=\"https:\/\/www.neueautos.ch\/wp-content\/uploads\/2015\/12\/Scan_20151202_152025_0015-1.pdf\">> Die Zukunft des freien Autohandels<\/a><\/strong><\/p>[\/et_pb_text][\/et_pb_column][et_pb_column type=\"1_3\" _builder_version=\"3.25\" custom_padding=\"|||\" custom_padding__hover=\"|||\"][et_pb_image src=\"https:\/\/neueautos.ch\/wp-content\/uploads\/2021\/05\/tages-anzeiger.png\" title_text=\"tages-anzeiger\" _builder_version=\"4.7.3\" _module_preset=\"default\" custom_margin=\"||-2px|||\"][\/et_pb_image][et_pb_text _builder_version=\"4.7.3\" _module_preset=\"default\" text_font=\"Roboto|300|||||||\" text_text_color=\"#333333\" text_font_size=\"18px\" text_line_height=\"1.6em\" link_text_color=\"#bc3918\" ul_font=\"Roboto|300|||||||\" ul_text_color=\"#4f4f4f\" ul_font_size=\"18px\" ul_line_height=\"1.5em\" header_2_font=\"Roboto Condensed|700|||||||\" header_2_text_color=\"#424242\" header_2_line_height=\"1.2em\" background_color=\"#f7f7f7\" custom_padding=\"40px|20px|40px|40px|true|false\" custom_padding_tablet=\"30px|30px|30px|30px|true|true\" custom_padding_phone=\"\" custom_padding_last_edited=\"on|phone\"]<h2>TAGESANZEIGER ONLINE<\/h2>\r\n<p>Als der VW Abgasskandal in USA bekannt wurde, hat Tagesanzeiger Online mit Marco Belfanti eine Reportage zum Thema gemacht. Das ganze Ausmass, auch in Europa, kannte man zu diesem Zeitpunkt noch nicht.<strong><br \/> <a href=\"https:\/\/www.tagesanzeiger.ch\/wirtschaft\/beim-zuercher-autohaendler-kunden-kommen-mit-vorbehalt\/story\/20670534\">> Tagesanzeiger Online Beitrag<\/a><\/strong><\/p>[\/et_pb_text][\/et_pb_column][et_pb_column type=\"1_3\" _builder_version=\"3.25\" custom_padding=\"|||\" custom_padding__hover=\"|||\"][et_pb_image src=\"https:\/\/neueautos.ch\/wp-content\/uploads\/2021\/02\/eaivt.png\" title_text=\"eaivt\" _builder_version=\"4.7.3\" _module_preset=\"default\" custom_margin=\"||-2px|||\"][\/et_pb_image][et_pb_text _builder_version=\"4.7.3\" _module_preset=\"default\" text_font=\"Roboto|300|||||||\" text_text_color=\"#333333\" text_font_size=\"18px\" text_line_height=\"1.6em\" link_text_color=\"#bc3918\" ul_font=\"Roboto|300|||||||\" ul_text_color=\"#4f4f4f\" ul_font_size=\"18px\" ul_line_height=\"1.5em\" header_2_font=\"Roboto Condensed|700|||||||\" header_2_text_color=\"#424242\" header_2_line_height=\"1.2em\" background_color=\"#f7f7f7\" custom_padding=\"40px|20px|40px|40px|true|false\" custom_padding_tablet=\"30px|30px|30px|30px|true|true\" custom_padding_phone=\"\" custom_padding_last_edited=\"on|tablet\"]<h2>EUROTAX AUTO INFORMATION<\/h2>\r\n<p>Dr. Nikolaus ENGEL, Chefredakteur AUTO-Information, befragte Marco Belfanti anl\u00e4sslich des EAIVT Kongress in Wien \u00fcber den freien Automarkt und dessen weitere Entwicklung. Lesen Sie hier.<strong><br \/> <a href=\"https:\/\/www.neueautos.ch\/wp-content\/uploads\/2015\/07\/Auto-Wirtschaft-3.7.2015.pdf\/\">> Auto & Wirtschaft 3.7.2015<\/a><\/strong><\/p>[\/et_pb_text][\/et_pb_column][\/et_pb_row][et_pb_row column_structure=\"1_3,1_3,1_3\" use_custom_gutter=\"on\" gutter_width=\"2\" admin_label=\"Shop Area\" module_class=\" et_pb_row_fullwidth\" _builder_version=\"4.7.3\" width=\"100%\" width_tablet=\"80%\" width_last_edited=\"off|desktop\" max_width_tablet=\"80%\" max_width_last_edited=\"off|desktop\" custom_margin=\"|||\" custom_padding=\"0px||28px||false|true\" animation_style=\"slide\" animation_direction=\"bottom\" animation_duration=\"600ms\" animation_delay=\"150ms\" animation_intensity_slide=\"3%\" make_fullwidth=\"on\"][et_pb_column type=\"1_3\" _builder_version=\"3.25\" custom_padding=\"|||\" custom_padding__hover=\"|||\"][et_pb_image src=\"https:\/\/neueautos.ch\/wp-content\/uploads\/2021\/02\/20min.png\" title_text=\"20min\" _builder_version=\"4.7.3\" _module_preset=\"default\" custom_margin=\"||-2px|||\"][\/et_pb_image][et_pb_text _builder_version=\"4.7.3\" _module_preset=\"default\" text_font=\"Roboto|300|||||||\" text_text_color=\"#333333\" text_font_size=\"18px\" text_line_height=\"1.6em\" link_text_color=\"#bc3918\" ul_font=\"Roboto|300|||||||\" ul_text_color=\"#4f4f4f\" ul_font_size=\"18px\" ul_line_height=\"1.5em\" header_2_font=\"Roboto Condensed|700|||||||\" header_2_text_color=\"#424242\" header_2_line_height=\"1.2em\" background_color=\"#f7f7f7\" custom_padding=\"40px|20px|40px|40px|true|false\" custom_padding_tablet=\"30px|30px|30px|30px|true|true\" custom_padding_phone=\"\" custom_padding_last_edited=\"on|phone\"]<h2>20 MINUTEN<\/h2>\r\n<p>Seit der Aufhebung der Euro-Untergrenze ist die Preisdifferenz zwischen der Schweiz und Deutschland um 20% gestiegen. Konsumentensch\u00fctzer verlangen nun eine Preisanpassung im Schweizer Autohandel. 20 Minuten berichtet dar\u00fcber, wie bei der Auto Hongg Z\u00fcrich die Kunden vom schwachen Euro profitieren k\u00f6nnen.<strong><br \/> <a href=\"https:\/\/www.20min.ch\/story\/konsumentenschuetzer-fordern-tiefere-autopreise-463303966681\">> Konsumentensch\u00fctzer fordern tiefere Autopreise<\/a><\/strong><\/p>[\/et_pb_text][\/et_pb_column][et_pb_column type=\"1_3\" _builder_version=\"3.25\" custom_padding=\"|||\" custom_padding__hover=\"|||\"][et_pb_image src=\"https:\/\/neueautos.ch\/wp-content\/uploads\/2021\/05\/telezueri.png\" title_text=\"telezueri\" _builder_version=\"4.7.3\" _module_preset=\"default\" custom_margin=\"||-2px|||\"][\/et_pb_image][et_pb_text _builder_version=\"4.7.3\" _module_preset=\"default\" text_font=\"Roboto|300|||||||\" text_text_color=\"#333333\" text_font_size=\"18px\" text_line_height=\"1.6em\" link_text_color=\"#bc3918\" ul_font=\"Roboto|300|||||||\" ul_text_color=\"#4f4f4f\" ul_font_size=\"18px\" ul_line_height=\"1.5em\" header_2_font=\"Roboto Condensed|700|||||||\" header_2_text_color=\"#424242\" header_2_line_height=\"1.2em\" background_color=\"#f7f7f7\" custom_padding=\"40px|20px|40px|40px|true|false\" custom_padding_tablet=\"30px|30px|30px|30px|true|true\" custom_padding_phone=\"\" custom_padding_last_edited=\"on|phone\"]<h2>TELEZ\u00dcRI \/ Z\u00dcRINEWS<\/h2>\r\n<p>Z\u00fcriNews berichtet \u00fcber die Auswirkungen der Aufhebung der Euro-Untergrenze. Vom g\u00fcnstigen Wechselkurs profitiert vor allem der Import-Sektor. Coop und Migros senken die Preise. Marco Belfanti gibt Auskunft dar\u00fcber, wie die W\u00e4hrungsvorteile im Fahrzeug-Direktimport weitergegeben werden.<strong><br \/> <a href=\"https:\/\/vimeo.com\/117656853\">> Konsumentenvorteile dank g\u00fcnstigen Wechselkurs<\/a><\/strong><\/p>[\/et_pb_text][\/et_pb_column][et_pb_column type=\"1_3\" _builder_version=\"3.25\" custom_padding=\"|||\" custom_padding__hover=\"|||\"][et_pb_image src=\"https:\/\/neueautos.ch\/wp-content\/uploads\/2021\/05\/nzz.png\" title_text=\"nzz\" _builder_version=\"4.7.3\" _module_preset=\"default\" custom_margin=\"||-2px|||\"][\/et_pb_image][et_pb_text _builder_version=\"4.7.3\" _module_preset=\"default\" text_font=\"Roboto|300|||||||\" text_text_color=\"#333333\" text_font_size=\"18px\" text_line_height=\"1.6em\" link_text_color=\"#bc3918\" ul_font=\"Roboto|300|||||||\" ul_text_color=\"#4f4f4f\" ul_font_size=\"18px\" ul_line_height=\"1.5em\" header_2_font=\"Roboto Condensed|700|||||||\" header_2_text_color=\"#424242\" header_2_line_height=\"1.2em\" background_color=\"#f7f7f7\" custom_padding=\"40px|20px|40px|40px|true|false\" custom_padding_tablet=\"30px|30px|30px|30px|true|true\" custom_padding_phone=\"\" custom_padding_last_edited=\"on|tablet\"]<h2>NZZ \/ NEUE Z\u00dcRCHER ZEITUNG<\/h2>\r\n<p>Direktimporteure haben sich im Schweizer Automarkt etabliert. Mit einem Marktanteil von zuletzt gegen 8 Prozent \u00fcben sie eine disziplinierende Wirkung auf die offiziellen Verteilsysteme aus und f\u00fchren zu einem breiteren Angebot f\u00fcr die K\u00e4ufer. Die Auto H\u00f6ngg Z\u00fcrich als Pioneer in diesem Gesch\u00e4ft in der Schweiz wird als gutes Beispiel erw\u00e4hnt und Inhaber und Gesch\u00e4ftsf\u00fchrer Marco Belfanti zum Markt befragt.<strong><br \/> <a href=\"https:\/\/www.nzz.ch\/wirtschaft\/wirtschaftspolitik\/direktimporte-beleben-den-autohandel-1.18319919?reduced=true\">> Direktimporte beleben den Autohandel<\/a><\/strong><\/p>[\/et_pb_text][\/et_pb_column][\/et_pb_row][et_pb_row column_structure=\"1_3,1_3,1_3\" use_custom_gutter=\"on\" gutter_width=\"2\" admin_label=\"Shop Area\" module_class=\" et_pb_row_fullwidth\" _builder_version=\"4.7.3\" width=\"100%\" width_tablet=\"80%\" width_last_edited=\"off|desktop\" max_width_tablet=\"80%\" max_width_last_edited=\"off|desktop\" custom_margin=\"|||\" custom_padding=\"0px||28px||false|true\" animation_style=\"slide\" animation_direction=\"bottom\" animation_duration=\"600ms\" animation_delay=\"150ms\" animation_intensity_slide=\"3%\" make_fullwidth=\"on\"][et_pb_column type=\"1_3\" _builder_version=\"3.25\" custom_padding=\"|||\" custom_padding__hover=\"|||\"][et_pb_image src=\"https:\/\/neueautos.ch\/wp-content\/uploads\/2021\/02\/eaivt.png\" title_text=\"eaivt\" _builder_version=\"4.7.3\" _module_preset=\"default\" custom_margin=\"||-2px|||\"][\/et_pb_image][et_pb_text _builder_version=\"4.7.3\" _module_preset=\"default\" text_font=\"Roboto|300|||||||\" text_text_color=\"#333333\" text_font_size=\"18px\" text_line_height=\"1.6em\" link_text_color=\"#bc3918\" ul_font=\"Roboto|300|||||||\" ul_text_color=\"#4f4f4f\" ul_font_size=\"18px\" ul_line_height=\"1.5em\" header_2_font=\"Roboto Condensed|700|||||||\" header_2_text_color=\"#424242\" header_2_line_height=\"1.2em\" background_color=\"#f7f7f7\" custom_padding=\"40px|20px|40px|40px|true|false\" custom_padding_tablet=\"30px|30px|30px|30px|true|true\" custom_padding_phone=\"\" custom_padding_last_edited=\"on|phone\"]<h2>MOTION \u2013 DAS MAGAZIN FREIER KFZ H\u00c4NDLER<\/h2>\r\n<p>Ein Beitrag \u00fcber den EAIVT International Market Congress, der 2013 in Br\u00fcssel stattgefunden hat. Die Inhalt der Veranstaltung werden kurz beschrieben und Marco Belfanti wird als Pr\u00e4sident des EAIVT zitiert.<strong><br \/> <a href=\"https:\/\/www.neueautos.ch\/wp-content\/uploads\/2013\/11\/Scan_20131025_090816_0001.pdf\">> EAIVT International Market Congress 2013<\/a><\/strong><\/p>[\/et_pb_text][\/et_pb_column][et_pb_column type=\"1_3\" _builder_version=\"3.25\" custom_padding=\"|||\" custom_padding__hover=\"|||\"][et_pb_image src=\"https:\/\/neueautos.ch\/wp-content\/uploads\/2021\/05\/10vor10.png\" title_text=\"10vor10\" _builder_version=\"4.7.3\" _module_preset=\"default\" custom_margin=\"||-2px|||\"][\/et_pb_image][et_pb_text _builder_version=\"4.7.3\" _module_preset=\"default\" text_font=\"Roboto|300|||||||\" text_text_color=\"#333333\" text_font_size=\"18px\" text_line_height=\"1.6em\" link_text_color=\"#bc3918\" ul_font=\"Roboto|300|||||||\" ul_text_color=\"#4f4f4f\" ul_font_size=\"18px\" ul_line_height=\"1.5em\" header_2_font=\"Roboto Condensed|700|||||||\" header_2_text_color=\"#424242\" header_2_line_height=\"1.2em\" background_color=\"#f7f7f7\" custom_padding=\"40px|20px|40px|40px|true|false\" custom_padding_tablet=\"30px|30px|30px|30px|true|true\" custom_padding_phone=\"\" custom_padding_last_edited=\"on|phone\"]<h2>10 VOR 10<\/h2>\r\n<p>Die Konsumenten in krisengesch\u00fcttelten L\u00e4ndern wie Spanien, Italien oder Griechenland sind nicht in Kauflaune und so bleiben H\u00e4ndler auf tausenden Autos sitzen. Diese verkaufen die H\u00e4ndler in die Schweiz, wo sie mit grossen Rabatten an den Mann gebracht werden. Ein gutes Gesch\u00e4ft f\u00fcr Importeure und K\u00e4ufer. Die Auto H\u00f6ngg Z\u00fcrich wurde als Beispiel in dieser 10 vor 10 Sendung gebracht.<strong><br \/> <a href=\"https:\/\/www.srf.ch\/play\/tv\/10-vor-10\/video\/auto-schnaeppchen-aus-krisenlaendern?urn=urn:srf:video:8c578254-f2ba-404e-95c2-10abc38bbf1b\">> Konsumentenvorteile dank g\u00fcnstigen Wechselkurs<\/a><\/strong><\/p>[\/et_pb_text][\/et_pb_column][et_pb_column type=\"1_3\" _builder_version=\"3.25\" custom_padding=\"|||\" custom_padding__hover=\"|||\"][et_pb_image src=\"https:\/\/neueautos.ch\/wp-content\/uploads\/2021\/05\/nzz.png\" title_text=\"nzz\" _builder_version=\"4.7.3\" _module_preset=\"default\" custom_margin=\"||-2px|||\"][\/et_pb_image][et_pb_text _builder_version=\"4.7.3\" _module_preset=\"default\" text_font=\"Roboto|300|||||||\" text_text_color=\"#333333\" text_font_size=\"18px\" text_line_height=\"1.6em\" link_text_color=\"#bc3918\" ul_font=\"Roboto|300|||||||\" ul_text_color=\"#4f4f4f\" ul_font_size=\"18px\" ul_line_height=\"1.5em\" header_2_font=\"Roboto Condensed|700|||||||\" header_2_text_color=\"#424242\" header_2_line_height=\"1.2em\" background_color=\"#f7f7f7\" custom_padding=\"40px|20px|40px|40px|true|false\" custom_padding_tablet=\"30px|30px|30px|30px|true|true\" custom_padding_phone=\"\" custom_padding_last_edited=\"on|tablet\"]<h2>NZZ<\/h2>\r\n<p>Die NZZ interviewte Dirtektimporteur Marco Belfanti. Er erz\u00e4hlte, in den letzten Jahren habe sich die Zahl der von Auto H\u00f6ngg Z\u00fcrich verkauften Fahrzeuge regelm\u00e4ssig verdoppelt. 2012 wurden bereits 200 Personenwagen verkauft, und f\u00fcr den Rest des Jahres rechnet Marco Belfanti nochmals mit der gleichen Menge. Mit dem Kurszerfall des Euro hat sich der Preisvorteil dieser Fahrzeuge in den vergangenen Jahren immer mehr vergr\u00f6ssert. \u201eDas hat die Bev\u00f6lkerung f\u00fcr das Thema Direktimport sensibilisiert\u201c, so der erfolgreiche Gesch\u00e4ftsf\u00fchrer.<strong><br \/> <a href=\"https:\/\/www.nzz.ch\/direktimporte-druecken-die-preise-1.17509315?reduced=true\">> Direktimport dr\u00fcckt die Preise<\/a><\/strong><\/p>[\/et_pb_text][\/et_pb_column][\/et_pb_row][et_pb_row column_structure=\"1_3,1_3,1_3\" use_custom_gutter=\"on\" gutter_width=\"2\" admin_label=\"Shop Area\" module_class=\" et_pb_row_fullwidth\" _builder_version=\"4.7.3\" width=\"100%\" width_tablet=\"80%\" width_last_edited=\"off|desktop\" max_width_tablet=\"80%\" max_width_last_edited=\"off|desktop\" custom_margin=\"|||\" custom_padding=\"0px||28px||false|true\" animation_style=\"slide\" animation_direction=\"bottom\" animation_duration=\"600ms\" animation_delay=\"150ms\" animation_intensity_slide=\"3%\" make_fullwidth=\"on\"][et_pb_column type=\"1_3\" _builder_version=\"3.25\" custom_padding=\"|||\" custom_padding__hover=\"|||\"][et_pb_image src=\"https:\/\/neueautos.ch\/wp-content\/uploads\/2021\/05\/telezueri.png\" title_text=\"telezueri\" _builder_version=\"4.7.3\" _module_preset=\"default\" custom_margin=\"||-2px|||\"][\/et_pb_image][et_pb_text _builder_version=\"4.7.3\" _module_preset=\"default\" text_font=\"Roboto|300|||||||\" text_text_color=\"#333333\" text_font_size=\"18px\" text_line_height=\"1.6em\" link_text_color=\"#bc3918\" ul_font=\"Roboto|300|||||||\" ul_text_color=\"#4f4f4f\" ul_font_size=\"18px\" ul_line_height=\"1.5em\" header_2_font=\"Roboto Condensed|700|||||||\" header_2_text_color=\"#424242\" header_2_line_height=\"1.2em\" background_color=\"#f7f7f7\" custom_padding=\"40px|20px|40px|40px|true|false\" custom_padding_tablet=\"30px|30px|30px|30px|true|true\" custom_padding_phone=\"\" custom_padding_last_edited=\"on|phone\"]<h2>TELE Z\u00dcRI<\/h2>\r\n<p>Marco Belfanti, Direktimporteur und ehemaliger Pr\u00e4sident des Verband freier Autohandel Schweiz, machte die Wettbewerbskommission Weko auf die Praktik des Autoherstellers BMW aufmerksam, an Schweizer im Ausland keine BMW\u2019s zu verkaufen. \u201eDirektimport, wie ich es zum Beispiel mache, ist legal, Autohersteller und Importeure haben sich jedoch teilweise nicht korrekt verhalten\u201c, so Marco Belfanti. Die WEKO untersagte dem Autohersteller BMW diese Praktik darauf.<strong><br \/> <a href=\"https:\/\/www.youtube.com\/watch?v=GJmqCZOUeKw&t=1s\">> Mega-Busse f\u00fcr BMW<\/a><\/strong><\/p>[\/et_pb_text][\/et_pb_column][et_pb_column type=\"1_3\" _builder_version=\"3.25\" custom_padding=\"|||\" custom_padding__hover=\"|||\"][et_pb_image src=\"https:\/\/neueautos.ch\/wp-content\/uploads\/2021\/05\/tele-top.png\" title_text=\"tele-top\" _builder_version=\"4.7.3\" _module_preset=\"default\" custom_margin=\"||-2px|||\"][\/et_pb_image][et_pb_text _builder_version=\"4.7.3\" _module_preset=\"default\" text_font=\"Roboto|300|||||||\" text_text_color=\"#333333\" text_font_size=\"18px\" text_line_height=\"1.6em\" link_text_color=\"#bc3918\" ul_font=\"Roboto|300|||||||\" ul_text_color=\"#4f4f4f\" ul_font_size=\"18px\" ul_line_height=\"1.5em\" header_2_font=\"Roboto Condensed|700|||||||\" header_2_text_color=\"#424242\" header_2_line_height=\"1.2em\" background_color=\"#f7f7f7\" custom_padding=\"40px|20px|40px|40px|true|false\" custom_padding_tablet=\"30px|30px|30px|30px|true|true\" custom_padding_phone=\"\" custom_padding_last_edited=\"on|phone\"]<h2>TELE TOP<\/h2>\r\n<p>Parallelimporteur Marco Belfanti zeigt einen Toyota Verso, der 34 Prozent g\u00fcnstiger ist als dasselbe Modell beim Schweizer Markenh\u00e4ndler. \u201eDie Autos kommen immer aus der gleichen Fabrik, vielleicht haben sie teilweise eine andere Ausstattung, die l\u00e4nderbedingt ist, aber die technische Ausr\u00fcstung ist immer die gleiche.\u201c Kunden seien nicht mehr bereit, hohe Preise zu bezahlen und w\u00fcrden immer h\u00e4ufiger Direktimporteure aufsuchen. So wird der Wettbewerb gef\u00f6rdert, findet Thomas Pletscher vom Verband economiesuisse.<strong><br \/> <a href=\"https:\/\/www.youtube.com\/watch?v=sOmyJfTXo4Q&t=10s\">> Auto Direktimport<\/a><\/strong><\/p>[\/et_pb_text][\/et_pb_column][et_pb_column type=\"1_3\" _builder_version=\"3.25\" custom_padding=\"|||\" custom_padding__hover=\"|||\"][et_pb_image src=\"https:\/\/neueautos.ch\/wp-content\/uploads\/2021\/05\/telezueri.png\" title_text=\"telezueri\" _builder_version=\"4.7.3\" _module_preset=\"default\" custom_margin=\"||-2px|||\"][\/et_pb_image][et_pb_text _builder_version=\"4.7.3\" _module_preset=\"default\" text_font=\"Roboto|300|||||||\" text_text_color=\"#333333\" text_font_size=\"18px\" text_line_height=\"1.6em\" link_text_color=\"#bc3918\" ul_font=\"Roboto|300|||||||\" ul_text_color=\"#4f4f4f\" ul_font_size=\"18px\" ul_line_height=\"1.5em\" header_2_font=\"Roboto Condensed|700|||||||\" header_2_text_color=\"#424242\" header_2_line_height=\"1.2em\" background_color=\"#f7f7f7\" custom_padding=\"40px|20px|40px|40px|true|false\" custom_padding_tablet=\"30px|30px|30px|30px|true|true\" custom_padding_phone=\"\" custom_padding_last_edited=\"on|tablet\"]<h2>TELE Z\u00dcRI<\/h2>\r\n<p>\u201eDas Interesse der Kunden ist sehr gross, wir erhalten viele Anfragen. Die Preise werden immer g\u00fcnstiger\u201c, so Marco Belfanti, Schweizer Direktimporteur der ersten Stunde. Der Anteil der direktimportierten Autos liege in der Schweiz bei rund 10 Prozent, so der Berichterstatter.<strong><br \/> <a href=\"https:\/\/www.youtube.com\/watch?v=DFv_XMuVREU\">> Auto Import dank starkem Franken<\/a><\/strong><\/p>[\/et_pb_text][\/et_pb_column][\/et_pb_row][et_pb_row column_structure=\"1_3,1_3,1_3\" use_custom_gutter=\"on\" gutter_width=\"2\" admin_label=\"Shop Area\" module_class=\" et_pb_row_fullwidth\" _builder_version=\"4.7.3\" width=\"100%\" width_tablet=\"80%\" width_last_edited=\"off|desktop\" max_width_tablet=\"80%\" max_width_last_edited=\"off|desktop\" custom_margin=\"|||\" custom_padding=\"0px||28px||false|true\" animation_style=\"slide\" animation_direction=\"bottom\" animation_duration=\"600ms\" animation_delay=\"150ms\" animation_intensity_slide=\"3%\" make_fullwidth=\"on\"][et_pb_column type=\"1_3\" _builder_version=\"3.25\" custom_padding=\"|||\" custom_padding__hover=\"|||\"][et_pb_image src=\"https:\/\/neueautos.ch\/wp-content\/uploads\/2021\/05\/nzz.png\" title_text=\"nzz\" _builder_version=\"4.7.3\" _module_preset=\"default\" custom_margin=\"||-2px|||\"][\/et_pb_image][et_pb_text _builder_version=\"4.7.3\" _module_preset=\"default\" text_font=\"Roboto|300|||||||\" text_text_color=\"#333333\" text_font_size=\"18px\" text_line_height=\"1.6em\" link_text_color=\"#bc3918\" ul_font=\"Roboto|300|||||||\" ul_text_color=\"#4f4f4f\" ul_font_size=\"18px\" ul_line_height=\"1.5em\" header_2_font=\"Roboto Condensed|700|||||||\" header_2_text_color=\"#424242\" header_2_line_height=\"1.2em\" background_color=\"#f7f7f7\" custom_padding=\"40px|20px|40px|40px|true|false\" custom_padding_tablet=\"30px|30px|30px|30px|true|true\" custom_padding_phone=\"\" custom_padding_last_edited=\"on|phone\"]<h2>NZZ<\/h2>\r\n<p>Der NZZ-Bericht informiert, dass nicht nur die Garagen im grenznahen Ausland mit der Schweizer Kundschaft ein gutes Gesch\u00e4ft machen, sondern auch freie Importeure, die unter Umgehung der offiziellen Schweizer Markenvertreter direkt im Ausland einkaufen und ihren so Kunden erhebliche W\u00e4hrungsvorteile offerieren k\u00f6nnen. Auto H\u00f6ngg Z\u00fcrich etwa verzeichne steigende Absatzzahlen, wie Jo\u00ebl Thi\u00e9baud, Generalsekret\u00e4r des Verbandes freier Autohandel Schweiz, best\u00e4tigt.<strong><br \/> <a href=\"https:\/\/www.nzz.ch\/probe_fahren_in_zuerich__kaufen_in_konstanz-1.12002201?reduced=true\">> Fahren in Z\u00fcrich, kaufen in Konstanz<\/a><\/strong><\/p>[\/et_pb_text][\/et_pb_column][et_pb_column type=\"1_3\" _builder_version=\"3.25\" custom_padding=\"|||\" custom_padding__hover=\"|||\"][et_pb_image src=\"https:\/\/neueautos.ch\/wp-content\/uploads\/2021\/05\/blick.png\" title_text=\"blick\" _builder_version=\"4.7.3\" _module_preset=\"default\" custom_margin=\"||-2px|||\"][\/et_pb_image][et_pb_text _builder_version=\"4.7.3\" _module_preset=\"default\" text_font=\"Roboto|300|||||||\" text_text_color=\"#333333\" text_font_size=\"18px\" text_line_height=\"1.6em\" link_text_color=\"#bc3918\" ul_font=\"Roboto|300|||||||\" ul_text_color=\"#4f4f4f\" ul_font_size=\"18px\" ul_line_height=\"1.5em\" header_2_font=\"Roboto Condensed|700|||||||\" header_2_text_color=\"#424242\" header_2_line_height=\"1.2em\" background_color=\"#f7f7f7\" custom_padding=\"40px|20px|40px|40px|true|false\" custom_padding_tablet=\"30px|30px|30px|30px|true|true\" custom_padding_phone=\"\" custom_padding_last_edited=\"on|phone\"]<h2>BLICK<\/h2>\r\n<p>Marco Belfanti, Pr\u00e4sident des Verband freier Autohandel Schweiz, sagt gegen\u00fcber Blick, dass \u201eFahrzeuge, die bei unseren Garagisten stehen, etwa 20 bis 30 Prozent g\u00fcnstiger sind\u201c als bei der Markenvertretung. \u201e2010 setzten wir 50 Prozent mehr Direktimport-Autos ab als im Jahr zuvor\u201c, so der erfolgreiche Direktimporteur der Firma Auto H\u00f6ngg Z\u00fcrich weiter. Er rechnet auch f\u00fcr das Jahr 2011 mit einer weiteren Zunahme der Direktimport-Wagen.<strong><br \/> <a href=\"https:\/\/www.neueautos.ch\/wp-content\/uploads\/2012\/01\/Blick.pdf\">> Direktimporte legen 2011 kr\u00e4ftig zu<\/a><\/strong><\/p>[\/et_pb_text][\/et_pb_column][et_pb_column type=\"1_3\" _builder_version=\"3.25\" custom_padding=\"|||\" custom_padding__hover=\"|||\"][et_pb_image src=\"https:\/\/neueautos.ch\/wp-content\/uploads\/2021\/02\/auto.png\" title_text=\"auto\" _builder_version=\"4.7.3\" _module_preset=\"default\" custom_margin=\"||-2px|||\"][\/et_pb_image][et_pb_text _builder_version=\"4.7.3\" _module_preset=\"default\" text_font=\"Roboto|300|||||||\" text_text_color=\"#333333\" text_font_size=\"18px\" text_line_height=\"1.6em\" link_text_color=\"#bc3918\" ul_font=\"Roboto|300|||||||\" ul_text_color=\"#4f4f4f\" ul_font_size=\"18px\" ul_line_height=\"1.5em\" header_2_font=\"Roboto Condensed|700|||||||\" header_2_text_color=\"#424242\" header_2_line_height=\"1.2em\" background_color=\"#f7f7f7\" custom_padding=\"40px|20px|40px|40px|true|false\" custom_padding_tablet=\"30px|30px|30px|30px|true|true\" custom_padding_phone=\"\" custom_padding_last_edited=\"on|tablet\"]<h2>AUTOHAUS<\/h2>\r\n<p>Marco Belfanti, Pr\u00e4sident des europ\u00e4ischen Verbandes der freien Autoh\u00e4ndler, r\u00e4t im Branchenmagazin Autohaus, nur noch mit Neuwagen zu handeln \u2013 so h\u00e4lt er es auch selbst. \u201eBei Gebrauchtwagen hat man sofort Diskussionen\u201c, weiss der Profi. Zudem: \u201eWer sich reinkniet, kann im Ausland durchaus gute Gesch\u00e4fte machen.\u201c<strong><br \/> <a href=\"https:\/\/www.neueautos.ch\/wp-content\/uploads\/2012\/01\/Autohaus16811.pdf\">> Wo geht noch was?<\/a><\/strong><\/p>[\/et_pb_text][\/et_pb_column][\/et_pb_row][et_pb_row column_structure=\"1_3,1_3,1_3\" use_custom_gutter=\"on\" gutter_width=\"2\" admin_label=\"Shop Area\" module_class=\" et_pb_row_fullwidth\" _builder_version=\"4.7.3\" width=\"100%\" width_tablet=\"80%\" width_last_edited=\"off|desktop\" max_width_tablet=\"80%\" max_width_last_edited=\"off|desktop\" custom_margin=\"|||\" custom_padding=\"0px||28px||false|true\" animation_style=\"slide\" animation_direction=\"bottom\" animation_duration=\"600ms\" animation_delay=\"150ms\" animation_intensity_slide=\"3%\" make_fullwidth=\"on\"][et_pb_column type=\"1_3\" _builder_version=\"3.25\" custom_padding=\"|||\" custom_padding__hover=\"|||\"][et_pb_image src=\"https:\/\/neueautos.ch\/wp-content\/uploads\/2021\/05\/automobiel-revue.png\" title_text=\"automobiel-revue\" _builder_version=\"4.7.3\" _module_preset=\"default\" custom_margin=\"||-2px|||\"][\/et_pb_image][et_pb_text _builder_version=\"4.7.3\" _module_preset=\"default\" text_font=\"Roboto|300|||||||\" text_text_color=\"#333333\" text_font_size=\"18px\" text_line_height=\"1.6em\" link_text_color=\"#bc3918\" ul_font=\"Roboto|300|||||||\" ul_text_color=\"#4f4f4f\" ul_font_size=\"18px\" ul_line_height=\"1.5em\" header_2_font=\"Roboto Condensed|700|||||||\" header_2_text_color=\"#424242\" header_2_line_height=\"1.2em\" background_color=\"#f7f7f7\" custom_padding=\"40px|20px|40px|40px|true|false\" custom_padding_tablet=\"30px|30px|30px|30px|true|true\" custom_padding_phone=\"\" custom_padding_last_edited=\"on|phone\"]<h2>AUTOMOBIL REVUE<\/h2>\r\n<p>\u201eBei uns sind Bestellfahrzeuge sehr selten, der Kunde sucht bei uns g\u00fcnstige Autos mit sensationellen Rabatten \u2013 da steht nicht der Wunschzettel im Vordergrund, den man beim Marken-Garagisten zeigt\u201c, so Direktimporteur Marco Belfanti von der Auto H\u00f6ngg Z\u00fcrich. Noch w\u00fcrden den Direktimporteuren einige Steine in den Weg gelegt, doch die Zukunft s\u00e4he gut aus.<strong><br \/> <a href=\"https:\/\/www.youtube.com\/watch?v=D8VsAhuJGZ0\">> Die Piraten der Autobranche<\/a><\/strong><\/p>[\/et_pb_text][\/et_pb_column][et_pb_column type=\"1_3\" _builder_version=\"3.25\" custom_padding=\"|||\" custom_padding__hover=\"|||\"][et_pb_image src=\"https:\/\/neueautos.ch\/wp-content\/uploads\/2021\/05\/sonntagszeitung.png\" title_text=\"sonntagszeitung\" _builder_version=\"4.7.3\" _module_preset=\"default\" custom_margin=\"||-2px|||\"][\/et_pb_image][et_pb_text _builder_version=\"4.7.3\" _module_preset=\"default\" text_font=\"Roboto|300|||||||\" text_text_color=\"#333333\" text_font_size=\"18px\" text_line_height=\"1.6em\" link_text_color=\"#bc3918\" ul_font=\"Roboto|300|||||||\" ul_text_color=\"#4f4f4f\" ul_font_size=\"18px\" ul_line_height=\"1.5em\" header_2_font=\"Roboto Condensed|700|||||||\" header_2_text_color=\"#424242\" header_2_line_height=\"1.2em\" background_color=\"#f7f7f7\" custom_padding=\"40px|20px|40px|40px|true|false\" custom_padding_tablet=\"30px|30px|30px|30px|true|true\" custom_padding_phone=\"\" custom_padding_last_edited=\"on|phone\"]<h2>SONNTAGSZEITUNG<\/h2>\r\n<p>Ein informativer Bericht der Sonntagszeitung \u00fcber Autohersteller, welche europ\u00e4ischen Garagen verboten haben, Schweizern Neuwagen zu verkaufen \u2013 obwohl der Automarkt in der Schweiz frei ist. Parallelimporteur Marco Belfanti von der Auto H\u00f6ngg Z\u00fcrich erkl\u00e4rt im Text, dass ein Direktimport \u00fcber ihn je nach Marke bis zu 30 Prozent g\u00fcnstiger sei als der Kauf bei einem Marken-Garagisten in der Schweiz.<strong><br \/> <a href=\"https:\/\/www.neueautos.ch\/wp-content\/uploads\/2012\/01\/sonntagszeitung.pdf\">> Autos zu Aldi-Preisen<\/a><\/strong><\/p>[\/et_pb_text][\/et_pb_column][et_pb_column type=\"1_3\" _builder_version=\"3.25\" custom_padding=\"|||\" custom_padding__hover=\"|||\"][et_pb_image src=\"https:\/\/neueautos.ch\/wp-content\/uploads\/2021\/05\/kassensturz.png\" title_text=\"kassensturz\" _builder_version=\"4.7.3\" _module_preset=\"default\" custom_margin=\"||-2px|||\"][\/et_pb_image][et_pb_text _builder_version=\"4.7.3\" _module_preset=\"default\" text_font=\"Roboto|300|||||||\" text_text_color=\"#333333\" text_font_size=\"18px\" text_line_height=\"1.6em\" link_text_color=\"#bc3918\" ul_font=\"Roboto|300|||||||\" ul_text_color=\"#4f4f4f\" ul_font_size=\"18px\" ul_line_height=\"1.5em\" header_2_font=\"Roboto Condensed|700|||||||\" header_2_text_color=\"#424242\" header_2_line_height=\"1.2em\" background_color=\"#f7f7f7\" custom_padding=\"40px|20px|40px|40px|true|false\" custom_padding_tablet=\"30px|30px|30px|30px|true|true\" custom_padding_phone=\"\" custom_padding_last_edited=\"on|tablet\"]<h2>KASSENSTURZ<\/h2>\r\n<p>Die Sendung beleuchtet das Thema Direktimport und befragt dazu Garagist Marco Belfanti von der Auto H\u00f6ngg Z\u00fcrich. \u201eWir f\u00fchren jedes importierte Auto beim Strassenverkehrsamt vor und kl\u00e4ren alles Notwendige ab.\u201c Der befragte Profi Roger Z\u00e4ch nennt dies einen k\u00fcnstlich inszenierten Aufwand, der kreiert wird, um Direktimporte f\u00fcr die Kunden zu erschweren und unattraktiv zu machen.<strong><br \/> <a href=\"https:\/\/www.youtube.com\/watch?v=L26h-dw3QJo\">> Kassensturzsendung vom 02.11.2010<\/a><\/strong><\/p>[\/et_pb_text][\/et_pb_column][\/et_pb_row][et_pb_row column_structure=\"1_3,1_3,1_3\" use_custom_gutter=\"on\" gutter_width=\"2\" admin_label=\"Shop Area\" module_class=\" et_pb_row_fullwidth\" _builder_version=\"4.7.3\" width=\"100%\" width_tablet=\"80%\" width_last_edited=\"off|desktop\" max_width_tablet=\"80%\" max_width_last_edited=\"off|desktop\" custom_margin=\"|||\" custom_padding=\"0px||28px||false|true\" animation_style=\"slide\" animation_direction=\"bottom\" animation_duration=\"600ms\" animation_delay=\"150ms\" animation_intensity_slide=\"3%\" make_fullwidth=\"on\"][et_pb_column type=\"1_3\" _builder_version=\"3.25\" custom_padding=\"|||\" custom_padding__hover=\"|||\"][et_pb_image src=\"https:\/\/neueautos.ch\/wp-content\/uploads\/2021\/05\/leer.png\" title_text=\"leer\" _builder_version=\"4.7.3\" _module_preset=\"default\" custom_margin=\"||-2px|||\"][\/et_pb_image][et_pb_text _builder_version=\"4.7.3\" _module_preset=\"default\" text_font=\"Roboto|300|||||||\" text_text_color=\"#333333\" text_font_size=\"18px\" text_line_height=\"1.6em\" link_text_color=\"#bc3918\" ul_font=\"Roboto|300|||||||\" ul_text_color=\"#4f4f4f\" ul_font_size=\"18px\" ul_line_height=\"1.5em\" header_2_font=\"Roboto Condensed|700|||||||\" header_2_text_color=\"#424242\" header_2_line_height=\"1.2em\" background_color=\"#f7f7f7\" custom_padding=\"40px|20px|40px|40px|true|false\" custom_padding_tablet=\"30px|30px|30px|30px|true|true\" custom_padding_phone=\"\" custom_padding_last_edited=\"on|phone\"]<h2>Z\u00dcRICH NORD<\/h2>\r\n<p>Im Bericht wird darauf eingegangen, dass die Auto H\u00f6ngg AG nicht nur Direktimporte anbietet, sondern auch Fahrzeuge repariert, die nicht bei ihr gekauft wurden. Marco Belfanti informiert zudem, dass ein Autohersteller den Verkauf seiner Fahrzeuge im Ausland an Schweizer verbietet. Der Direktimporteur aus H\u00f6ngg stellt zudem immer wieder fest, dass Autohersteller den K\u00e4ufern Steine in den Weg legen, um von der Hochlohninsel Schweiz zu profitieren.<strong><br \/> <a href=\"https:\/\/www.neueautos.ch\/wp-content\/uploads\/2012\/01\/zurinord.pdf\">> Auto H\u00f6ngg mischt europ\u00e4isch mit<\/a><\/strong><\/p>[\/et_pb_text][\/et_pb_column][et_pb_column type=\"1_3\" _builder_version=\"3.25\" custom_padding=\"|||\" custom_padding__hover=\"|||\"][et_pb_image src=\"https:\/\/neueautos.ch\/wp-content\/uploads\/2021\/05\/tages-anzeiger.png\" title_text=\"tages-anzeiger\" _builder_version=\"4.7.3\" _module_preset=\"default\" custom_margin=\"||-2px|||\"][\/et_pb_image][et_pb_text _builder_version=\"4.7.3\" _module_preset=\"default\" text_font=\"Roboto|300|||||||\" text_text_color=\"#333333\" text_font_size=\"18px\" text_line_height=\"1.6em\" link_text_color=\"#bc3918\" ul_font=\"Roboto|300|||||||\" ul_text_color=\"#4f4f4f\" ul_font_size=\"18px\" ul_line_height=\"1.5em\" header_2_font=\"Roboto Condensed|700|||||||\" header_2_text_color=\"#424242\" header_2_line_height=\"1.2em\" background_color=\"#f7f7f7\" custom_padding=\"40px|20px|40px|40px|true|false\" custom_padding_tablet=\"30px|30px|30px|30px|true|true\" custom_padding_phone=\"\" custom_padding_last_edited=\"on|phone\"]<h2>TAGES ANZEIGER<\/h2>\r\n<p>Autos importieren leicht gemacht: In diesem Bericht gibt der Tages Anzeiger einige Tipps und l\u00e4sst sich von Direktimporteur Marco Belfanti beraten. Der Gang zum freien H\u00e4ndler empfiehlt sich laut dem Tages Anzeiger allerdings nur f\u00fcr jene, die bez\u00fcglich Farbe und Ausstattung flexibel sind. \u00abWir f\u00fchren in der Regel keine Wunschbestellungen aus\u00bb, wird Marco Belfanti, Garagist in H\u00f6ngg und Pr\u00e4sident der freien Autoh\u00e4ndler der Schweiz, zitiert. \u201eImmer mehr Verbandsmitglieder importieren dennoch direkt, auch solche, die in diesem Bereich bisher nicht aktiv waren\u00bb.<strong><br \/> <a href=\"https:\/\/www.tagesanzeiger.ch\/wirtschaft\/unternehmen-und-konjunktur\/autos-importieren-leicht-gemacht\/story\/24624138\">> Autos importieren leicht gemacht<\/a><\/strong><\/p>[\/et_pb_text][\/et_pb_column][et_pb_column type=\"1_3\" _builder_version=\"3.25\" custom_padding=\"|||\" custom_padding__hover=\"|||\"][et_pb_image src=\"https:\/\/neueautos.ch\/wp-content\/uploads\/2021\/05\/nzz.png\" title_text=\"nzz\" _builder_version=\"4.7.3\" _module_preset=\"default\" custom_margin=\"||-2px|||\"][\/et_pb_image][et_pb_text _builder_version=\"4.7.3\" _module_preset=\"default\" text_font=\"Roboto|300|||||||\" text_text_color=\"#333333\" text_font_size=\"18px\" text_line_height=\"1.6em\" link_text_color=\"#bc3918\" ul_font=\"Roboto|300|||||||\" ul_text_color=\"#4f4f4f\" ul_font_size=\"18px\" ul_line_height=\"1.5em\" header_2_font=\"Roboto Condensed|700|||||||\" header_2_text_color=\"#424242\" header_2_line_height=\"1.2em\" background_color=\"#f7f7f7\" custom_padding=\"40px|20px|40px|40px|true|false\" custom_padding_tablet=\"30px|30px|30px|30px|true|true\" custom_padding_phone=\"\" custom_padding_last_edited=\"on|tablet\"]<h2>NZZ<\/h2>\r\n<p>Die NZZ schreibt, der H\u00f6henflug des Frankens veranlasse die K\u00e4ufer zunehmend dazu, ihre Waren direkt zu importieren \u2013 so auch Neuwagen aus den Nachbarl\u00e4ndern. \u00abMan kann von einer Verdoppelung der Direktimporte in diesem Jahr ausgehen\u00bb, sagt Marco Belfanti, Pr\u00e4sident des Verbandes freier Autohandel Schweiz, im Bericht. Der Anteil der Direktimporte lag bisher bei etwa 3 bis 4 Prozent und w\u00fcrde demzufolge nun bei 6 bis 8 Prozent liegen.<strong><br \/> <a href=\"https:\/\/www.nzz.ch\/sbb_korrigieren_hohen_euro-wechselkurs-1.7689004?reduced=true\">> Korrektur des Euro-Wechselkurs<\/a><\/strong><\/p>[\/et_pb_text][\/et_pb_column][\/et_pb_row][et_pb_row column_structure=\"1_3,1_3,1_3\" use_custom_gutter=\"on\" gutter_width=\"2\" admin_label=\"Shop Area\" module_class=\" et_pb_row_fullwidth\" _builder_version=\"4.7.3\" width=\"100%\" width_tablet=\"80%\" width_last_edited=\"off|desktop\" max_width_tablet=\"80%\" max_width_last_edited=\"off|desktop\" custom_margin=\"|||\" custom_padding=\"0px||28px||false|true\" animation_style=\"slide\" animation_direction=\"bottom\" animation_duration=\"600ms\" animation_delay=\"150ms\" animation_intensity_slide=\"3%\" make_fullwidth=\"on\"][et_pb_column type=\"1_3\" _builder_version=\"3.25\" custom_padding=\"|||\" custom_padding__hover=\"|||\"][et_pb_image src=\"https:\/\/neueautos.ch\/wp-content\/uploads\/2021\/05\/cash.png\" title_text=\"cash\" _builder_version=\"4.7.3\" _module_preset=\"default\" custom_margin=\"||-2px|||\"][\/et_pb_image][et_pb_text _builder_version=\"4.7.3\" _module_preset=\"default\" text_font=\"Roboto|300|||||||\" text_text_color=\"#333333\" text_font_size=\"18px\" text_line_height=\"1.6em\" link_text_color=\"#bc3918\" ul_font=\"Roboto|300|||||||\" ul_text_color=\"#4f4f4f\" ul_font_size=\"18px\" ul_line_height=\"1.5em\" header_2_font=\"Roboto Condensed|700|||||||\" header_2_text_color=\"#424242\" header_2_line_height=\"1.2em\" background_color=\"#f7f7f7\" custom_padding=\"40px|20px|40px|40px|true|false\" custom_padding_tablet=\"30px|30px|30px|30px|true|true\" custom_padding_phone=\"\" custom_padding_last_edited=\"on|phone\"]<h2>CASH<\/h2>\r\n<p>W\u00e4hrend sich Schweizer Markenvertretungen um den Euro-Rabatt dr\u00fccken, lohnt sich f\u00fcr Autok\u00e4ufer der Gang zum Direktimporteur, so der Cash-Bericht. Bei einigen Neuwagen sind Rabatte von rund einem Viertel auf den Schweizer Listenpreis m\u00f6glich. \u00abRealistischerweise darf man je nach Fahrzeugtyp mit einem Preisabschlag von 20 bis 30 Prozent im Vergleich zum Listenpreis eines offiziellen Schweizer Markenh\u00e4ndlers rechnen\u00bb, sagt Marco Belfanti, Pr\u00e4sident des Verbands des freien Autohandels der Schweiz. Er r\u00e4t, Fahrzeuge nur bei seri\u00f6sen H\u00e4ndlern zu kaufen, die das Fahrzeug auch an Lager haben. \u00abEs ist auch kein Problem, das Auto im benachbarten Ausland zu kaufen\u00bb, so der Direktimporteur.<strong><br \/> <a href=\"https:\/\/www.cash.ch\/news\/alle\">> Autoh\u00e4ndler und der \u00abEuro-Rabatt\u00bb<\/a><\/strong><\/p>[\/et_pb_text][\/et_pb_column][et_pb_column type=\"1_3\" _builder_version=\"3.25\" custom_padding=\"|||\" custom_padding__hover=\"|||\"][et_pb_image src=\"https:\/\/neueautos.ch\/wp-content\/uploads\/2021\/05\/saldo.png\" title_text=\"saldo\" _builder_version=\"4.7.3\" _module_preset=\"default\" custom_margin=\"||-2px|||\"][\/et_pb_image][et_pb_text _builder_version=\"4.7.3\" _module_preset=\"default\" text_font=\"Roboto|300|||||||\" text_text_color=\"#333333\" text_font_size=\"18px\" text_line_height=\"1.6em\" link_text_color=\"#bc3918\" ul_font=\"Roboto|300|||||||\" ul_text_color=\"#4f4f4f\" ul_font_size=\"18px\" ul_line_height=\"1.5em\" header_2_font=\"Roboto Condensed|700|||||||\" header_2_text_color=\"#424242\" header_2_line_height=\"1.2em\" background_color=\"#f7f7f7\" custom_padding=\"40px|20px|40px|40px|true|false\" custom_padding_tablet=\"30px|30px|30px|30px|true|true\" custom_padding_phone=\"\" custom_padding_last_edited=\"on|phone\"]<h2>SALDO<\/h2>\r\n<p>Besonders schwierig verkaufen sich laut dem Saldo-Bericht grosse, schwere Automodelle. \u00abIm Premium-Segment, wo es fr\u00fcher kaum Verg\u00fcnstigungen gab, kann man nun mit guten Rabatten rechnen\u00bb, sagt Marco Belfanti vom Verband Freier Autohandel Schweiz im Interview. Er r\u00e4t potenziellen K\u00e4ufern, sich vorg\u00e4ngig genau zu \u00fcberlegen, welche Marken und Modelle f\u00fcr sie in Frage kommen. Dann sollen sie mehrere H\u00e4ndler aufsuchen und die Preise verhandeln. \u201eDas ist zwar mit einigem Aufwand verbunden, aber es lohnt sich\u201c, so der Inhaber von Auto H\u00f6ngg Z\u00fcrich. Jetzt liegt beim Autokauf viel Sparpotenzial drin.<strong><br \/> <a href=\"https:\/\/www.saldo.ch\/artikel\/artikeldetail\/grosses-sparpotenzial-beim-autokauf\/\">> Sparpotenzial beim Autokauf<\/a><\/strong><\/p>[\/et_pb_text][\/et_pb_column][et_pb_column type=\"1_3\" _builder_version=\"3.25\" custom_padding=\"|||\" custom_padding__hover=\"|||\"][et_pb_image src=\"https:\/\/neueautos.ch\/wp-content\/uploads\/2021\/05\/cash.png\" title_text=\"cash\" _builder_version=\"4.7.3\" _module_preset=\"default\" custom_margin=\"||-2px|||\"][\/et_pb_image][et_pb_text _builder_version=\"4.7.3\" _module_preset=\"default\" text_font=\"Roboto|300|||||||\" text_text_color=\"#333333\" text_font_size=\"18px\" text_line_height=\"1.6em\" link_text_color=\"#bc3918\" ul_font=\"Roboto|300|||||||\" ul_text_color=\"#4f4f4f\" ul_font_size=\"18px\" ul_line_height=\"1.5em\" header_2_font=\"Roboto Condensed|700|||||||\" header_2_text_color=\"#424242\" header_2_line_height=\"1.2em\" background_color=\"#f7f7f7\" custom_padding=\"40px|20px|40px|40px|true|false\" custom_padding_tablet=\"30px|30px|30px|30px|true|true\" custom_padding_phone=\"\" custom_padding_last_edited=\"on|tablet\"]<h2>CASH TV<\/h2>\r\n<p>Die Auto H\u00f6ngg Z\u00fcrich importiert spezielle Autos, die es in Europa nicht gibt. So besorgte Inhaber Marco Belfanti Hybridfahrzeuge aus Amerika f\u00fcr einen Kunden in Schaffhausen. Dass das Navigationsger\u00e4t nicht Deutsch spricht, muss dann in Kauf genommen werden. Doch f\u00fcr alles gibt es Abhilfe. Die Sendung anschauen?<strong><br \/> <a href=\"https:\/\/www.youtube.com\/watch?v=CDbQ_nrRhyk\">> Sendung vom 20. April 2008<\/a><\/strong><\/p>[\/et_pb_text][\/et_pb_column][\/et_pb_row][et_pb_row column_structure=\"1_3,1_3,1_3\" use_custom_gutter=\"on\" gutter_width=\"2\" admin_label=\"Shop Area\" module_class=\" et_pb_row_fullwidth\" _builder_version=\"4.7.3\" width=\"100%\" width_tablet=\"80%\" width_last_edited=\"off|desktop\" max_width_tablet=\"80%\" max_width_last_edited=\"off|desktop\" custom_margin=\"|||\" custom_padding=\"0px||28px||false|true\" animation_style=\"slide\" animation_direction=\"bottom\" animation_duration=\"600ms\" animation_delay=\"150ms\" animation_intensity_slide=\"3%\" make_fullwidth=\"on\"][et_pb_column type=\"1_3\" _builder_version=\"3.25\" custom_padding=\"|||\" custom_padding__hover=\"|||\"][et_pb_image src=\"https:\/\/neueautos.ch\/wp-content\/uploads\/2021\/05\/tages-anzeiger.png\" title_text=\"tages-anzeiger\" _builder_version=\"4.7.3\" _module_preset=\"default\" custom_margin=\"||-2px|||\"][\/et_pb_image][et_pb_text _builder_version=\"4.7.3\" _module_preset=\"default\" text_font=\"Roboto|300|||||||\" text_text_color=\"#333333\" text_font_size=\"18px\" text_line_height=\"1.6em\" link_text_color=\"#bc3918\" ul_font=\"Roboto|300|||||||\" ul_text_color=\"#4f4f4f\" ul_font_size=\"18px\" ul_line_height=\"1.5em\" header_2_font=\"Roboto Condensed|700|||||||\" header_2_text_color=\"#424242\" header_2_line_height=\"1.2em\" background_color=\"#f7f7f7\" custom_padding=\"40px|20px|40px|40px|true|false\" custom_padding_tablet=\"30px|30px|30px|30px|true|true\" custom_padding_phone=\"\" custom_padding_last_edited=\"on|phone\"]<h2>TAGES ANZEIGER<\/h2>\r\n<p>Direktimporteur Marco Belfanti von Auto H\u00f6ngg Z\u00fcrich erz\u00e4hlt im Bericht des Tages Anzeiger, dass importierte Autos vor allem aus Holland k\u00e4men und in kleinen St\u00fcckzahlen mit Lastwagen in die Schweiz transportiert w\u00fcrden. \u201eVor einigen Jahren kaufte man viel in Spanien, dort vor allem Mercedes, oder D\u00e4nemark \u2013 vor allem Audis.\u201cDie L\u00e4nder mit den besten Import-Angeboten f\u00fcr die Schweizer \u00e4ndern sich immer wieder.<strong><br \/> <a href=\"https:\/\/www.neueautos.ch\/wp-content\/uploads\/2012\/01\/Tagesanzeiger.pdf\">> Parallel importierte Autos billiger<\/a><\/strong><\/p>[\/et_pb_text][\/et_pb_column][et_pb_column type=\"1_3\" _builder_version=\"3.25\" custom_padding=\"|||\" custom_padding__hover=\"|||\"][et_pb_image src=\"https:\/\/neueautos.ch\/wp-content\/uploads\/2021\/05\/kassensturz.png\" title_text=\"kassensturz\" _builder_version=\"4.7.3\" _module_preset=\"default\" custom_margin=\"||-2px|||\"][\/et_pb_image][et_pb_text _builder_version=\"4.7.3\" _module_preset=\"default\" text_font=\"Roboto|300|||||||\" text_text_color=\"#333333\" text_font_size=\"18px\" text_line_height=\"1.6em\" link_text_color=\"#bc3918\" ul_font=\"Roboto|300|||||||\" ul_text_color=\"#4f4f4f\" ul_font_size=\"18px\" ul_line_height=\"1.5em\" header_2_font=\"Roboto Condensed|700|||||||\" header_2_text_color=\"#424242\" header_2_line_height=\"1.2em\" background_color=\"#f7f7f7\" custom_padding=\"40px|20px|40px|40px|true|false\" custom_padding_tablet=\"30px|30px|30px|30px|true|true\" custom_padding_phone=\"\" custom_padding_last_edited=\"on|phone\"]<h2>KASSENSTURZ<\/h2>\r\n<p>Der Bericht im Kassensturz \u00fcber die teuren Preise in der Schweiz nennt Autodirektimporteur Marco Belfanti von der Firma Auto H\u00f6ngg Z\u00fcrich als Beispiel f\u00fcr einen kreativen Unternehmer, dessen Auftragsb\u00fccher seit Jahren voll sind \u2013 weil er auf Direktimporte setzt.<strong><br \/> <a href=\"https:\/\/www.neueautos.ch\/wp-content\/uploads\/2012\/01\/Kassensturz2003.pdf\">> Kreative Unternehmer haben Erfolg<\/a><\/strong><\/p>[\/et_pb_text][\/et_pb_column][et_pb_column type=\"1_3\" _builder_version=\"3.25\" custom_padding=\"|||\" custom_padding__hover=\"|||\"][\/et_pb_column][\/et_pb_row][et_pb_row use_custom_gutter=\"on\" gutter_width=\"2\" custom_padding_last_edited=\"on|phone\" admin_label=\"Shop Area\" module_class=\" et_pb_row_fullwidth\" _builder_version=\"4.7.3\" width=\"100%\" width_tablet=\"80%\" width_last_edited=\"off|desktop\" max_width=\"2340px\" max_width_tablet=\"80%\" max_width_last_edited=\"off|desktop\" custom_margin=\"|||\" custom_padding=\"20px|240px|20px|240px|true|true\" custom_padding_tablet=\"|0px||0px|true|true\" custom_padding_phone=\"20px||20px||true|true\" animation_style=\"slide\" animation_direction=\"bottom\" animation_duration=\"600ms\" animation_delay=\"150ms\" animation_intensity_slide=\"3%\" make_fullwidth=\"on\"][et_pb_column type=\"4_4\" _builder_version=\"3.25\" custom_padding=\"|||\" custom_padding__hover=\"|||\"][et_pb_text _builder_version=\"4.7.3\" _module_preset=\"default\" header_2_font=\"Roboto Condensed|300||on|||||\" header_2_text_align=\"center\" header_2_text_color=\"#383838\" header_2_font_size=\"42px\" custom_padding=\"9px|||||\"]<h2>UNSERE TOP ANGEBOTE<\/h2>[\/et_pb_text][\/et_pb_column][\/et_pb_row][\/et_pb_section]","_et_gb_content_width":"","inline_featured_image":false,"wp_typography_post_enhancements_disabled":false},"acf":[],"yoast_head":"<!-- This site is optimized with the Yoast SEO plugin v20.8 - https:\/\/yoast.com\/wordpress\/plugins\/seo\/ -->\n<title>M\u00c9DIAS - Neueautos<\/title>\n<meta name=\"description\" content=\"Auto H\u00f6ngg Z\u00fcrich a \u00e9t\u00e9 mentionn\u00e9e \u00e0 maintes reprises de mani\u00e8re positive dans la presse.\" \/>\n<meta name=\"robots\" content=\"index, follow, max-snippet:-1, max-image-preview:large, max-video-preview:-1\" \/>\n<link rel=\"canonical\" href=\"https:\/\/neueautos.ch\/fr\/medias\/\" \/>\n<meta property=\"og:locale\" content=\"fr_FR\" \/>\n<meta property=\"og:type\" content=\"article\" \/>\n<meta property=\"og:title\" content=\"Auto H\u00f6ngg dans les m\u00e9dias\" \/>\n<meta property=\"og:description\" content=\"Auto H\u00f6ngg Z\u00fcrich a \u00e9t\u00e9 mentionn\u00e9e \u00e0 maintes reprises de mani\u00e8re positive dans la presse.\" \/>\n<meta property=\"og:url\" content=\"https:\/\/neueautos.ch\/fr\/medias\/\" \/>\n<meta property=\"og:site_name\" content=\"Neueautos\" \/>\n<meta property=\"article:modified_time\" content=\"2021-10-04T09:34:05+00:00\" \/>\n<meta property=\"og:image\" content=\"https:\/\/neueautos.ch\/wp-content\/uploads\/2021\/06\/ah-logo-1.png\" \/>\n\t<meta property=\"og:image:width\" content=\"492\" \/>\n\t<meta property=\"og:image:height\" content=\"280\" \/>\n\t<meta property=\"og:image:type\" content=\"image\/png\" \/>\n<meta name=\"twitter:card\" content=\"summary_large_image\" \/>\n<meta name=\"twitter:title\" content=\"Auto H\u00f6ngg dans les m\u00e9dias\" \/>\n<meta name=\"twitter:description\" content=\"Auto H\u00f6ngg Z\u00fcrich a \u00e9t\u00e9 mentionn\u00e9e \u00e0 maintes reprises de mani\u00e8re positive dans la presse.\" \/>\n<meta name=\"twitter:image\" content=\"https:\/\/neueautos.ch\/wp-content\/uploads\/2021\/06\/ah-logo-1.png\" \/>\n<meta name=\"twitter:label1\" content=\"Dur\u00e9e de lecture estim\u00e9e\" \/>\n\t<meta name=\"twitter:data1\" content=\"14 minutes\" \/>\n<script type=\"application\/ld+json\" class=\"yoast-schema-graph\">{\"@context\":\"https:\/\/schema.org\",\"@graph\":[{\"@type\":\"WebPage\",\"@id\":\"https:\/\/neueautos.ch\/fr\/medias\/\",\"url\":\"https:\/\/neueautos.ch\/fr\/medias\/\",\"name\":\"M\u00c9DIAS - Neueautos\",\"isPartOf\":{\"@id\":\"https:\/\/neueautos.ch\/#website\"},\"datePublished\":\"2021-05-28T09:44:03+00:00\",\"dateModified\":\"2021-10-04T09:34:05+00:00\",\"description\":\"Auto H\u00f6ngg Z\u00fcrich a \u00e9t\u00e9 mentionn\u00e9e \u00e0 maintes reprises de mani\u00e8re positive dans la presse.\",\"breadcrumb\":{\"@id\":\"https:\/\/neueautos.ch\/fr\/medias\/#breadcrumb\"},\"inLanguage\":\"fr-FR\",\"potentialAction\":[{\"@type\":\"ReadAction\",\"target\":[\"https:\/\/neueautos.ch\/fr\/medias\/\"]}]},{\"@type\":\"BreadcrumbList\",\"@id\":\"https:\/\/neueautos.ch\/fr\/medias\/#breadcrumb\",\"itemListElement\":[{\"@type\":\"ListItem\",\"position\":1,\"name\":\"Home\",\"item\":\"https:\/\/neueautos.ch\/fr\/\"},{\"@type\":\"ListItem\",\"position\":2,\"name\":\"M\u00c9DIAS\"}]},{\"@type\":\"WebSite\",\"@id\":\"https:\/\/neueautos.ch\/#website\",\"url\":\"https:\/\/neueautos.ch\/\",\"name\":\"Neueautos\",\"description\":\"\",\"potentialAction\":[{\"@type\":\"SearchAction\",\"target\":{\"@type\":\"EntryPoint\",\"urlTemplate\":\"https:\/\/neueautos.ch\/?s={search_term_string}\"},\"query-input\":\"required name=search_term_string\"}],\"inLanguage\":\"fr-FR\"}]}<\/script>\n<!-- \/ Yoast SEO plugin. -->","yoast_head_json":{"title":"M\u00c9DIAS - Neueautos","description":"Auto H\u00f6ngg Z\u00fcrich a \u00e9t\u00e9 mentionn\u00e9e \u00e0 maintes reprises de mani\u00e8re positive dans la presse.","robots":{"index":"index","follow":"follow","max-snippet":"max-snippet:-1","max-image-preview":"max-image-preview:large","max-video-preview":"max-video-preview:-1"},"canonical":"https:\/\/neueautos.ch\/fr\/medias\/","og_locale":"fr_FR","og_type":"article","og_title":"Auto H\u00f6ngg dans les m\u00e9dias","og_description":"Auto H\u00f6ngg Z\u00fcrich a \u00e9t\u00e9 mentionn\u00e9e \u00e0 maintes reprises de mani\u00e8re positive dans la presse.","og_url":"https:\/\/neueautos.ch\/fr\/medias\/","og_site_name":"Neueautos","article_modified_time":"2021-10-04T09:34:05+00:00","og_image":[{"width":492,"height":280,"url":"https:\/\/neueautos.ch\/wp-content\/uploads\/2021\/06\/ah-logo-1.png","type":"image\/png"}],"twitter_card":"summary_large_image","twitter_title":"Auto H\u00f6ngg dans les m\u00e9dias","twitter_description":"Auto H\u00f6ngg Z\u00fcrich a \u00e9t\u00e9 mentionn\u00e9e \u00e0 maintes reprises de mani\u00e8re positive dans la presse.","twitter_image":"https:\/\/neueautos.ch\/wp-content\/uploads\/2021\/06\/ah-logo-1.png","twitter_misc":{"Dur\u00e9e de lecture estim\u00e9e":"14 minutes"},"schema":{"@context":"https:\/\/schema.org","@graph":[{"@type":"WebPage","@id":"https:\/\/neueautos.ch\/fr\/medias\/","url":"https:\/\/neueautos.ch\/fr\/medias\/","name":"M\u00c9DIAS - Neueautos","isPartOf":{"@id":"https:\/\/neueautos.ch\/#website"},"datePublished":"2021-05-28T09:44:03+00:00","dateModified":"2021-10-04T09:34:05+00:00","description":"Auto H\u00f6ngg Z\u00fcrich a \u00e9t\u00e9 mentionn\u00e9e \u00e0 maintes reprises de mani\u00e8re positive dans la presse.","breadcrumb":{"@id":"https:\/\/neueautos.ch\/fr\/medias\/#breadcrumb"},"inLanguage":"fr-FR","potentialAction":[{"@type":"ReadAction","target":["https:\/\/neueautos.ch\/fr\/medias\/"]}]},{"@type":"BreadcrumbList","@id":"https:\/\/neueautos.ch\/fr\/medias\/#breadcrumb","itemListElement":[{"@type":"ListItem","position":1,"name":"Home","item":"https:\/\/neueautos.ch\/fr\/"},{"@type":"ListItem","position":2,"name":"M\u00c9DIAS"}]},{"@type":"WebSite","@id":"https:\/\/neueautos.ch\/#website","url":"https:\/\/neueautos.ch\/","name":"Neueautos","description":"","potentialAction":[{"@type":"SearchAction","target":{"@type":"EntryPoint","urlTemplate":"https:\/\/neueautos.ch\/?s={search_term_string}"},"query-input":"required name=search_term_string"}],"inLanguage":"fr-FR"}]}},"_links":{"self":[{"href":"https:\/\/neueautos.ch\/fr\/wp-json\/wp\/v2\/pages\/3164"}],"collection":[{"href":"https:\/\/neueautos.ch\/fr\/wp-json\/wp\/v2\/pages"}],"about":[{"href":"https:\/\/neueautos.ch\/fr\/wp-json\/wp\/v2\/types\/page"}],"author":[{"embeddable":true,"href":"https:\/\/neueautos.ch\/fr\/wp-json\/wp\/v2\/users\/4"}],"replies":[{"embeddable":true,"href":"https:\/\/neueautos.ch\/fr\/wp-json\/wp\/v2\/comments?post=3164"}],"version-history":[{"count":7,"href":"https:\/\/neueautos.ch\/fr\/wp-json\/wp\/v2\/pages\/3164\/revisions"}],"predecessor-version":[{"id":4161,"href":"https:\/\/neueautos.ch\/fr\/wp-json\/wp\/v2\/pages\/3164\/revisions\/4161"}],"wp:attachment":[{"href":"https:\/\/neueautos.ch\/fr\/wp-json\/wp\/v2\/media?parent=3164"}],"curies":[{"name":"wp","href":"https:\/\/api.w.org\/{rel}","templated":true}]}}