{"id":3573,"date":"2021-06-23T14:31:57","date_gmt":"2021-06-23T12:31:57","guid":{"rendered":"https:\/\/neueautos.ch\/?page_id=3573"},"modified":"2025-12-11T11:57:00","modified_gmt":"2025-12-11T10:57:00","slug":"contatto","status":"publish","type":"page","link":"https:\/\/neueautos.ch\/it\/contatto\/","title":{"rendered":"CONTATTO"},"content":{"rendered":"<p>[et_\u200bpb_\u200bsection fb_built=\u201c1\u201d custom_padding_last_edited=\u201con|phone\u201d admin_label=\u201cListings\u201d _builder_version=\u201c4.16\u201d custom_margin=\u201d||9px|||\u201d custom_padding=\u201c30px|80px|60px|80px|false|true\u201d custom_padding_tablet=\u201d|40px||40px|false|true\u201d custom_padding_phone=\u201c30px|20px|60px|20px|false|true\u201d global_colors_info=\u201d{}\u201d][et_pb_row use_custom_gutter=\u201con\u201d gutter_width=\u201c2\u201d custom_padding_last_edited=\u201con|phone\u201d admin_label=\u201cShop Area\u201d module_\u200bclass=\u201d et_\u200bpb_\u200brow_\u200bfullwidth\u201d _builder_version=\u201c4.16\u201d width=\u201c100%\u201d width_tablet=\u201c80%\u201d width_last_edited=\u201coff|desktop\u201d max_width=\u201c2340px\u201d max_width_tablet=\u201c80%\u201d max_width_last_edited=\u201coff|desktop\u201d custom_\u200bmargin=\u201d|||\u201d custom_padding=\u201c20px|240px|20px|240px|true|true\u201d custom_padding_tablet=\u201d|0px||0px|true|true\u201d custom_padding_phone=\u201c20px||20px||true|true\u201d animation_style=\u201cslide\u201d animation_direction=\u201cbottom\u201d animation_duration=\u201c600ms\u201d animation_delay=\u201c150ms\u201d animation_intensity_slide=\u201c3%\u201d make_fullwidth=\u201con\u201d global_colors_info=\u201d{}\u201d][et_pb_column type=\u201c4_4\u201d _builder_version=\u201c4.16\u201d custom_\u200bpadding=\u201d|||\u201d global_\u200bcolors_\u200binfo=\u201d{}\u201d custom_padding__hover=\u201d|||\u201d][et_pb_text module_id=\u201ckontakt\u201d _builder_version=\u201c4.16\u201d _module_preset=\u201cdefault\u201d header_2_font=\u201cRoboto Condensed|300||on|||||\u201d header_2_text_align=\u201ccenter\u201d header_2_text_color=\u201c#353535\u201d header_2_font_size=\u201c42px\u201d global_colors_info=\u201d{}\u201d]<\/p>\n<h2>Contatto<\/h2>\n<p>[\/et_pb_text][\/et_pb_column][\/et_pb_row][et_pb_row column_structure=\u201c1_3,1_3,1_3\u201d _builder_version=\u201c4.16\u201d _module_preset=\u201cdefault\u201d width=\u201c100%\u201d animation_style=\u201cslide\u201d animation_direction=\u201cbottom\u201d animation_duration=\u201c600ms\u201d animation_delay=\u201c150ms\u201d animation_intensity_slide=\u201c3%\u201d global_colors_info=\u201d{}\u201d][et_pb_column type=\u201c1_3\u201d _builder_version=\u201c4.16\u201d _module_preset=\u201cdefault\u201d global_colors_info=\u201d{}\u201d][et_pb_image src=\u201chttps:\/\/neueautos.ch\/wp-content\/uploads\/2021\/05\/HYLKI-MUHADRI.jpg\u201d title_text=\u201cHYLKI-MUHADRI\u201d _builder_version=\u201c4.16\u201d _module_preset=\u201cdefault\u201d global_colors_info=\u201d{}\u201d][\/et_pb_image][et_pb_blurb title=\u201cHYLKI MUHADRI\u201d _builder_version=\u201c4.21.0\u201d header_font=\u201cRoboto Condensed|300||on|||||\u201d header_text_align=\u201cleft\u201d header_font_size=\u201c30px\u201d header_letter_spacing=\u201c2px\u201d header_line_height=\u201c1.3em\u201d body_font=\u201cRoboto Con\u00addensed||||||||\u201d body_text_align=\u201cleft\u201d body_text_color=\u201c#777777\u201d body_font_size=\u201c19px\u201d body_line_height=\u201c1.8em\u201d text_orientation=\u201ccenter\u201d custom_margin=\u201d||0px|\u201d custom_padding=\u201d|||20px||\u201d animation=\u201coff\u201d locked=\u201coff\u201d global_colors_info=\u201d{}\u201d]<\/p>\n<p>Ven\u00addi\u00adta \/\u200b Ges\u00adtione dei veicoli<br>Tel: 044 344 14 43<br><a href=\"mailto:verkauf@a-h.ch\"><strong><span style=\"color: #9d1613;\">verkauf@\u200ba-\u200bh.\u200bch<\/span><\/strong><\/a><br>Tedesco \/\u200b Inglese<br>Albanese \/\u200b Ital\u00adiano<\/p>\n<p>[\/et_pb_blurb][\/et_pb_column][et_pb_column type=\u201c1_3\u201d _builder_version=\u201c4.16\u201d _module_preset=\u201cdefault\u201d global_colors_info=\u201d{}\u201d][et_pb_image src=\u201chttps:\/\/neueautos.ch\/wp-content\/uploads\/2021\/05\/SANDRA-FLORESTA.jpg\u201d title_text=\u201cSANDRA-FLORESTA\u201d _builder_version=\u201c4.16\u201d _module_preset=\u201cdefault\u201d global_colors_info=\u201d{}\u201d][\/et_pb_image][et_pb_blurb title=\u201cSANDRA FLORESTA\u201d admin_label=\u201cInformationstext\u201d _builder_version=\u201c4.21.0\u201d header_font=\u201cRoboto Condensed|300||on|||||\u201d header_text_align=\u201cleft\u201d header_font_size=\u201c30px\u201d header_letter_spacing=\u201c2px\u201d header_line_height=\u201c1.3em\u201d body_font=\u201cRoboto Con\u00addensed||||||||\u201d body_text_align=\u201cleft\u201d body_text_color=\u201c#777777\u201d body_font_size=\u201c19px\u201d body_line_height=\u201c1.8em\u201d text_orientation=\u201ccenter\u201d custom_margin=\u201d||0px|\u201d custom_padding=\u201d|||20px||\u201d animation=\u201coff\u201d locked=\u201coff\u201d global_colors_info=\u201d{}\u201d]<\/p>\n<p>Ven\u00addi\u00adta \/\u200b Servizio cli\u00aden\u00adti<br>Tel: 044 344 14 42<br><a href=\"mailto:verkauf@a-h.ch\"><strong><span style=\"color: #9d1613;\">verkauf@\u200ba-\u200bh.\u200bch<\/span><\/strong><\/a><br>Tedesco \/\u200b Francese<br>Ital\u00adiano \/\u200b Inglese<\/p>\n<p>[\/et_pb_blurb][\/et_pb_column][et_pb_column type=\u201c1_3\u201d _builder_version=\u201c4.16\u201d _module_preset=\u201cdefault\u201d global_colors_info=\u201d{}\u201d][\/et_pb_column][\/et_pb_row][et_pb_row use_custom_gutter=\u201con\u201d gutter_width=\u201c2\u201d custom_padding_last_edited=\u201con|phone\u201d admin_label=\u201cShop Area\u201d module_\u200bclass=\u201d et_\u200bpb_\u200brow_\u200bfullwidth\u201d _builder_version=\u201c4.16\u201d width=\u201c100%\u201d width_tablet=\u201c80%\u201d width_last_edited=\u201coff|desktop\u201d max_width_tablet=\u201c80%\u201d max_width_last_edited=\u201coff|desktop\u201d custom_\u200bmargin=\u201d|||\u201d custom_padding=\u201c20px||20px||true|true\u201d custom_padding_tablet=\u201c20px||20px||false|true\u201d custom_padding_phone=\u201c20px||20px||false|true\u201d animation_style=\u201cslide\u201d animation_direction=\u201cbottom\u201d animation_duration=\u201c600ms\u201d animation_delay=\u201c150ms\u201d animation_intensity_slide=\u201c3%\u201d make_fullwidth=\u201con\u201d global_colors_info=\u201d{}\u201d][et_pb_column type=\u201c4_4\u201d _builder_version=\u201c4.16\u201d custom_\u200bpadding=\u201d|||\u201d global_\u200bcolors_\u200binfo=\u201d{}\u201d custom_padding__hover=\u201d|||\u201d][et_pb_text _builder_version=\u201c4.16\u201d _module_preset=\u201cdefault\u201d text_font=\u201cRoboto|300|||||||\u201d text_text_color=\u201c#333333\u201d text_font_size=\u201c18px\u201d text_line_height=\u201c1.6em\u201d link_text_color=\u201c#b21717\u201d ul_font=\u201cRoboto|300|||||||\u201d ul_text_color=\u201d#4f4f4f\u201d ul_font_size=\u201c18px\u201d ul_line_height=\u201c1.5em\u201d header_2_font=\u201cRoboto Condensed|700||on|||||\u201d header_2_text_color=\u201c#424242\u201d header_2_line_height=\u201c1.2em\u201d background_color=\u201c#f7f7f7\u201d custom_padding=\u201c40px|40px|40px|40px|true|true\u201d custom_padding_tablet=\u201c30px|30px|30px|30px|true|true\u201d custom_padding_phone=\u201c30px|30px|30px|30px|true|true\u201d custom_padding_last_edited=\u201con|phone\u201d global_colors_info=\u201d{}\u201d]<\/p>\n<h2 style=\"text-align: left;\">Il suo partner competente dal&nbsp;1978<\/h2>\n<p style=\"text-align: left;\">Auto H\u00f6ngg Zuri\u00adgo \u00e8 sta\u00adta fon\u00adda\u00adta nel 1978 da Mar\u00adco Belfan\u00adti. Dopo la lib\u00ader\u00adal\u00adiz\u00adzazione svizzera delle norme d\u2019importazione nel 1997, siamo sta\u00adti il pri\u00admo impor\u00adta\u00adtore par\u00adal\u00adle\u00adlo riconosci\u00adu\u00adto dall\u2019USTRA (Uffi\u00adcio fed\u00aderale delle strade).<\/p>\n<p style=\"text-align: left;\">Die <strong><a href=\"https:\/\/neueautos.ch\/it\/stampa\/\">Le ref\u00aderen\u00adze e le notizie di stam\u00adpa <\/a><\/strong> ne sono la&nbsp;prova.<\/p>\n<p style=\"text-align: left;\">La nos\u00adtra offic\u00adi\u00adna ero\u00adga tutte le prestazioni per il suo vei\u00adco\u00adlo. Poich\u00e9 siamo un garage mul\u00adti\u00admar\u00adca, non impor\u00adta quale mar\u00adchio di vei\u00adco\u00adlo lei possie\u00adda. I nos\u00adtri col\u00adlab\u00ado\u00adra\u00adtori di lun\u00adga data sono spe\u00adcial\u00adisti nel loro cam\u00adpo e fre\u00adquen\u00adtano rego\u00adlar\u00admente cor\u00adsi di for\u00admazione e sem\u00adi\u00adnari spe\u00adcial\u00adis\u00adti\u00adci. Sono sem\u00adpre al suo fian\u00adco in modo com\u00adpe\u00adtente per rispon\u00addere a qual\u00adsi\u00adasi doman\u00adda lei pos\u00adsa&nbsp;avere.<\/p>\n<p>Il nos\u00adtro obi\u00adet\u00adti\u00advo \u00e8 con\u00adtin\u00aduare a servire anche in futuro centi\u00adna\u00adia di acquiren\u00adti e cli\u00aden\u00adti sod\u00addis\u00adfat\u00adti, anno dopo anno. Spe\u00adri\u00adamo che presto anche lei sia uno di&nbsp;loro!<\/p>\n<h2>IL TITOLARE<\/h2>\n<p>Mar\u00adco Belfan\u00adti si \u00e8 impeg\u00adna\u00adto con mol\u00adta pas\u00adsione per il libero com\u00admer\u00adcio di auto\u00admo\u00adbili nel\u00adla <a href=\"https:\/\/www.vfas.ch\/\" target=\"_blank\" rel=\"noopener\"><strong>VFAS<\/strong><\/a> (Asso\u00adci\u00adazione dei com\u00admer\u00adcianti indipen\u00adden\u00adti di veicoli) e in qual\u00adit\u00e0 di pres\u00adi\u00addente dell\u2019<a href=\"https:\/\/web.archive.org\/web\/20170929090150\/http:\/\/www.eaivt.org\/\" target=\"_blank\" rel=\"noopener\"><strong>E.A.I.V.T.<\/strong><\/a> dal 2005 (Euro\u00adpean Asso\u00adci\u00ada\u00adtion of Inde\u00adpen\u00addent Vehi\u00adcle Traders).<br>\nMar\u00adco Belfan\u00adti \u00e8 sta\u00adto a capo del\u00adla VFAS dal 1996 al 2011. Da molti anni si impeg\u00adna per una polit\u00adi\u00adca dei prezzi equa nel com\u00admer\u00adcio svizze\u00adro di autovet\u00adture. Gra\u00adzie a Mar\u00adco Belfan\u00adti, \u00e8 sta\u00adta cre\u00ada\u00adta un\u2019alternativa ai con\u00adces\u00adsion\u00adari e ai gran\u00addi impor\u00adta\u00adtori, quin\u00addi i con\u00adsuma\u00adtori finali pos\u00adsono anche accedere ad auto pi\u00f9 con\u00adve\u00adni\u00aden\u00adti. Questo \u00e8 l\u2019unico moti\u00advo per cui oggi \u00e8 pos\u00adsi\u00adbile acquistare veicoli con un forte scon\u00adto rispet\u00adto al prez\u00adzo di listi\u00adno di un con\u00adces\u00adsion\u00adario uffi\u00adciale svizzero.&nbsp;<\/p>\n<p>[\/et_pb_text][\/et_pb_column][\/et_pb_row][et_pb_row _builder_version=\u201c4.16\u201d _module_preset=\u201cdefault\u201d width=\u201c100%\u201d animation_style=\u201cslide\u201d animation_direction=\u201cbottom\u201d animation_duration=\u201c600ms\u201d animation_delay=\u201c150ms\u201d animation_intensity_slide=\u201c3%\u201d global_colors_info=\u201d{}\u201d][et_pb_column type=\u201c4_4\u201d _builder_version=\u201c4.16\u201d _module_preset=\u201cdefault\u201d global_colors_info=\u201d{}\u201d][et_pb_text _builder_version=\u201c4.16\u201d _module_preset=\u201cdefault\u201d global_colors_info=\u201d{}\u201d]<\/p>\n<h2>Indirizzo<\/h2>\n<p>Lim\u00admat\u00adtal\u00adstrasse 136, CH-8049 Zurigo<\/p>\n<p>[\/et_pb_text][et_pb_map google_api_key=\u201cAIzaSyBxJ35UTGFyNyjYyv_nIm9ZItQ4N2lhtKE\u201d address=\u201cLimmattalstrasse 136, 8049 Z\u00fcrich, Switzer\u00adland\u201d zoom_level=\u201c15\u201d address_lat=\u201c47.4005788\u201d address_lng=\u201c8.5033116\u201d _builder_version=\u201c4.16\u201d _module_preset=\u201cdefault\u201d global_colors_info=\u201d{}\u201d][et_pb_map_pin pin_address=\u201cLimmattalstrasse 136, 8049 Z\u00fcrich, Switzer\u00adland\u201d pin_address_lat=\u201c47.4005788\u201d pin_address_lng=\u201c8.5033116\u201d _builder_version=\u201c4.7.3\u201d _module_preset=\u201cdefault\u201d global_colors_info=\u201d{}\u201d][\/et_pb_map_pin][\/et_pb_map][\/et_pb_column][\/et_pb_row][\/et_pb_section]<\/p>\n","protected":false},"excerpt":{"rendered":"<p>Con\u00adtat\u00adtoVen\u00addi\u00adta \/\u200b Ges\u00adtione dei veico\u00adl\u00adi\u00adTel: 044 344 14 43verkauf@a-h.chTedesco \/\u200b Ingle\u00adseAl\u00adbanese \/\u200b Ital\u00adianoVen\u00addi\u00adta \/\u200b Servizio cli\u00aden\u00adti\u00adTel: 044 344 14 42verkauf@a-h.chTedesco \/\u200b France\u00adseItal\u00adiano \/\u200b Ingle\u00adseIl suo part\u00adner com\u00adpe\u00adtente dal 1978 Auto H\u00f6ngg Zuri\u00adgo \u00e8 sta\u00adta fon\u00adda\u00adta nel 1978 da Mar\u00adco Belfan\u00adti. Dopo la lib\u00ader\u00adal\u00adiz\u00adzazione svizzera delle norme d\u2019importazione nel 1997, siamo sta\u00adti il pri\u00admo impor\u00adta\u00adtore parallelo&nbsp;[\u2026]<\/p>\n","protected":false},"author":10,"featured_media":0,"parent":0,"menu_order":0,"comment_status":"closed","ping_status":"closed","template":"","meta":{"_et_pb_use_builder":"on","_et_pb_old_content":"[et_pb_section fb_built=\"1\" custom_padding_last_edited=\"on|phone\" admin_label=\"Listings\" _builder_version=\"4.7.3\" custom_margin=\"||9px|||\" custom_padding=\"30px|80px|60px|80px|false|true\" custom_padding_tablet=\"|40px||40px|false|true\" custom_padding_phone=\"30px|20px|60px|20px|false|true\"][et_pb_row use_custom_gutter=\"on\" gutter_width=\"2\" custom_padding_last_edited=\"on|phone\" admin_label=\"Shop Area\" module_class=\" et_pb_row_fullwidth\" _builder_version=\"4.7.3\" width=\"100%\" width_tablet=\"80%\" width_last_edited=\"off|desktop\" max_width=\"2340px\" max_width_tablet=\"80%\" max_width_last_edited=\"off|desktop\" custom_margin=\"|||\" custom_padding=\"20px|240px|20px|240px|true|true\" custom_padding_tablet=\"|0px||0px|true|true\" custom_padding_phone=\"20px||20px||true|true\" animation_style=\"slide\" animation_direction=\"bottom\" animation_duration=\"600ms\" animation_delay=\"150ms\" animation_intensity_slide=\"3%\" make_fullwidth=\"on\"][et_pb_column type=\"4_4\" _builder_version=\"3.25\" custom_padding=\"|||\" custom_padding__hover=\"|||\"][et_pb_text module_id=\"kontakt\" _builder_version=\"4.7.3\" _module_preset=\"default\" header_2_font=\"Roboto Condensed|300||on|||||\" header_2_text_align=\"center\" header_2_text_color=\"#353535\" header_2_font_size=\"42px\"]<h2>Kontakt<\/h2>[\/et_pb_text][\/et_pb_column][\/et_pb_row][et_pb_row column_structure=\"1_3,1_3,1_3\" _builder_version=\"4.7.3\" _module_preset=\"default\" width=\"100%\" animation_style=\"slide\" animation_direction=\"bottom\" animation_duration=\"600ms\" animation_delay=\"150ms\" animation_intensity_slide=\"3%\"][et_pb_column type=\"1_3\" _builder_version=\"4.7.3\" _module_preset=\"default\"][et_pb_image src=\"https:\/\/neueautos.ch\/wp-content\/uploads\/2021\/05\/MARCO-BELFANTI.jpg\" title_text=\"MARCO-BELFANTI\" _builder_version=\"4.7.3\" _module_preset=\"default\"][\/et_pb_image][et_pb_blurb title=\"MARCO BELFANTI\" _builder_version=\"4.7.3\" header_font=\"Roboto Condensed|300||on|||||\" header_text_align=\"left\" header_font_size=\"30px\" header_letter_spacing=\"2px\" header_line_height=\"1.3em\" body_font=\"Roboto Condensed||||||||\" body_text_align=\"left\" body_text_color=\"#777777\" body_font_size=\"19px\" body_line_height=\"1.8em\" text_orientation=\"center\" custom_margin=\"||0px|\" custom_padding=\"|||20px||\" animation=\"off\" locked=\"off\"]Gesch\u00e4ftsf\u00fchrer \/ Inhaber\r\nTel: 044 344 14 44\r\n<strong><span style=\"color: #9d1613;\">verkauf@a-h.ch<\/span><\/strong>\r\nDeutsch \/ Italienisch\r\nEnglisch \/ Franz\u00f6sisch[\/et_pb_blurb][\/et_pb_column][et_pb_column type=\"1_3\" _builder_version=\"4.7.3\" _module_preset=\"default\"][et_pb_image src=\"https:\/\/neueautos.ch\/wp-content\/uploads\/2021\/05\/HYLKI-MUHADRI.jpg\" title_text=\"HYLKI-MUHADRI\" _builder_version=\"4.7.3\" _module_preset=\"default\"][\/et_pb_image][et_pb_blurb title=\"HYLKI MUHADRI\" _builder_version=\"4.7.3\" header_font=\"Roboto Condensed|300||on|||||\" header_text_align=\"left\" header_font_size=\"30px\" header_letter_spacing=\"2px\" header_line_height=\"1.3em\" body_font=\"Roboto Condensed||||||||\" body_text_align=\"left\" body_text_color=\"#777777\" body_font_size=\"19px\" body_line_height=\"1.8em\" text_orientation=\"center\" custom_margin=\"||0px|\" custom_padding=\"|||20px||\" animation=\"off\" locked=\"off\"]Verkauf \/ Fahrzeugdisposition\r\nTel: 044 344 14 43\r\n<strong><span style=\"color: #9d1613;\">verkauf@a-h.ch<\/span><\/strong>\r\nDeutsch \/ Englisch\r\nAlbanisch \/ Italienisch[\/et_pb_blurb][\/et_pb_column][et_pb_column type=\"1_3\" _builder_version=\"4.7.3\" _module_preset=\"default\"][et_pb_image src=\"https:\/\/neueautos.ch\/wp-content\/uploads\/2021\/05\/SANDRA-FLORESTA.jpg\" title_text=\"SANDRA-FLORESTA\" _builder_version=\"4.7.3\" _module_preset=\"default\"][\/et_pb_image][et_pb_blurb title=\"SANDRA FLORESTA\" _builder_version=\"4.7.3\" header_font=\"Roboto Condensed|300||on|||||\" header_text_align=\"left\" header_font_size=\"30px\" header_letter_spacing=\"2px\" header_line_height=\"1.3em\" body_font=\"Roboto Condensed||||||||\" body_text_align=\"left\" body_text_color=\"#777777\" body_font_size=\"19px\" body_line_height=\"1.8em\" text_orientation=\"center\" custom_margin=\"||0px|\" custom_padding=\"|||20px||\" animation=\"off\" locked=\"off\"]Verkauf \/ Kundendienst\r\nTel: 044 344 14 42\r\n<strong><span style=\"color: #9d1613;\">verkauf@a-h.ch<\/span><\/strong>\r\nDeutsch \/ Franz\u00f6sisch\r\nItalienisch \/ Englisch[\/et_pb_blurb][\/et_pb_column][\/et_pb_row][et_pb_row column_structure=\"1_3,1_3,1_3\" custom_padding_last_edited=\"on|phone\" _builder_version=\"4.7.3\" _module_preset=\"default\" width=\"100%\" custom_margin=\"||||false|false\" custom_padding=\"||||false|false\" custom_padding_tablet=\"\" custom_padding_phone=\"0px||||false|false\" animation_style=\"slide\" animation_direction=\"bottom\" animation_duration=\"600ms\" animation_delay=\"150ms\" animation_intensity_slide=\"3%\"][et_pb_column type=\"1_3\" _builder_version=\"4.7.3\" _module_preset=\"default\"][et_pb_image src=\"https:\/\/neueautos.ch\/wp-content\/uploads\/2021\/05\/MARIO-SANTOLI-1.jpg\" title_text=\"MARIO-SANTOLI\" _builder_version=\"4.7.3\" _module_preset=\"default\"][\/et_pb_image][et_pb_blurb title=\"MARIO SANTOLI\" _builder_version=\"4.7.3\" header_font=\"Roboto Condensed|300||on|||||\" header_text_align=\"left\" header_font_size=\"30px\" header_letter_spacing=\"2px\" header_line_height=\"1.3em\" body_font=\"Roboto Condensed||||||||\" body_text_align=\"left\" body_text_color=\"#777777\" body_font_size=\"19px\" body_line_height=\"1.8em\" text_orientation=\"center\" custom_margin=\"||0px|\" custom_padding=\"|||20px||\" animation=\"off\" locked=\"off\"]<p>Werkstatt-Chef Garage und Spenglerei<br \/>Tel: 044 341 00 00<br \/><a href=\"mailto:service@a-h.ch\"><strong><span style=\"color: #9d1613;\">service@a-h.ch<\/span><\/strong><\/a><br \/>Deutsch \/ Italienisch<\/p>[\/et_pb_blurb][\/et_pb_column][et_pb_column type=\"1_3\" _builder_version=\"4.7.3\" _module_preset=\"default\"][et_pb_image src=\"https:\/\/neueautos.ch\/wp-content\/uploads\/2021\/05\/FLAVIO-CIANCIARULO-1.jpg\" title_text=\"FLAVIO-CIANCIARULO\" _builder_version=\"4.7.3\" _module_preset=\"default\"][\/et_pb_image][et_pb_blurb title=\"FLAVIO CIANCIARULO\" _builder_version=\"4.7.3\" header_font=\"Roboto Condensed|300||on|||||\" header_text_align=\"left\" header_font_size=\"30px\" header_letter_spacing=\"2px\" header_line_height=\"1.3em\" body_font=\"Roboto Condensed||||||||\" body_text_align=\"left\" body_text_color=\"#777777\" body_font_size=\"19px\" body_line_height=\"1.8em\" text_orientation=\"center\" custom_margin=\"||0px|\" custom_padding=\"|||20px||\" animation=\"off\" locked=\"off\"]<p>Automobil-Fachmann EFZ<br \/>Tel: 044 341 00 00<br \/><strong><span style=\"color: #9d1613;\">verkauf@a-h.ch<\/span><\/strong><br \/>Deutsch \/ Italienisch \/ Englisch<\/p>[\/et_pb_blurb][\/et_pb_column][et_pb_column type=\"1_3\" _builder_version=\"4.7.3\" _module_preset=\"default\"][\/et_pb_column][\/et_pb_row][et_pb_row use_custom_gutter=\"on\" gutter_width=\"2\" custom_padding_last_edited=\"on|phone\" admin_label=\"Shop Area\" module_class=\" et_pb_row_fullwidth\" _builder_version=\"4.7.3\" width=\"100%\" width_tablet=\"80%\" width_last_edited=\"off|desktop\" max_width_tablet=\"80%\" max_width_last_edited=\"off|desktop\" custom_margin=\"|||\" custom_padding=\"20px||20px||true|true\" custom_padding_tablet=\"20px||20px||false|true\" custom_padding_phone=\"20px||20px||false|true\" animation_style=\"slide\" animation_direction=\"bottom\" animation_duration=\"600ms\" animation_delay=\"150ms\" animation_intensity_slide=\"3%\" make_fullwidth=\"on\"][et_pb_column type=\"4_4\" _builder_version=\"3.25\" custom_padding=\"|||\" custom_padding__hover=\"|||\"][et_pb_text _builder_version=\"4.7.3\" _module_preset=\"default\" text_font=\"Roboto|300|||||||\" text_text_color=\"#333333\" text_font_size=\"18px\" text_line_height=\"1.6em\" link_text_color=\"#b21717\" ul_font=\"Roboto|300|||||||\" ul_text_color=\"#4f4f4f\" ul_font_size=\"18px\" ul_line_height=\"1.5em\" header_2_font=\"Roboto Condensed|700||on|||||\" header_2_text_color=\"#424242\" header_2_line_height=\"1.2em\" background_color=\"#f7f7f7\" custom_padding=\"40px|40px|40px|40px|true|true\" custom_padding_tablet=\"30px|30px|30px|30px|true|true\" custom_padding_phone=\"30px|30px|30px|30px|true|true\" custom_padding_last_edited=\"on|phone\" hover_enabled=\"0\" sticky_enabled=\"0\"]<h2 style=\"text-align: left;\">Ihr kompetenter Partner seit 1978<\/h2>\r\n<p style=\"text-align: left;\">Die Auto H\u00f6ngg Z\u00fcrich wurde 1978 von Marco Belfanti gegr\u00fcndet. Nach der schweizerischen Liberalisierung der Importbestimmungen im Jahr 1997 waren wir der erste vom ASTRA (Amt f\u00fcr Strassen) anerkannte Parallelimporteur.<\/p>\r\n<p style=\"text-align: left;\">Die <strong><a href=\"https:\/\/neueautos.ch\/presse\/\">Referenzen und Presseberichte<\/a><\/strong> sind einschl\u00e4gig.<\/p>\r\n<p style=\"text-align: left;\">Unsere Werkstatt erbringt s\u00e4mtliche Leistungen rund um Ihr Fahrzeug. Da wir eine Multimarkengarage sind, spielt es keine Rolle, welche Fahrzeugmarke Sie besitzen. Unsere langj\u00e4hrigen Mitarbeiter sind Spezialisten auf ihrem Gebiet und besuchen regelm\u00e4ssig Weiterbildungen und Fachseminare. F\u00fcr s\u00e4mtliche Fragen stehen sie Ihnen stets kompetent zur Seite.<\/p>\r\n<p>Unser Ziel ist es, auch in Zukunft Jahr f\u00fcr Jahr hunderte von zufriedenen K\u00e4ufern und Kunden zu bedienen. Wir freuen uns darauf, Sie bald dazu zu z\u00e4hlen!<\/p>\r\n<h2>DER INHABER<\/h2>\r\n<p>Mit grosser Leidenschaft engagierte sich Marco Belfanti beim <a href=\"https:\/\/www.vfas.ch\/\" target=\"_blank\" rel=\"noopener\"><strong>VFAS<\/strong><\/a> (Verband freier Autohandel Schweiz) und seit 2005 als Vorsitzender des <a href=\"https:\/\/web.archive.org\/web\/20170929090150\/http:\/\/www.eaivt.org\/\" target=\"_blank\" rel=\"noopener\"><strong>E.A.I.V.T.<\/strong><\/a> (European Association of Independent Vehicle Traders) f\u00fcr den freien Autohandel.<br \/>Marco Belfanti leitete den VFAS von 1996 bis 2011. Er setzt sich seit vielen Jahren f\u00fcr eine faire Preispolitik im Schweizer Autohandel ein. Dank Marco Belfanti wurde eine Alternative zu den Markenvertretungen und Grossimporteuren geschaffen \u2013 und damit auch g\u00fcnstigere Autos f\u00fcr Endkonsumenten m\u00f6glich. Nur deshalb k\u00f6nnen Sie heute Fahrzeuge mit grossem Preisnachlass im Vergleich zum Listenpreis eines offiziellen Schweizer Markenh\u00e4ndlers erstehen.<\/p>\r\n[\/et_pb_text][\/et_pb_column][\/et_pb_row][et_pb_row _builder_version=\"4.7.3\" _module_preset=\"default\" width=\"100%\" animation_style=\"slide\" animation_direction=\"bottom\" animation_duration=\"600ms\" animation_delay=\"150ms\" animation_intensity_slide=\"3%\"][et_pb_column type=\"4_4\" _builder_version=\"4.7.3\" _module_preset=\"default\"][et_pb_text _builder_version=\"4.7.3\" _module_preset=\"default\"]<h2>Adresse<\/h2>\r\n<p>Limmattalstrasse 136, CH-8049 Z\u00fcrich<\/p>[\/et_pb_text][et_pb_map google_api_key=\"AIzaSyBxJ35UTGFyNyjYyv_nIm9ZItQ4N2lhtKE\" address=\"Limmattalstrasse 136, 8049 Z\u00fcrich, Switzerland\" zoom_level=\"15\" address_lat=\"47.4005788\" address_lng=\"8.5033116\" _builder_version=\"4.7.3\" _module_preset=\"default\"][et_pb_map_pin pin_address=\"Limmattalstrasse 136, 8049 Z\u00fcrich, Switzerland\" pin_address_lat=\"47.4005788\" pin_address_lng=\"8.5033116\" _builder_version=\"4.7.3\" _module_preset=\"default\"][\/et_pb_map_pin][\/et_pb_map][\/et_pb_column][\/et_pb_row][\/et_pb_section]","_et_gb_content_width":"","inline_featured_image":false,"wp_typography_post_enhancements_disabled":false},"acf":[],"yoast_head":"<!-- This site is optimized with the Yoast SEO plugin v20.8 - https:\/\/yoast.com\/wordpress\/plugins\/seo\/ -->\n<title>CONTATTO - Neueautos<\/title>\n<meta name=\"description\" content=\"Dalla nostra fondazione nel 1978, abbiamo avuto diverse migliaia di clienti soddisfatti che stimiamo molto.\" \/>\n<meta name=\"robots\" content=\"index, follow, max-snippet:-1, max-image-preview:large, max-video-preview:-1\" \/>\n<link rel=\"canonical\" href=\"https:\/\/neueautos.ch\/it\/contatto\/\" \/>\n<meta property=\"og:locale\" content=\"it_IT\" \/>\n<meta property=\"og:type\" content=\"article\" \/>\n<meta property=\"og:title\" content=\"Contatto\" \/>\n<meta property=\"og:description\" content=\"Dalla nostra fondazione nel 1978, abbiamo avuto diverse migliaia di clienti soddisfatti che stimiamo molto.\" \/>\n<meta property=\"og:url\" content=\"https:\/\/neueautos.ch\/it\/contatto\/\" \/>\n<meta property=\"og:site_name\" content=\"Neueautos\" \/>\n<meta property=\"article:modified_time\" content=\"2025-12-11T10:57:00+00:00\" \/>\n<meta property=\"og:image\" content=\"https:\/\/neueautos.ch\/wp-content\/uploads\/2021\/06\/ah-logo-1.png\" \/>\n<meta name=\"twitter:card\" content=\"summary_large_image\" \/>\n<meta name=\"twitter:title\" content=\"Contatto\" \/>\n<meta name=\"twitter:description\" content=\"Dalla nostra fondazione nel 1978, abbiamo avuto diverse migliaia di clienti soddisfatti che stimiamo molto.\" \/>\n<meta name=\"twitter:image\" content=\"https:\/\/neueautos.ch\/wp-content\/uploads\/2021\/06\/ah-logo-1.png\" \/>\n<meta name=\"twitter:label1\" content=\"Tempo di lettura stimato\" \/>\n\t<meta name=\"twitter:data1\" content=\"4 minuti\" \/>\n<script type=\"application\/ld+json\" class=\"yoast-schema-graph\">{\"@context\":\"https:\/\/schema.org\",\"@graph\":[{\"@type\":\"WebPage\",\"@id\":\"https:\/\/neueautos.ch\/it\/contatto\/\",\"url\":\"https:\/\/neueautos.ch\/it\/contatto\/\",\"name\":\"CONTATTO - Neueautos\",\"isPartOf\":{\"@id\":\"https:\/\/neueautos.ch\/#website\"},\"datePublished\":\"2021-06-23T12:31:57+00:00\",\"dateModified\":\"2025-12-11T10:57:00+00:00\",\"description\":\"Dalla nostra fondazione nel 1978, abbiamo avuto diverse migliaia di clienti soddisfatti che stimiamo molto.\",\"breadcrumb\":{\"@id\":\"https:\/\/neueautos.ch\/it\/contatto\/#breadcrumb\"},\"inLanguage\":\"it-IT\",\"potentialAction\":[{\"@type\":\"ReadAction\",\"target\":[\"https:\/\/neueautos.ch\/it\/contatto\/\"]}]},{\"@type\":\"BreadcrumbList\",\"@id\":\"https:\/\/neueautos.ch\/it\/contatto\/#breadcrumb\",\"itemListElement\":[{\"@type\":\"ListItem\",\"position\":1,\"name\":\"Home\",\"item\":\"https:\/\/neueautos.ch\/it\/\"},{\"@type\":\"ListItem\",\"position\":2,\"name\":\"CONTATTO\"}]},{\"@type\":\"WebSite\",\"@id\":\"https:\/\/neueautos.ch\/#website\",\"url\":\"https:\/\/neueautos.ch\/\",\"name\":\"Neueautos\",\"description\":\"\",\"potentialAction\":[{\"@type\":\"SearchAction\",\"target\":{\"@type\":\"EntryPoint\",\"urlTemplate\":\"https:\/\/neueautos.ch\/?s={search_term_string}\"},\"query-input\":\"required name=search_term_string\"}],\"inLanguage\":\"it-IT\"}]}<\/script>\n<!-- \/ Yoast SEO plugin. -->","yoast_head_json":{"title":"CONTATTO - Neueautos","description":"Dalla nostra fondazione nel 1978, abbiamo avuto diverse migliaia di clienti soddisfatti che stimiamo molto.","robots":{"index":"index","follow":"follow","max-snippet":"max-snippet:-1","max-image-preview":"max-image-preview:large","max-video-preview":"max-video-preview:-1"},"canonical":"https:\/\/neueautos.ch\/it\/contatto\/","og_locale":"it_IT","og_type":"article","og_title":"Contatto","og_description":"Dalla nostra fondazione nel 1978, abbiamo avuto diverse migliaia di clienti soddisfatti che stimiamo molto.","og_url":"https:\/\/neueautos.ch\/it\/contatto\/","og_site_name":"Neueautos","article_modified_time":"2025-12-11T10:57:00+00:00","og_image":[{"url":"https:\/\/neueautos.ch\/wp-content\/uploads\/2021\/06\/ah-logo-1.png"}],"twitter_card":"summary_large_image","twitter_title":"Contatto","twitter_description":"Dalla nostra fondazione nel 1978, abbiamo avuto diverse migliaia di clienti soddisfatti che stimiamo molto.","twitter_image":"https:\/\/neueautos.ch\/wp-content\/uploads\/2021\/06\/ah-logo-1.png","twitter_misc":{"Tempo di lettura stimato":"4 minuti"},"schema":{"@context":"https:\/\/schema.org","@graph":[{"@type":"WebPage","@id":"https:\/\/neueautos.ch\/it\/contatto\/","url":"https:\/\/neueautos.ch\/it\/contatto\/","name":"CONTATTO - Neueautos","isPartOf":{"@id":"https:\/\/neueautos.ch\/#website"},"datePublished":"2021-06-23T12:31:57+00:00","dateModified":"2025-12-11T10:57:00+00:00","description":"Dalla nostra fondazione nel 1978, abbiamo avuto diverse migliaia di clienti soddisfatti che stimiamo molto.","breadcrumb":{"@id":"https:\/\/neueautos.ch\/it\/contatto\/#breadcrumb"},"inLanguage":"it-IT","potentialAction":[{"@type":"ReadAction","target":["https:\/\/neueautos.ch\/it\/contatto\/"]}]},{"@type":"BreadcrumbList","@id":"https:\/\/neueautos.ch\/it\/contatto\/#breadcrumb","itemListElement":[{"@type":"ListItem","position":1,"name":"Home","item":"https:\/\/neueautos.ch\/it\/"},{"@type":"ListItem","position":2,"name":"CONTATTO"}]},{"@type":"WebSite","@id":"https:\/\/neueautos.ch\/#website","url":"https:\/\/neueautos.ch\/","name":"Neueautos","description":"","potentialAction":[{"@type":"SearchAction","target":{"@type":"EntryPoint","urlTemplate":"https:\/\/neueautos.ch\/?s={search_term_string}"},"query-input":"required name=search_term_string"}],"inLanguage":"it-IT"}]}},"_links":{"self":[{"href":"https:\/\/neueautos.ch\/it\/wp-json\/wp\/v2\/pages\/3573"}],"collection":[{"href":"https:\/\/neueautos.ch\/it\/wp-json\/wp\/v2\/pages"}],"about":[{"href":"https:\/\/neueautos.ch\/it\/wp-json\/wp\/v2\/types\/page"}],"author":[{"embeddable":true,"href":"https:\/\/neueautos.ch\/it\/wp-json\/wp\/v2\/users\/10"}],"replies":[{"embeddable":true,"href":"https:\/\/neueautos.ch\/it\/wp-json\/wp\/v2\/comments?post=3573"}],"version-history":[{"count":10,"href":"https:\/\/neueautos.ch\/it\/wp-json\/wp\/v2\/pages\/3573\/revisions"}],"predecessor-version":[{"id":7136,"href":"https:\/\/neueautos.ch\/it\/wp-json\/wp\/v2\/pages\/3573\/revisions\/7136"}],"wp:attachment":[{"href":"https:\/\/neueautos.ch\/it\/wp-json\/wp\/v2\/media?parent=3573"}],"curies":[{"name":"wp","href":"https:\/\/api.w.org\/{rel}","templated":true}]}}