{"id":3595,"date":"2021-06-23T14:12:13","date_gmt":"2021-06-23T12:12:13","guid":{"rendered":"https:\/\/neueautos.ch\/?page_id=3595"},"modified":"2025-09-08T10:58:41","modified_gmt":"2025-09-08T08:58:41","slug":"importazione","status":"publish","type":"page","link":"https:\/\/neueautos.ch\/it\/importazione\/","title":{"rendered":"IMPORTAZIONE"},"content":{"rendered":"<p>[et_\u200bpb_\u200bsection fb_built=\u201c1\u201d custom_padding_last_edited=\u201con|phone\u201d admin_label=\u201cListings\u201d _builder_version=\u201c4.16\u201d background_color=\u201crgba(0,0,0,0)\u201d custom_padding=\u201c30px|80px|60px|80px|false|true\u201d custom_padding_tablet=\u201d|40px||40px|false|true\u201d custom_padding_phone=\u201c30px|20px|60px|20px|false|true\u201d global_colors_info=\u201d{}\u201d][et_pb_row use_custom_gutter=\u201con\u201d gutter_width=\u201c2\u201d custom_padding_last_edited=\u201con|phone\u201d admin_label=\u201cShop Area\u201d module_\u200bclass=\u201d et_\u200bpb_\u200brow_\u200bfullwidth\u201d _builder_version=\u201c4.16\u201d width=\u201c100%\u201d width_tablet=\u201c80%\u201d width_last_edited=\u201coff|desktop\u201d max_width=\u201c2340px\u201d max_width_tablet=\u201c80%\u201d max_width_last_edited=\u201coff|desktop\u201d custom_\u200bmargin=\u201d|||\u201d custom_padding=\u201c20px|240px|20px|240px|true|true\u201d custom_padding_tablet=\u201d|0px||0px|true|true\u201d custom_padding_phone=\u201c20px||20px||true|true\u201d animation_style=\u201cslide\u201d animation_direction=\u201cbottom\u201d animation_duration=\u201c600ms\u201d animation_delay=\u201c150ms\u201d animation_intensity_slide=\u201c3%\u201d make_fullwidth=\u201con\u201d global_\u200bcolors_\u200binfo=\u201d{}\u201d custom_padding__hover_enabled=\u201coff|desktop\u201d][et_pb_column type=\u201c4_4\u201d _builder_version=\u201c4.16\u201d custom_\u200bpadding=\u201d|||\u201d global_\u200bcolors_\u200binfo=\u201d{}\u201d custom_padding__hover=\u201d|||\u201d][et_pb_text _builder_version=\u201c4.16\u201d _module_preset=\u201cdefault\u201d header_2_font=\u201cRoboto Condensed|300||on|||||\u201d header_2_text_align=\u201ccenter\u201d header_2_text_color=\u201c#383838\u201d header_2_font_size=\u201c42px\u201d header_2_line_height=\u201c1.1em\u201d custom_padding=\u201c9px|||||\u201d global_colors_info=\u201d{}\u201d]<\/p>\n<h2>COSA SIGNIFICA IMPORTAZIONE DIRETTA?<\/h2>\n<p>[\/et_pb_text][\/et_pb_column][\/et_pb_row][et_pb_row use_custom_gutter=\u201con\u201d gutter_width=\u201c2\u201d custom_padding_last_edited=\u201con|phone\u201d admin_label=\u201cShop Area\u201d module_\u200bclass=\u201d et_\u200bpb_\u200brow_\u200bfullwidth\u201d _builder_version=\u201c4.16\u201d width=\u201c100%\u201d width_tablet=\u201c80%\u201d width_last_edited=\u201coff|desktop\u201d max_width_tablet=\u201c80%\u201d max_width_last_edited=\u201coff|desktop\u201d custom_\u200bmargin=\u201d|||\u201d custom_padding=\u201c20px||20px||true|true\u201d custom_\u200bpadding_\u200btablet=\u201d\u201d custom_\u200bpadding_\u200bphone=\u201d\u201d animation_style=\u201cslide\u201d animation_direction=\u201cbottom\u201d animation_duration=\u201c600ms\u201d animation_delay=\u201c150ms\u201d animation_intensity_slide=\u201c3%\u201d make_fullwidth=\u201con\u201d global_colors_info=\u201d{}\u201d][et_pb_column type=\u201c4_4\u201d _builder_version=\u201c4.16\u201d custom_\u200bpadding=\u201d|||\u201d global_\u200bcolors_\u200binfo=\u201d{}\u201d custom_padding__hover=\u201d|||\u201d][et_pb_text _builder_version=\u201c4.21.0\u201d _module_preset=\u201cdefault\u201d text_font=\u201cRoboto|300|||||||\u201d text_text_color=\u201c#333333\u201d text_font_size=\u201c18px\u201d text_line_height=\u201c1.6em\u201d link_text_color=\u201c#bc3918\u201d ul_font=\u201cRoboto|300|||||||\u201d ul_text_color=\u201d#4f4f4f\u201d ul_font_size=\u201c18px\u201d ul_line_height=\u201c1.5em\u201d header_2_font=\u201cRoboto Condensed|700||on|||||\u201d header_2_text_color=\u201c#424242\u201d header_2_line_height=\u201c1.2em\u201d background_color=\u201c#f7f7f7\u201d custom_padding=\u201c40px|40px|40px|40px|true|true\u201d custom_padding_tablet=\u201c30px|30px|30px|30px|true|true\u201d custom_\u200bpadding_\u200bphone=\u201d\u201d custom_padding_last_edited=\u201con|phone\u201d hover_enabled=\u201c0\u201d global_\u200bcolors_\u200binfo=\u201d{}\u201d sticky_enabled=\u201c0\u201d]<\/p>\n<h2>In Svizzera tutti i veicoli sono d\u2019importazione<\/h2>\n<p>L\u2019importazione viene effet\u00adtua\u00adta per\u00adlop\u00adi\u00f9 dai pro\u00addut\u00adtori stes\u00adsi o dai loro impor\u00adta\u00adtori. Il prez\u00adzo di ven\u00addi\u00adta viene quin\u00addi adegua\u00adto al potere d\u2019acquisto svizze\u00adro. Importare diret\u00adta\u00admente sig\u00adnifi\u00adca acquistare gli stes\u00adsi veicoli in Europa, dove sono pi\u00f9 economici.<\/p>\n<p>Fino alla fine degli anni \u201890, l\u2019acquisto di un\u2019auto in Svizzera era pos\u00adsi\u00adbile solo tramite un con\u00adces\u00adsion\u00adario. Il risul\u00adta\u00adto \u00e8 sta\u00adto che il mer\u00adca\u00adto non pote\u00adva muover\u00adsi lib\u00adera\u00admente e le auto nuove era\u00adno molto pi\u00f9 cos\u00adtose che nel resto d\u2019Europa. La situ\u00adazione \u00e8 cam\u00adbi\u00ada\u00adta con la lib\u00ader\u00adal\u00adiz\u00adzazione delle impor\u00adtazioni. Dal 1997 la Svizzera ha riconosci\u00adu\u00adto l\u2019omologazione UE per le autovet\u00adture. Ci\u00f2 ha per\u00adme\u00ads\u00adso di imma\u00adtri\u00adco\u00adlare i veicoli con l\u2019omologazione euro\u00adpea. Ma \u00e8 sta\u00adto il fran\u00adco svizze\u00adro forte che ha davvero dato una spin\u00adta all\u2019attivit\u00e0 di importazione.<\/p>\n<p>Gra\u00adzie al mer\u00adca\u00adto auto\u00admo\u00adbilis\u00adti\u00adco libero e alle impor\u00adtazioni dirette, tut\u00adti i veicoli in Svizzera sono diven\u00adtati pi\u00f9 eco\u00adnomi\u00adci. Oggi pos\u00adsi\u00adamo dire che tutte le auto nuove costano il 20-30% in meno rispet\u00adto a 10 anni&nbsp;fa.<\/p>\n<p>Nel 1997, noi di Auto H\u00f6ngg Zuri\u00adgo siamo sta\u00adti tra i pri\u00admi a offrire veicoli di impor\u00adtazione diret\u00adta, quin\u00addi abbi\u00adamo una vas\u00adta espe\u00adrien\u00adza pluri\u00aden\u00adnale in questo set\u00adtore. Oggi offri\u00adamo veicoli nuovi e usati di impor\u00adtazione diret\u00adta e impor\u00adtati in Svizzera dai produttori.<\/p>\n<p>Nel nos\u00adtro par\u00adco veicoli a Zuri\u00adgo H\u00f6ngg, ci sono sem\u00adpre veicoli nuovi di pri\u00adma qual\u00adit\u00e0 con gran\u00addi scon\u00adti. Da noi pu\u00f2 anche trovare veicoli di sec\u00adon\u00adda mano recen\u00adti e di qual\u00adit\u00e0. Dia un\u2019occhiata e si las\u00adci con\u00advin\u00adcere dalle nos\u00adtre inter\u00ades\u00adsan\u00adti offerte..<\/p>\n<h3>&nbsp;<\/h3>\n<h3>POTREBBE ESSERE INTERESSATO ANCHE&nbsp;A<\/h3>\n<ul>\n<li><a href=\"https:\/\/neueautos.ch\/it\/immatricolazione-in-svizzera\/\">Imma\u00adtri\u00adco\u00adlazione in Svizzera<\/a><\/li>\n<\/ul>\n<p>[\/et_pb_text][\/et_pb_column][\/et_pb_row][\/et_pb_section][et_pb_section fb_built=\u201c1\u201d admin_label=\u201cListings\u201d module_class=\u201cow_front_auto\u201d _builder_version=\u201c4.16\u201d background_color=\u201crgba(0,0,0,0)\u201d custom_padding=\u201c50px|80px|60px|80px|false|true\u201d global_colors_info=\u201d{}\u201d][et_pb_row use_custom_gutter=\u201con\u201d gutter_width=\u201c2\u201d make_equal=\u201con\u201d admin_label=\u201cShop Area\u201d module_\u200bclass=\u201d et_\u200bpb_\u200brow_\u200bfullwidth\u201d _builder_version=\u201c4.16\u201d width=\u201c100%\u201d width_tablet=\u201cauto\u201d width_\u200bphone=\u201d\u201d width_last_edited=\u201con|desktop\u201d max_width=\u201c1440px\u201d max_width_tablet=\u201c100%\u201d max_\u200bwidth_\u200bphone=\u201d\u201d max_width_last_edited=\u201con|tablet\u201d custom_\u200bmargin=\u201d|||\u201d custom_\u200bpadding=\u201d|||\u201d animation_style=\u201cslide\u201d animation_direction=\u201cbottom\u201d animation_duration=\u201c600ms\u201d animation_delay=\u201c150ms\u201d animation_intensity_slide=\u201c3%\u201d make_fullwidth=\u201con\u201d global_\u200bcolors_\u200binfo=\u201d{}\u201d width__hover_enabled=\u201coff|desktop\u201d][et_pb_column type=\u201c4_4\u201d _builder_version=\u201c4.16\u201d background_color=\u201crgba(0,0,0,0)\u201d custom_\u200bpadding=\u201d|||\u201d global_\u200bcolors_\u200binfo=\u201d{}\u201d custom_\u200bpadding_\u200b_\u200bhover=\u201d|||\u201d transform_styles__hover_enabled=\u201con|hover\u201d transform_scale__hover_enabled=\u201con|hover\u201d transform_translate__hover_enabled=\u201con|desktop\u201d transform_rotate__hover_enabled=\u201con|desktop\u201d transform_skew__hover_enabled=\u201con|desktop\u201d transform_origin__hover_enabled=\u201con|desktop\u201d][et_pb_text _builder_version=\u201c4.16\u201d _module_preset=\u201cdefault\u201d header_2_font=\u201cRoboto Condensed|300||on|||||\u201d header_2_text_align=\u201ccenter\u201d header_2_text_color=\u201c#383838\u201d header_2_font_size=\u201c42px\u201d custom_padding=\u201c9px|||||\u201d global_colors_info=\u201d{}\u201d]<\/p>\n<h2>LE NOSTRE MIGLIORI OFFERTE<\/h2>\n<p>[\/et_pb_text][et_pb_text admin_label=\u201cText\u201d _builder_version=\u201c4.16\u201d _module_preset=\u201cdefault\u201d text_font=\u201cRoboto|300|||||||\u201d text_text_color=\u201c#333333\u201d text_font_size=\u201c18px\u201d ul_font=\u201cRoboto|300|||||||\u201d ul_text_color=\u201d#4f4f4f\u201d ul_font_size=\u201c18px\u201d ul_line_height=\u201c1.5em\u201d header_2_font=\u201cRoboto Condensed|700|||||||\u201d header_2_text_color=\u201d#2d2d2d\u201d header_2_line_height=\u201c1.2em\u201d custom_padding=\u201c0px||0px|0px||\u201d global_\u200bcolors_\u200binfo=\u201d{}\u201d transform_styles__hover_enabled=\u201con|hover\u201d transform_scale__hover_enabled=\u201con|hover\u201d transform_translate__hover_enabled=\u201con|desktop\u201d transform_rotate__hover_enabled=\u201con|desktop\u201d transform_skew__hover_enabled=\u201con|desktop\u201d transform_origin__hover_enabled=\u201con|desktop\u201d]<\/p>\n<div class=\"ow_autos_wrapper\"><div class=\"ow_autos_body\" data-show=\"0\"><div class=\"ow_autos_list\"><div class=\"ow_autos_filters ow_autos_list_fullwidth\"><div class=\"ow_autos_filter_item\"><input type=\"radio\" id=\"az\" name=\"order\" value=\"title_ASC\" checked><label for=\"az\">A-Z<\/label><\/div><div class=\"ow_autos_filter_item\"><input type=\"radio\" id=\"preis_desc\" name=\"order\" value=\"preis_DESC\"><label for=\"preis_desc\">Prez\u00adzo decrescente<\/label><\/div><div class=\"ow_autos_filter_item\"><input type=\"radio\" id=\"preis_asc\" name=\"order\" value=\"preis_ASC\"><label for=\"preis_asc\">Prez\u00adzo crescente<\/label><\/div><\/div><div class=\"ow_auto_item\"><div class=\"ow_auto_item_image\"><div class=\"ow_auto_item_image_slide\"><div class=\"ow_galery_image_bg\"><img data-lazy=\"https:\/\/neueautos.ch\/wp-content\/themes\/Divi-Child\/actions\/zipContents\/475254105389.jpg\"><\/div><\/div><div class=\"ow_auto_item_image_slide\"><div class=\"ow_galery_image_bg\"><img data-lazy=\"https:\/\/neueautos.ch\/wp-content\/themes\/Divi-Child\/actions\/zipContents\/475254105389_2.jpg\"><\/div><\/div><div class=\"ow_auto_item_image_slide\"><div class=\"ow_galery_image_bg\"><img data-lazy=\"https:\/\/neueautos.ch\/wp-content\/themes\/Divi-Child\/actions\/zipContents\/475254105389_3.jpg\"><\/div><\/div><div class=\"ow_auto_item_image_slide\"><div class=\"ow_galery_image_bg\"><img data-lazy=\"https:\/\/neueautos.ch\/wp-content\/themes\/Divi-Child\/actions\/zipContents\/475254105389_4.jpg\"><\/div><\/div><div class=\"ow_auto_item_image_slide\"><div class=\"ow_galery_image_bg\"><img data-lazy=\"https:\/\/neueautos.ch\/wp-content\/themes\/Divi-Child\/actions\/zipContents\/475254105389_5.jpg\"><\/div><\/div><div class=\"ow_auto_item_image_slide\"><div class=\"ow_galery_image_bg\"><img data-lazy=\"https:\/\/neueautos.ch\/wp-content\/themes\/Divi-Child\/actions\/zipContents\/475254105389_6.jpg\"><\/div><\/div><div class=\"ow_auto_item_image_slide\"><div class=\"ow_galery_image_bg\"><img data-lazy=\"https:\/\/neueautos.ch\/wp-content\/themes\/Divi-Child\/actions\/zipContents\/475254105389_7.jpg\"><\/div><\/div><div class=\"ow_auto_item_image_slide\"><div class=\"ow_galery_image_bg\"><img data-lazy=\"https:\/\/neueautos.ch\/wp-content\/themes\/Divi-Child\/actions\/zipContents\/475254105389_8.jpg\"><\/div><\/div><div class=\"ow_auto_item_image_slide\"><div class=\"ow_galery_image_bg\"><img data-lazy=\"https:\/\/neueautos.ch\/wp-content\/themes\/Divi-Child\/actions\/zipContents\/475254105389_9.jpg\"><\/div><\/div><div class=\"ow_auto_item_image_slide\"><div class=\"ow_galery_image_bg\"><img data-lazy=\"https:\/\/neueautos.ch\/wp-content\/themes\/Divi-Child\/actions\/zipContents\/475254105389_10.jpg\"><\/div><\/div><div class=\"ow_auto_item_image_slide\"><div class=\"ow_galery_image_bg\"><img data-lazy=\"https:\/\/neueautos.ch\/wp-content\/themes\/Divi-Child\/actions\/zipContents\/475254105389_11.jpg\"><\/div><\/div><div class=\"ow_auto_item_image_slide\"><div class=\"ow_galery_image_bg\"><img data-lazy=\"https:\/\/neueautos.ch\/wp-content\/themes\/Divi-Child\/actions\/zipContents\/475254105389_12.jpg\"><\/div><\/div><div class=\"ow_auto_item_image_slide\"><div class=\"ow_galery_image_bg\"><img data-lazy=\"https:\/\/neueautos.ch\/wp-content\/themes\/Divi-Child\/actions\/zipContents\/475254105389_13.jpg\"><\/div><\/div><div class=\"ow_auto_item_image_slide\"><div class=\"ow_galery_image_bg\"><img data-lazy=\"https:\/\/neueautos.ch\/wp-content\/themes\/Divi-Child\/actions\/zipContents\/475254105389_14.jpg\"><\/div><\/div><div class=\"ow_auto_item_image_slide\"><div class=\"ow_galery_image_bg\"><img data-lazy=\"https:\/\/neueautos.ch\/wp-content\/themes\/Divi-Child\/actions\/zipContents\/475254105389_15.jpg\"><\/div><\/div><div class=\"ow_auto_item_image_slide\"><div class=\"ow_galery_image_bg\"><img data-lazy=\"https:\/\/neueautos.ch\/wp-content\/themes\/Divi-Child\/actions\/zipContents\/475254105389_16.jpg\"><\/div><\/div><\/div><a class=\"ow_auto_item_text\" href=\"https:\/\/neueautos.ch\/it\/auto\/lexus-lbx-1-5-hybrid-elegant-105389-2\/\"><div class=\"ow_auto_item_text_data\"><div class=\"ow_auto_item_title mb32 text-center\"><h3><strong>Lexus<\/strong> LBX 1.5 Hybrid Elegant<\/h3><\/div><p><strong>Car\u00adbu\u00adrante:<\/strong> Ibrido<\/p><p><strong>Tipo di cam\u00adbio:<\/strong> Cam\u00adbio automatico<\/p><p><strong>Chilometri:<\/strong> 50km<\/p><p><strong>Imma\u00adtri\u00adco\u00adlazione:<\/strong> 26.03.2026<\/p><\/div><div class=\"ow_auto_item_text_bottom mt32\"><p class=\"preis\">CHF 34\u2019900.00<\/p><div class=\"ow_button ow_button_red\"><span><span>Mag\u00adgiori informazioni<\/span><\/span><\/div><\/div><\/a><\/div><div class=\"ow_auto_item\"><div class=\"ow_auto_item_image\"><div class=\"ow_auto_item_image_slide\"><div class=\"ow_galery_image_bg\"><img data-lazy=\"https:\/\/neueautos.ch\/wp-content\/themes\/Divi-Child\/actions\/zipContents\/475254105390.jpg\"><\/div><\/div><div class=\"ow_auto_item_image_slide\"><div class=\"ow_galery_image_bg\"><img data-lazy=\"https:\/\/neueautos.ch\/wp-content\/themes\/Divi-Child\/actions\/zipContents\/475254105390_2.jpg\"><\/div><\/div><div class=\"ow_auto_item_image_slide\"><div class=\"ow_galery_image_bg\"><img data-lazy=\"https:\/\/neueautos.ch\/wp-content\/themes\/Divi-Child\/actions\/zipContents\/475254105390_3.jpg\"><\/div><\/div><div class=\"ow_auto_item_image_slide\"><div class=\"ow_galery_image_bg\"><img data-lazy=\"https:\/\/neueautos.ch\/wp-content\/themes\/Divi-Child\/actions\/zipContents\/475254105390_4.jpg\"><\/div><\/div><div class=\"ow_auto_item_image_slide\"><div class=\"ow_galery_image_bg\"><img data-lazy=\"https:\/\/neueautos.ch\/wp-content\/themes\/Divi-Child\/actions\/zipContents\/475254105390_5.jpg\"><\/div><\/div><div class=\"ow_auto_item_image_slide\"><div class=\"ow_galery_image_bg\"><img data-lazy=\"https:\/\/neueautos.ch\/wp-content\/themes\/Divi-Child\/actions\/zipContents\/475254105390_6.jpg\"><\/div><\/div><div class=\"ow_auto_item_image_slide\"><div class=\"ow_galery_image_bg\"><img data-lazy=\"https:\/\/neueautos.ch\/wp-content\/themes\/Divi-Child\/actions\/zipContents\/475254105390_7.jpg\"><\/div><\/div><div class=\"ow_auto_item_image_slide\"><div class=\"ow_galery_image_bg\"><img data-lazy=\"https:\/\/neueautos.ch\/wp-content\/themes\/Divi-Child\/actions\/zipContents\/475254105390_8.jpg\"><\/div><\/div><div class=\"ow_auto_item_image_slide\"><div class=\"ow_galery_image_bg\"><img data-lazy=\"https:\/\/neueautos.ch\/wp-content\/themes\/Divi-Child\/actions\/zipContents\/475254105390_9.jpg\"><\/div><\/div><div class=\"ow_auto_item_image_slide\"><div class=\"ow_galery_image_bg\"><img data-lazy=\"https:\/\/neueautos.ch\/wp-content\/themes\/Divi-Child\/actions\/zipContents\/475254105390_10.jpg\"><\/div><\/div><div class=\"ow_auto_item_image_slide\"><div class=\"ow_galery_image_bg\"><img data-lazy=\"https:\/\/neueautos.ch\/wp-content\/themes\/Divi-Child\/actions\/zipContents\/475254105390_11.jpg\"><\/div><\/div><div class=\"ow_auto_item_image_slide\"><div class=\"ow_galery_image_bg\"><img data-lazy=\"https:\/\/neueautos.ch\/wp-content\/themes\/Divi-Child\/actions\/zipContents\/475254105390_12.jpg\"><\/div><\/div><div class=\"ow_auto_item_image_slide\"><div class=\"ow_galery_image_bg\"><img data-lazy=\"https:\/\/neueautos.ch\/wp-content\/themes\/Divi-Child\/actions\/zipContents\/475254105390_13.jpg\"><\/div><\/div><div class=\"ow_auto_item_image_slide\"><div class=\"ow_galery_image_bg\"><img data-lazy=\"https:\/\/neueautos.ch\/wp-content\/themes\/Divi-Child\/actions\/zipContents\/475254105390_14.jpg\"><\/div><\/div><div class=\"ow_auto_item_image_slide\"><div class=\"ow_galery_image_bg\"><img data-lazy=\"https:\/\/neueautos.ch\/wp-content\/themes\/Divi-Child\/actions\/zipContents\/475254105390_15.jpg\"><\/div><\/div><div class=\"ow_auto_item_image_slide\"><div class=\"ow_galery_image_bg\"><img data-lazy=\"https:\/\/neueautos.ch\/wp-content\/themes\/Divi-Child\/actions\/zipContents\/475254105390_16.jpg\"><\/div><\/div><\/div><a class=\"ow_auto_item_text\" href=\"https:\/\/neueautos.ch\/it\/auto\/lexus-lbx-1-5-hybrid-elegant-105390-2\/\"><div class=\"ow_auto_item_text_data\"><div class=\"ow_auto_item_title mb32 text-center\"><h3><strong>Lexus<\/strong> LBX 1.5 Hybrid Elegant<\/h3><\/div><p><strong>Car\u00adbu\u00adrante:<\/strong> Ibrido<\/p><p><strong>Tipo di cam\u00adbio:<\/strong> Cam\u00adbio automatico<\/p><p><strong>Chilometri:<\/strong> 50km<\/p><p><strong>Imma\u00adtri\u00adco\u00adlazione:<\/strong> 26.03.2026<\/p><\/div><div class=\"ow_auto_item_text_bottom mt32\"><p class=\"preis\">CHF 34\u2019900.00<\/p><div class=\"ow_button ow_button_red\"><span><span>Mag\u00adgiori informazioni<\/span><\/span><\/div><\/div><\/a><\/div><div class=\"ow_auto_item\"><div class=\"ow_auto_item_image\"><div class=\"ow_auto_item_image_slide\"><div class=\"ow_galery_image_bg\"><img data-lazy=\"https:\/\/neueautos.ch\/wp-content\/themes\/Divi-Child\/actions\/zipContents\/475254105263.jpg\"><\/div><\/div><div class=\"ow_auto_item_image_slide\"><div class=\"ow_galery_image_bg\"><img data-lazy=\"https:\/\/neueautos.ch\/wp-content\/themes\/Divi-Child\/actions\/zipContents\/475254105263_2.jpg\"><\/div><\/div><div class=\"ow_auto_item_image_slide\"><div class=\"ow_galery_image_bg\"><img data-lazy=\"https:\/\/neueautos.ch\/wp-content\/themes\/Divi-Child\/actions\/zipContents\/475254105263_3.jpg\"><\/div><\/div><div class=\"ow_auto_item_image_slide\"><div class=\"ow_galery_image_bg\"><img data-lazy=\"https:\/\/neueautos.ch\/wp-content\/themes\/Divi-Child\/actions\/zipContents\/475254105263_4.jpg\"><\/div><\/div><div class=\"ow_auto_item_image_slide\"><div class=\"ow_galery_image_bg\"><img data-lazy=\"https:\/\/neueautos.ch\/wp-content\/themes\/Divi-Child\/actions\/zipContents\/475254105263_5.jpg\"><\/div><\/div><div class=\"ow_auto_item_image_slide\"><div class=\"ow_galery_image_bg\"><img data-lazy=\"https:\/\/neueautos.ch\/wp-content\/themes\/Divi-Child\/actions\/zipContents\/475254105263_6.jpg\"><\/div><\/div><div class=\"ow_auto_item_image_slide\"><div class=\"ow_galery_image_bg\"><img data-lazy=\"https:\/\/neueautos.ch\/wp-content\/themes\/Divi-Child\/actions\/zipContents\/475254105263_7.jpg\"><\/div><\/div><div class=\"ow_auto_item_image_slide\"><div class=\"ow_galery_image_bg\"><img data-lazy=\"https:\/\/neueautos.ch\/wp-content\/themes\/Divi-Child\/actions\/zipContents\/475254105263_8.jpg\"><\/div><\/div><div class=\"ow_auto_item_image_slide\"><div class=\"ow_galery_image_bg\"><img data-lazy=\"https:\/\/neueautos.ch\/wp-content\/themes\/Divi-Child\/actions\/zipContents\/475254105263_9.jpg\"><\/div><\/div><div class=\"ow_auto_item_image_slide\"><div class=\"ow_galery_image_bg\"><img data-lazy=\"https:\/\/neueautos.ch\/wp-content\/themes\/Divi-Child\/actions\/zipContents\/475254105263_10.jpg\"><\/div><\/div><div class=\"ow_auto_item_image_slide\"><div class=\"ow_galery_image_bg\"><img data-lazy=\"https:\/\/neueautos.ch\/wp-content\/themes\/Divi-Child\/actions\/zipContents\/475254105263_11.jpg\"><\/div><\/div><div class=\"ow_auto_item_image_slide\"><div class=\"ow_galery_image_bg\"><img data-lazy=\"https:\/\/neueautos.ch\/wp-content\/themes\/Divi-Child\/actions\/zipContents\/475254105263_12.jpg\"><\/div><\/div><div class=\"ow_auto_item_image_slide\"><div class=\"ow_galery_image_bg\"><img data-lazy=\"https:\/\/neueautos.ch\/wp-content\/themes\/Divi-Child\/actions\/zipContents\/475254105263_13.jpg\"><\/div><\/div><div class=\"ow_auto_item_image_slide\"><div class=\"ow_galery_image_bg\"><img data-lazy=\"https:\/\/neueautos.ch\/wp-content\/themes\/Divi-Child\/actions\/zipContents\/475254105263_14.jpg\"><\/div><\/div><div class=\"ow_auto_item_image_slide\"><div class=\"ow_galery_image_bg\"><img data-lazy=\"https:\/\/neueautos.ch\/wp-content\/themes\/Divi-Child\/actions\/zipContents\/475254105263_15.jpg\"><\/div><\/div><div class=\"ow_auto_item_image_slide\"><div class=\"ow_galery_image_bg\"><img data-lazy=\"https:\/\/neueautos.ch\/wp-content\/themes\/Divi-Child\/actions\/zipContents\/475254105263_16.jpg\"><\/div><\/div><\/div><a class=\"ow_auto_item_text\" href=\"https:\/\/neueautos.ch\/it\/auto\/lexus-nx-450h-comfort-105263-2\/\"><div class=\"ow_auto_item_text_data\"><div class=\"ow_auto_item_title mb32 text-center\"><h3><strong>Lexus<\/strong> NX 450h+ Comfort<\/h3><\/div><p><strong>Car\u00adbu\u00adrante:<\/strong> Ibrido<\/p><p><strong>Tipo di cam\u00adbio:<\/strong> Cam\u00adbio automatico<\/p><p><strong>Chilometri:<\/strong> 3000km<\/p><p><strong>Imma\u00adtri\u00adco\u00adlazione:<\/strong> 23.12.2025<\/p><\/div><div class=\"ow_auto_item_text_bottom mt32\"><p class=\"preis\">CHF 55\u2019900.00<\/p><div class=\"ow_button ow_button_red\"><span><span>Mag\u00adgiori informazioni<\/span><\/span><\/div><\/div><\/a><\/div><div class=\"ow_auto_item\"><div class=\"ow_auto_item_image\"><div class=\"ow_auto_item_image_slide\"><div class=\"ow_galery_image_bg\"><img data-lazy=\"https:\/\/neueautos.ch\/wp-content\/themes\/Divi-Child\/actions\/zipContents\/475254105377.jpg\"><\/div><\/div><div class=\"ow_auto_item_image_slide\"><div class=\"ow_galery_image_bg\"><img data-lazy=\"https:\/\/neueautos.ch\/wp-content\/themes\/Divi-Child\/actions\/zipContents\/475254105377_2.jpg\"><\/div><\/div><div class=\"ow_auto_item_image_slide\"><div class=\"ow_galery_image_bg\"><img data-lazy=\"https:\/\/neueautos.ch\/wp-content\/themes\/Divi-Child\/actions\/zipContents\/475254105377_3.jpg\"><\/div><\/div><div class=\"ow_auto_item_image_slide\"><div class=\"ow_galery_image_bg\"><img data-lazy=\"https:\/\/neueautos.ch\/wp-content\/themes\/Divi-Child\/actions\/zipContents\/475254105377_4.jpg\"><\/div><\/div><div class=\"ow_auto_item_image_slide\"><div class=\"ow_galery_image_bg\"><img data-lazy=\"https:\/\/neueautos.ch\/wp-content\/themes\/Divi-Child\/actions\/zipContents\/475254105377_5.jpg\"><\/div><\/div><div class=\"ow_auto_item_image_slide\"><div class=\"ow_galery_image_bg\"><img data-lazy=\"https:\/\/neueautos.ch\/wp-content\/themes\/Divi-Child\/actions\/zipContents\/475254105377_6.jpg\"><\/div><\/div><div class=\"ow_auto_item_image_slide\"><div class=\"ow_galery_image_bg\"><img data-lazy=\"https:\/\/neueautos.ch\/wp-content\/themes\/Divi-Child\/actions\/zipContents\/475254105377_7.jpg\"><\/div><\/div><div class=\"ow_auto_item_image_slide\"><div class=\"ow_galery_image_bg\"><img data-lazy=\"https:\/\/neueautos.ch\/wp-content\/themes\/Divi-Child\/actions\/zipContents\/475254105377_8.jpg\"><\/div><\/div><div class=\"ow_auto_item_image_slide\"><div class=\"ow_galery_image_bg\"><img data-lazy=\"https:\/\/neueautos.ch\/wp-content\/themes\/Divi-Child\/actions\/zipContents\/475254105377_9.jpg\"><\/div><\/div><div class=\"ow_auto_item_image_slide\"><div class=\"ow_galery_image_bg\"><img data-lazy=\"https:\/\/neueautos.ch\/wp-content\/themes\/Divi-Child\/actions\/zipContents\/475254105377_10.jpg\"><\/div><\/div><div class=\"ow_auto_item_image_slide\"><div class=\"ow_galery_image_bg\"><img data-lazy=\"https:\/\/neueautos.ch\/wp-content\/themes\/Divi-Child\/actions\/zipContents\/475254105377_11.jpg\"><\/div><\/div><div class=\"ow_auto_item_image_slide\"><div class=\"ow_galery_image_bg\"><img data-lazy=\"https:\/\/neueautos.ch\/wp-content\/themes\/Divi-Child\/actions\/zipContents\/475254105377_12.jpg\"><\/div><\/div><div class=\"ow_auto_item_image_slide\"><div class=\"ow_galery_image_bg\"><img data-lazy=\"https:\/\/neueautos.ch\/wp-content\/themes\/Divi-Child\/actions\/zipContents\/475254105377_13.jpg\"><\/div><\/div><div class=\"ow_auto_item_image_slide\"><div class=\"ow_galery_image_bg\"><img data-lazy=\"https:\/\/neueautos.ch\/wp-content\/themes\/Divi-Child\/actions\/zipContents\/475254105377_14.jpg\"><\/div><\/div><div class=\"ow_auto_item_image_slide\"><div class=\"ow_galery_image_bg\"><img data-lazy=\"https:\/\/neueautos.ch\/wp-content\/themes\/Divi-Child\/actions\/zipContents\/475254105377_15.jpg\"><\/div><\/div><div class=\"ow_auto_item_image_slide\"><div class=\"ow_galery_image_bg\"><img data-lazy=\"https:\/\/neueautos.ch\/wp-content\/themes\/Divi-Child\/actions\/zipContents\/475254105377_16.jpg\"><\/div><\/div><\/div><a class=\"ow_auto_item_text\" href=\"https:\/\/neueautos.ch\/it\/auto\/lexus-rx-450h-excellence-105377-2\/\"><div class=\"ow_auto_item_text_data\"><div class=\"ow_auto_item_title mb32 text-center\"><h3><strong>Lexus<\/strong> RX 450h+ Excellence<\/h3><\/div><p><strong>Car\u00adbu\u00adrante:<\/strong> Ibrido<\/p><p><strong>Tipo di cam\u00adbio:<\/strong> Cam\u00adbio automatico<\/p><p><strong>Chilometri:<\/strong> 50km<\/p><p><strong>Imma\u00adtri\u00adco\u00adlazione:<\/strong> 09.03.2026<\/p><\/div><div class=\"ow_auto_item_text_bottom mt32\"><p class=\"preis\">CHF 79\u2019990.00<\/p><div class=\"ow_button ow_button_red\"><span><span>Mag\u00adgiori informazioni<\/span><\/span><\/div><\/div><\/a><\/div><div class=\"ow_auto_item\"><div class=\"ow_auto_item_image\"><div class=\"ow_auto_item_image_slide\"><div class=\"ow_galery_image_bg\"><img data-lazy=\"https:\/\/neueautos.ch\/wp-content\/themes\/Divi-Child\/actions\/zipContents\/475254105253.jpg\"><\/div><\/div><div class=\"ow_auto_item_image_slide\"><div class=\"ow_galery_image_bg\"><img data-lazy=\"https:\/\/neueautos.ch\/wp-content\/themes\/Divi-Child\/actions\/zipContents\/475254105253_2.jpg\"><\/div><\/div><div class=\"ow_auto_item_image_slide\"><div class=\"ow_galery_image_bg\"><img data-lazy=\"https:\/\/neueautos.ch\/wp-content\/themes\/Divi-Child\/actions\/zipContents\/475254105253_3.jpg\"><\/div><\/div><div class=\"ow_auto_item_image_slide\"><div class=\"ow_galery_image_bg\"><img data-lazy=\"https:\/\/neueautos.ch\/wp-content\/themes\/Divi-Child\/actions\/zipContents\/475254105253_4.jpg\"><\/div><\/div><div class=\"ow_auto_item_image_slide\"><div class=\"ow_galery_image_bg\"><img data-lazy=\"https:\/\/neueautos.ch\/wp-content\/themes\/Divi-Child\/actions\/zipContents\/475254105253_5.jpg\"><\/div><\/div><div class=\"ow_auto_item_image_slide\"><div class=\"ow_galery_image_bg\"><img data-lazy=\"https:\/\/neueautos.ch\/wp-content\/themes\/Divi-Child\/actions\/zipContents\/475254105253_6.jpg\"><\/div><\/div><div class=\"ow_auto_item_image_slide\"><div class=\"ow_galery_image_bg\"><img data-lazy=\"https:\/\/neueautos.ch\/wp-content\/themes\/Divi-Child\/actions\/zipContents\/475254105253_7.jpg\"><\/div><\/div><div class=\"ow_auto_item_image_slide\"><div class=\"ow_galery_image_bg\"><img data-lazy=\"https:\/\/neueautos.ch\/wp-content\/themes\/Divi-Child\/actions\/zipContents\/475254105253_8.jpg\"><\/div><\/div><div class=\"ow_auto_item_image_slide\"><div class=\"ow_galery_image_bg\"><img data-lazy=\"https:\/\/neueautos.ch\/wp-content\/themes\/Divi-Child\/actions\/zipContents\/475254105253_9.jpg\"><\/div><\/div><div class=\"ow_auto_item_image_slide\"><div class=\"ow_galery_image_bg\"><img data-lazy=\"https:\/\/neueautos.ch\/wp-content\/themes\/Divi-Child\/actions\/zipContents\/475254105253_10.jpg\"><\/div><\/div><div class=\"ow_auto_item_image_slide\"><div class=\"ow_galery_image_bg\"><img data-lazy=\"https:\/\/neueautos.ch\/wp-content\/themes\/Divi-Child\/actions\/zipContents\/475254105253_11.jpg\"><\/div><\/div><div class=\"ow_auto_item_image_slide\"><div class=\"ow_galery_image_bg\"><img data-lazy=\"https:\/\/neueautos.ch\/wp-content\/themes\/Divi-Child\/actions\/zipContents\/475254105253_12.jpg\"><\/div><\/div><div class=\"ow_auto_item_image_slide\"><div class=\"ow_galery_image_bg\"><img data-lazy=\"https:\/\/neueautos.ch\/wp-content\/themes\/Divi-Child\/actions\/zipContents\/475254105253_13.jpg\"><\/div><\/div><div class=\"ow_auto_item_image_slide\"><div class=\"ow_galery_image_bg\"><img data-lazy=\"https:\/\/neueautos.ch\/wp-content\/themes\/Divi-Child\/actions\/zipContents\/475254105253_14.jpg\"><\/div><\/div><div class=\"ow_auto_item_image_slide\"><div class=\"ow_galery_image_bg\"><img data-lazy=\"https:\/\/neueautos.ch\/wp-content\/themes\/Divi-Child\/actions\/zipContents\/475254105253_15.jpg\"><\/div><\/div><div class=\"ow_auto_item_image_slide\"><div class=\"ow_galery_image_bg\"><img data-lazy=\"https:\/\/neueautos.ch\/wp-content\/themes\/Divi-Child\/actions\/zipContents\/475254105253_16.jpg\"><\/div><\/div><\/div><a class=\"ow_auto_item_text\" href=\"https:\/\/neueautos.ch\/it\/auto\/toyota-corolla-touring-sports-2-0-hev-premium-105253-2\/\"><div class=\"ow_auto_item_text_data\"><div class=\"ow_auto_item_title mb32 text-center\"><h3><strong>Toyota<\/strong> Corolla Touring Sports 2.0 HEV Premium<\/h3><\/div><p><strong>Car\u00adbu\u00adrante:<\/strong> Ibrido<\/p><p><strong>Tipo di cam\u00adbio:<\/strong> Cam\u00adbio automatico<\/p><p><strong>Chilometri:<\/strong> 50km<\/p><p><strong>Imma\u00adtri\u00adco\u00adlazione:<\/strong> 23.12.2025<\/p><\/div><div class=\"ow_auto_item_text_bottom mt32\"><p class=\"preis\">CHF 35\u2019900.00<\/p><div class=\"ow_button ow_button_red\"><span><span>Mag\u00adgiori informazioni<\/span><\/span><\/div><\/div><\/a><\/div><div class=\"ow_auto_item\"><div class=\"ow_auto_item_image\"><div class=\"ow_auto_item_image_slide\"><div class=\"ow_galery_image_bg\"><img data-lazy=\"https:\/\/neueautos.ch\/wp-content\/themes\/Divi-Child\/actions\/zipContents\/475254105366.jpg\"><\/div><\/div><div class=\"ow_auto_item_image_slide\"><div class=\"ow_galery_image_bg\"><img data-lazy=\"https:\/\/neueautos.ch\/wp-content\/themes\/Divi-Child\/actions\/zipContents\/475254105366_2.jpg\"><\/div><\/div><div class=\"ow_auto_item_image_slide\"><div class=\"ow_galery_image_bg\"><img data-lazy=\"https:\/\/neueautos.ch\/wp-content\/themes\/Divi-Child\/actions\/zipContents\/475254105366_3.jpg\"><\/div><\/div><div class=\"ow_auto_item_image_slide\"><div class=\"ow_galery_image_bg\"><img data-lazy=\"https:\/\/neueautos.ch\/wp-content\/themes\/Divi-Child\/actions\/zipContents\/475254105366_4.jpg\"><\/div><\/div><div class=\"ow_auto_item_image_slide\"><div class=\"ow_galery_image_bg\"><img data-lazy=\"https:\/\/neueautos.ch\/wp-content\/themes\/Divi-Child\/actions\/zipContents\/475254105366_5.jpg\"><\/div><\/div><div class=\"ow_auto_item_image_slide\"><div class=\"ow_galery_image_bg\"><img data-lazy=\"https:\/\/neueautos.ch\/wp-content\/themes\/Divi-Child\/actions\/zipContents\/475254105366_6.jpg\"><\/div><\/div><div class=\"ow_auto_item_image_slide\"><div class=\"ow_galery_image_bg\"><img data-lazy=\"https:\/\/neueautos.ch\/wp-content\/themes\/Divi-Child\/actions\/zipContents\/475254105366_7.jpg\"><\/div><\/div><div class=\"ow_auto_item_image_slide\"><div class=\"ow_galery_image_bg\"><img data-lazy=\"https:\/\/neueautos.ch\/wp-content\/themes\/Divi-Child\/actions\/zipContents\/475254105366_8.jpg\"><\/div><\/div><div class=\"ow_auto_item_image_slide\"><div class=\"ow_galery_image_bg\"><img data-lazy=\"https:\/\/neueautos.ch\/wp-content\/themes\/Divi-Child\/actions\/zipContents\/475254105366_9.jpg\"><\/div><\/div><div class=\"ow_auto_item_image_slide\"><div class=\"ow_galery_image_bg\"><img data-lazy=\"https:\/\/neueautos.ch\/wp-content\/themes\/Divi-Child\/actions\/zipContents\/475254105366_10.jpg\"><\/div><\/div><div class=\"ow_auto_item_image_slide\"><div class=\"ow_galery_image_bg\"><img data-lazy=\"https:\/\/neueautos.ch\/wp-content\/themes\/Divi-Child\/actions\/zipContents\/475254105366_11.jpg\"><\/div><\/div><div class=\"ow_auto_item_image_slide\"><div class=\"ow_galery_image_bg\"><img data-lazy=\"https:\/\/neueautos.ch\/wp-content\/themes\/Divi-Child\/actions\/zipContents\/475254105366_12.jpg\"><\/div><\/div><div class=\"ow_auto_item_image_slide\"><div class=\"ow_galery_image_bg\"><img data-lazy=\"https:\/\/neueautos.ch\/wp-content\/themes\/Divi-Child\/actions\/zipContents\/475254105366_13.jpg\"><\/div><\/div><div class=\"ow_auto_item_image_slide\"><div class=\"ow_galery_image_bg\"><img data-lazy=\"https:\/\/neueautos.ch\/wp-content\/themes\/Divi-Child\/actions\/zipContents\/475254105366_14.jpg\"><\/div><\/div><div class=\"ow_auto_item_image_slide\"><div class=\"ow_galery_image_bg\"><img data-lazy=\"https:\/\/neueautos.ch\/wp-content\/themes\/Divi-Child\/actions\/zipContents\/475254105366_15.jpg\"><\/div><\/div><div class=\"ow_auto_item_image_slide\"><div class=\"ow_galery_image_bg\"><img data-lazy=\"https:\/\/neueautos.ch\/wp-content\/themes\/Divi-Child\/actions\/zipContents\/475254105366_16.jpg\"><\/div><\/div><\/div><a class=\"ow_auto_item_text\" href=\"https:\/\/neueautos.ch\/it\/auto\/toyota-corolla-touring-sports-2-0-hev-premium-105366-2\/\"><div class=\"ow_auto_item_text_data\"><div class=\"ow_auto_item_title mb32 text-center\"><h3><strong>Toyota<\/strong> Corolla Touring Sports 2.0 HEV Premium<\/h3><\/div><p><strong>Car\u00adbu\u00adrante:<\/strong> Ibrido<\/p><p><strong>Tipo di cam\u00adbio:<\/strong> Cam\u00adbio automatico<\/p><p><strong>Chilometri:<\/strong> 50km<\/p><p><strong>Imma\u00adtri\u00adco\u00adlazione:<\/strong> 02.12.2025<\/p><\/div><div class=\"ow_auto_item_text_bottom mt32\"><p class=\"preis\">CHF 35\u2019900.00<\/p><div class=\"ow_button ow_button_red\"><span><span>Mag\u00adgiori informazioni<\/span><\/span><\/div><\/div><\/a><\/div><div class=\"ow_auto_item\"><div class=\"ow_auto_item_image\"><div class=\"ow_auto_item_image_slide\"><div class=\"ow_galery_image_bg\"><img data-lazy=\"https:\/\/neueautos.ch\/wp-content\/themes\/Divi-Child\/actions\/zipContents\/475254105351.jpg\"><\/div><\/div><div class=\"ow_auto_item_image_slide\"><div class=\"ow_galery_image_bg\"><img data-lazy=\"https:\/\/neueautos.ch\/wp-content\/themes\/Divi-Child\/actions\/zipContents\/475254105351_2.jpg\"><\/div><\/div><div class=\"ow_auto_item_image_slide\"><div class=\"ow_galery_image_bg\"><img data-lazy=\"https:\/\/neueautos.ch\/wp-content\/themes\/Divi-Child\/actions\/zipContents\/475254105351_3.jpg\"><\/div><\/div><div class=\"ow_auto_item_image_slide\"><div class=\"ow_galery_image_bg\"><img data-lazy=\"https:\/\/neueautos.ch\/wp-content\/themes\/Divi-Child\/actions\/zipContents\/475254105351_4.jpg\"><\/div><\/div><div class=\"ow_auto_item_image_slide\"><div class=\"ow_galery_image_bg\"><img data-lazy=\"https:\/\/neueautos.ch\/wp-content\/themes\/Divi-Child\/actions\/zipContents\/475254105351_5.jpg\"><\/div><\/div><div class=\"ow_auto_item_image_slide\"><div class=\"ow_galery_image_bg\"><img data-lazy=\"https:\/\/neueautos.ch\/wp-content\/themes\/Divi-Child\/actions\/zipContents\/475254105351_6.jpg\"><\/div><\/div><div class=\"ow_auto_item_image_slide\"><div class=\"ow_galery_image_bg\"><img data-lazy=\"https:\/\/neueautos.ch\/wp-content\/themes\/Divi-Child\/actions\/zipContents\/475254105351_7.jpg\"><\/div><\/div><div class=\"ow_auto_item_image_slide\"><div class=\"ow_galery_image_bg\"><img data-lazy=\"https:\/\/neueautos.ch\/wp-content\/themes\/Divi-Child\/actions\/zipContents\/475254105351_8.jpg\"><\/div><\/div><div class=\"ow_auto_item_image_slide\"><div class=\"ow_galery_image_bg\"><img data-lazy=\"https:\/\/neueautos.ch\/wp-content\/themes\/Divi-Child\/actions\/zipContents\/475254105351_9.jpg\"><\/div><\/div><div class=\"ow_auto_item_image_slide\"><div class=\"ow_galery_image_bg\"><img data-lazy=\"https:\/\/neueautos.ch\/wp-content\/themes\/Divi-Child\/actions\/zipContents\/475254105351_10.jpg\"><\/div><\/div><div class=\"ow_auto_item_image_slide\"><div class=\"ow_galery_image_bg\"><img data-lazy=\"https:\/\/neueautos.ch\/wp-content\/themes\/Divi-Child\/actions\/zipContents\/475254105351_11.jpg\"><\/div><\/div><div class=\"ow_auto_item_image_slide\"><div class=\"ow_galery_image_bg\"><img data-lazy=\"https:\/\/neueautos.ch\/wp-content\/themes\/Divi-Child\/actions\/zipContents\/475254105351_12.jpg\"><\/div><\/div><div class=\"ow_auto_item_image_slide\"><div class=\"ow_galery_image_bg\"><img data-lazy=\"https:\/\/neueautos.ch\/wp-content\/themes\/Divi-Child\/actions\/zipContents\/475254105351_13.jpg\"><\/div><\/div><div class=\"ow_auto_item_image_slide\"><div class=\"ow_galery_image_bg\"><img data-lazy=\"https:\/\/neueautos.ch\/wp-content\/themes\/Divi-Child\/actions\/zipContents\/475254105351_14.jpg\"><\/div><\/div><div class=\"ow_auto_item_image_slide\"><div class=\"ow_galery_image_bg\"><img data-lazy=\"https:\/\/neueautos.ch\/wp-content\/themes\/Divi-Child\/actions\/zipContents\/475254105351_15.jpg\"><\/div><\/div><div class=\"ow_auto_item_image_slide\"><div class=\"ow_galery_image_bg\"><img data-lazy=\"https:\/\/neueautos.ch\/wp-content\/themes\/Divi-Child\/actions\/zipContents\/475254105351_16.jpg\"><\/div><\/div><\/div><a class=\"ow_auto_item_text\" href=\"https:\/\/neueautos.ch\/it\/auto\/toyota-corolla-touring-sports-2-0-hev-premium-leder-105351-2\/\"><div class=\"ow_auto_item_text_data\"><div class=\"ow_auto_item_title mb32 text-center\"><h3><strong>Toyota<\/strong> Corolla Touring Sports 2.0 HEV Premium, LEDER<\/h3><\/div><p><strong>Car\u00adbu\u00adrante:<\/strong> Ibrido<\/p><p><strong>Tipo di cam\u00adbio:<\/strong> Cam\u00adbio automatico<\/p><p><strong>Chilometri:<\/strong> 50km<\/p><p><strong>Imma\u00adtri\u00adco\u00adlazione:<\/strong> 03.12.2025<\/p><\/div><div class=\"ow_auto_item_text_bottom mt32\"><p class=\"preis\">CHF 36\u2019900.00<\/p><div class=\"ow_button ow_button_red\"><span><span>Mag\u00adgiori informazioni<\/span><\/span><\/div><\/div><\/a><\/div><div class=\"ow_auto_item\"><div class=\"ow_auto_item_image\"><div class=\"ow_auto_item_image_slide\"><div class=\"ow_galery_image_bg\"><img data-lazy=\"https:\/\/neueautos.ch\/wp-content\/themes\/Divi-Child\/actions\/zipContents\/475254105353.jpg\"><\/div><\/div><div class=\"ow_auto_item_image_slide\"><div class=\"ow_galery_image_bg\"><img data-lazy=\"https:\/\/neueautos.ch\/wp-content\/themes\/Divi-Child\/actions\/zipContents\/475254105353_2.jpg\"><\/div><\/div><div class=\"ow_auto_item_image_slide\"><div class=\"ow_galery_image_bg\"><img data-lazy=\"https:\/\/neueautos.ch\/wp-content\/themes\/Divi-Child\/actions\/zipContents\/475254105353_3.jpg\"><\/div><\/div><div class=\"ow_auto_item_image_slide\"><div class=\"ow_galery_image_bg\"><img data-lazy=\"https:\/\/neueautos.ch\/wp-content\/themes\/Divi-Child\/actions\/zipContents\/475254105353_4.jpg\"><\/div><\/div><div class=\"ow_auto_item_image_slide\"><div class=\"ow_galery_image_bg\"><img data-lazy=\"https:\/\/neueautos.ch\/wp-content\/themes\/Divi-Child\/actions\/zipContents\/475254105353_5.jpg\"><\/div><\/div><div class=\"ow_auto_item_image_slide\"><div class=\"ow_galery_image_bg\"><img data-lazy=\"https:\/\/neueautos.ch\/wp-content\/themes\/Divi-Child\/actions\/zipContents\/475254105353_6.jpg\"><\/div><\/div><div class=\"ow_auto_item_image_slide\"><div class=\"ow_galery_image_bg\"><img data-lazy=\"https:\/\/neueautos.ch\/wp-content\/themes\/Divi-Child\/actions\/zipContents\/475254105353_7.jpg\"><\/div><\/div><div class=\"ow_auto_item_image_slide\"><div class=\"ow_galery_image_bg\"><img data-lazy=\"https:\/\/neueautos.ch\/wp-content\/themes\/Divi-Child\/actions\/zipContents\/475254105353_8.jpg\"><\/div><\/div><div class=\"ow_auto_item_image_slide\"><div class=\"ow_galery_image_bg\"><img data-lazy=\"https:\/\/neueautos.ch\/wp-content\/themes\/Divi-Child\/actions\/zipContents\/475254105353_9.jpg\"><\/div><\/div><div class=\"ow_auto_item_image_slide\"><div class=\"ow_galery_image_bg\"><img data-lazy=\"https:\/\/neueautos.ch\/wp-content\/themes\/Divi-Child\/actions\/zipContents\/475254105353_10.jpg\"><\/div><\/div><div class=\"ow_auto_item_image_slide\"><div class=\"ow_galery_image_bg\"><img data-lazy=\"https:\/\/neueautos.ch\/wp-content\/themes\/Divi-Child\/actions\/zipContents\/475254105353_11.jpg\"><\/div><\/div><div class=\"ow_auto_item_image_slide\"><div class=\"ow_galery_image_bg\"><img data-lazy=\"https:\/\/neueautos.ch\/wp-content\/themes\/Divi-Child\/actions\/zipContents\/475254105353_12.jpg\"><\/div><\/div><div class=\"ow_auto_item_image_slide\"><div class=\"ow_galery_image_bg\"><img data-lazy=\"https:\/\/neueautos.ch\/wp-content\/themes\/Divi-Child\/actions\/zipContents\/475254105353_13.jpg\"><\/div><\/div><div class=\"ow_auto_item_image_slide\"><div class=\"ow_galery_image_bg\"><img data-lazy=\"https:\/\/neueautos.ch\/wp-content\/themes\/Divi-Child\/actions\/zipContents\/475254105353_14.jpg\"><\/div><\/div><div class=\"ow_auto_item_image_slide\"><div class=\"ow_galery_image_bg\"><img data-lazy=\"https:\/\/neueautos.ch\/wp-content\/themes\/Divi-Child\/actions\/zipContents\/475254105353_15.jpg\"><\/div><\/div><div class=\"ow_auto_item_image_slide\"><div class=\"ow_galery_image_bg\"><img data-lazy=\"https:\/\/neueautos.ch\/wp-content\/themes\/Divi-Child\/actions\/zipContents\/475254105353_16.jpg\"><\/div><\/div><\/div><a class=\"ow_auto_item_text\" href=\"https:\/\/neueautos.ch\/it\/auto\/toyota-corolla-touring-sports-2-0-hev-premium-leder-105353-2\/\"><div class=\"ow_auto_item_text_data\"><div class=\"ow_auto_item_title mb32 text-center\"><h3><strong>Toyota<\/strong> Corolla Touring Sports 2.0 HEV Premium, LEDER<\/h3><\/div><p><strong>Car\u00adbu\u00adrante:<\/strong> Ibrido<\/p><p><strong>Tipo di cam\u00adbio:<\/strong> Cam\u00adbio automatico<\/p><p><strong>Chilometri:<\/strong> 50km<\/p><p><strong>Imma\u00adtri\u00adco\u00adlazione:<\/strong> 05.11.2025<\/p><\/div><div class=\"ow_auto_item_text_bottom mt32\"><p class=\"preis\">CHF 36\u2019900.00<\/p><div class=\"ow_button ow_button_red\"><span><span>Mag\u00adgiori informazioni<\/span><\/span><\/div><\/div><\/a><\/div><div class=\"ow_auto_item\"><div class=\"ow_auto_item_image\"><div class=\"ow_auto_item_image_slide\"><div class=\"ow_galery_image_bg\"><img data-lazy=\"https:\/\/neueautos.ch\/wp-content\/themes\/Divi-Child\/actions\/zipContents\/475254105354.jpg\"><\/div><\/div><div class=\"ow_auto_item_image_slide\"><div class=\"ow_galery_image_bg\"><img data-lazy=\"https:\/\/neueautos.ch\/wp-content\/themes\/Divi-Child\/actions\/zipContents\/475254105354_2.jpg\"><\/div><\/div><div class=\"ow_auto_item_image_slide\"><div class=\"ow_galery_image_bg\"><img data-lazy=\"https:\/\/neueautos.ch\/wp-content\/themes\/Divi-Child\/actions\/zipContents\/475254105354_3.jpg\"><\/div><\/div><div class=\"ow_auto_item_image_slide\"><div class=\"ow_galery_image_bg\"><img data-lazy=\"https:\/\/neueautos.ch\/wp-content\/themes\/Divi-Child\/actions\/zipContents\/475254105354_4.jpg\"><\/div><\/div><div class=\"ow_auto_item_image_slide\"><div class=\"ow_galery_image_bg\"><img data-lazy=\"https:\/\/neueautos.ch\/wp-content\/themes\/Divi-Child\/actions\/zipContents\/475254105354_5.jpg\"><\/div><\/div><div class=\"ow_auto_item_image_slide\"><div class=\"ow_galery_image_bg\"><img data-lazy=\"https:\/\/neueautos.ch\/wp-content\/themes\/Divi-Child\/actions\/zipContents\/475254105354_6.jpg\"><\/div><\/div><div class=\"ow_auto_item_image_slide\"><div class=\"ow_galery_image_bg\"><img data-lazy=\"https:\/\/neueautos.ch\/wp-content\/themes\/Divi-Child\/actions\/zipContents\/475254105354_7.jpg\"><\/div><\/div><div class=\"ow_auto_item_image_slide\"><div class=\"ow_galery_image_bg\"><img data-lazy=\"https:\/\/neueautos.ch\/wp-content\/themes\/Divi-Child\/actions\/zipContents\/475254105354_8.jpg\"><\/div><\/div><div class=\"ow_auto_item_image_slide\"><div class=\"ow_galery_image_bg\"><img data-lazy=\"https:\/\/neueautos.ch\/wp-content\/themes\/Divi-Child\/actions\/zipContents\/475254105354_9.jpg\"><\/div><\/div><div class=\"ow_auto_item_image_slide\"><div class=\"ow_galery_image_bg\"><img data-lazy=\"https:\/\/neueautos.ch\/wp-content\/themes\/Divi-Child\/actions\/zipContents\/475254105354_10.jpg\"><\/div><\/div><div class=\"ow_auto_item_image_slide\"><div class=\"ow_galery_image_bg\"><img data-lazy=\"https:\/\/neueautos.ch\/wp-content\/themes\/Divi-Child\/actions\/zipContents\/475254105354_11.jpg\"><\/div><\/div><div class=\"ow_auto_item_image_slide\"><div class=\"ow_galery_image_bg\"><img data-lazy=\"https:\/\/neueautos.ch\/wp-content\/themes\/Divi-Child\/actions\/zipContents\/475254105354_12.jpg\"><\/div><\/div><div class=\"ow_auto_item_image_slide\"><div class=\"ow_galery_image_bg\"><img data-lazy=\"https:\/\/neueautos.ch\/wp-content\/themes\/Divi-Child\/actions\/zipContents\/475254105354_13.jpg\"><\/div><\/div><div class=\"ow_auto_item_image_slide\"><div class=\"ow_galery_image_bg\"><img data-lazy=\"https:\/\/neueautos.ch\/wp-content\/themes\/Divi-Child\/actions\/zipContents\/475254105354_14.jpg\"><\/div><\/div><div class=\"ow_auto_item_image_slide\"><div class=\"ow_galery_image_bg\"><img data-lazy=\"https:\/\/neueautos.ch\/wp-content\/themes\/Divi-Child\/actions\/zipContents\/475254105354_15.jpg\"><\/div><\/div><div class=\"ow_auto_item_image_slide\"><div class=\"ow_galery_image_bg\"><img data-lazy=\"https:\/\/neueautos.ch\/wp-content\/themes\/Divi-Child\/actions\/zipContents\/475254105354_16.jpg\"><\/div><\/div><\/div><a class=\"ow_auto_item_text\" href=\"https:\/\/neueautos.ch\/it\/auto\/toyota-corolla-touring-sports-2-0-hev-premium-leder-105354-2\/\"><div class=\"ow_auto_item_text_data\"><div class=\"ow_auto_item_title mb32 text-center\"><h3><strong>Toyota<\/strong> Corolla Touring Sports 2.0 HEV Premium, LEDER<\/h3><\/div><p><strong>Car\u00adbu\u00adrante:<\/strong> Ibrido<\/p><p><strong>Tipo di cam\u00adbio:<\/strong> Cam\u00adbio automatico<\/p><p><strong>Chilometri:<\/strong> 50km<\/p><p><strong>Imma\u00adtri\u00adco\u00adlazione:<\/strong> 19.11.2025<\/p><\/div><div class=\"ow_auto_item_text_bottom mt32\"><p class=\"preis\">CHF 36\u2019900.00<\/p><div class=\"ow_button ow_button_red\"><span><span>Mag\u00adgiori informazioni<\/span><\/span><\/div><\/div><\/a><\/div><div class=\"ow_auto_item\"><div class=\"ow_auto_item_image\"><div class=\"ow_auto_item_image_slide\"><div class=\"ow_galery_image_bg\"><img data-lazy=\"https:\/\/neueautos.ch\/wp-content\/themes\/Divi-Child\/actions\/zipContents\/475254105329.jpg\"><\/div><\/div><div class=\"ow_auto_item_image_slide\"><div class=\"ow_galery_image_bg\"><img data-lazy=\"https:\/\/neueautos.ch\/wp-content\/themes\/Divi-Child\/actions\/zipContents\/475254105329_2.jpg\"><\/div><\/div><div class=\"ow_auto_item_image_slide\"><div class=\"ow_galery_image_bg\"><img data-lazy=\"https:\/\/neueautos.ch\/wp-content\/themes\/Divi-Child\/actions\/zipContents\/475254105329_3.jpg\"><\/div><\/div><div class=\"ow_auto_item_image_slide\"><div class=\"ow_galery_image_bg\"><img data-lazy=\"https:\/\/neueautos.ch\/wp-content\/themes\/Divi-Child\/actions\/zipContents\/475254105329_4.jpg\"><\/div><\/div><div class=\"ow_auto_item_image_slide\"><div class=\"ow_galery_image_bg\"><img data-lazy=\"https:\/\/neueautos.ch\/wp-content\/themes\/Divi-Child\/actions\/zipContents\/475254105329_5.jpg\"><\/div><\/div><div class=\"ow_auto_item_image_slide\"><div class=\"ow_galery_image_bg\"><img data-lazy=\"https:\/\/neueautos.ch\/wp-content\/themes\/Divi-Child\/actions\/zipContents\/475254105329_6.jpg\"><\/div><\/div><div class=\"ow_auto_item_image_slide\"><div class=\"ow_galery_image_bg\"><img data-lazy=\"https:\/\/neueautos.ch\/wp-content\/themes\/Divi-Child\/actions\/zipContents\/475254105329_7.jpg\"><\/div><\/div><div class=\"ow_auto_item_image_slide\"><div class=\"ow_galery_image_bg\"><img data-lazy=\"https:\/\/neueautos.ch\/wp-content\/themes\/Divi-Child\/actions\/zipContents\/475254105329_8.jpg\"><\/div><\/div><div class=\"ow_auto_item_image_slide\"><div class=\"ow_galery_image_bg\"><img data-lazy=\"https:\/\/neueautos.ch\/wp-content\/themes\/Divi-Child\/actions\/zipContents\/475254105329_9.jpg\"><\/div><\/div><div class=\"ow_auto_item_image_slide\"><div class=\"ow_galery_image_bg\"><img data-lazy=\"https:\/\/neueautos.ch\/wp-content\/themes\/Divi-Child\/actions\/zipContents\/475254105329_10.jpg\"><\/div><\/div><div class=\"ow_auto_item_image_slide\"><div class=\"ow_galery_image_bg\"><img data-lazy=\"https:\/\/neueautos.ch\/wp-content\/themes\/Divi-Child\/actions\/zipContents\/475254105329_11.jpg\"><\/div><\/div><div class=\"ow_auto_item_image_slide\"><div class=\"ow_galery_image_bg\"><img data-lazy=\"https:\/\/neueautos.ch\/wp-content\/themes\/Divi-Child\/actions\/zipContents\/475254105329_12.jpg\"><\/div><\/div><div class=\"ow_auto_item_image_slide\"><div class=\"ow_galery_image_bg\"><img data-lazy=\"https:\/\/neueautos.ch\/wp-content\/themes\/Divi-Child\/actions\/zipContents\/475254105329_13.jpg\"><\/div><\/div><div class=\"ow_auto_item_image_slide\"><div class=\"ow_galery_image_bg\"><img data-lazy=\"https:\/\/neueautos.ch\/wp-content\/themes\/Divi-Child\/actions\/zipContents\/475254105329_14.jpg\"><\/div><\/div><div class=\"ow_auto_item_image_slide\"><div class=\"ow_galery_image_bg\"><img data-lazy=\"https:\/\/neueautos.ch\/wp-content\/themes\/Divi-Child\/actions\/zipContents\/475254105329_15.jpg\"><\/div><\/div><div class=\"ow_auto_item_image_slide\"><div class=\"ow_galery_image_bg\"><img data-lazy=\"https:\/\/neueautos.ch\/wp-content\/themes\/Divi-Child\/actions\/zipContents\/475254105329_16.jpg\"><\/div><\/div><\/div><a class=\"ow_auto_item_text\" href=\"https:\/\/neueautos.ch\/it\/auto\/toyota-corolla-touring-sports-2-0-hsd-premium-leder-105329-2\/\"><div class=\"ow_auto_item_text_data\"><div class=\"ow_auto_item_title mb32 text-center\"><h3><strong>Toyota<\/strong> Corolla Touring Sports 2.0 HEV Premium, LEDER<\/h3><\/div><p><strong>Car\u00adbu\u00adrante:<\/strong> Ibrido<\/p><p><strong>Tipo di cam\u00adbio:<\/strong> Cam\u00adbio automatico<\/p><p><strong>Chilometri:<\/strong> 50km<\/p><p><strong>Imma\u00adtri\u00adco\u00adlazione:<\/strong> Novit\u00e0<\/p><\/div><div class=\"ow_auto_item_text_bottom mt32\"><p class=\"preis\">CHF 36\u2019900.00<\/p><div class=\"ow_button ow_button_red\"><span><span>Mag\u00adgiori informazioni<\/span><\/span><\/div><\/div><\/a><\/div><div class=\"ow_auto_item\"><div class=\"ow_auto_item_image\"><div class=\"ow_auto_item_image_slide\"><div class=\"ow_galery_image_bg\"><img data-lazy=\"https:\/\/neueautos.ch\/wp-content\/themes\/Divi-Child\/actions\/zipContents\/475254105379.jpg\"><\/div><\/div><div class=\"ow_auto_item_image_slide\"><div class=\"ow_galery_image_bg\"><img data-lazy=\"https:\/\/neueautos.ch\/wp-content\/themes\/Divi-Child\/actions\/zipContents\/475254105379_2.jpg\"><\/div><\/div><div class=\"ow_auto_item_image_slide\"><div class=\"ow_galery_image_bg\"><img data-lazy=\"https:\/\/neueautos.ch\/wp-content\/themes\/Divi-Child\/actions\/zipContents\/475254105379_3.jpg\"><\/div><\/div><div class=\"ow_auto_item_image_slide\"><div class=\"ow_galery_image_bg\"><img data-lazy=\"https:\/\/neueautos.ch\/wp-content\/themes\/Divi-Child\/actions\/zipContents\/475254105379_4.jpg\"><\/div><\/div><div class=\"ow_auto_item_image_slide\"><div class=\"ow_galery_image_bg\"><img data-lazy=\"https:\/\/neueautos.ch\/wp-content\/themes\/Divi-Child\/actions\/zipContents\/475254105379_5.jpg\"><\/div><\/div><div class=\"ow_auto_item_image_slide\"><div class=\"ow_galery_image_bg\"><img data-lazy=\"https:\/\/neueautos.ch\/wp-content\/themes\/Divi-Child\/actions\/zipContents\/475254105379_6.jpg\"><\/div><\/div><div class=\"ow_auto_item_image_slide\"><div class=\"ow_galery_image_bg\"><img data-lazy=\"https:\/\/neueautos.ch\/wp-content\/themes\/Divi-Child\/actions\/zipContents\/475254105379_7.jpg\"><\/div><\/div><div class=\"ow_auto_item_image_slide\"><div class=\"ow_galery_image_bg\"><img data-lazy=\"https:\/\/neueautos.ch\/wp-content\/themes\/Divi-Child\/actions\/zipContents\/475254105379_8.jpg\"><\/div><\/div><div class=\"ow_auto_item_image_slide\"><div class=\"ow_galery_image_bg\"><img data-lazy=\"https:\/\/neueautos.ch\/wp-content\/themes\/Divi-Child\/actions\/zipContents\/475254105379_9.jpg\"><\/div><\/div><div class=\"ow_auto_item_image_slide\"><div class=\"ow_galery_image_bg\"><img data-lazy=\"https:\/\/neueautos.ch\/wp-content\/themes\/Divi-Child\/actions\/zipContents\/475254105379_10.jpg\"><\/div><\/div><div class=\"ow_auto_item_image_slide\"><div class=\"ow_galery_image_bg\"><img data-lazy=\"https:\/\/neueautos.ch\/wp-content\/themes\/Divi-Child\/actions\/zipContents\/475254105379_11.jpg\"><\/div><\/div><div class=\"ow_auto_item_image_slide\"><div class=\"ow_galery_image_bg\"><img data-lazy=\"https:\/\/neueautos.ch\/wp-content\/themes\/Divi-Child\/actions\/zipContents\/475254105379_12.jpg\"><\/div><\/div><div class=\"ow_auto_item_image_slide\"><div class=\"ow_galery_image_bg\"><img data-lazy=\"https:\/\/neueautos.ch\/wp-content\/themes\/Divi-Child\/actions\/zipContents\/475254105379_13.jpg\"><\/div><\/div><div class=\"ow_auto_item_image_slide\"><div class=\"ow_galery_image_bg\"><img data-lazy=\"https:\/\/neueautos.ch\/wp-content\/themes\/Divi-Child\/actions\/zipContents\/475254105379_14.jpg\"><\/div><\/div><div class=\"ow_auto_item_image_slide\"><div class=\"ow_galery_image_bg\"><img data-lazy=\"https:\/\/neueautos.ch\/wp-content\/themes\/Divi-Child\/actions\/zipContents\/475254105379_15.jpg\"><\/div><\/div><div class=\"ow_auto_item_image_slide\"><div class=\"ow_galery_image_bg\"><img data-lazy=\"https:\/\/neueautos.ch\/wp-content\/themes\/Divi-Child\/actions\/zipContents\/475254105379_16.jpg\"><\/div><\/div><\/div><a class=\"ow_auto_item_text\" href=\"https:\/\/neueautos.ch\/it\/auto\/toyota-gr-corolla-1-6t-4x4-circuit-edition-105379-2\/\"><div class=\"ow_auto_item_text_data\"><div class=\"ow_auto_item_title mb32 text-center\"><h3><strong>Toyota<\/strong> GR Corolla 1.6T 4x4 Circuit Edition<\/h3><\/div><p><strong>Car\u00adbu\u00adrante:<\/strong> Benzina<\/p><p><strong>Tipo di cam\u00adbio:<\/strong> Cam\u00adbio manuale<\/p><p><strong>Chilometri:<\/strong> 4000km<\/p><p><strong>Imma\u00adtri\u00adco\u00adlazione:<\/strong> 25.04.2024<\/p><\/div><div class=\"ow_auto_item_text_bottom mt32\"><p class=\"preis\">CHF 64\u2019500.00<\/p><div class=\"ow_button ow_button_red\"><span><span>Mag\u00adgiori informazioni<\/span><\/span><\/div><\/div><\/a><\/div><div class=\"ow_auto_item\"><div class=\"ow_auto_item_image\"><div class=\"ow_auto_item_image_slide\"><div class=\"ow_galery_image_bg\"><img data-lazy=\"https:\/\/neueautos.ch\/wp-content\/themes\/Divi-Child\/actions\/zipContents\/475254105285.jpg\"><\/div><\/div><div class=\"ow_auto_item_image_slide\"><div class=\"ow_galery_image_bg\"><img data-lazy=\"https:\/\/neueautos.ch\/wp-content\/themes\/Divi-Child\/actions\/zipContents\/475254105285_2.jpg\"><\/div><\/div><div class=\"ow_auto_item_image_slide\"><div class=\"ow_galery_image_bg\"><img data-lazy=\"https:\/\/neueautos.ch\/wp-content\/themes\/Divi-Child\/actions\/zipContents\/475254105285_3.jpg\"><\/div><\/div><div class=\"ow_auto_item_image_slide\"><div class=\"ow_galery_image_bg\"><img data-lazy=\"https:\/\/neueautos.ch\/wp-content\/themes\/Divi-Child\/actions\/zipContents\/475254105285_4.jpg\"><\/div><\/div><div class=\"ow_auto_item_image_slide\"><div class=\"ow_galery_image_bg\"><img data-lazy=\"https:\/\/neueautos.ch\/wp-content\/themes\/Divi-Child\/actions\/zipContents\/475254105285_5.jpg\"><\/div><\/div><div class=\"ow_auto_item_image_slide\"><div class=\"ow_galery_image_bg\"><img data-lazy=\"https:\/\/neueautos.ch\/wp-content\/themes\/Divi-Child\/actions\/zipContents\/475254105285_6.jpg\"><\/div><\/div><div class=\"ow_auto_item_image_slide\"><div class=\"ow_galery_image_bg\"><img data-lazy=\"https:\/\/neueautos.ch\/wp-content\/themes\/Divi-Child\/actions\/zipContents\/475254105285_7.jpg\"><\/div><\/div><div class=\"ow_auto_item_image_slide\"><div class=\"ow_galery_image_bg\"><img data-lazy=\"https:\/\/neueautos.ch\/wp-content\/themes\/Divi-Child\/actions\/zipContents\/475254105285_8.jpg\"><\/div><\/div><div class=\"ow_auto_item_image_slide\"><div class=\"ow_galery_image_bg\"><img data-lazy=\"https:\/\/neueautos.ch\/wp-content\/themes\/Divi-Child\/actions\/zipContents\/475254105285_9.jpg\"><\/div><\/div><div class=\"ow_auto_item_image_slide\"><div class=\"ow_galery_image_bg\"><img data-lazy=\"https:\/\/neueautos.ch\/wp-content\/themes\/Divi-Child\/actions\/zipContents\/475254105285_10.jpg\"><\/div><\/div><div class=\"ow_auto_item_image_slide\"><div class=\"ow_galery_image_bg\"><img data-lazy=\"https:\/\/neueautos.ch\/wp-content\/themes\/Divi-Child\/actions\/zipContents\/475254105285_11.jpg\"><\/div><\/div><div class=\"ow_auto_item_image_slide\"><div class=\"ow_galery_image_bg\"><img data-lazy=\"https:\/\/neueautos.ch\/wp-content\/themes\/Divi-Child\/actions\/zipContents\/475254105285_12.jpg\"><\/div><\/div><div class=\"ow_auto_item_image_slide\"><div class=\"ow_galery_image_bg\"><img data-lazy=\"https:\/\/neueautos.ch\/wp-content\/themes\/Divi-Child\/actions\/zipContents\/475254105285_13.jpg\"><\/div><\/div><div class=\"ow_auto_item_image_slide\"><div class=\"ow_galery_image_bg\"><img data-lazy=\"https:\/\/neueautos.ch\/wp-content\/themes\/Divi-Child\/actions\/zipContents\/475254105285_14.jpg\"><\/div><\/div><div class=\"ow_auto_item_image_slide\"><div class=\"ow_galery_image_bg\"><img data-lazy=\"https:\/\/neueautos.ch\/wp-content\/themes\/Divi-Child\/actions\/zipContents\/475254105285_15.jpg\"><\/div><\/div><div class=\"ow_auto_item_image_slide\"><div class=\"ow_galery_image_bg\"><img data-lazy=\"https:\/\/neueautos.ch\/wp-content\/themes\/Divi-Child\/actions\/zipContents\/475254105285_16.jpg\"><\/div><\/div><\/div><a class=\"ow_auto_item_text\" href=\"https:\/\/neueautos.ch\/it\/auto\/toyota-gr-supra-3-0-twin-turbo-final-edition-1-of-300-105285-2\/\"><div class=\"ow_auto_item_text_data\"><div class=\"ow_auto_item_title mb32 text-center\"><h3><strong>Toyota<\/strong> GR Supra 3.0 Twin Turbo - Final Edition 1 of&nbsp;300<\/h3><\/div><p><strong>Car\u00adbu\u00adrante:<\/strong> Benzina<\/p><p><strong>Tipo di cam\u00adbio:<\/strong> Cam\u00adbio manuale<\/p><p><strong>Chilometri:<\/strong> 100km<\/p><p><strong>Imma\u00adtri\u00adco\u00adlazione:<\/strong> 08.12.2025<\/p><\/div><div class=\"ow_auto_item_text_bottom mt32\"><p class=\"preis\">CHF 195\u2019000.00<\/p><div class=\"ow_button ow_button_red\"><span><span>Mag\u00adgiori informazioni<\/span><\/span><\/div><\/div><\/a><\/div><div class=\"ow_auto_item\"><div class=\"ow_auto_item_image\"><div class=\"ow_auto_item_image_slide\"><div class=\"ow_galery_image_bg\"><img data-lazy=\"https:\/\/neueautos.ch\/wp-content\/themes\/Divi-Child\/actions\/zipContents\/475254105364.jpg\"><\/div><\/div><div class=\"ow_auto_item_image_slide\"><div class=\"ow_galery_image_bg\"><img data-lazy=\"https:\/\/neueautos.ch\/wp-content\/themes\/Divi-Child\/actions\/zipContents\/475254105364_2.jpg\"><\/div><\/div><div class=\"ow_auto_item_image_slide\"><div class=\"ow_galery_image_bg\"><img data-lazy=\"https:\/\/neueautos.ch\/wp-content\/themes\/Divi-Child\/actions\/zipContents\/475254105364_3.jpg\"><\/div><\/div><div class=\"ow_auto_item_image_slide\"><div class=\"ow_galery_image_bg\"><img data-lazy=\"https:\/\/neueautos.ch\/wp-content\/themes\/Divi-Child\/actions\/zipContents\/475254105364_4.jpg\"><\/div><\/div><div class=\"ow_auto_item_image_slide\"><div class=\"ow_galery_image_bg\"><img data-lazy=\"https:\/\/neueautos.ch\/wp-content\/themes\/Divi-Child\/actions\/zipContents\/475254105364_5.jpg\"><\/div><\/div><div class=\"ow_auto_item_image_slide\"><div class=\"ow_galery_image_bg\"><img data-lazy=\"https:\/\/neueautos.ch\/wp-content\/themes\/Divi-Child\/actions\/zipContents\/475254105364_6.jpg\"><\/div><\/div><div class=\"ow_auto_item_image_slide\"><div class=\"ow_galery_image_bg\"><img data-lazy=\"https:\/\/neueautos.ch\/wp-content\/themes\/Divi-Child\/actions\/zipContents\/475254105364_7.jpg\"><\/div><\/div><div class=\"ow_auto_item_image_slide\"><div class=\"ow_galery_image_bg\"><img data-lazy=\"https:\/\/neueautos.ch\/wp-content\/themes\/Divi-Child\/actions\/zipContents\/475254105364_8.jpg\"><\/div><\/div><div class=\"ow_auto_item_image_slide\"><div class=\"ow_galery_image_bg\"><img data-lazy=\"https:\/\/neueautos.ch\/wp-content\/themes\/Divi-Child\/actions\/zipContents\/475254105364_9.jpg\"><\/div><\/div><div class=\"ow_auto_item_image_slide\"><div class=\"ow_galery_image_bg\"><img data-lazy=\"https:\/\/neueautos.ch\/wp-content\/themes\/Divi-Child\/actions\/zipContents\/475254105364_10.jpg\"><\/div><\/div><div class=\"ow_auto_item_image_slide\"><div class=\"ow_galery_image_bg\"><img data-lazy=\"https:\/\/neueautos.ch\/wp-content\/themes\/Divi-Child\/actions\/zipContents\/475254105364_11.jpg\"><\/div><\/div><div class=\"ow_auto_item_image_slide\"><div class=\"ow_galery_image_bg\"><img data-lazy=\"https:\/\/neueautos.ch\/wp-content\/themes\/Divi-Child\/actions\/zipContents\/475254105364_12.jpg\"><\/div><\/div><div class=\"ow_auto_item_image_slide\"><div class=\"ow_galery_image_bg\"><img data-lazy=\"https:\/\/neueautos.ch\/wp-content\/themes\/Divi-Child\/actions\/zipContents\/475254105364_13.jpg\"><\/div><\/div><div class=\"ow_auto_item_image_slide\"><div class=\"ow_galery_image_bg\"><img data-lazy=\"https:\/\/neueautos.ch\/wp-content\/themes\/Divi-Child\/actions\/zipContents\/475254105364_14.jpg\"><\/div><\/div><div class=\"ow_auto_item_image_slide\"><div class=\"ow_galery_image_bg\"><img data-lazy=\"https:\/\/neueautos.ch\/wp-content\/themes\/Divi-Child\/actions\/zipContents\/475254105364_15.jpg\"><\/div><\/div><div class=\"ow_auto_item_image_slide\"><div class=\"ow_galery_image_bg\"><img data-lazy=\"https:\/\/neueautos.ch\/wp-content\/themes\/Divi-Child\/actions\/zipContents\/475254105364_16.jpg\"><\/div><\/div><\/div><a class=\"ow_auto_item_text\" href=\"https:\/\/neueautos.ch\/it\/auto\/toyota-land-cruiser-2-8-d-205-first-edition-105364-2\/\"><div class=\"ow_auto_item_text_data\"><div class=\"ow_auto_item_title mb32 text-center\"><h3><strong>Toyota<\/strong> Land Cruiser 2.8 D 205 First Edition<\/h3><\/div><p><strong>Car\u00adbu\u00adrante:<\/strong> Diesel<\/p><p><strong>Tipo di cam\u00adbio:<\/strong> Cam\u00adbio automatico<\/p><p><strong>Chilometri:<\/strong> 9000km<\/p><p><strong>Imma\u00adtri\u00adco\u00adlazione:<\/strong> 09.01.2025<\/p><\/div><div class=\"ow_auto_item_text_bottom mt32\"><p class=\"preis\">CHF 92\u2019500.00<\/p><div class=\"ow_button ow_button_red\"><span><span>Mag\u00adgiori informazioni<\/span><\/span><\/div><\/div><\/a><\/div><div class=\"ow_auto_item\"><div class=\"ow_auto_item_image\"><div class=\"ow_auto_item_image_slide\"><div class=\"ow_galery_image_bg\"><img data-lazy=\"https:\/\/neueautos.ch\/wp-content\/themes\/Divi-Child\/actions\/zipContents\/475254105309.jpg\"><\/div><\/div><div class=\"ow_auto_item_image_slide\"><div class=\"ow_galery_image_bg\"><img data-lazy=\"https:\/\/neueautos.ch\/wp-content\/themes\/Divi-Child\/actions\/zipContents\/475254105309_2.jpg\"><\/div><\/div><div class=\"ow_auto_item_image_slide\"><div class=\"ow_galery_image_bg\"><img data-lazy=\"https:\/\/neueautos.ch\/wp-content\/themes\/Divi-Child\/actions\/zipContents\/475254105309_3.jpg\"><\/div><\/div><div class=\"ow_auto_item_image_slide\"><div class=\"ow_galery_image_bg\"><img data-lazy=\"https:\/\/neueautos.ch\/wp-content\/themes\/Divi-Child\/actions\/zipContents\/475254105309_4.jpg\"><\/div><\/div><div class=\"ow_auto_item_image_slide\"><div class=\"ow_galery_image_bg\"><img data-lazy=\"https:\/\/neueautos.ch\/wp-content\/themes\/Divi-Child\/actions\/zipContents\/475254105309_5.jpg\"><\/div><\/div><div class=\"ow_auto_item_image_slide\"><div class=\"ow_galery_image_bg\"><img data-lazy=\"https:\/\/neueautos.ch\/wp-content\/themes\/Divi-Child\/actions\/zipContents\/475254105309_6.jpg\"><\/div><\/div><div class=\"ow_auto_item_image_slide\"><div class=\"ow_galery_image_bg\"><img data-lazy=\"https:\/\/neueautos.ch\/wp-content\/themes\/Divi-Child\/actions\/zipContents\/475254105309_7.jpg\"><\/div><\/div><div class=\"ow_auto_item_image_slide\"><div class=\"ow_galery_image_bg\"><img data-lazy=\"https:\/\/neueautos.ch\/wp-content\/themes\/Divi-Child\/actions\/zipContents\/475254105309_8.jpg\"><\/div><\/div><div class=\"ow_auto_item_image_slide\"><div class=\"ow_galery_image_bg\"><img data-lazy=\"https:\/\/neueautos.ch\/wp-content\/themes\/Divi-Child\/actions\/zipContents\/475254105309_9.jpg\"><\/div><\/div><div class=\"ow_auto_item_image_slide\"><div class=\"ow_galery_image_bg\"><img data-lazy=\"https:\/\/neueautos.ch\/wp-content\/themes\/Divi-Child\/actions\/zipContents\/475254105309_10.jpg\"><\/div><\/div><div class=\"ow_auto_item_image_slide\"><div class=\"ow_galery_image_bg\"><img data-lazy=\"https:\/\/neueautos.ch\/wp-content\/themes\/Divi-Child\/actions\/zipContents\/475254105309_11.jpg\"><\/div><\/div><div class=\"ow_auto_item_image_slide\"><div class=\"ow_galery_image_bg\"><img data-lazy=\"https:\/\/neueautos.ch\/wp-content\/themes\/Divi-Child\/actions\/zipContents\/475254105309_12.jpg\"><\/div><\/div><div class=\"ow_auto_item_image_slide\"><div class=\"ow_galery_image_bg\"><img data-lazy=\"https:\/\/neueautos.ch\/wp-content\/themes\/Divi-Child\/actions\/zipContents\/475254105309_13.jpg\"><\/div><\/div><div class=\"ow_auto_item_image_slide\"><div class=\"ow_galery_image_bg\"><img data-lazy=\"https:\/\/neueautos.ch\/wp-content\/themes\/Divi-Child\/actions\/zipContents\/475254105309_14.jpg\"><\/div><\/div><div class=\"ow_auto_item_image_slide\"><div class=\"ow_galery_image_bg\"><img data-lazy=\"https:\/\/neueautos.ch\/wp-content\/themes\/Divi-Child\/actions\/zipContents\/475254105309_15.jpg\"><\/div><\/div><div class=\"ow_auto_item_image_slide\"><div class=\"ow_galery_image_bg\"><img data-lazy=\"https:\/\/neueautos.ch\/wp-content\/themes\/Divi-Child\/actions\/zipContents\/475254105309_16.jpg\"><\/div><\/div><\/div><a class=\"ow_auto_item_text\" href=\"https:\/\/neueautos.ch\/it\/auto\/toyota-yaris-cross-1-5-vvt-i-hsd-premium-2wd-105309-2\/\"><div class=\"ow_auto_item_text_data\"><div class=\"ow_auto_item_title mb32 text-center\"><h3><strong>Toyota<\/strong> Yaris Cross 1.5 VVT-i HEV Premium 2WD<\/h3><\/div><p><strong>Car\u00adbu\u00adrante:<\/strong> Ibrido<\/p><p><strong>Tipo di cam\u00adbio:<\/strong> Cam\u00adbio automatico<\/p><p><strong>Chilometri:<\/strong> 50km<\/p><p><strong>Imma\u00adtri\u00adco\u00adlazione:<\/strong> Novit\u00e0<\/p><\/div><div class=\"ow_auto_item_text_bottom mt32\"><p class=\"preis\">CHF 31\u2019900.00<\/p><div class=\"ow_button ow_button_red\"><span><span>Mag\u00adgiori informazioni<\/span><\/span><\/div><\/div><\/a><\/div><div class=\"ow_auto_item\"><div class=\"ow_auto_item_image\"><div class=\"ow_auto_item_image_slide\"><div class=\"ow_galery_image_bg\"><img data-lazy=\"https:\/\/neueautos.ch\/wp-content\/themes\/Divi-Child\/actions\/zipContents\/475254105380.jpg\"><\/div><\/div><div class=\"ow_auto_item_image_slide\"><div class=\"ow_galery_image_bg\"><img data-lazy=\"https:\/\/neueautos.ch\/wp-content\/themes\/Divi-Child\/actions\/zipContents\/475254105380_2.jpg\"><\/div><\/div><div class=\"ow_auto_item_image_slide\"><div class=\"ow_galery_image_bg\"><img data-lazy=\"https:\/\/neueautos.ch\/wp-content\/themes\/Divi-Child\/actions\/zipContents\/475254105380_3.jpg\"><\/div><\/div><div class=\"ow_auto_item_image_slide\"><div class=\"ow_galery_image_bg\"><img data-lazy=\"https:\/\/neueautos.ch\/wp-content\/themes\/Divi-Child\/actions\/zipContents\/475254105380_4.jpg\"><\/div><\/div><div class=\"ow_auto_item_image_slide\"><div class=\"ow_galery_image_bg\"><img data-lazy=\"https:\/\/neueautos.ch\/wp-content\/themes\/Divi-Child\/actions\/zipContents\/475254105380_5.jpg\"><\/div><\/div><div class=\"ow_auto_item_image_slide\"><div class=\"ow_galery_image_bg\"><img data-lazy=\"https:\/\/neueautos.ch\/wp-content\/themes\/Divi-Child\/actions\/zipContents\/475254105380_6.jpg\"><\/div><\/div><div class=\"ow_auto_item_image_slide\"><div class=\"ow_galery_image_bg\"><img data-lazy=\"https:\/\/neueautos.ch\/wp-content\/themes\/Divi-Child\/actions\/zipContents\/475254105380_7.jpg\"><\/div><\/div><div class=\"ow_auto_item_image_slide\"><div class=\"ow_galery_image_bg\"><img data-lazy=\"https:\/\/neueautos.ch\/wp-content\/themes\/Divi-Child\/actions\/zipContents\/475254105380_8.jpg\"><\/div><\/div><div class=\"ow_auto_item_image_slide\"><div class=\"ow_galery_image_bg\"><img data-lazy=\"https:\/\/neueautos.ch\/wp-content\/themes\/Divi-Child\/actions\/zipContents\/475254105380_9.jpg\"><\/div><\/div><div class=\"ow_auto_item_image_slide\"><div class=\"ow_galery_image_bg\"><img data-lazy=\"https:\/\/neueautos.ch\/wp-content\/themes\/Divi-Child\/actions\/zipContents\/475254105380_10.jpg\"><\/div><\/div><div class=\"ow_auto_item_image_slide\"><div class=\"ow_galery_image_bg\"><img data-lazy=\"https:\/\/neueautos.ch\/wp-content\/themes\/Divi-Child\/actions\/zipContents\/475254105380_11.jpg\"><\/div><\/div><div class=\"ow_auto_item_image_slide\"><div class=\"ow_galery_image_bg\"><img data-lazy=\"https:\/\/neueautos.ch\/wp-content\/themes\/Divi-Child\/actions\/zipContents\/475254105380_12.jpg\"><\/div><\/div><div class=\"ow_auto_item_image_slide\"><div class=\"ow_galery_image_bg\"><img data-lazy=\"https:\/\/neueautos.ch\/wp-content\/themes\/Divi-Child\/actions\/zipContents\/475254105380_13.jpg\"><\/div><\/div><div class=\"ow_auto_item_image_slide\"><div class=\"ow_galery_image_bg\"><img data-lazy=\"https:\/\/neueautos.ch\/wp-content\/themes\/Divi-Child\/actions\/zipContents\/475254105380_14.jpg\"><\/div><\/div><div class=\"ow_auto_item_image_slide\"><div class=\"ow_galery_image_bg\"><img data-lazy=\"https:\/\/neueautos.ch\/wp-content\/themes\/Divi-Child\/actions\/zipContents\/475254105380_15.jpg\"><\/div><\/div><div class=\"ow_auto_item_image_slide\"><div class=\"ow_galery_image_bg\"><img data-lazy=\"https:\/\/neueautos.ch\/wp-content\/themes\/Divi-Child\/actions\/zipContents\/475254105380_16.jpg\"><\/div><\/div><\/div><a class=\"ow_auto_item_text\" href=\"https:\/\/neueautos.ch\/it\/auto\/toyota-yaris-cross-1-5-vvt-i-hsd-premium-2wd-105380-2\/\"><div class=\"ow_auto_item_text_data\"><div class=\"ow_auto_item_title mb32 text-center\"><h3><strong>Toyota<\/strong> Yaris Cross 1.5 VVT-i HSD Premium 2WD<\/h3><\/div><p><strong>Car\u00adbu\u00adrante:<\/strong> Ibrido<\/p><p><strong>Tipo di cam\u00adbio:<\/strong> Cam\u00adbio automatico<\/p><p><strong>Chilometri:<\/strong> 50km<\/p><p><strong>Imma\u00adtri\u00adco\u00adlazione:<\/strong> Novit\u00e0<\/p><\/div><div class=\"ow_auto_item_text_bottom mt32\"><p class=\"preis\">CHF 30\u2019900.00<\/p><div class=\"ow_button ow_button_red\"><span><span>Mag\u00adgiori informazioni<\/span><\/span><\/div><\/div><\/a><\/div><div class=\"ow_auto_item\"><div class=\"ow_auto_item_image\"><div class=\"ow_auto_item_image_slide\"><div class=\"ow_galery_image_bg\"><img data-lazy=\"https:\/\/neueautos.ch\/wp-content\/themes\/Divi-Child\/actions\/zipContents\/475254105385.jpg\"><\/div><\/div><div class=\"ow_auto_item_image_slide\"><div class=\"ow_galery_image_bg\"><img data-lazy=\"https:\/\/neueautos.ch\/wp-content\/themes\/Divi-Child\/actions\/zipContents\/475254105385_2.jpg\"><\/div><\/div><div class=\"ow_auto_item_image_slide\"><div class=\"ow_galery_image_bg\"><img data-lazy=\"https:\/\/neueautos.ch\/wp-content\/themes\/Divi-Child\/actions\/zipContents\/475254105385_3.jpg\"><\/div><\/div><div class=\"ow_auto_item_image_slide\"><div class=\"ow_galery_image_bg\"><img data-lazy=\"https:\/\/neueautos.ch\/wp-content\/themes\/Divi-Child\/actions\/zipContents\/475254105385_4.jpg\"><\/div><\/div><div class=\"ow_auto_item_image_slide\"><div class=\"ow_galery_image_bg\"><img data-lazy=\"https:\/\/neueautos.ch\/wp-content\/themes\/Divi-Child\/actions\/zipContents\/475254105385_5.jpg\"><\/div><\/div><div class=\"ow_auto_item_image_slide\"><div class=\"ow_galery_image_bg\"><img data-lazy=\"https:\/\/neueautos.ch\/wp-content\/themes\/Divi-Child\/actions\/zipContents\/475254105385_6.jpg\"><\/div><\/div><div class=\"ow_auto_item_image_slide\"><div class=\"ow_galery_image_bg\"><img data-lazy=\"https:\/\/neueautos.ch\/wp-content\/themes\/Divi-Child\/actions\/zipContents\/475254105385_7.jpg\"><\/div><\/div><div class=\"ow_auto_item_image_slide\"><div class=\"ow_galery_image_bg\"><img data-lazy=\"https:\/\/neueautos.ch\/wp-content\/themes\/Divi-Child\/actions\/zipContents\/475254105385_8.jpg\"><\/div><\/div><div class=\"ow_auto_item_image_slide\"><div class=\"ow_galery_image_bg\"><img data-lazy=\"https:\/\/neueautos.ch\/wp-content\/themes\/Divi-Child\/actions\/zipContents\/475254105385_9.jpg\"><\/div><\/div><div class=\"ow_auto_item_image_slide\"><div class=\"ow_galery_image_bg\"><img data-lazy=\"https:\/\/neueautos.ch\/wp-content\/themes\/Divi-Child\/actions\/zipContents\/475254105385_10.jpg\"><\/div><\/div><div class=\"ow_auto_item_image_slide\"><div class=\"ow_galery_image_bg\"><img data-lazy=\"https:\/\/neueautos.ch\/wp-content\/themes\/Divi-Child\/actions\/zipContents\/475254105385_11.jpg\"><\/div><\/div><div class=\"ow_auto_item_image_slide\"><div class=\"ow_galery_image_bg\"><img data-lazy=\"https:\/\/neueautos.ch\/wp-content\/themes\/Divi-Child\/actions\/zipContents\/475254105385_12.jpg\"><\/div><\/div><div class=\"ow_auto_item_image_slide\"><div class=\"ow_galery_image_bg\"><img data-lazy=\"https:\/\/neueautos.ch\/wp-content\/themes\/Divi-Child\/actions\/zipContents\/475254105385_13.jpg\"><\/div><\/div><div class=\"ow_auto_item_image_slide\"><div class=\"ow_galery_image_bg\"><img data-lazy=\"https:\/\/neueautos.ch\/wp-content\/themes\/Divi-Child\/actions\/zipContents\/475254105385_14.jpg\"><\/div><\/div><div class=\"ow_auto_item_image_slide\"><div class=\"ow_galery_image_bg\"><img data-lazy=\"https:\/\/neueautos.ch\/wp-content\/themes\/Divi-Child\/actions\/zipContents\/475254105385_15.jpg\"><\/div><\/div><div class=\"ow_auto_item_image_slide\"><div class=\"ow_galery_image_bg\"><img data-lazy=\"https:\/\/neueautos.ch\/wp-content\/themes\/Divi-Child\/actions\/zipContents\/475254105385_16.jpg\"><\/div><\/div><\/div><a class=\"ow_auto_item_text\" href=\"https:\/\/neueautos.ch\/it\/auto\/toyota-yaris-cross-1-5-vvt-i-hsd-premium-2wd-105385-2\/\"><div class=\"ow_auto_item_text_data\"><div class=\"ow_auto_item_title mb32 text-center\"><h3><strong>Toyota<\/strong> Yaris Cross 1.5 VVT-i HSD Premium 2WD<\/h3><\/div><p><strong>Car\u00adbu\u00adrante:<\/strong> Ibrido<\/p><p><strong>Tipo di cam\u00adbio:<\/strong> Cam\u00adbio automatico<\/p><p><strong>Chilometri:<\/strong> 100km<\/p><p><strong>Imma\u00adtri\u00adco\u00adlazione:<\/strong> 07.07.2025<\/p><\/div><div class=\"ow_auto_item_text_bottom mt32\"><p class=\"preis\">CHF 28\u2019900.00<\/p><div class=\"ow_button ow_button_red\"><span><span>Mag\u00adgiori informazioni<\/span><\/span><\/div><\/div><\/a><\/div><div class=\"ow_auto_item\"><div class=\"ow_auto_item_image\"><div class=\"ow_auto_item_image_slide\"><div class=\"ow_galery_image_bg\"><img data-lazy=\"https:\/\/neueautos.ch\/wp-content\/themes\/Divi-Child\/actions\/zipContents\/475254105386.jpg\"><\/div><\/div><div class=\"ow_auto_item_image_slide\"><div class=\"ow_galery_image_bg\"><img data-lazy=\"https:\/\/neueautos.ch\/wp-content\/themes\/Divi-Child\/actions\/zipContents\/475254105386_2.jpg\"><\/div><\/div><div class=\"ow_auto_item_image_slide\"><div class=\"ow_galery_image_bg\"><img data-lazy=\"https:\/\/neueautos.ch\/wp-content\/themes\/Divi-Child\/actions\/zipContents\/475254105386_3.jpg\"><\/div><\/div><div class=\"ow_auto_item_image_slide\"><div class=\"ow_galery_image_bg\"><img data-lazy=\"https:\/\/neueautos.ch\/wp-content\/themes\/Divi-Child\/actions\/zipContents\/475254105386_4.jpg\"><\/div><\/div><div class=\"ow_auto_item_image_slide\"><div class=\"ow_galery_image_bg\"><img data-lazy=\"https:\/\/neueautos.ch\/wp-content\/themes\/Divi-Child\/actions\/zipContents\/475254105386_5.jpg\"><\/div><\/div><div class=\"ow_auto_item_image_slide\"><div class=\"ow_galery_image_bg\"><img data-lazy=\"https:\/\/neueautos.ch\/wp-content\/themes\/Divi-Child\/actions\/zipContents\/475254105386_6.jpg\"><\/div><\/div><div class=\"ow_auto_item_image_slide\"><div class=\"ow_galery_image_bg\"><img data-lazy=\"https:\/\/neueautos.ch\/wp-content\/themes\/Divi-Child\/actions\/zipContents\/475254105386_7.jpg\"><\/div><\/div><div class=\"ow_auto_item_image_slide\"><div class=\"ow_galery_image_bg\"><img data-lazy=\"https:\/\/neueautos.ch\/wp-content\/themes\/Divi-Child\/actions\/zipContents\/475254105386_8.jpg\"><\/div><\/div><div class=\"ow_auto_item_image_slide\"><div class=\"ow_galery_image_bg\"><img data-lazy=\"https:\/\/neueautos.ch\/wp-content\/themes\/Divi-Child\/actions\/zipContents\/475254105386_9.jpg\"><\/div><\/div><div class=\"ow_auto_item_image_slide\"><div class=\"ow_galery_image_bg\"><img data-lazy=\"https:\/\/neueautos.ch\/wp-content\/themes\/Divi-Child\/actions\/zipContents\/475254105386_10.jpg\"><\/div><\/div><div class=\"ow_auto_item_image_slide\"><div class=\"ow_galery_image_bg\"><img data-lazy=\"https:\/\/neueautos.ch\/wp-content\/themes\/Divi-Child\/actions\/zipContents\/475254105386_11.jpg\"><\/div><\/div><div class=\"ow_auto_item_image_slide\"><div class=\"ow_galery_image_bg\"><img data-lazy=\"https:\/\/neueautos.ch\/wp-content\/themes\/Divi-Child\/actions\/zipContents\/475254105386_12.jpg\"><\/div><\/div><div class=\"ow_auto_item_image_slide\"><div class=\"ow_galery_image_bg\"><img data-lazy=\"https:\/\/neueautos.ch\/wp-content\/themes\/Divi-Child\/actions\/zipContents\/475254105386_13.jpg\"><\/div><\/div><div class=\"ow_auto_item_image_slide\"><div class=\"ow_galery_image_bg\"><img data-lazy=\"https:\/\/neueautos.ch\/wp-content\/themes\/Divi-Child\/actions\/zipContents\/475254105386_14.jpg\"><\/div><\/div><div class=\"ow_auto_item_image_slide\"><div class=\"ow_galery_image_bg\"><img data-lazy=\"https:\/\/neueautos.ch\/wp-content\/themes\/Divi-Child\/actions\/zipContents\/475254105386_15.jpg\"><\/div><\/div><div class=\"ow_auto_item_image_slide\"><div class=\"ow_galery_image_bg\"><img data-lazy=\"https:\/\/neueautos.ch\/wp-content\/themes\/Divi-Child\/actions\/zipContents\/475254105386_16.jpg\"><\/div><\/div><\/div><a class=\"ow_auto_item_text\" href=\"https:\/\/neueautos.ch\/it\/auto\/toyota-yaris-cross-1-5-vvt-i-hsd-premium-2wd-105386-2\/\"><div class=\"ow_auto_item_text_data\"><div class=\"ow_auto_item_title mb32 text-center\"><h3><strong>Toyota<\/strong> Yaris Cross 1.5 VVT-i HSD Premium 2WD<\/h3><\/div><p><strong>Car\u00adbu\u00adrante:<\/strong> Ibrido<\/p><p><strong>Tipo di cam\u00adbio:<\/strong> Cam\u00adbio automatico<\/p><p><strong>Chilometri:<\/strong> 100km<\/p><p><strong>Imma\u00adtri\u00adco\u00adlazione:<\/strong> 07.07.2025<\/p><\/div><div class=\"ow_auto_item_text_bottom mt32\"><p class=\"preis\">CHF 28\u2019900.00<\/p><div class=\"ow_button ow_button_red\"><span><span>Mag\u00adgiori informazioni<\/span><\/span><\/div><\/div><\/a><\/div><div class=\"ow_auto_item\"><div class=\"ow_auto_item_image\"><div class=\"ow_auto_item_image_slide\"><div class=\"ow_galery_image_bg\"><img data-lazy=\"https:\/\/neueautos.ch\/wp-content\/themes\/Divi-Child\/actions\/zipContents\/475254105387.jpg\"><\/div><\/div><div class=\"ow_auto_item_image_slide\"><div class=\"ow_galery_image_bg\"><img data-lazy=\"https:\/\/neueautos.ch\/wp-content\/themes\/Divi-Child\/actions\/zipContents\/475254105387_2.jpg\"><\/div><\/div><div class=\"ow_auto_item_image_slide\"><div class=\"ow_galery_image_bg\"><img data-lazy=\"https:\/\/neueautos.ch\/wp-content\/themes\/Divi-Child\/actions\/zipContents\/475254105387_3.jpg\"><\/div><\/div><div class=\"ow_auto_item_image_slide\"><div class=\"ow_galery_image_bg\"><img data-lazy=\"https:\/\/neueautos.ch\/wp-content\/themes\/Divi-Child\/actions\/zipContents\/475254105387_4.jpg\"><\/div><\/div><div class=\"ow_auto_item_image_slide\"><div class=\"ow_galery_image_bg\"><img data-lazy=\"https:\/\/neueautos.ch\/wp-content\/themes\/Divi-Child\/actions\/zipContents\/475254105387_5.jpg\"><\/div><\/div><div class=\"ow_auto_item_image_slide\"><div class=\"ow_galery_image_bg\"><img data-lazy=\"https:\/\/neueautos.ch\/wp-content\/themes\/Divi-Child\/actions\/zipContents\/475254105387_6.jpg\"><\/div><\/div><div class=\"ow_auto_item_image_slide\"><div class=\"ow_galery_image_bg\"><img data-lazy=\"https:\/\/neueautos.ch\/wp-content\/themes\/Divi-Child\/actions\/zipContents\/475254105387_7.jpg\"><\/div><\/div><div class=\"ow_auto_item_image_slide\"><div class=\"ow_galery_image_bg\"><img data-lazy=\"https:\/\/neueautos.ch\/wp-content\/themes\/Divi-Child\/actions\/zipContents\/475254105387_8.jpg\"><\/div><\/div><div class=\"ow_auto_item_image_slide\"><div class=\"ow_galery_image_bg\"><img data-lazy=\"https:\/\/neueautos.ch\/wp-content\/themes\/Divi-Child\/actions\/zipContents\/475254105387_9.jpg\"><\/div><\/div><div class=\"ow_auto_item_image_slide\"><div class=\"ow_galery_image_bg\"><img data-lazy=\"https:\/\/neueautos.ch\/wp-content\/themes\/Divi-Child\/actions\/zipContents\/475254105387_10.jpg\"><\/div><\/div><div class=\"ow_auto_item_image_slide\"><div class=\"ow_galery_image_bg\"><img data-lazy=\"https:\/\/neueautos.ch\/wp-content\/themes\/Divi-Child\/actions\/zipContents\/475254105387_11.jpg\"><\/div><\/div><div class=\"ow_auto_item_image_slide\"><div class=\"ow_galery_image_bg\"><img data-lazy=\"https:\/\/neueautos.ch\/wp-content\/themes\/Divi-Child\/actions\/zipContents\/475254105387_12.jpg\"><\/div><\/div><div class=\"ow_auto_item_image_slide\"><div class=\"ow_galery_image_bg\"><img data-lazy=\"https:\/\/neueautos.ch\/wp-content\/themes\/Divi-Child\/actions\/zipContents\/475254105387_13.jpg\"><\/div><\/div><div class=\"ow_auto_item_image_slide\"><div class=\"ow_galery_image_bg\"><img data-lazy=\"https:\/\/neueautos.ch\/wp-content\/themes\/Divi-Child\/actions\/zipContents\/475254105387_14.jpg\"><\/div><\/div><div class=\"ow_auto_item_image_slide\"><div class=\"ow_galery_image_bg\"><img data-lazy=\"https:\/\/neueautos.ch\/wp-content\/themes\/Divi-Child\/actions\/zipContents\/475254105387_15.jpg\"><\/div><\/div><div class=\"ow_auto_item_image_slide\"><div class=\"ow_galery_image_bg\"><img data-lazy=\"https:\/\/neueautos.ch\/wp-content\/themes\/Divi-Child\/actions\/zipContents\/475254105387_16.jpg\"><\/div><\/div><\/div><a class=\"ow_auto_item_text\" href=\"https:\/\/neueautos.ch\/it\/auto\/toyota-yaris-cross-1-5-vvt-i-hsd-premium-2wd-105387-2\/\"><div class=\"ow_auto_item_text_data\"><div class=\"ow_auto_item_title mb32 text-center\"><h3><strong>Toyota<\/strong> Yaris Cross 1.5 VVT-i HSD Premium 2WD<\/h3><\/div><p><strong>Car\u00adbu\u00adrante:<\/strong> Ibrido<\/p><p><strong>Tipo di cam\u00adbio:<\/strong> Cam\u00adbio automatico<\/p><p><strong>Chilometri:<\/strong> 100km<\/p><p><strong>Imma\u00adtri\u00adco\u00adlazione:<\/strong> 07.07.2025<\/p><\/div><div class=\"ow_auto_item_text_bottom mt32\"><p class=\"preis\">CHF 28\u2019900.00<\/p><div class=\"ow_button ow_button_red\"><span><span>Mag\u00adgiori informazioni<\/span><\/span><\/div><\/div><\/a><\/div><div class=\"ow_auto_item\"><div class=\"ow_auto_item_image\"><div class=\"ow_auto_item_image_slide\"><div class=\"ow_galery_image_bg\"><img data-lazy=\"https:\/\/neueautos.ch\/wp-content\/themes\/Divi-Child\/actions\/zipContents\/475254105393.jpg\"><\/div><\/div><div class=\"ow_auto_item_image_slide\"><div class=\"ow_galery_image_bg\"><img data-lazy=\"https:\/\/neueautos.ch\/wp-content\/themes\/Divi-Child\/actions\/zipContents\/475254105393_2.jpg\"><\/div><\/div><div class=\"ow_auto_item_image_slide\"><div class=\"ow_galery_image_bg\"><img data-lazy=\"https:\/\/neueautos.ch\/wp-content\/themes\/Divi-Child\/actions\/zipContents\/475254105393_3.jpg\"><\/div><\/div><div class=\"ow_auto_item_image_slide\"><div class=\"ow_galery_image_bg\"><img data-lazy=\"https:\/\/neueautos.ch\/wp-content\/themes\/Divi-Child\/actions\/zipContents\/475254105393_4.jpg\"><\/div><\/div><div class=\"ow_auto_item_image_slide\"><div class=\"ow_galery_image_bg\"><img data-lazy=\"https:\/\/neueautos.ch\/wp-content\/themes\/Divi-Child\/actions\/zipContents\/475254105393_5.jpg\"><\/div><\/div><div class=\"ow_auto_item_image_slide\"><div class=\"ow_galery_image_bg\"><img data-lazy=\"https:\/\/neueautos.ch\/wp-content\/themes\/Divi-Child\/actions\/zipContents\/475254105393_6.jpg\"><\/div><\/div><div class=\"ow_auto_item_image_slide\"><div class=\"ow_galery_image_bg\"><img data-lazy=\"https:\/\/neueautos.ch\/wp-content\/themes\/Divi-Child\/actions\/zipContents\/475254105393_7.jpg\"><\/div><\/div><div class=\"ow_auto_item_image_slide\"><div class=\"ow_galery_image_bg\"><img data-lazy=\"https:\/\/neueautos.ch\/wp-content\/themes\/Divi-Child\/actions\/zipContents\/475254105393_8.jpg\"><\/div><\/div><div class=\"ow_auto_item_image_slide\"><div class=\"ow_galery_image_bg\"><img data-lazy=\"https:\/\/neueautos.ch\/wp-content\/themes\/Divi-Child\/actions\/zipContents\/475254105393_9.jpg\"><\/div><\/div><div class=\"ow_auto_item_image_slide\"><div class=\"ow_galery_image_bg\"><img data-lazy=\"https:\/\/neueautos.ch\/wp-content\/themes\/Divi-Child\/actions\/zipContents\/475254105393_10.jpg\"><\/div><\/div><div class=\"ow_auto_item_image_slide\"><div class=\"ow_galery_image_bg\"><img data-lazy=\"https:\/\/neueautos.ch\/wp-content\/themes\/Divi-Child\/actions\/zipContents\/475254105393_11.jpg\"><\/div><\/div><div class=\"ow_auto_item_image_slide\"><div class=\"ow_galery_image_bg\"><img data-lazy=\"https:\/\/neueautos.ch\/wp-content\/themes\/Divi-Child\/actions\/zipContents\/475254105393_12.jpg\"><\/div><\/div><div class=\"ow_auto_item_image_slide\"><div class=\"ow_galery_image_bg\"><img data-lazy=\"https:\/\/neueautos.ch\/wp-content\/themes\/Divi-Child\/actions\/zipContents\/475254105393_13.jpg\"><\/div><\/div><div class=\"ow_auto_item_image_slide\"><div class=\"ow_galery_image_bg\"><img data-lazy=\"https:\/\/neueautos.ch\/wp-content\/themes\/Divi-Child\/actions\/zipContents\/475254105393_14.jpg\"><\/div><\/div><div class=\"ow_auto_item_image_slide\"><div class=\"ow_galery_image_bg\"><img data-lazy=\"https:\/\/neueautos.ch\/wp-content\/themes\/Divi-Child\/actions\/zipContents\/475254105393_15.jpg\"><\/div><\/div><div class=\"ow_auto_item_image_slide\"><div class=\"ow_galery_image_bg\"><img data-lazy=\"https:\/\/neueautos.ch\/wp-content\/themes\/Divi-Child\/actions\/zipContents\/475254105393_16.jpg\"><\/div><\/div><\/div><a class=\"ow_auto_item_text\" href=\"https:\/\/neueautos.ch\/it\/auto\/toyota-yaris-cross-1-5-vvt-i-hsd-premium-2wd-105393-2\/\"><div class=\"ow_auto_item_text_data\"><div class=\"ow_auto_item_title mb32 text-center\"><h3><strong>Toyota<\/strong> Yaris Cross 1.5 VVT-i HSD Premium 2WD<\/h3><\/div><p><strong>Car\u00adbu\u00adrante:<\/strong> Ibrido<\/p><p><strong>Tipo di cam\u00adbio:<\/strong> Cam\u00adbio automatico<\/p><p><strong>Chilometri:<\/strong> 50km<\/p><p><strong>Imma\u00adtri\u00adco\u00adlazione:<\/strong> Novit\u00e0<\/p><\/div><div class=\"ow_auto_item_text_bottom mt32\"><p class=\"preis\">CHF 30\u2019900.00<\/p><div class=\"ow_button ow_button_red\"><span><span>Mag\u00adgiori informazioni<\/span><\/span><\/div><\/div><\/a><\/div><\/div><\/div><\/div>\n<p>[\/et_pb_text][\/et_pb_column][\/et_pb_row][\/et_pb_section]<\/p>\n","protected":false},"excerpt":{"rendered":"<p>[et_\u200b\u200bpb_\u200b\u200bsection fb_built=\u201c1\u201d custom_padding_last_edited=\u201con|phone\u201d admin_label=\u201cListings\u201d _builder_version=\u201c4.16\u201d background_color=\u201crgba(0,0,0,0)\u201d custom_padding=\u201c30px|80px|60px|80px|false|true\u201d custom_padding_tablet=\u201d|40px||40px|false|true\u201d custom_padding_phone=\u201c30px|20px|60px|20px|false|true\u201d global_colors_info=\u201d{}\u201d][et_pb_row use_custom_gutter=\u201con\u201d gutter_width=\u201c2\u201d custom_padding_last_edited=\u201con|phone\u201d admin_label=\u201cShop Area\u201d module_\u200b\u200bclass=\u201d et_\u200b\u200bpb_\u200b\u200brow_\u200b\u200bfullwidth\u201d _builder_version=\u201c4.16\u201d width=\u201c100%\u201d width_tablet=\u201c80%\u201d width_last_edited=\u201coff|desktop\u201d max_width=\u201c2340px\u201d max_width_tablet=\u201c80%\u201d max_width_last_edited=\u201coff|desktop\u201d custom_\u200b\u200bmargin=\u201d|||\u201d custom_padding=\u201c20px|240px|20px|240px|true|true\u201d custom_padding_tablet=\u201d|0px||0px|true|true\u201d custom_padding_phone=\u201c20px||20px||true|true\u201d animation_style=\u201cslide\u201d animation_direction=\u201cbottom\u201d animation_duration=\u201c600ms\u201d animation_delay=\u201c150ms\u201d animation_intensity_slide=\u201c3%\u201d make_fullwidth=\u201con\u201d global_\u200b\u200bcolors_\u200b\u200binfo=\u201d{}\u201d custom_padding__hover_enabled=\u201coff|desktop\u201d][et_pb_column type=\u201c4_4\u201d _builder_version=\u201c4.16\u201d custom_\u200b\u200bpadding=\u201d|||\u201d global_\u200b\u200bcolors_\u200b\u200binfo=\u201d{}\u201d custom_padding__hover=\u201d|||\u201d][et_pb_text _builder_version=\u201c4.16\u201d _module_preset=\u201cdefault\u201d header_2_font=\u201cRoboto Condensed|300||on|||||\u201d header_2_text_align=\u201ccenter\u201d header_2_text_color=\u201c#383838\u201d header_2_font_size=\u201c42px\u201d header_2_line_height=\u201c1.1em\u201d custom_padding=\u201c9px|||||\u201d global_\u200bcolors_\u200binfo=\u201d{}\u201d] COSA SIGNIFICA IMPORTAZIONE DIRETTA?&nbsp;[\u2026]<\/p>\n","protected":false},"author":10,"featured_media":0,"parent":0,"menu_order":0,"comment_status":"closed","ping_status":"closed","template":"","meta":{"_et_pb_use_builder":"on","_et_pb_old_content":"[et_pb_section fb_built=\"1\" custom_padding_last_edited=\"on|phone\" admin_label=\"Listings\" _builder_version=\"4.7.3\" background_color=\"rgba(0,0,0,0)\" custom_padding=\"30px|80px|60px|80px|false|true\" custom_padding_tablet=\"|40px||40px|false|true\" custom_padding_phone=\"30px|20px|60px|20px|false|true\"][et_pb_row use_custom_gutter=\"on\" gutter_width=\"2\" custom_padding_last_edited=\"on|phone\" admin_label=\"Shop Area\" module_class=\" et_pb_row_fullwidth\" _builder_version=\"4.7.3\" width=\"100%\" width_tablet=\"80%\" width_last_edited=\"off|desktop\" max_width=\"2340px\" max_width_tablet=\"80%\" max_width_last_edited=\"off|desktop\" custom_margin=\"|||\" custom_padding=\"20px|240px|20px|240px|true|true\" custom_padding_tablet=\"|0px||0px|true|true\" custom_padding_phone=\"20px||20px||true|true\" animation_style=\"slide\" animation_direction=\"bottom\" animation_duration=\"600ms\" animation_delay=\"150ms\" animation_intensity_slide=\"3%\" make_fullwidth=\"on\" custom_padding__hover_enabled=\"off|desktop\"][et_pb_column type=\"4_4\" _builder_version=\"3.25\" custom_padding=\"|||\" custom_padding__hover=\"|||\"][et_pb_text _builder_version=\"4.7.3\" _module_preset=\"default\" header_2_font=\"Roboto Condensed|300||on|||||\" header_2_text_align=\"center\" header_2_text_color=\"#383838\" header_2_font_size=\"42px\" header_2_line_height=\"1.1em\" custom_padding=\"9px|||||\"]<h2>WAS BEDEUTET DIREKTIMPORT?<\/h2>[\/et_pb_text][\/et_pb_column][\/et_pb_row][et_pb_row use_custom_gutter=\"on\" gutter_width=\"2\" custom_padding_last_edited=\"on|phone\" admin_label=\"Shop Area\" module_class=\" et_pb_row_fullwidth\" _builder_version=\"4.7.3\" width=\"100%\" width_tablet=\"80%\" width_last_edited=\"off|desktop\" max_width_tablet=\"80%\" max_width_last_edited=\"off|desktop\" custom_margin=\"|||\" custom_padding=\"20px||20px||true|true\" custom_padding_tablet=\"\" custom_padding_phone=\"\" animation_style=\"slide\" animation_direction=\"bottom\" animation_duration=\"600ms\" animation_delay=\"150ms\" animation_intensity_slide=\"3%\" make_fullwidth=\"on\"][et_pb_column type=\"4_4\" _builder_version=\"3.25\" custom_padding=\"|||\" custom_padding__hover=\"|||\"][et_pb_text _builder_version=\"4.7.3\" _module_preset=\"default\" text_font=\"Roboto|300|||||||\" text_text_color=\"#333333\" text_font_size=\"18px\" text_line_height=\"1.6em\" link_text_color=\"#bc3918\" ul_font=\"Roboto|300|||||||\" ul_text_color=\"#4f4f4f\" ul_font_size=\"18px\" ul_line_height=\"1.5em\" header_2_font=\"Roboto Condensed|700||on|||||\" header_2_text_color=\"#424242\" header_2_line_height=\"1.2em\" background_color=\"#f7f7f7\" custom_padding=\"40px|40px|40px|40px|true|true\" custom_padding_tablet=\"30px|30px|30px|30px|true|true\" custom_padding_phone=\"\" custom_padding_last_edited=\"on|phone\"]<h2>Alle Fahrzeuge werden in die Schweiz importiert<\/h2>\r\n<p>Dies meistens durch die Hersteller selbst oder deren Importeure. Dabei wird der Verkaufspreis der Schweizer Kaufkraft angepasst. Direktimport bedeutet, dieselben Fahrzeuge in Europa dort zu kaufen wo sie am g\u00fcnstigsten sind.<\/p>\r\n<p>Bis Ende der 90er Jahre war ein Autokauf in der Schweiz nur \u00fcber eine Markenvertretung m\u00f6glich. Die Folge war, dass der Markt nicht spielen konnte und dadurch Neuwagen sehr viel teurer waren als im \u00fcbrigen Europa. Mit der Import-Liberalisierung \u00e4nderte sich dies. Die Schweiz anerkannte ab 1997 die EU Homologation f\u00fcr PKW Fahrzeuge. Damit wurde es m\u00f6glich Fahrzeuge mit der Europ\u00e4ischen Typengenehmigung zuzulassen. Doch erst der starke Schweizer Franken befl\u00fcgelte das Importgesch\u00e4ft so richtig.<\/p>\r\n<p>Dank dem freien Automarkt und den Direktimporten wurde alle Fahrzeuge in der Schweiz g\u00fcnstiger. So kann man heute sagen, dass all Neuwagen 20 \u2013 30% g\u00fcnstiger sind als noch vor 10 Jahren.<\/p>\r\n<p>Wir von der Auto H\u00f6ngg Z\u00fcrich z\u00e4hlten 1997 zu den Ersten, die Fahrzeuge aus dem Direktimport im Angebot hatten und haben somit eine grosse und langj\u00e4hrige Erfahrung in diesem Bereich. Heute bieten wir Neuwagen und Occasionen aus dem Direktimport sowie dem Schweizer Herstellerimport an.<\/p>\r\n<p>In unserem Fahrzeugpark in Z\u00fcrich H\u00f6ngg sind permanent Top Neuwagen mit grossem Rabatt. Auch neuere, qualitativ erstklassige Occasionen finden Sie bei uns. Schauen Sie bei uns vorbei und \u00fcberzeugen Sie sich von unseren <a href=\"https:\/\/neueautos.ch\/\">attraktiven Angeboten<\/a>.<\/p>\r\n<h3>\u00a0<\/h3>\r\n<h3>DAS K\u00d6NNTE SIE AUCH INTERESSIEREN<\/h3>\r\n<ul>\r\n<li><a href=\"https:\/\/neueautos.ch\/privatperson-auto-importieren\/\">Als Privatperson ein Fahrzeug importieren<\/a><\/li>\r\n<li><a href=\"https:\/\/neueautos.ch\/schweizer-zulassung\/\">Schweizer Zulassung<\/a><\/li>\r\n<\/ul>[\/et_pb_text][\/et_pb_column][\/et_pb_row][\/et_pb_section][et_pb_section fb_built=\"1\" admin_label=\"Listings\" module_class=\"ow_front_auto\" _builder_version=\"4.7.3\" background_color=\"rgba(0,0,0,0)\" custom_padding=\"50px|80px|60px|80px|false|true\"][et_pb_row use_custom_gutter=\"on\" gutter_width=\"2\" make_equal=\"on\" admin_label=\"Shop Area\" module_class=\" et_pb_row_fullwidth\" _builder_version=\"4.7.3\" width=\"100%\" width_tablet=\"auto\" width_phone=\"\" width_last_edited=\"on|desktop\" max_width=\"1440px\" max_width_tablet=\"100%\" max_width_phone=\"\" max_width_last_edited=\"on|tablet\" custom_margin=\"|||\" custom_padding=\"|||\" animation_style=\"slide\" animation_direction=\"bottom\" animation_duration=\"600ms\" animation_delay=\"150ms\" animation_intensity_slide=\"3%\" make_fullwidth=\"on\" width__hover_enabled=\"off|desktop\"][et_pb_column type=\"4_4\" _builder_version=\"4.7.3\" background_color=\"rgba(0,0,0,0)\" custom_padding=\"|||\" custom_padding__hover=\"|||\" transform_styles__hover_enabled=\"on|hover\" transform_scale__hover_enabled=\"on|hover\" transform_translate__hover_enabled=\"on|desktop\" transform_rotate__hover_enabled=\"on|desktop\" transform_skew__hover_enabled=\"on|desktop\" transform_origin__hover_enabled=\"on|desktop\"][et_pb_text _builder_version=\"4.7.3\" _module_preset=\"default\" header_2_font=\"Roboto Condensed|300||on|||||\" header_2_text_align=\"center\" header_2_text_color=\"#383838\" header_2_font_size=\"42px\" custom_padding=\"9px|||||\"]<h2>UNSERE TOP ANGEBOTE<\/h2>[\/et_pb_text][et_pb_text admin_label=\"Text\" _builder_version=\"4.7.3\" _module_preset=\"default\" text_font=\"Roboto|300|||||||\" text_text_color=\"#333333\" text_font_size=\"18px\" ul_font=\"Roboto|300|||||||\" ul_text_color=\"#4f4f4f\" ul_font_size=\"18px\" ul_line_height=\"1.5em\" header_2_font=\"Roboto Condensed|700|||||||\" header_2_text_color=\"#2d2d2d\" header_2_line_height=\"1.2em\" custom_padding=\"0px||0px|0px||\" transform_styles__hover_enabled=\"on|hover\" transform_scale__hover_enabled=\"on|hover\" transform_translate__hover_enabled=\"on|desktop\" transform_rotate__hover_enabled=\"on|desktop\" transform_skew__hover_enabled=\"on|desktop\" transform_origin__hover_enabled=\"on|desktop\"]<p>[autos show_posts=0]<\/p>[\/et_pb_text][\/et_pb_column][\/et_pb_row][\/et_pb_section]","_et_gb_content_width":"","inline_featured_image":false,"wp_typography_post_enhancements_disabled":false},"acf":[],"yoast_head":"<!-- This site is optimized with the Yoast SEO plugin v20.8 - https:\/\/yoast.com\/wordpress\/plugins\/seo\/ -->\n<title>IMPORTAZIONE - Neueautos<\/title>\n<meta name=\"description\" content=\"Nel nostro parco veicoli a Zurigo H\u00f6ngg ci sono sempre da 50 a 100 veicoli nuovi di prima qualit\u00e0 con sconti garantiti grazie all\u2019importazione diretta. Dia un\u2019occhiata e si lasci convincere dalle nostre interessanti offerte.\" \/>\n<meta name=\"robots\" content=\"index, follow, max-snippet:-1, max-image-preview:large, max-video-preview:-1\" \/>\n<link rel=\"canonical\" href=\"https:\/\/neueautos.ch\/it\/importazione\/\" \/>\n<meta property=\"og:locale\" content=\"it_IT\" \/>\n<meta property=\"og:type\" content=\"article\" \/>\n<meta property=\"og:title\" content=\"Importazione diretta\" \/>\n<meta property=\"og:description\" content=\"Nel nostro parco veicoli a Zurigo H\u00f6ngg ci sono sempre da 50 a 100 veicoli nuovi di prima qualit\u00e0 con sconti garantiti grazie all\u2019importazione diretta. Dia un\u2019occhiata e si lasci convincere dalle nostre interessanti offerte.\" \/>\n<meta property=\"og:url\" content=\"https:\/\/neueautos.ch\/it\/importazione\/\" \/>\n<meta property=\"og:site_name\" content=\"Neueautos\" \/>\n<meta property=\"article:modified_time\" content=\"2025-09-08T08:58:41+00:00\" \/>\n<meta property=\"og:image\" content=\"https:\/\/neueautos.ch\/wp-content\/uploads\/2021\/06\/ah-logo-1-1.png\" \/>\n\t<meta property=\"og:image:width\" content=\"492\" \/>\n\t<meta property=\"og:image:height\" content=\"280\" \/>\n\t<meta property=\"og:image:type\" content=\"image\/png\" \/>\n<meta name=\"twitter:card\" content=\"summary_large_image\" \/>\n<meta name=\"twitter:title\" content=\"Importazione diretta\" \/>\n<meta name=\"twitter:description\" content=\"Nel nostro parco veicoli a Zurigo H\u00f6ngg ci sono sempre da 50 a 100 veicoli nuovi di prima qualit\u00e0 con sconti garantiti grazie all\u2019importazione diretta. Dia un\u2019occhiata e si lasci convincere dalle nostre interessanti offerte.\" \/>\n<meta name=\"twitter:image\" content=\"https:\/\/neueautos.ch\/wp-content\/uploads\/2021\/06\/ah-logo-1-1.png\" \/>\n<meta name=\"twitter:label1\" content=\"Tempo di lettura stimato\" \/>\n\t<meta name=\"twitter:data1\" content=\"3 minuti\" \/>\n<script type=\"application\/ld+json\" class=\"yoast-schema-graph\">{\"@context\":\"https:\/\/schema.org\",\"@graph\":[{\"@type\":\"WebPage\",\"@id\":\"https:\/\/neueautos.ch\/it\/importazione\/\",\"url\":\"https:\/\/neueautos.ch\/it\/importazione\/\",\"name\":\"IMPORTAZIONE - Neueautos\",\"isPartOf\":{\"@id\":\"https:\/\/neueautos.ch\/#website\"},\"datePublished\":\"2021-06-23T12:12:13+00:00\",\"dateModified\":\"2025-09-08T08:58:41+00:00\",\"description\":\"Nel nostro parco veicoli a Zurigo H\u00f6ngg ci sono sempre da 50 a 100 veicoli nuovi di prima qualit\u00e0 con sconti garantiti grazie all\u2019importazione diretta. Dia un\u2019occhiata e si lasci convincere dalle nostre interessanti offerte.\",\"breadcrumb\":{\"@id\":\"https:\/\/neueautos.ch\/it\/importazione\/#breadcrumb\"},\"inLanguage\":\"it-IT\",\"potentialAction\":[{\"@type\":\"ReadAction\",\"target\":[\"https:\/\/neueautos.ch\/it\/importazione\/\"]}]},{\"@type\":\"BreadcrumbList\",\"@id\":\"https:\/\/neueautos.ch\/it\/importazione\/#breadcrumb\",\"itemListElement\":[{\"@type\":\"ListItem\",\"position\":1,\"name\":\"Home\",\"item\":\"https:\/\/neueautos.ch\/it\/\"},{\"@type\":\"ListItem\",\"position\":2,\"name\":\"IMPORTAZIONE\"}]},{\"@type\":\"WebSite\",\"@id\":\"https:\/\/neueautos.ch\/#website\",\"url\":\"https:\/\/neueautos.ch\/\",\"name\":\"Neueautos\",\"description\":\"\",\"potentialAction\":[{\"@type\":\"SearchAction\",\"target\":{\"@type\":\"EntryPoint\",\"urlTemplate\":\"https:\/\/neueautos.ch\/?s={search_term_string}\"},\"query-input\":\"required name=search_term_string\"}],\"inLanguage\":\"it-IT\"}]}<\/script>\n<!-- \/ Yoast SEO plugin. -->","yoast_head_json":{"title":"IMPORTAZIONE - Neueautos","description":"Nel nostro parco veicoli a Zurigo H\u00f6ngg ci sono sempre da 50 a 100 veicoli nuovi di prima qualit\u00e0 con sconti garantiti grazie all\u2019importazione diretta. Dia un\u2019occhiata e si lasci convincere dalle nostre interessanti offerte.","robots":{"index":"index","follow":"follow","max-snippet":"max-snippet:-1","max-image-preview":"max-image-preview:large","max-video-preview":"max-video-preview:-1"},"canonical":"https:\/\/neueautos.ch\/it\/importazione\/","og_locale":"it_IT","og_type":"article","og_title":"Importazione diretta","og_description":"Nel nostro parco veicoli a Zurigo H\u00f6ngg ci sono sempre da 50 a 100 veicoli nuovi di prima qualit\u00e0 con sconti garantiti grazie all\u2019importazione diretta. Dia un\u2019occhiata e si lasci convincere dalle nostre interessanti offerte.","og_url":"https:\/\/neueautos.ch\/it\/importazione\/","og_site_name":"Neueautos","article_modified_time":"2025-09-08T08:58:41+00:00","og_image":[{"width":492,"height":280,"url":"https:\/\/neueautos.ch\/wp-content\/uploads\/2021\/06\/ah-logo-1-1.png","type":"image\/png"}],"twitter_card":"summary_large_image","twitter_title":"Importazione diretta","twitter_description":"Nel nostro parco veicoli a Zurigo H\u00f6ngg ci sono sempre da 50 a 100 veicoli nuovi di prima qualit\u00e0 con sconti garantiti grazie all\u2019importazione diretta. Dia un\u2019occhiata e si lasci convincere dalle nostre interessanti offerte.","twitter_image":"https:\/\/neueautos.ch\/wp-content\/uploads\/2021\/06\/ah-logo-1-1.png","twitter_misc":{"Tempo di lettura stimato":"3 minuti"},"schema":{"@context":"https:\/\/schema.org","@graph":[{"@type":"WebPage","@id":"https:\/\/neueautos.ch\/it\/importazione\/","url":"https:\/\/neueautos.ch\/it\/importazione\/","name":"IMPORTAZIONE - Neueautos","isPartOf":{"@id":"https:\/\/neueautos.ch\/#website"},"datePublished":"2021-06-23T12:12:13+00:00","dateModified":"2025-09-08T08:58:41+00:00","description":"Nel nostro parco veicoli a Zurigo H\u00f6ngg ci sono sempre da 50 a 100 veicoli nuovi di prima qualit\u00e0 con sconti garantiti grazie all\u2019importazione diretta. Dia un\u2019occhiata e si lasci convincere dalle nostre interessanti offerte.","breadcrumb":{"@id":"https:\/\/neueautos.ch\/it\/importazione\/#breadcrumb"},"inLanguage":"it-IT","potentialAction":[{"@type":"ReadAction","target":["https:\/\/neueautos.ch\/it\/importazione\/"]}]},{"@type":"BreadcrumbList","@id":"https:\/\/neueautos.ch\/it\/importazione\/#breadcrumb","itemListElement":[{"@type":"ListItem","position":1,"name":"Home","item":"https:\/\/neueautos.ch\/it\/"},{"@type":"ListItem","position":2,"name":"IMPORTAZIONE"}]},{"@type":"WebSite","@id":"https:\/\/neueautos.ch\/#website","url":"https:\/\/neueautos.ch\/","name":"Neueautos","description":"","potentialAction":[{"@type":"SearchAction","target":{"@type":"EntryPoint","urlTemplate":"https:\/\/neueautos.ch\/?s={search_term_string}"},"query-input":"required name=search_term_string"}],"inLanguage":"it-IT"}]}},"_links":{"self":[{"href":"https:\/\/neueautos.ch\/it\/wp-json\/wp\/v2\/pages\/3595"}],"collection":[{"href":"https:\/\/neueautos.ch\/it\/wp-json\/wp\/v2\/pages"}],"about":[{"href":"https:\/\/neueautos.ch\/it\/wp-json\/wp\/v2\/types\/page"}],"author":[{"embeddable":true,"href":"https:\/\/neueautos.ch\/it\/wp-json\/wp\/v2\/users\/10"}],"replies":[{"embeddable":true,"href":"https:\/\/neueautos.ch\/it\/wp-json\/wp\/v2\/comments?post=3595"}],"version-history":[{"count":7,"href":"https:\/\/neueautos.ch\/it\/wp-json\/wp\/v2\/pages\/3595\/revisions"}],"predecessor-version":[{"id":6867,"href":"https:\/\/neueautos.ch\/it\/wp-json\/wp\/v2\/pages\/3595\/revisions\/6867"}],"wp:attachment":[{"href":"https:\/\/neueautos.ch\/it\/wp-json\/wp\/v2\/media?parent=3595"}],"curies":[{"name":"wp","href":"https:\/\/api.w.org\/{rel}","templated":true}]}}