{"id":3611,"date":"2021-06-23T14:25:23","date_gmt":"2021-06-23T12:25:23","guid":{"rendered":"https:\/\/neueautos.ch\/?page_id=3611"},"modified":"2021-06-23T14:49:32","modified_gmt":"2021-06-23T12:49:32","slug":"immatricolazione-in-svizzera","status":"publish","type":"page","link":"https:\/\/neueautos.ch\/it\/immatricolazione-in-svizzera\/","title":{"rendered":"IMMATRICOLAZIONE SVIZZERA DEI VEICOLI"},"content":{"rendered":"<p>[et_\u200bpb_\u200bsection fb_built=\u201c1\u201d custom_padding_last_edited=\u201con|phone\u201d admin_label=\u201cListings\u201d _builder_version=\u201c4.7.3\u201d background_color=\u201crgba(0,0,0,0)\u201d custom_padding=\u201c30px|80px|60px|80px|false|true\u201d custom_padding_tablet=\u201d|40px||40px|false|true\u201d custom_padding_phone=\u201c30px|20px|60px|20px|false|true\u201d][et_pb_row use_custom_gutter=\u201con\u201d gutter_width=\u201c2\u201d custom_padding_last_edited=\u201con|phone\u201d admin_label=\u201cShop Area\u201d module_\u200bclass=\u201d et_\u200bpb_\u200brow_\u200bfullwidth\u201d _builder_version=\u201c4.7.3\u201d width=\u201c100%\u201d width_tablet=\u201c80%\u201d width_last_edited=\u201coff|desktop\u201d max_width=\u201c2340px\u201d max_width_tablet=\u201c80%\u201d max_width_last_edited=\u201coff|desktop\u201d custom_\u200bmargin=\u201d|||\u201d custom_padding=\u201c20px|240px|20px|240px|true|true\u201d custom_padding_tablet=\u201d|0px||0px|true|true\u201d custom_padding_phone=\u201c20px||20px||true|true\u201d animation_style=\u201cslide\u201d animation_direction=\u201cbottom\u201d animation_duration=\u201c600ms\u201d animation_delay=\u201c150ms\u201d animation_intensity_slide=\u201c3%\u201d make_fullwidth=\u201con\u201d custom_padding__hover_enabled=\u201coff|desktop\u201d][et_pb_column type=\u201c4_4\u201d _builder_version=\u201c3.25\u201d custom_\u200bpadding=\u201d|||\u201d custom_padding__hover=\u201d|||\u201d][et_pb_text _builder_version=\u201c4.7.3\u201d _module_preset=\u201cdefault\u201d header_2_font=\u201cRoboto Condensed|300||on|||||\u201d header_2_text_align=\u201ccenter\u201d header_2_text_color=\u201c#383838\u201d header_2_font_size=\u201c42px\u201d header_2_line_height=\u201c1.1em\u201d custom_padding=\u201c9px|||||\u201d]<\/p>\n<h2>IMMATRICOLAZIONE SVIZZERA DEI VEICOLI<\/h2>\n<p>[\/et_pb_text][\/et_pb_column][\/et_pb_row][et_pb_row use_custom_gutter=\u201con\u201d gutter_width=\u201c2\u201d custom_padding_last_edited=\u201con|phone\u201d admin_label=\u201cShop Area\u201d module_\u200bclass=\u201d et_\u200bpb_\u200brow_\u200bfullwidth\u201d _builder_version=\u201c4.7.3\u201d width=\u201c100%\u201d width_tablet=\u201c80%\u201d width_last_edited=\u201coff|desktop\u201d max_width_tablet=\u201c80%\u201d max_width_last_edited=\u201coff|desktop\u201d custom_\u200bmargin=\u201d|||\u201d custom_padding=\u201c20px||20px||true|true\u201d custom_\u200bpadding_\u200btablet=\u201d\u201d custom_\u200bpadding_\u200bphone=\u201d\u201d animation_style=\u201cslide\u201d animation_direction=\u201cbottom\u201d animation_duration=\u201c600ms\u201d animation_delay=\u201c150ms\u201d animation_intensity_slide=\u201c3%\u201d make_fullwidth=\u201con\u201d][et_pb_column type=\u201c4_4\u201d _builder_version=\u201c3.25\u201d custom_\u200bpadding=\u201d|||\u201d custom_padding__hover=\u201d|||\u201d][et_pb_text _builder_version=\u201c4.7.3\u201d _module_preset=\u201cdefault\u201d text_font=\u201cRoboto|300|||||||\u201d text_text_color=\u201c#333333\u201d text_font_size=\u201c18px\u201d text_line_height=\u201c1.6em\u201d link_text_color=\u201c#bc3918\u201d ul_font=\u201cRoboto|300|||||||\u201d ul_text_color=\u201d#4f4f4f\u201d ul_font_size=\u201c18px\u201d ul_line_height=\u201c1.5em\u201d header_2_font=\u201cRoboto Condensed|700||on|||||\u201d header_2_text_color=\u201c#424242\u201d header_2_line_height=\u201c1.2em\u201d background_color=\u201c#f7f7f7\u201d custom_padding=\u201c40px|40px|40px|40px|true|true\u201d custom_padding_tablet=\u201c30px|30px|30px|30px|true|true\u201d custom_\u200bpadding_\u200bphone=\u201d\u201d custom_padding_last_edited=\u201con|phone\u201d hover_enabled=\u201c0\u201d sticky_enabled=\u201c0\u201d]<\/p>\n<p>Per l\u2019immatricolazione svizzera, il vei\u00adco\u00adlo deve essere pre\u00adsen\u00adta\u00adto al servizio d\u2019immatricolazione. \u00c8 impor\u00adtante assi\u00adcu\u00adrar\u00adsi che il vei\u00adco\u00adlo sia con\u00adforme alle nor\u00adma\u00adtive richi\u00adeste, soprat\u00adtut\u00adto in caso di mod\u00adi\u00adfi\u00adca delle nor\u00adma\u00adtive (ad es. mod\u00adi\u00adfi\u00adca degli stan\u00addard Euro o degli equipag\u00adgia\u00admen\u00adti tecnici).<\/p>\n<p>Dal 1 luglio 2012, a sec\u00adon\u00adda del vei\u00adco\u00adlo e del tipo di motore, \u00e8 dovu\u00adta una tas\u00adsa sul\u00adla CO2. Questo vale per le auto nuove e usate non pi\u00f9 vec\u00adchie di 6 mesi.<br><a href=\"https:\/\/www.bfe.admin.ch\/bfe\/it\/home\/efficienza\/mobilita\/prescrizioni-sulle-emissioni-di-co2-per-le-automobili-e-gli-autofurgoni-nuovi\/automobili\/strumento-di-calcolo-per-i-piccoli-importatori-di-automobili.html\" target=\"_blank\" rel=\"noopener\">Cal\u00adco\u00adla\u00adtore di CO2 di&nbsp;USTRA<\/a><\/p>\n<p>&nbsp;<\/p>\n<h2>SONO RICHIESTI I SEGUENTI DOCUMENTI:<\/h2>\n<ul>\n<li>Con fer\u00adma di impor\u00adtazione e fat\u00adtura del veicolo<\/li>\n<li>COC - Cer\u00adti\u00adfi\u00adca\u00adto di Con\u00adfor\u00admit\u00e0 Europeo<\/li>\n<li>In base al COC, deve essere rispet\u00adta\u00adto lo stan\u00addard europeo corrente<\/li>\n<li>For\u00admu\u00adla\u00adrio 1320 A (ottenu\u00adto dopo il paga\u00admen\u00adto del\u00adla dogana e dell\u2019IVA)<\/li>\n<li>A sec\u00adon\u00adda dell\u2019equipaggiamento, con\u00adferme per cer\u00adchi, gan\u00adcio traino o telaio<\/li>\n<li>Approvazione dell\u2019USTRA rel\u00ada\u00adti\u00adva\u00admente alla sanzione CO2<\/li>\n<li>Per i veicoli statu\u00adniten\u00adsi, l\u2019omologazione \u00e8 molto impeg\u00adna\u00adti\u00adva ed este\u00adsa. Con\u00adsigliamo di infor\u00admar\u00adsi molto atten\u00adta\u00admente su questo aspet\u00adto pri\u00adma di importare.<\/li>\n<\/ul>\n<h3>&nbsp;<\/h3>\n<h3>POTREBBE ESSERE INTERESSATO ANCHE&nbsp;A<\/h3>\n<ul>\n<li><a href=\"https:\/\/neueautos.ch\/it\/importazione\/\">Impor\u00adtazione diret\u00adta: il modo pi\u00f9 sem\u00adplice per trovare un\u2019auto nuo\u00adva a buon mercato<\/a><\/li>\n<li><a href=\"https:\/\/neueautos.ch\/it\/come-importare-autonomamente\/\">Importare un vei\u00adco\u00adlo da privato<\/a><\/li>\n<\/ul>\n<p>[\/et_pb_text][\/et_pb_column][\/et_pb_row][\/et_pb_section][et_pb_section fb_built=\u201c1\u201d admin_label=\u201cListings\u201d module_class=\u201cow_front_auto\u201d _builder_version=\u201c4.7.3\u201d background_color=\u201crgba(0,0,0,0)\u201d custom_padding=\u201c50px|80px|60px|80px|false|true\u201d][et_pb_row use_custom_gutter=\u201con\u201d gutter_width=\u201c2\u201d make_equal=\u201con\u201d admin_label=\u201cShop Area\u201d module_\u200bclass=\u201d et_\u200bpb_\u200brow_\u200bfullwidth\u201d _builder_version=\u201c4.7.3\u201d width=\u201c100%\u201d width_tablet=\u201cauto\u201d width_\u200bphone=\u201d\u201d width_last_edited=\u201con|desktop\u201d max_width=\u201c1440px\u201d max_width_tablet=\u201c100%\u201d max_\u200bwidth_\u200bphone=\u201d\u201d max_width_last_edited=\u201con|tablet\u201d custom_\u200bmargin=\u201d|||\u201d custom_\u200bpadding=\u201d|||\u201d animation_style=\u201cslide\u201d animation_direction=\u201cbottom\u201d animation_duration=\u201c600ms\u201d animation_delay=\u201c150ms\u201d animation_intensity_slide=\u201c3%\u201d make_fullwidth=\u201con\u201d width__hover_enabled=\u201coff|desktop\u201d][et_pb_column type=\u201c4_4\u201d _builder_version=\u201c4.7.3\u201d background_color=\u201crgba(0,0,0,0)\u201d custom_\u200bpadding=\u201d|||\u201d custom_\u200bpadding_\u200b_\u200bhover=\u201d|||\u201d transform_styles__hover_enabled=\u201con|hover\u201d transform_scale__hover_enabled=\u201con|hover\u201d transform_translate__hover_enabled=\u201con|desktop\u201d transform_rotate__hover_enabled=\u201con|desktop\u201d transform_skew__hover_enabled=\u201con|desktop\u201d transform_origin__hover_enabled=\u201con|desktop\u201d][et_pb_text _builder_version=\u201c4.7.3\u201d _module_preset=\u201cdefault\u201d header_2_font=\u201cRoboto Condensed|300||on|||||\u201d header_2_text_align=\u201ccenter\u201d header_2_text_color=\u201c#383838\u201d header_2_font_size=\u201c42px\u201d custom_padding=\u201c9px|||||\u201d hover_enabled=\u201c0\u201d sticky_enabled=\u201c0\u201d]<\/p>\n<h2>LE NOSTRE MIGLIORI OFFERTE<\/h2>\n<p>[\/et_pb_text][et_pb_text admin_label=\u201cText\u201d _builder_version=\u201c4.7.3\u201d _module_preset=\u201cdefault\u201d text_font=\u201cRoboto|300|||||||\u201d text_text_color=\u201c#333333\u201d text_font_size=\u201c18px\u201d ul_font=\u201cRoboto|300|||||||\u201d ul_text_color=\u201d#4f4f4f\u201d ul_font_size=\u201c18px\u201d ul_line_height=\u201c1.5em\u201d header_2_font=\u201cRoboto Condensed|700|||||||\u201d header_2_text_color=\u201d#2d2d2d\u201d header_2_line_height=\u201c1.2em\u201d custom_padding=\u201c0px||0px|0px||\u201d transform_styles__hover_enabled=\u201con|hover\u201d transform_scale__hover_enabled=\u201con|hover\u201d transform_translate__hover_enabled=\u201con|desktop\u201d transform_rotate__hover_enabled=\u201con|desktop\u201d transform_skew__hover_enabled=\u201con|desktop\u201d transform_origin__hover_enabled=\u201con|desktop\u201d]<\/p>\n<div class=\"ow_autos_wrapper\"><div class=\"ow_autos_body\" data-show=\"0\"><div class=\"ow_autos_list\"><div class=\"ow_autos_filters ow_autos_list_fullwidth\"><div class=\"ow_autos_filter_item\"><input type=\"radio\" id=\"az\" name=\"order\" value=\"title_ASC\" checked><label for=\"az\">A-Z<\/label><\/div><div class=\"ow_autos_filter_item\"><input type=\"radio\" id=\"preis_desc\" name=\"order\" value=\"preis_DESC\"><label for=\"preis_desc\">Prez\u00adzo decrescente<\/label><\/div><div class=\"ow_autos_filter_item\"><input type=\"radio\" id=\"preis_asc\" name=\"order\" value=\"preis_ASC\"><label for=\"preis_asc\">Prez\u00adzo crescente<\/label><\/div><\/div><div class=\"ow_auto_item\"><div class=\"ow_auto_item_image\"><div class=\"ow_auto_item_image_slide\"><div class=\"ow_galery_image_bg\"><img data-lazy=\"https:\/\/neueautos.ch\/wp-content\/themes\/Divi-Child\/actions\/zipContents\/475254105389.jpg\"><\/div><\/div><div class=\"ow_auto_item_image_slide\"><div class=\"ow_galery_image_bg\"><img data-lazy=\"https:\/\/neueautos.ch\/wp-content\/themes\/Divi-Child\/actions\/zipContents\/475254105389_2.jpg\"><\/div><\/div><div class=\"ow_auto_item_image_slide\"><div class=\"ow_galery_image_bg\"><img data-lazy=\"https:\/\/neueautos.ch\/wp-content\/themes\/Divi-Child\/actions\/zipContents\/475254105389_3.jpg\"><\/div><\/div><div class=\"ow_auto_item_image_slide\"><div class=\"ow_galery_image_bg\"><img data-lazy=\"https:\/\/neueautos.ch\/wp-content\/themes\/Divi-Child\/actions\/zipContents\/475254105389_4.jpg\"><\/div><\/div><div class=\"ow_auto_item_image_slide\"><div class=\"ow_galery_image_bg\"><img data-lazy=\"https:\/\/neueautos.ch\/wp-content\/themes\/Divi-Child\/actions\/zipContents\/475254105389_5.jpg\"><\/div><\/div><div class=\"ow_auto_item_image_slide\"><div class=\"ow_galery_image_bg\"><img data-lazy=\"https:\/\/neueautos.ch\/wp-content\/themes\/Divi-Child\/actions\/zipContents\/475254105389_6.jpg\"><\/div><\/div><div class=\"ow_auto_item_image_slide\"><div class=\"ow_galery_image_bg\"><img data-lazy=\"https:\/\/neueautos.ch\/wp-content\/themes\/Divi-Child\/actions\/zipContents\/475254105389_7.jpg\"><\/div><\/div><div class=\"ow_auto_item_image_slide\"><div class=\"ow_galery_image_bg\"><img data-lazy=\"https:\/\/neueautos.ch\/wp-content\/themes\/Divi-Child\/actions\/zipContents\/475254105389_8.jpg\"><\/div><\/div><div class=\"ow_auto_item_image_slide\"><div class=\"ow_galery_image_bg\"><img data-lazy=\"https:\/\/neueautos.ch\/wp-content\/themes\/Divi-Child\/actions\/zipContents\/475254105389_9.jpg\"><\/div><\/div><div class=\"ow_auto_item_image_slide\"><div class=\"ow_galery_image_bg\"><img data-lazy=\"https:\/\/neueautos.ch\/wp-content\/themes\/Divi-Child\/actions\/zipContents\/475254105389_10.jpg\"><\/div><\/div><div class=\"ow_auto_item_image_slide\"><div class=\"ow_galery_image_bg\"><img data-lazy=\"https:\/\/neueautos.ch\/wp-content\/themes\/Divi-Child\/actions\/zipContents\/475254105389_11.jpg\"><\/div><\/div><div class=\"ow_auto_item_image_slide\"><div class=\"ow_galery_image_bg\"><img data-lazy=\"https:\/\/neueautos.ch\/wp-content\/themes\/Divi-Child\/actions\/zipContents\/475254105389_12.jpg\"><\/div><\/div><div class=\"ow_auto_item_image_slide\"><div class=\"ow_galery_image_bg\"><img data-lazy=\"https:\/\/neueautos.ch\/wp-content\/themes\/Divi-Child\/actions\/zipContents\/475254105389_13.jpg\"><\/div><\/div><div class=\"ow_auto_item_image_slide\"><div class=\"ow_galery_image_bg\"><img data-lazy=\"https:\/\/neueautos.ch\/wp-content\/themes\/Divi-Child\/actions\/zipContents\/475254105389_14.jpg\"><\/div><\/div><div class=\"ow_auto_item_image_slide\"><div class=\"ow_galery_image_bg\"><img data-lazy=\"https:\/\/neueautos.ch\/wp-content\/themes\/Divi-Child\/actions\/zipContents\/475254105389_15.jpg\"><\/div><\/div><div class=\"ow_auto_item_image_slide\"><div class=\"ow_galery_image_bg\"><img data-lazy=\"https:\/\/neueautos.ch\/wp-content\/themes\/Divi-Child\/actions\/zipContents\/475254105389_16.jpg\"><\/div><\/div><\/div><a class=\"ow_auto_item_text\" href=\"https:\/\/neueautos.ch\/it\/auto\/lexus-lbx-1-5-hybrid-elegant-105389-2\/\"><div class=\"ow_auto_item_text_data\"><div class=\"ow_auto_item_title mb32 text-center\"><h3><strong>Lexus<\/strong> LBX 1.5 Hybrid Elegant<\/h3><\/div><p><strong>Car\u00adbu\u00adrante:<\/strong> Ibrido<\/p><p><strong>Tipo di cam\u00adbio:<\/strong> Cam\u00adbio automatico<\/p><p><strong>Chilometri:<\/strong> 50km<\/p><p><strong>Imma\u00adtri\u00adco\u00adlazione:<\/strong> 26.03.2026<\/p><\/div><div class=\"ow_auto_item_text_bottom mt32\"><p class=\"preis\">CHF 34\u2019900.00<\/p><div class=\"ow_button ow_button_red\"><span><span>Mag\u00adgiori informazioni<\/span><\/span><\/div><\/div><\/a><\/div><div class=\"ow_auto_item\"><div class=\"ow_auto_item_image\"><div class=\"ow_auto_item_image_slide\"><div class=\"ow_galery_image_bg\"><img data-lazy=\"https:\/\/neueautos.ch\/wp-content\/themes\/Divi-Child\/actions\/zipContents\/475254105390.jpg\"><\/div><\/div><div class=\"ow_auto_item_image_slide\"><div class=\"ow_galery_image_bg\"><img data-lazy=\"https:\/\/neueautos.ch\/wp-content\/themes\/Divi-Child\/actions\/zipContents\/475254105390_2.jpg\"><\/div><\/div><div class=\"ow_auto_item_image_slide\"><div class=\"ow_galery_image_bg\"><img data-lazy=\"https:\/\/neueautos.ch\/wp-content\/themes\/Divi-Child\/actions\/zipContents\/475254105390_3.jpg\"><\/div><\/div><div class=\"ow_auto_item_image_slide\"><div class=\"ow_galery_image_bg\"><img data-lazy=\"https:\/\/neueautos.ch\/wp-content\/themes\/Divi-Child\/actions\/zipContents\/475254105390_4.jpg\"><\/div><\/div><div class=\"ow_auto_item_image_slide\"><div class=\"ow_galery_image_bg\"><img data-lazy=\"https:\/\/neueautos.ch\/wp-content\/themes\/Divi-Child\/actions\/zipContents\/475254105390_5.jpg\"><\/div><\/div><div class=\"ow_auto_item_image_slide\"><div class=\"ow_galery_image_bg\"><img data-lazy=\"https:\/\/neueautos.ch\/wp-content\/themes\/Divi-Child\/actions\/zipContents\/475254105390_6.jpg\"><\/div><\/div><div class=\"ow_auto_item_image_slide\"><div class=\"ow_galery_image_bg\"><img data-lazy=\"https:\/\/neueautos.ch\/wp-content\/themes\/Divi-Child\/actions\/zipContents\/475254105390_7.jpg\"><\/div><\/div><div class=\"ow_auto_item_image_slide\"><div class=\"ow_galery_image_bg\"><img data-lazy=\"https:\/\/neueautos.ch\/wp-content\/themes\/Divi-Child\/actions\/zipContents\/475254105390_8.jpg\"><\/div><\/div><div class=\"ow_auto_item_image_slide\"><div class=\"ow_galery_image_bg\"><img data-lazy=\"https:\/\/neueautos.ch\/wp-content\/themes\/Divi-Child\/actions\/zipContents\/475254105390_9.jpg\"><\/div><\/div><div class=\"ow_auto_item_image_slide\"><div class=\"ow_galery_image_bg\"><img data-lazy=\"https:\/\/neueautos.ch\/wp-content\/themes\/Divi-Child\/actions\/zipContents\/475254105390_10.jpg\"><\/div><\/div><div class=\"ow_auto_item_image_slide\"><div class=\"ow_galery_image_bg\"><img data-lazy=\"https:\/\/neueautos.ch\/wp-content\/themes\/Divi-Child\/actions\/zipContents\/475254105390_11.jpg\"><\/div><\/div><div class=\"ow_auto_item_image_slide\"><div class=\"ow_galery_image_bg\"><img data-lazy=\"https:\/\/neueautos.ch\/wp-content\/themes\/Divi-Child\/actions\/zipContents\/475254105390_12.jpg\"><\/div><\/div><div class=\"ow_auto_item_image_slide\"><div class=\"ow_galery_image_bg\"><img data-lazy=\"https:\/\/neueautos.ch\/wp-content\/themes\/Divi-Child\/actions\/zipContents\/475254105390_13.jpg\"><\/div><\/div><div class=\"ow_auto_item_image_slide\"><div class=\"ow_galery_image_bg\"><img data-lazy=\"https:\/\/neueautos.ch\/wp-content\/themes\/Divi-Child\/actions\/zipContents\/475254105390_14.jpg\"><\/div><\/div><div class=\"ow_auto_item_image_slide\"><div class=\"ow_galery_image_bg\"><img data-lazy=\"https:\/\/neueautos.ch\/wp-content\/themes\/Divi-Child\/actions\/zipContents\/475254105390_15.jpg\"><\/div><\/div><div class=\"ow_auto_item_image_slide\"><div class=\"ow_galery_image_bg\"><img data-lazy=\"https:\/\/neueautos.ch\/wp-content\/themes\/Divi-Child\/actions\/zipContents\/475254105390_16.jpg\"><\/div><\/div><\/div><a class=\"ow_auto_item_text\" href=\"https:\/\/neueautos.ch\/it\/auto\/lexus-lbx-1-5-hybrid-elegant-105390-2\/\"><div class=\"ow_auto_item_text_data\"><div class=\"ow_auto_item_title mb32 text-center\"><h3><strong>Lexus<\/strong> LBX 1.5 Hybrid Elegant<\/h3><\/div><p><strong>Car\u00adbu\u00adrante:<\/strong> Ibrido<\/p><p><strong>Tipo di cam\u00adbio:<\/strong> Cam\u00adbio automatico<\/p><p><strong>Chilometri:<\/strong> 50km<\/p><p><strong>Imma\u00adtri\u00adco\u00adlazione:<\/strong> 26.03.2026<\/p><\/div><div class=\"ow_auto_item_text_bottom mt32\"><p class=\"preis\">CHF 34\u2019900.00<\/p><div class=\"ow_button ow_button_red\"><span><span>Mag\u00adgiori informazioni<\/span><\/span><\/div><\/div><\/a><\/div><div class=\"ow_auto_item\"><div class=\"ow_auto_item_image\"><div class=\"ow_auto_item_image_slide\"><div class=\"ow_galery_image_bg\"><img data-lazy=\"https:\/\/neueautos.ch\/wp-content\/themes\/Divi-Child\/actions\/zipContents\/475254105263.jpg\"><\/div><\/div><div class=\"ow_auto_item_image_slide\"><div class=\"ow_galery_image_bg\"><img data-lazy=\"https:\/\/neueautos.ch\/wp-content\/themes\/Divi-Child\/actions\/zipContents\/475254105263_2.jpg\"><\/div><\/div><div class=\"ow_auto_item_image_slide\"><div class=\"ow_galery_image_bg\"><img data-lazy=\"https:\/\/neueautos.ch\/wp-content\/themes\/Divi-Child\/actions\/zipContents\/475254105263_3.jpg\"><\/div><\/div><div class=\"ow_auto_item_image_slide\"><div class=\"ow_galery_image_bg\"><img data-lazy=\"https:\/\/neueautos.ch\/wp-content\/themes\/Divi-Child\/actions\/zipContents\/475254105263_4.jpg\"><\/div><\/div><div class=\"ow_auto_item_image_slide\"><div class=\"ow_galery_image_bg\"><img data-lazy=\"https:\/\/neueautos.ch\/wp-content\/themes\/Divi-Child\/actions\/zipContents\/475254105263_5.jpg\"><\/div><\/div><div class=\"ow_auto_item_image_slide\"><div class=\"ow_galery_image_bg\"><img data-lazy=\"https:\/\/neueautos.ch\/wp-content\/themes\/Divi-Child\/actions\/zipContents\/475254105263_6.jpg\"><\/div><\/div><div class=\"ow_auto_item_image_slide\"><div class=\"ow_galery_image_bg\"><img data-lazy=\"https:\/\/neueautos.ch\/wp-content\/themes\/Divi-Child\/actions\/zipContents\/475254105263_7.jpg\"><\/div><\/div><div class=\"ow_auto_item_image_slide\"><div class=\"ow_galery_image_bg\"><img data-lazy=\"https:\/\/neueautos.ch\/wp-content\/themes\/Divi-Child\/actions\/zipContents\/475254105263_8.jpg\"><\/div><\/div><div class=\"ow_auto_item_image_slide\"><div class=\"ow_galery_image_bg\"><img data-lazy=\"https:\/\/neueautos.ch\/wp-content\/themes\/Divi-Child\/actions\/zipContents\/475254105263_9.jpg\"><\/div><\/div><div class=\"ow_auto_item_image_slide\"><div class=\"ow_galery_image_bg\"><img data-lazy=\"https:\/\/neueautos.ch\/wp-content\/themes\/Divi-Child\/actions\/zipContents\/475254105263_10.jpg\"><\/div><\/div><div class=\"ow_auto_item_image_slide\"><div class=\"ow_galery_image_bg\"><img data-lazy=\"https:\/\/neueautos.ch\/wp-content\/themes\/Divi-Child\/actions\/zipContents\/475254105263_11.jpg\"><\/div><\/div><div class=\"ow_auto_item_image_slide\"><div class=\"ow_galery_image_bg\"><img data-lazy=\"https:\/\/neueautos.ch\/wp-content\/themes\/Divi-Child\/actions\/zipContents\/475254105263_12.jpg\"><\/div><\/div><div class=\"ow_auto_item_image_slide\"><div class=\"ow_galery_image_bg\"><img data-lazy=\"https:\/\/neueautos.ch\/wp-content\/themes\/Divi-Child\/actions\/zipContents\/475254105263_13.jpg\"><\/div><\/div><div class=\"ow_auto_item_image_slide\"><div class=\"ow_galery_image_bg\"><img data-lazy=\"https:\/\/neueautos.ch\/wp-content\/themes\/Divi-Child\/actions\/zipContents\/475254105263_14.jpg\"><\/div><\/div><div class=\"ow_auto_item_image_slide\"><div class=\"ow_galery_image_bg\"><img data-lazy=\"https:\/\/neueautos.ch\/wp-content\/themes\/Divi-Child\/actions\/zipContents\/475254105263_15.jpg\"><\/div><\/div><div class=\"ow_auto_item_image_slide\"><div class=\"ow_galery_image_bg\"><img data-lazy=\"https:\/\/neueautos.ch\/wp-content\/themes\/Divi-Child\/actions\/zipContents\/475254105263_16.jpg\"><\/div><\/div><\/div><a class=\"ow_auto_item_text\" href=\"https:\/\/neueautos.ch\/it\/auto\/lexus-nx-450h-comfort-105263-2\/\"><div class=\"ow_auto_item_text_data\"><div class=\"ow_auto_item_title mb32 text-center\"><h3><strong>Lexus<\/strong> NX 450h+ Comfort<\/h3><\/div><p><strong>Car\u00adbu\u00adrante:<\/strong> Ibrido<\/p><p><strong>Tipo di cam\u00adbio:<\/strong> Cam\u00adbio automatico<\/p><p><strong>Chilometri:<\/strong> 3000km<\/p><p><strong>Imma\u00adtri\u00adco\u00adlazione:<\/strong> 23.12.2025<\/p><\/div><div class=\"ow_auto_item_text_bottom mt32\"><p class=\"preis\">CHF 55\u2019900.00<\/p><div class=\"ow_button ow_button_red\"><span><span>Mag\u00adgiori informazioni<\/span><\/span><\/div><\/div><\/a><\/div><div class=\"ow_auto_item\"><div class=\"ow_auto_item_image\"><div class=\"ow_auto_item_image_slide\"><div class=\"ow_galery_image_bg\"><img data-lazy=\"https:\/\/neueautos.ch\/wp-content\/themes\/Divi-Child\/actions\/zipContents\/475254105377.jpg\"><\/div><\/div><div class=\"ow_auto_item_image_slide\"><div class=\"ow_galery_image_bg\"><img data-lazy=\"https:\/\/neueautos.ch\/wp-content\/themes\/Divi-Child\/actions\/zipContents\/475254105377_2.jpg\"><\/div><\/div><div class=\"ow_auto_item_image_slide\"><div class=\"ow_galery_image_bg\"><img data-lazy=\"https:\/\/neueautos.ch\/wp-content\/themes\/Divi-Child\/actions\/zipContents\/475254105377_3.jpg\"><\/div><\/div><div class=\"ow_auto_item_image_slide\"><div class=\"ow_galery_image_bg\"><img data-lazy=\"https:\/\/neueautos.ch\/wp-content\/themes\/Divi-Child\/actions\/zipContents\/475254105377_4.jpg\"><\/div><\/div><div class=\"ow_auto_item_image_slide\"><div class=\"ow_galery_image_bg\"><img data-lazy=\"https:\/\/neueautos.ch\/wp-content\/themes\/Divi-Child\/actions\/zipContents\/475254105377_5.jpg\"><\/div><\/div><div class=\"ow_auto_item_image_slide\"><div class=\"ow_galery_image_bg\"><img data-lazy=\"https:\/\/neueautos.ch\/wp-content\/themes\/Divi-Child\/actions\/zipContents\/475254105377_6.jpg\"><\/div><\/div><div class=\"ow_auto_item_image_slide\"><div class=\"ow_galery_image_bg\"><img data-lazy=\"https:\/\/neueautos.ch\/wp-content\/themes\/Divi-Child\/actions\/zipContents\/475254105377_7.jpg\"><\/div><\/div><div class=\"ow_auto_item_image_slide\"><div class=\"ow_galery_image_bg\"><img data-lazy=\"https:\/\/neueautos.ch\/wp-content\/themes\/Divi-Child\/actions\/zipContents\/475254105377_8.jpg\"><\/div><\/div><div class=\"ow_auto_item_image_slide\"><div class=\"ow_galery_image_bg\"><img data-lazy=\"https:\/\/neueautos.ch\/wp-content\/themes\/Divi-Child\/actions\/zipContents\/475254105377_9.jpg\"><\/div><\/div><div class=\"ow_auto_item_image_slide\"><div class=\"ow_galery_image_bg\"><img data-lazy=\"https:\/\/neueautos.ch\/wp-content\/themes\/Divi-Child\/actions\/zipContents\/475254105377_10.jpg\"><\/div><\/div><div class=\"ow_auto_item_image_slide\"><div class=\"ow_galery_image_bg\"><img data-lazy=\"https:\/\/neueautos.ch\/wp-content\/themes\/Divi-Child\/actions\/zipContents\/475254105377_11.jpg\"><\/div><\/div><div class=\"ow_auto_item_image_slide\"><div class=\"ow_galery_image_bg\"><img data-lazy=\"https:\/\/neueautos.ch\/wp-content\/themes\/Divi-Child\/actions\/zipContents\/475254105377_12.jpg\"><\/div><\/div><div class=\"ow_auto_item_image_slide\"><div class=\"ow_galery_image_bg\"><img data-lazy=\"https:\/\/neueautos.ch\/wp-content\/themes\/Divi-Child\/actions\/zipContents\/475254105377_13.jpg\"><\/div><\/div><div class=\"ow_auto_item_image_slide\"><div class=\"ow_galery_image_bg\"><img data-lazy=\"https:\/\/neueautos.ch\/wp-content\/themes\/Divi-Child\/actions\/zipContents\/475254105377_14.jpg\"><\/div><\/div><div class=\"ow_auto_item_image_slide\"><div class=\"ow_galery_image_bg\"><img data-lazy=\"https:\/\/neueautos.ch\/wp-content\/themes\/Divi-Child\/actions\/zipContents\/475254105377_15.jpg\"><\/div><\/div><div class=\"ow_auto_item_image_slide\"><div class=\"ow_galery_image_bg\"><img data-lazy=\"https:\/\/neueautos.ch\/wp-content\/themes\/Divi-Child\/actions\/zipContents\/475254105377_16.jpg\"><\/div><\/div><\/div><a class=\"ow_auto_item_text\" href=\"https:\/\/neueautos.ch\/it\/auto\/lexus-rx-450h-excellence-105377-2\/\"><div class=\"ow_auto_item_text_data\"><div class=\"ow_auto_item_title mb32 text-center\"><h3><strong>Lexus<\/strong> RX 450h+ Excellence<\/h3><\/div><p><strong>Car\u00adbu\u00adrante:<\/strong> Ibrido<\/p><p><strong>Tipo di cam\u00adbio:<\/strong> Cam\u00adbio automatico<\/p><p><strong>Chilometri:<\/strong> 50km<\/p><p><strong>Imma\u00adtri\u00adco\u00adlazione:<\/strong> 09.03.2026<\/p><\/div><div class=\"ow_auto_item_text_bottom mt32\"><p class=\"preis\">CHF 79\u2019990.00<\/p><div class=\"ow_button ow_button_red\"><span><span>Mag\u00adgiori informazioni<\/span><\/span><\/div><\/div><\/a><\/div><div class=\"ow_auto_item\"><div class=\"ow_auto_item_image\"><div class=\"ow_auto_item_image_slide\"><div class=\"ow_galery_image_bg\"><img data-lazy=\"https:\/\/neueautos.ch\/wp-content\/themes\/Divi-Child\/actions\/zipContents\/475254105253.jpg\"><\/div><\/div><div class=\"ow_auto_item_image_slide\"><div class=\"ow_galery_image_bg\"><img data-lazy=\"https:\/\/neueautos.ch\/wp-content\/themes\/Divi-Child\/actions\/zipContents\/475254105253_2.jpg\"><\/div><\/div><div class=\"ow_auto_item_image_slide\"><div class=\"ow_galery_image_bg\"><img data-lazy=\"https:\/\/neueautos.ch\/wp-content\/themes\/Divi-Child\/actions\/zipContents\/475254105253_3.jpg\"><\/div><\/div><div class=\"ow_auto_item_image_slide\"><div class=\"ow_galery_image_bg\"><img data-lazy=\"https:\/\/neueautos.ch\/wp-content\/themes\/Divi-Child\/actions\/zipContents\/475254105253_4.jpg\"><\/div><\/div><div class=\"ow_auto_item_image_slide\"><div class=\"ow_galery_image_bg\"><img data-lazy=\"https:\/\/neueautos.ch\/wp-content\/themes\/Divi-Child\/actions\/zipContents\/475254105253_5.jpg\"><\/div><\/div><div class=\"ow_auto_item_image_slide\"><div class=\"ow_galery_image_bg\"><img data-lazy=\"https:\/\/neueautos.ch\/wp-content\/themes\/Divi-Child\/actions\/zipContents\/475254105253_6.jpg\"><\/div><\/div><div class=\"ow_auto_item_image_slide\"><div class=\"ow_galery_image_bg\"><img data-lazy=\"https:\/\/neueautos.ch\/wp-content\/themes\/Divi-Child\/actions\/zipContents\/475254105253_7.jpg\"><\/div><\/div><div class=\"ow_auto_item_image_slide\"><div class=\"ow_galery_image_bg\"><img data-lazy=\"https:\/\/neueautos.ch\/wp-content\/themes\/Divi-Child\/actions\/zipContents\/475254105253_8.jpg\"><\/div><\/div><div class=\"ow_auto_item_image_slide\"><div class=\"ow_galery_image_bg\"><img data-lazy=\"https:\/\/neueautos.ch\/wp-content\/themes\/Divi-Child\/actions\/zipContents\/475254105253_9.jpg\"><\/div><\/div><div class=\"ow_auto_item_image_slide\"><div class=\"ow_galery_image_bg\"><img data-lazy=\"https:\/\/neueautos.ch\/wp-content\/themes\/Divi-Child\/actions\/zipContents\/475254105253_10.jpg\"><\/div><\/div><div class=\"ow_auto_item_image_slide\"><div class=\"ow_galery_image_bg\"><img data-lazy=\"https:\/\/neueautos.ch\/wp-content\/themes\/Divi-Child\/actions\/zipContents\/475254105253_11.jpg\"><\/div><\/div><div class=\"ow_auto_item_image_slide\"><div class=\"ow_galery_image_bg\"><img data-lazy=\"https:\/\/neueautos.ch\/wp-content\/themes\/Divi-Child\/actions\/zipContents\/475254105253_12.jpg\"><\/div><\/div><div class=\"ow_auto_item_image_slide\"><div class=\"ow_galery_image_bg\"><img data-lazy=\"https:\/\/neueautos.ch\/wp-content\/themes\/Divi-Child\/actions\/zipContents\/475254105253_13.jpg\"><\/div><\/div><div class=\"ow_auto_item_image_slide\"><div class=\"ow_galery_image_bg\"><img data-lazy=\"https:\/\/neueautos.ch\/wp-content\/themes\/Divi-Child\/actions\/zipContents\/475254105253_14.jpg\"><\/div><\/div><div class=\"ow_auto_item_image_slide\"><div class=\"ow_galery_image_bg\"><img data-lazy=\"https:\/\/neueautos.ch\/wp-content\/themes\/Divi-Child\/actions\/zipContents\/475254105253_15.jpg\"><\/div><\/div><div class=\"ow_auto_item_image_slide\"><div class=\"ow_galery_image_bg\"><img data-lazy=\"https:\/\/neueautos.ch\/wp-content\/themes\/Divi-Child\/actions\/zipContents\/475254105253_16.jpg\"><\/div><\/div><\/div><a class=\"ow_auto_item_text\" href=\"https:\/\/neueautos.ch\/it\/auto\/toyota-corolla-touring-sports-2-0-hev-premium-105253-2\/\"><div class=\"ow_auto_item_text_data\"><div class=\"ow_auto_item_title mb32 text-center\"><h3><strong>Toyota<\/strong> Corolla Touring Sports 2.0 HEV Premium<\/h3><\/div><p><strong>Car\u00adbu\u00adrante:<\/strong> Ibrido<\/p><p><strong>Tipo di cam\u00adbio:<\/strong> Cam\u00adbio automatico<\/p><p><strong>Chilometri:<\/strong> 50km<\/p><p><strong>Imma\u00adtri\u00adco\u00adlazione:<\/strong> 23.12.2025<\/p><\/div><div class=\"ow_auto_item_text_bottom mt32\"><p class=\"preis\">CHF 35\u2019900.00<\/p><div class=\"ow_button ow_button_red\"><span><span>Mag\u00adgiori informazioni<\/span><\/span><\/div><\/div><\/a><\/div><div class=\"ow_auto_item\"><div class=\"ow_auto_item_image\"><div class=\"ow_auto_item_image_slide\"><div class=\"ow_galery_image_bg\"><img data-lazy=\"https:\/\/neueautos.ch\/wp-content\/themes\/Divi-Child\/actions\/zipContents\/475254105366.jpg\"><\/div><\/div><div class=\"ow_auto_item_image_slide\"><div class=\"ow_galery_image_bg\"><img data-lazy=\"https:\/\/neueautos.ch\/wp-content\/themes\/Divi-Child\/actions\/zipContents\/475254105366_2.jpg\"><\/div><\/div><div class=\"ow_auto_item_image_slide\"><div class=\"ow_galery_image_bg\"><img data-lazy=\"https:\/\/neueautos.ch\/wp-content\/themes\/Divi-Child\/actions\/zipContents\/475254105366_3.jpg\"><\/div><\/div><div class=\"ow_auto_item_image_slide\"><div class=\"ow_galery_image_bg\"><img data-lazy=\"https:\/\/neueautos.ch\/wp-content\/themes\/Divi-Child\/actions\/zipContents\/475254105366_4.jpg\"><\/div><\/div><div class=\"ow_auto_item_image_slide\"><div class=\"ow_galery_image_bg\"><img data-lazy=\"https:\/\/neueautos.ch\/wp-content\/themes\/Divi-Child\/actions\/zipContents\/475254105366_5.jpg\"><\/div><\/div><div class=\"ow_auto_item_image_slide\"><div class=\"ow_galery_image_bg\"><img data-lazy=\"https:\/\/neueautos.ch\/wp-content\/themes\/Divi-Child\/actions\/zipContents\/475254105366_6.jpg\"><\/div><\/div><div class=\"ow_auto_item_image_slide\"><div class=\"ow_galery_image_bg\"><img data-lazy=\"https:\/\/neueautos.ch\/wp-content\/themes\/Divi-Child\/actions\/zipContents\/475254105366_7.jpg\"><\/div><\/div><div class=\"ow_auto_item_image_slide\"><div class=\"ow_galery_image_bg\"><img data-lazy=\"https:\/\/neueautos.ch\/wp-content\/themes\/Divi-Child\/actions\/zipContents\/475254105366_8.jpg\"><\/div><\/div><div class=\"ow_auto_item_image_slide\"><div class=\"ow_galery_image_bg\"><img data-lazy=\"https:\/\/neueautos.ch\/wp-content\/themes\/Divi-Child\/actions\/zipContents\/475254105366_9.jpg\"><\/div><\/div><div class=\"ow_auto_item_image_slide\"><div class=\"ow_galery_image_bg\"><img data-lazy=\"https:\/\/neueautos.ch\/wp-content\/themes\/Divi-Child\/actions\/zipContents\/475254105366_10.jpg\"><\/div><\/div><div class=\"ow_auto_item_image_slide\"><div class=\"ow_galery_image_bg\"><img data-lazy=\"https:\/\/neueautos.ch\/wp-content\/themes\/Divi-Child\/actions\/zipContents\/475254105366_11.jpg\"><\/div><\/div><div class=\"ow_auto_item_image_slide\"><div class=\"ow_galery_image_bg\"><img data-lazy=\"https:\/\/neueautos.ch\/wp-content\/themes\/Divi-Child\/actions\/zipContents\/475254105366_12.jpg\"><\/div><\/div><div class=\"ow_auto_item_image_slide\"><div class=\"ow_galery_image_bg\"><img data-lazy=\"https:\/\/neueautos.ch\/wp-content\/themes\/Divi-Child\/actions\/zipContents\/475254105366_13.jpg\"><\/div><\/div><div class=\"ow_auto_item_image_slide\"><div class=\"ow_galery_image_bg\"><img data-lazy=\"https:\/\/neueautos.ch\/wp-content\/themes\/Divi-Child\/actions\/zipContents\/475254105366_14.jpg\"><\/div><\/div><div class=\"ow_auto_item_image_slide\"><div class=\"ow_galery_image_bg\"><img data-lazy=\"https:\/\/neueautos.ch\/wp-content\/themes\/Divi-Child\/actions\/zipContents\/475254105366_15.jpg\"><\/div><\/div><div class=\"ow_auto_item_image_slide\"><div class=\"ow_galery_image_bg\"><img data-lazy=\"https:\/\/neueautos.ch\/wp-content\/themes\/Divi-Child\/actions\/zipContents\/475254105366_16.jpg\"><\/div><\/div><\/div><a class=\"ow_auto_item_text\" href=\"https:\/\/neueautos.ch\/it\/auto\/toyota-corolla-touring-sports-2-0-hev-premium-105366-2\/\"><div class=\"ow_auto_item_text_data\"><div class=\"ow_auto_item_title mb32 text-center\"><h3><strong>Toyota<\/strong> Corolla Touring Sports 2.0 HEV Premium<\/h3><\/div><p><strong>Car\u00adbu\u00adrante:<\/strong> Ibrido<\/p><p><strong>Tipo di cam\u00adbio:<\/strong> Cam\u00adbio automatico<\/p><p><strong>Chilometri:<\/strong> 50km<\/p><p><strong>Imma\u00adtri\u00adco\u00adlazione:<\/strong> 02.12.2025<\/p><\/div><div class=\"ow_auto_item_text_bottom mt32\"><p class=\"preis\">CHF 35\u2019900.00<\/p><div class=\"ow_button ow_button_red\"><span><span>Mag\u00adgiori informazioni<\/span><\/span><\/div><\/div><\/a><\/div><div class=\"ow_auto_item\"><div class=\"ow_auto_item_image\"><div class=\"ow_auto_item_image_slide\"><div class=\"ow_galery_image_bg\"><img data-lazy=\"https:\/\/neueautos.ch\/wp-content\/themes\/Divi-Child\/actions\/zipContents\/475254105351.jpg\"><\/div><\/div><div class=\"ow_auto_item_image_slide\"><div class=\"ow_galery_image_bg\"><img data-lazy=\"https:\/\/neueautos.ch\/wp-content\/themes\/Divi-Child\/actions\/zipContents\/475254105351_2.jpg\"><\/div><\/div><div class=\"ow_auto_item_image_slide\"><div class=\"ow_galery_image_bg\"><img data-lazy=\"https:\/\/neueautos.ch\/wp-content\/themes\/Divi-Child\/actions\/zipContents\/475254105351_3.jpg\"><\/div><\/div><div class=\"ow_auto_item_image_slide\"><div class=\"ow_galery_image_bg\"><img data-lazy=\"https:\/\/neueautos.ch\/wp-content\/themes\/Divi-Child\/actions\/zipContents\/475254105351_4.jpg\"><\/div><\/div><div class=\"ow_auto_item_image_slide\"><div class=\"ow_galery_image_bg\"><img data-lazy=\"https:\/\/neueautos.ch\/wp-content\/themes\/Divi-Child\/actions\/zipContents\/475254105351_5.jpg\"><\/div><\/div><div class=\"ow_auto_item_image_slide\"><div class=\"ow_galery_image_bg\"><img data-lazy=\"https:\/\/neueautos.ch\/wp-content\/themes\/Divi-Child\/actions\/zipContents\/475254105351_6.jpg\"><\/div><\/div><div class=\"ow_auto_item_image_slide\"><div class=\"ow_galery_image_bg\"><img data-lazy=\"https:\/\/neueautos.ch\/wp-content\/themes\/Divi-Child\/actions\/zipContents\/475254105351_7.jpg\"><\/div><\/div><div class=\"ow_auto_item_image_slide\"><div class=\"ow_galery_image_bg\"><img data-lazy=\"https:\/\/neueautos.ch\/wp-content\/themes\/Divi-Child\/actions\/zipContents\/475254105351_8.jpg\"><\/div><\/div><div class=\"ow_auto_item_image_slide\"><div class=\"ow_galery_image_bg\"><img data-lazy=\"https:\/\/neueautos.ch\/wp-content\/themes\/Divi-Child\/actions\/zipContents\/475254105351_9.jpg\"><\/div><\/div><div class=\"ow_auto_item_image_slide\"><div class=\"ow_galery_image_bg\"><img data-lazy=\"https:\/\/neueautos.ch\/wp-content\/themes\/Divi-Child\/actions\/zipContents\/475254105351_10.jpg\"><\/div><\/div><div class=\"ow_auto_item_image_slide\"><div class=\"ow_galery_image_bg\"><img data-lazy=\"https:\/\/neueautos.ch\/wp-content\/themes\/Divi-Child\/actions\/zipContents\/475254105351_11.jpg\"><\/div><\/div><div class=\"ow_auto_item_image_slide\"><div class=\"ow_galery_image_bg\"><img data-lazy=\"https:\/\/neueautos.ch\/wp-content\/themes\/Divi-Child\/actions\/zipContents\/475254105351_12.jpg\"><\/div><\/div><div class=\"ow_auto_item_image_slide\"><div class=\"ow_galery_image_bg\"><img data-lazy=\"https:\/\/neueautos.ch\/wp-content\/themes\/Divi-Child\/actions\/zipContents\/475254105351_13.jpg\"><\/div><\/div><div class=\"ow_auto_item_image_slide\"><div class=\"ow_galery_image_bg\"><img data-lazy=\"https:\/\/neueautos.ch\/wp-content\/themes\/Divi-Child\/actions\/zipContents\/475254105351_14.jpg\"><\/div><\/div><div class=\"ow_auto_item_image_slide\"><div class=\"ow_galery_image_bg\"><img data-lazy=\"https:\/\/neueautos.ch\/wp-content\/themes\/Divi-Child\/actions\/zipContents\/475254105351_15.jpg\"><\/div><\/div><div class=\"ow_auto_item_image_slide\"><div class=\"ow_galery_image_bg\"><img data-lazy=\"https:\/\/neueautos.ch\/wp-content\/themes\/Divi-Child\/actions\/zipContents\/475254105351_16.jpg\"><\/div><\/div><\/div><a class=\"ow_auto_item_text\" href=\"https:\/\/neueautos.ch\/it\/auto\/toyota-corolla-touring-sports-2-0-hev-premium-leder-105351-2\/\"><div class=\"ow_auto_item_text_data\"><div class=\"ow_auto_item_title mb32 text-center\"><h3><strong>Toyota<\/strong> Corolla Touring Sports 2.0 HEV Premium, LEDER<\/h3><\/div><p><strong>Car\u00adbu\u00adrante:<\/strong> Ibrido<\/p><p><strong>Tipo di cam\u00adbio:<\/strong> Cam\u00adbio automatico<\/p><p><strong>Chilometri:<\/strong> 50km<\/p><p><strong>Imma\u00adtri\u00adco\u00adlazione:<\/strong> 03.12.2025<\/p><\/div><div class=\"ow_auto_item_text_bottom mt32\"><p class=\"preis\">CHF 36\u2019900.00<\/p><div class=\"ow_button ow_button_red\"><span><span>Mag\u00adgiori informazioni<\/span><\/span><\/div><\/div><\/a><\/div><div class=\"ow_auto_item\"><div class=\"ow_auto_item_image\"><div class=\"ow_auto_item_image_slide\"><div class=\"ow_galery_image_bg\"><img data-lazy=\"https:\/\/neueautos.ch\/wp-content\/themes\/Divi-Child\/actions\/zipContents\/475254105353.jpg\"><\/div><\/div><div class=\"ow_auto_item_image_slide\"><div class=\"ow_galery_image_bg\"><img data-lazy=\"https:\/\/neueautos.ch\/wp-content\/themes\/Divi-Child\/actions\/zipContents\/475254105353_2.jpg\"><\/div><\/div><div class=\"ow_auto_item_image_slide\"><div class=\"ow_galery_image_bg\"><img data-lazy=\"https:\/\/neueautos.ch\/wp-content\/themes\/Divi-Child\/actions\/zipContents\/475254105353_3.jpg\"><\/div><\/div><div class=\"ow_auto_item_image_slide\"><div class=\"ow_galery_image_bg\"><img data-lazy=\"https:\/\/neueautos.ch\/wp-content\/themes\/Divi-Child\/actions\/zipContents\/475254105353_4.jpg\"><\/div><\/div><div class=\"ow_auto_item_image_slide\"><div class=\"ow_galery_image_bg\"><img data-lazy=\"https:\/\/neueautos.ch\/wp-content\/themes\/Divi-Child\/actions\/zipContents\/475254105353_5.jpg\"><\/div><\/div><div class=\"ow_auto_item_image_slide\"><div class=\"ow_galery_image_bg\"><img data-lazy=\"https:\/\/neueautos.ch\/wp-content\/themes\/Divi-Child\/actions\/zipContents\/475254105353_6.jpg\"><\/div><\/div><div class=\"ow_auto_item_image_slide\"><div class=\"ow_galery_image_bg\"><img data-lazy=\"https:\/\/neueautos.ch\/wp-content\/themes\/Divi-Child\/actions\/zipContents\/475254105353_7.jpg\"><\/div><\/div><div class=\"ow_auto_item_image_slide\"><div class=\"ow_galery_image_bg\"><img data-lazy=\"https:\/\/neueautos.ch\/wp-content\/themes\/Divi-Child\/actions\/zipContents\/475254105353_8.jpg\"><\/div><\/div><div class=\"ow_auto_item_image_slide\"><div class=\"ow_galery_image_bg\"><img data-lazy=\"https:\/\/neueautos.ch\/wp-content\/themes\/Divi-Child\/actions\/zipContents\/475254105353_9.jpg\"><\/div><\/div><div class=\"ow_auto_item_image_slide\"><div class=\"ow_galery_image_bg\"><img data-lazy=\"https:\/\/neueautos.ch\/wp-content\/themes\/Divi-Child\/actions\/zipContents\/475254105353_10.jpg\"><\/div><\/div><div class=\"ow_auto_item_image_slide\"><div class=\"ow_galery_image_bg\"><img data-lazy=\"https:\/\/neueautos.ch\/wp-content\/themes\/Divi-Child\/actions\/zipContents\/475254105353_11.jpg\"><\/div><\/div><div class=\"ow_auto_item_image_slide\"><div class=\"ow_galery_image_bg\"><img data-lazy=\"https:\/\/neueautos.ch\/wp-content\/themes\/Divi-Child\/actions\/zipContents\/475254105353_12.jpg\"><\/div><\/div><div class=\"ow_auto_item_image_slide\"><div class=\"ow_galery_image_bg\"><img data-lazy=\"https:\/\/neueautos.ch\/wp-content\/themes\/Divi-Child\/actions\/zipContents\/475254105353_13.jpg\"><\/div><\/div><div class=\"ow_auto_item_image_slide\"><div class=\"ow_galery_image_bg\"><img data-lazy=\"https:\/\/neueautos.ch\/wp-content\/themes\/Divi-Child\/actions\/zipContents\/475254105353_14.jpg\"><\/div><\/div><div class=\"ow_auto_item_image_slide\"><div class=\"ow_galery_image_bg\"><img data-lazy=\"https:\/\/neueautos.ch\/wp-content\/themes\/Divi-Child\/actions\/zipContents\/475254105353_15.jpg\"><\/div><\/div><div class=\"ow_auto_item_image_slide\"><div class=\"ow_galery_image_bg\"><img data-lazy=\"https:\/\/neueautos.ch\/wp-content\/themes\/Divi-Child\/actions\/zipContents\/475254105353_16.jpg\"><\/div><\/div><\/div><a class=\"ow_auto_item_text\" href=\"https:\/\/neueautos.ch\/it\/auto\/toyota-corolla-touring-sports-2-0-hev-premium-leder-105353-2\/\"><div class=\"ow_auto_item_text_data\"><div class=\"ow_auto_item_title mb32 text-center\"><h3><strong>Toyota<\/strong> Corolla Touring Sports 2.0 HEV Premium, LEDER<\/h3><\/div><p><strong>Car\u00adbu\u00adrante:<\/strong> Ibrido<\/p><p><strong>Tipo di cam\u00adbio:<\/strong> Cam\u00adbio automatico<\/p><p><strong>Chilometri:<\/strong> 50km<\/p><p><strong>Imma\u00adtri\u00adco\u00adlazione:<\/strong> 05.11.2025<\/p><\/div><div class=\"ow_auto_item_text_bottom mt32\"><p class=\"preis\">CHF 36\u2019900.00<\/p><div class=\"ow_button ow_button_red\"><span><span>Mag\u00adgiori informazioni<\/span><\/span><\/div><\/div><\/a><\/div><div class=\"ow_auto_item\"><div class=\"ow_auto_item_image\"><div class=\"ow_auto_item_image_slide\"><div class=\"ow_galery_image_bg\"><img data-lazy=\"https:\/\/neueautos.ch\/wp-content\/themes\/Divi-Child\/actions\/zipContents\/475254105354.jpg\"><\/div><\/div><div class=\"ow_auto_item_image_slide\"><div class=\"ow_galery_image_bg\"><img data-lazy=\"https:\/\/neueautos.ch\/wp-content\/themes\/Divi-Child\/actions\/zipContents\/475254105354_2.jpg\"><\/div><\/div><div class=\"ow_auto_item_image_slide\"><div class=\"ow_galery_image_bg\"><img data-lazy=\"https:\/\/neueautos.ch\/wp-content\/themes\/Divi-Child\/actions\/zipContents\/475254105354_3.jpg\"><\/div><\/div><div class=\"ow_auto_item_image_slide\"><div class=\"ow_galery_image_bg\"><img data-lazy=\"https:\/\/neueautos.ch\/wp-content\/themes\/Divi-Child\/actions\/zipContents\/475254105354_4.jpg\"><\/div><\/div><div class=\"ow_auto_item_image_slide\"><div class=\"ow_galery_image_bg\"><img data-lazy=\"https:\/\/neueautos.ch\/wp-content\/themes\/Divi-Child\/actions\/zipContents\/475254105354_5.jpg\"><\/div><\/div><div class=\"ow_auto_item_image_slide\"><div class=\"ow_galery_image_bg\"><img data-lazy=\"https:\/\/neueautos.ch\/wp-content\/themes\/Divi-Child\/actions\/zipContents\/475254105354_6.jpg\"><\/div><\/div><div class=\"ow_auto_item_image_slide\"><div class=\"ow_galery_image_bg\"><img data-lazy=\"https:\/\/neueautos.ch\/wp-content\/themes\/Divi-Child\/actions\/zipContents\/475254105354_7.jpg\"><\/div><\/div><div class=\"ow_auto_item_image_slide\"><div class=\"ow_galery_image_bg\"><img data-lazy=\"https:\/\/neueautos.ch\/wp-content\/themes\/Divi-Child\/actions\/zipContents\/475254105354_8.jpg\"><\/div><\/div><div class=\"ow_auto_item_image_slide\"><div class=\"ow_galery_image_bg\"><img data-lazy=\"https:\/\/neueautos.ch\/wp-content\/themes\/Divi-Child\/actions\/zipContents\/475254105354_9.jpg\"><\/div><\/div><div class=\"ow_auto_item_image_slide\"><div class=\"ow_galery_image_bg\"><img data-lazy=\"https:\/\/neueautos.ch\/wp-content\/themes\/Divi-Child\/actions\/zipContents\/475254105354_10.jpg\"><\/div><\/div><div class=\"ow_auto_item_image_slide\"><div class=\"ow_galery_image_bg\"><img data-lazy=\"https:\/\/neueautos.ch\/wp-content\/themes\/Divi-Child\/actions\/zipContents\/475254105354_11.jpg\"><\/div><\/div><div class=\"ow_auto_item_image_slide\"><div class=\"ow_galery_image_bg\"><img data-lazy=\"https:\/\/neueautos.ch\/wp-content\/themes\/Divi-Child\/actions\/zipContents\/475254105354_12.jpg\"><\/div><\/div><div class=\"ow_auto_item_image_slide\"><div class=\"ow_galery_image_bg\"><img data-lazy=\"https:\/\/neueautos.ch\/wp-content\/themes\/Divi-Child\/actions\/zipContents\/475254105354_13.jpg\"><\/div><\/div><div class=\"ow_auto_item_image_slide\"><div class=\"ow_galery_image_bg\"><img data-lazy=\"https:\/\/neueautos.ch\/wp-content\/themes\/Divi-Child\/actions\/zipContents\/475254105354_14.jpg\"><\/div><\/div><div class=\"ow_auto_item_image_slide\"><div class=\"ow_galery_image_bg\"><img data-lazy=\"https:\/\/neueautos.ch\/wp-content\/themes\/Divi-Child\/actions\/zipContents\/475254105354_15.jpg\"><\/div><\/div><div class=\"ow_auto_item_image_slide\"><div class=\"ow_galery_image_bg\"><img data-lazy=\"https:\/\/neueautos.ch\/wp-content\/themes\/Divi-Child\/actions\/zipContents\/475254105354_16.jpg\"><\/div><\/div><\/div><a class=\"ow_auto_item_text\" href=\"https:\/\/neueautos.ch\/it\/auto\/toyota-corolla-touring-sports-2-0-hev-premium-leder-105354-2\/\"><div class=\"ow_auto_item_text_data\"><div class=\"ow_auto_item_title mb32 text-center\"><h3><strong>Toyota<\/strong> Corolla Touring Sports 2.0 HEV Premium, LEDER<\/h3><\/div><p><strong>Car\u00adbu\u00adrante:<\/strong> Ibrido<\/p><p><strong>Tipo di cam\u00adbio:<\/strong> Cam\u00adbio automatico<\/p><p><strong>Chilometri:<\/strong> 50km<\/p><p><strong>Imma\u00adtri\u00adco\u00adlazione:<\/strong> 19.11.2025<\/p><\/div><div class=\"ow_auto_item_text_bottom mt32\"><p class=\"preis\">CHF 36\u2019900.00<\/p><div class=\"ow_button ow_button_red\"><span><span>Mag\u00adgiori informazioni<\/span><\/span><\/div><\/div><\/a><\/div><div class=\"ow_auto_item\"><div class=\"ow_auto_item_image\"><div class=\"ow_auto_item_image_slide\"><div class=\"ow_galery_image_bg\"><img data-lazy=\"https:\/\/neueautos.ch\/wp-content\/themes\/Divi-Child\/actions\/zipContents\/475254105329.jpg\"><\/div><\/div><div class=\"ow_auto_item_image_slide\"><div class=\"ow_galery_image_bg\"><img data-lazy=\"https:\/\/neueautos.ch\/wp-content\/themes\/Divi-Child\/actions\/zipContents\/475254105329_2.jpg\"><\/div><\/div><div class=\"ow_auto_item_image_slide\"><div class=\"ow_galery_image_bg\"><img data-lazy=\"https:\/\/neueautos.ch\/wp-content\/themes\/Divi-Child\/actions\/zipContents\/475254105329_3.jpg\"><\/div><\/div><div class=\"ow_auto_item_image_slide\"><div class=\"ow_galery_image_bg\"><img data-lazy=\"https:\/\/neueautos.ch\/wp-content\/themes\/Divi-Child\/actions\/zipContents\/475254105329_4.jpg\"><\/div><\/div><div class=\"ow_auto_item_image_slide\"><div class=\"ow_galery_image_bg\"><img data-lazy=\"https:\/\/neueautos.ch\/wp-content\/themes\/Divi-Child\/actions\/zipContents\/475254105329_5.jpg\"><\/div><\/div><div class=\"ow_auto_item_image_slide\"><div class=\"ow_galery_image_bg\"><img data-lazy=\"https:\/\/neueautos.ch\/wp-content\/themes\/Divi-Child\/actions\/zipContents\/475254105329_6.jpg\"><\/div><\/div><div class=\"ow_auto_item_image_slide\"><div class=\"ow_galery_image_bg\"><img data-lazy=\"https:\/\/neueautos.ch\/wp-content\/themes\/Divi-Child\/actions\/zipContents\/475254105329_7.jpg\"><\/div><\/div><div class=\"ow_auto_item_image_slide\"><div class=\"ow_galery_image_bg\"><img data-lazy=\"https:\/\/neueautos.ch\/wp-content\/themes\/Divi-Child\/actions\/zipContents\/475254105329_8.jpg\"><\/div><\/div><div class=\"ow_auto_item_image_slide\"><div class=\"ow_galery_image_bg\"><img data-lazy=\"https:\/\/neueautos.ch\/wp-content\/themes\/Divi-Child\/actions\/zipContents\/475254105329_9.jpg\"><\/div><\/div><div class=\"ow_auto_item_image_slide\"><div class=\"ow_galery_image_bg\"><img data-lazy=\"https:\/\/neueautos.ch\/wp-content\/themes\/Divi-Child\/actions\/zipContents\/475254105329_10.jpg\"><\/div><\/div><div class=\"ow_auto_item_image_slide\"><div class=\"ow_galery_image_bg\"><img data-lazy=\"https:\/\/neueautos.ch\/wp-content\/themes\/Divi-Child\/actions\/zipContents\/475254105329_11.jpg\"><\/div><\/div><div class=\"ow_auto_item_image_slide\"><div class=\"ow_galery_image_bg\"><img data-lazy=\"https:\/\/neueautos.ch\/wp-content\/themes\/Divi-Child\/actions\/zipContents\/475254105329_12.jpg\"><\/div><\/div><div class=\"ow_auto_item_image_slide\"><div class=\"ow_galery_image_bg\"><img data-lazy=\"https:\/\/neueautos.ch\/wp-content\/themes\/Divi-Child\/actions\/zipContents\/475254105329_13.jpg\"><\/div><\/div><div class=\"ow_auto_item_image_slide\"><div class=\"ow_galery_image_bg\"><img data-lazy=\"https:\/\/neueautos.ch\/wp-content\/themes\/Divi-Child\/actions\/zipContents\/475254105329_14.jpg\"><\/div><\/div><div class=\"ow_auto_item_image_slide\"><div class=\"ow_galery_image_bg\"><img data-lazy=\"https:\/\/neueautos.ch\/wp-content\/themes\/Divi-Child\/actions\/zipContents\/475254105329_15.jpg\"><\/div><\/div><div class=\"ow_auto_item_image_slide\"><div class=\"ow_galery_image_bg\"><img data-lazy=\"https:\/\/neueautos.ch\/wp-content\/themes\/Divi-Child\/actions\/zipContents\/475254105329_16.jpg\"><\/div><\/div><\/div><a class=\"ow_auto_item_text\" href=\"https:\/\/neueautos.ch\/it\/auto\/toyota-corolla-touring-sports-2-0-hsd-premium-leder-105329-2\/\"><div class=\"ow_auto_item_text_data\"><div class=\"ow_auto_item_title mb32 text-center\"><h3><strong>Toyota<\/strong> Corolla Touring Sports 2.0 HEV Premium, LEDER<\/h3><\/div><p><strong>Car\u00adbu\u00adrante:<\/strong> Ibrido<\/p><p><strong>Tipo di cam\u00adbio:<\/strong> Cam\u00adbio automatico<\/p><p><strong>Chilometri:<\/strong> 50km<\/p><p><strong>Imma\u00adtri\u00adco\u00adlazione:<\/strong> Novit\u00e0<\/p><\/div><div class=\"ow_auto_item_text_bottom mt32\"><p class=\"preis\">CHF 36\u2019900.00<\/p><div class=\"ow_button ow_button_red\"><span><span>Mag\u00adgiori informazioni<\/span><\/span><\/div><\/div><\/a><\/div><div class=\"ow_auto_item\"><div class=\"ow_auto_item_image\"><div class=\"ow_auto_item_image_slide\"><div class=\"ow_galery_image_bg\"><img data-lazy=\"https:\/\/neueautos.ch\/wp-content\/themes\/Divi-Child\/actions\/zipContents\/475254105379.jpg\"><\/div><\/div><div class=\"ow_auto_item_image_slide\"><div class=\"ow_galery_image_bg\"><img data-lazy=\"https:\/\/neueautos.ch\/wp-content\/themes\/Divi-Child\/actions\/zipContents\/475254105379_2.jpg\"><\/div><\/div><div class=\"ow_auto_item_image_slide\"><div class=\"ow_galery_image_bg\"><img data-lazy=\"https:\/\/neueautos.ch\/wp-content\/themes\/Divi-Child\/actions\/zipContents\/475254105379_3.jpg\"><\/div><\/div><div class=\"ow_auto_item_image_slide\"><div class=\"ow_galery_image_bg\"><img data-lazy=\"https:\/\/neueautos.ch\/wp-content\/themes\/Divi-Child\/actions\/zipContents\/475254105379_4.jpg\"><\/div><\/div><div class=\"ow_auto_item_image_slide\"><div class=\"ow_galery_image_bg\"><img data-lazy=\"https:\/\/neueautos.ch\/wp-content\/themes\/Divi-Child\/actions\/zipContents\/475254105379_5.jpg\"><\/div><\/div><div class=\"ow_auto_item_image_slide\"><div class=\"ow_galery_image_bg\"><img data-lazy=\"https:\/\/neueautos.ch\/wp-content\/themes\/Divi-Child\/actions\/zipContents\/475254105379_6.jpg\"><\/div><\/div><div class=\"ow_auto_item_image_slide\"><div class=\"ow_galery_image_bg\"><img data-lazy=\"https:\/\/neueautos.ch\/wp-content\/themes\/Divi-Child\/actions\/zipContents\/475254105379_7.jpg\"><\/div><\/div><div class=\"ow_auto_item_image_slide\"><div class=\"ow_galery_image_bg\"><img data-lazy=\"https:\/\/neueautos.ch\/wp-content\/themes\/Divi-Child\/actions\/zipContents\/475254105379_8.jpg\"><\/div><\/div><div class=\"ow_auto_item_image_slide\"><div class=\"ow_galery_image_bg\"><img data-lazy=\"https:\/\/neueautos.ch\/wp-content\/themes\/Divi-Child\/actions\/zipContents\/475254105379_9.jpg\"><\/div><\/div><div class=\"ow_auto_item_image_slide\"><div class=\"ow_galery_image_bg\"><img data-lazy=\"https:\/\/neueautos.ch\/wp-content\/themes\/Divi-Child\/actions\/zipContents\/475254105379_10.jpg\"><\/div><\/div><div class=\"ow_auto_item_image_slide\"><div class=\"ow_galery_image_bg\"><img data-lazy=\"https:\/\/neueautos.ch\/wp-content\/themes\/Divi-Child\/actions\/zipContents\/475254105379_11.jpg\"><\/div><\/div><div class=\"ow_auto_item_image_slide\"><div class=\"ow_galery_image_bg\"><img data-lazy=\"https:\/\/neueautos.ch\/wp-content\/themes\/Divi-Child\/actions\/zipContents\/475254105379_12.jpg\"><\/div><\/div><div class=\"ow_auto_item_image_slide\"><div class=\"ow_galery_image_bg\"><img data-lazy=\"https:\/\/neueautos.ch\/wp-content\/themes\/Divi-Child\/actions\/zipContents\/475254105379_13.jpg\"><\/div><\/div><div class=\"ow_auto_item_image_slide\"><div class=\"ow_galery_image_bg\"><img data-lazy=\"https:\/\/neueautos.ch\/wp-content\/themes\/Divi-Child\/actions\/zipContents\/475254105379_14.jpg\"><\/div><\/div><div class=\"ow_auto_item_image_slide\"><div class=\"ow_galery_image_bg\"><img data-lazy=\"https:\/\/neueautos.ch\/wp-content\/themes\/Divi-Child\/actions\/zipContents\/475254105379_15.jpg\"><\/div><\/div><div class=\"ow_auto_item_image_slide\"><div class=\"ow_galery_image_bg\"><img data-lazy=\"https:\/\/neueautos.ch\/wp-content\/themes\/Divi-Child\/actions\/zipContents\/475254105379_16.jpg\"><\/div><\/div><\/div><a class=\"ow_auto_item_text\" href=\"https:\/\/neueautos.ch\/it\/auto\/toyota-gr-corolla-1-6t-4x4-circuit-edition-105379-2\/\"><div class=\"ow_auto_item_text_data\"><div class=\"ow_auto_item_title mb32 text-center\"><h3><strong>Toyota<\/strong> GR Corolla 1.6T 4x4 Circuit Edition<\/h3><\/div><p><strong>Car\u00adbu\u00adrante:<\/strong> Benzina<\/p><p><strong>Tipo di cam\u00adbio:<\/strong> Cam\u00adbio manuale<\/p><p><strong>Chilometri:<\/strong> 4000km<\/p><p><strong>Imma\u00adtri\u00adco\u00adlazione:<\/strong> 25.04.2024<\/p><\/div><div class=\"ow_auto_item_text_bottom mt32\"><p class=\"preis\">CHF 64\u2019500.00<\/p><div class=\"ow_button ow_button_red\"><span><span>Mag\u00adgiori informazioni<\/span><\/span><\/div><\/div><\/a><\/div><div class=\"ow_auto_item\"><div class=\"ow_auto_item_image\"><div class=\"ow_auto_item_image_slide\"><div class=\"ow_galery_image_bg\"><img data-lazy=\"https:\/\/neueautos.ch\/wp-content\/themes\/Divi-Child\/actions\/zipContents\/475254105285.jpg\"><\/div><\/div><div class=\"ow_auto_item_image_slide\"><div class=\"ow_galery_image_bg\"><img data-lazy=\"https:\/\/neueautos.ch\/wp-content\/themes\/Divi-Child\/actions\/zipContents\/475254105285_2.jpg\"><\/div><\/div><div class=\"ow_auto_item_image_slide\"><div class=\"ow_galery_image_bg\"><img data-lazy=\"https:\/\/neueautos.ch\/wp-content\/themes\/Divi-Child\/actions\/zipContents\/475254105285_3.jpg\"><\/div><\/div><div class=\"ow_auto_item_image_slide\"><div class=\"ow_galery_image_bg\"><img data-lazy=\"https:\/\/neueautos.ch\/wp-content\/themes\/Divi-Child\/actions\/zipContents\/475254105285_4.jpg\"><\/div><\/div><div class=\"ow_auto_item_image_slide\"><div class=\"ow_galery_image_bg\"><img data-lazy=\"https:\/\/neueautos.ch\/wp-content\/themes\/Divi-Child\/actions\/zipContents\/475254105285_5.jpg\"><\/div><\/div><div class=\"ow_auto_item_image_slide\"><div class=\"ow_galery_image_bg\"><img data-lazy=\"https:\/\/neueautos.ch\/wp-content\/themes\/Divi-Child\/actions\/zipContents\/475254105285_6.jpg\"><\/div><\/div><div class=\"ow_auto_item_image_slide\"><div class=\"ow_galery_image_bg\"><img data-lazy=\"https:\/\/neueautos.ch\/wp-content\/themes\/Divi-Child\/actions\/zipContents\/475254105285_7.jpg\"><\/div><\/div><div class=\"ow_auto_item_image_slide\"><div class=\"ow_galery_image_bg\"><img data-lazy=\"https:\/\/neueautos.ch\/wp-content\/themes\/Divi-Child\/actions\/zipContents\/475254105285_8.jpg\"><\/div><\/div><div class=\"ow_auto_item_image_slide\"><div class=\"ow_galery_image_bg\"><img data-lazy=\"https:\/\/neueautos.ch\/wp-content\/themes\/Divi-Child\/actions\/zipContents\/475254105285_9.jpg\"><\/div><\/div><div class=\"ow_auto_item_image_slide\"><div class=\"ow_galery_image_bg\"><img data-lazy=\"https:\/\/neueautos.ch\/wp-content\/themes\/Divi-Child\/actions\/zipContents\/475254105285_10.jpg\"><\/div><\/div><div class=\"ow_auto_item_image_slide\"><div class=\"ow_galery_image_bg\"><img data-lazy=\"https:\/\/neueautos.ch\/wp-content\/themes\/Divi-Child\/actions\/zipContents\/475254105285_11.jpg\"><\/div><\/div><div class=\"ow_auto_item_image_slide\"><div class=\"ow_galery_image_bg\"><img data-lazy=\"https:\/\/neueautos.ch\/wp-content\/themes\/Divi-Child\/actions\/zipContents\/475254105285_12.jpg\"><\/div><\/div><div class=\"ow_auto_item_image_slide\"><div class=\"ow_galery_image_bg\"><img data-lazy=\"https:\/\/neueautos.ch\/wp-content\/themes\/Divi-Child\/actions\/zipContents\/475254105285_13.jpg\"><\/div><\/div><div class=\"ow_auto_item_image_slide\"><div class=\"ow_galery_image_bg\"><img data-lazy=\"https:\/\/neueautos.ch\/wp-content\/themes\/Divi-Child\/actions\/zipContents\/475254105285_14.jpg\"><\/div><\/div><div class=\"ow_auto_item_image_slide\"><div class=\"ow_galery_image_bg\"><img data-lazy=\"https:\/\/neueautos.ch\/wp-content\/themes\/Divi-Child\/actions\/zipContents\/475254105285_15.jpg\"><\/div><\/div><div class=\"ow_auto_item_image_slide\"><div class=\"ow_galery_image_bg\"><img data-lazy=\"https:\/\/neueautos.ch\/wp-content\/themes\/Divi-Child\/actions\/zipContents\/475254105285_16.jpg\"><\/div><\/div><\/div><a class=\"ow_auto_item_text\" href=\"https:\/\/neueautos.ch\/it\/auto\/toyota-gr-supra-3-0-twin-turbo-final-edition-1-of-300-105285-2\/\"><div class=\"ow_auto_item_text_data\"><div class=\"ow_auto_item_title mb32 text-center\"><h3><strong>Toyota<\/strong> GR Supra 3.0 Twin Turbo - Final Edition 1 of&nbsp;300<\/h3><\/div><p><strong>Car\u00adbu\u00adrante:<\/strong> Benzina<\/p><p><strong>Tipo di cam\u00adbio:<\/strong> Cam\u00adbio manuale<\/p><p><strong>Chilometri:<\/strong> 100km<\/p><p><strong>Imma\u00adtri\u00adco\u00adlazione:<\/strong> 08.12.2025<\/p><\/div><div class=\"ow_auto_item_text_bottom mt32\"><p class=\"preis\">CHF 195\u2019000.00<\/p><div class=\"ow_button ow_button_red\"><span><span>Mag\u00adgiori informazioni<\/span><\/span><\/div><\/div><\/a><\/div><div class=\"ow_auto_item\"><div class=\"ow_auto_item_image\"><div class=\"ow_auto_item_image_slide\"><div class=\"ow_galery_image_bg\"><img data-lazy=\"https:\/\/neueautos.ch\/wp-content\/themes\/Divi-Child\/actions\/zipContents\/475254105364.jpg\"><\/div><\/div><div class=\"ow_auto_item_image_slide\"><div class=\"ow_galery_image_bg\"><img data-lazy=\"https:\/\/neueautos.ch\/wp-content\/themes\/Divi-Child\/actions\/zipContents\/475254105364_2.jpg\"><\/div><\/div><div class=\"ow_auto_item_image_slide\"><div class=\"ow_galery_image_bg\"><img data-lazy=\"https:\/\/neueautos.ch\/wp-content\/themes\/Divi-Child\/actions\/zipContents\/475254105364_3.jpg\"><\/div><\/div><div class=\"ow_auto_item_image_slide\"><div class=\"ow_galery_image_bg\"><img data-lazy=\"https:\/\/neueautos.ch\/wp-content\/themes\/Divi-Child\/actions\/zipContents\/475254105364_4.jpg\"><\/div><\/div><div class=\"ow_auto_item_image_slide\"><div class=\"ow_galery_image_bg\"><img data-lazy=\"https:\/\/neueautos.ch\/wp-content\/themes\/Divi-Child\/actions\/zipContents\/475254105364_5.jpg\"><\/div><\/div><div class=\"ow_auto_item_image_slide\"><div class=\"ow_galery_image_bg\"><img data-lazy=\"https:\/\/neueautos.ch\/wp-content\/themes\/Divi-Child\/actions\/zipContents\/475254105364_6.jpg\"><\/div><\/div><div class=\"ow_auto_item_image_slide\"><div class=\"ow_galery_image_bg\"><img data-lazy=\"https:\/\/neueautos.ch\/wp-content\/themes\/Divi-Child\/actions\/zipContents\/475254105364_7.jpg\"><\/div><\/div><div class=\"ow_auto_item_image_slide\"><div class=\"ow_galery_image_bg\"><img data-lazy=\"https:\/\/neueautos.ch\/wp-content\/themes\/Divi-Child\/actions\/zipContents\/475254105364_8.jpg\"><\/div><\/div><div class=\"ow_auto_item_image_slide\"><div class=\"ow_galery_image_bg\"><img data-lazy=\"https:\/\/neueautos.ch\/wp-content\/themes\/Divi-Child\/actions\/zipContents\/475254105364_9.jpg\"><\/div><\/div><div class=\"ow_auto_item_image_slide\"><div class=\"ow_galery_image_bg\"><img data-lazy=\"https:\/\/neueautos.ch\/wp-content\/themes\/Divi-Child\/actions\/zipContents\/475254105364_10.jpg\"><\/div><\/div><div class=\"ow_auto_item_image_slide\"><div class=\"ow_galery_image_bg\"><img data-lazy=\"https:\/\/neueautos.ch\/wp-content\/themes\/Divi-Child\/actions\/zipContents\/475254105364_11.jpg\"><\/div><\/div><div class=\"ow_auto_item_image_slide\"><div class=\"ow_galery_image_bg\"><img data-lazy=\"https:\/\/neueautos.ch\/wp-content\/themes\/Divi-Child\/actions\/zipContents\/475254105364_12.jpg\"><\/div><\/div><div class=\"ow_auto_item_image_slide\"><div class=\"ow_galery_image_bg\"><img data-lazy=\"https:\/\/neueautos.ch\/wp-content\/themes\/Divi-Child\/actions\/zipContents\/475254105364_13.jpg\"><\/div><\/div><div class=\"ow_auto_item_image_slide\"><div class=\"ow_galery_image_bg\"><img data-lazy=\"https:\/\/neueautos.ch\/wp-content\/themes\/Divi-Child\/actions\/zipContents\/475254105364_14.jpg\"><\/div><\/div><div class=\"ow_auto_item_image_slide\"><div class=\"ow_galery_image_bg\"><img data-lazy=\"https:\/\/neueautos.ch\/wp-content\/themes\/Divi-Child\/actions\/zipContents\/475254105364_15.jpg\"><\/div><\/div><div class=\"ow_auto_item_image_slide\"><div class=\"ow_galery_image_bg\"><img data-lazy=\"https:\/\/neueautos.ch\/wp-content\/themes\/Divi-Child\/actions\/zipContents\/475254105364_16.jpg\"><\/div><\/div><\/div><a class=\"ow_auto_item_text\" href=\"https:\/\/neueautos.ch\/it\/auto\/toyota-land-cruiser-2-8-d-205-first-edition-105364-2\/\"><div class=\"ow_auto_item_text_data\"><div class=\"ow_auto_item_title mb32 text-center\"><h3><strong>Toyota<\/strong> Land Cruiser 2.8 D 205 First Edition<\/h3><\/div><p><strong>Car\u00adbu\u00adrante:<\/strong> Diesel<\/p><p><strong>Tipo di cam\u00adbio:<\/strong> Cam\u00adbio automatico<\/p><p><strong>Chilometri:<\/strong> 9000km<\/p><p><strong>Imma\u00adtri\u00adco\u00adlazione:<\/strong> 09.01.2025<\/p><\/div><div class=\"ow_auto_item_text_bottom mt32\"><p class=\"preis\">CHF 92\u2019500.00<\/p><div class=\"ow_button ow_button_red\"><span><span>Mag\u00adgiori informazioni<\/span><\/span><\/div><\/div><\/a><\/div><div class=\"ow_auto_item\"><div class=\"ow_auto_item_image\"><div class=\"ow_auto_item_image_slide\"><div class=\"ow_galery_image_bg\"><img data-lazy=\"https:\/\/neueautos.ch\/wp-content\/themes\/Divi-Child\/actions\/zipContents\/475254105309.jpg\"><\/div><\/div><div class=\"ow_auto_item_image_slide\"><div class=\"ow_galery_image_bg\"><img data-lazy=\"https:\/\/neueautos.ch\/wp-content\/themes\/Divi-Child\/actions\/zipContents\/475254105309_2.jpg\"><\/div><\/div><div class=\"ow_auto_item_image_slide\"><div class=\"ow_galery_image_bg\"><img data-lazy=\"https:\/\/neueautos.ch\/wp-content\/themes\/Divi-Child\/actions\/zipContents\/475254105309_3.jpg\"><\/div><\/div><div class=\"ow_auto_item_image_slide\"><div class=\"ow_galery_image_bg\"><img data-lazy=\"https:\/\/neueautos.ch\/wp-content\/themes\/Divi-Child\/actions\/zipContents\/475254105309_4.jpg\"><\/div><\/div><div class=\"ow_auto_item_image_slide\"><div class=\"ow_galery_image_bg\"><img data-lazy=\"https:\/\/neueautos.ch\/wp-content\/themes\/Divi-Child\/actions\/zipContents\/475254105309_5.jpg\"><\/div><\/div><div class=\"ow_auto_item_image_slide\"><div class=\"ow_galery_image_bg\"><img data-lazy=\"https:\/\/neueautos.ch\/wp-content\/themes\/Divi-Child\/actions\/zipContents\/475254105309_6.jpg\"><\/div><\/div><div class=\"ow_auto_item_image_slide\"><div class=\"ow_galery_image_bg\"><img data-lazy=\"https:\/\/neueautos.ch\/wp-content\/themes\/Divi-Child\/actions\/zipContents\/475254105309_7.jpg\"><\/div><\/div><div class=\"ow_auto_item_image_slide\"><div class=\"ow_galery_image_bg\"><img data-lazy=\"https:\/\/neueautos.ch\/wp-content\/themes\/Divi-Child\/actions\/zipContents\/475254105309_8.jpg\"><\/div><\/div><div class=\"ow_auto_item_image_slide\"><div class=\"ow_galery_image_bg\"><img data-lazy=\"https:\/\/neueautos.ch\/wp-content\/themes\/Divi-Child\/actions\/zipContents\/475254105309_9.jpg\"><\/div><\/div><div class=\"ow_auto_item_image_slide\"><div class=\"ow_galery_image_bg\"><img data-lazy=\"https:\/\/neueautos.ch\/wp-content\/themes\/Divi-Child\/actions\/zipContents\/475254105309_10.jpg\"><\/div><\/div><div class=\"ow_auto_item_image_slide\"><div class=\"ow_galery_image_bg\"><img data-lazy=\"https:\/\/neueautos.ch\/wp-content\/themes\/Divi-Child\/actions\/zipContents\/475254105309_11.jpg\"><\/div><\/div><div class=\"ow_auto_item_image_slide\"><div class=\"ow_galery_image_bg\"><img data-lazy=\"https:\/\/neueautos.ch\/wp-content\/themes\/Divi-Child\/actions\/zipContents\/475254105309_12.jpg\"><\/div><\/div><div class=\"ow_auto_item_image_slide\"><div class=\"ow_galery_image_bg\"><img data-lazy=\"https:\/\/neueautos.ch\/wp-content\/themes\/Divi-Child\/actions\/zipContents\/475254105309_13.jpg\"><\/div><\/div><div class=\"ow_auto_item_image_slide\"><div class=\"ow_galery_image_bg\"><img data-lazy=\"https:\/\/neueautos.ch\/wp-content\/themes\/Divi-Child\/actions\/zipContents\/475254105309_14.jpg\"><\/div><\/div><div class=\"ow_auto_item_image_slide\"><div class=\"ow_galery_image_bg\"><img data-lazy=\"https:\/\/neueautos.ch\/wp-content\/themes\/Divi-Child\/actions\/zipContents\/475254105309_15.jpg\"><\/div><\/div><div class=\"ow_auto_item_image_slide\"><div class=\"ow_galery_image_bg\"><img data-lazy=\"https:\/\/neueautos.ch\/wp-content\/themes\/Divi-Child\/actions\/zipContents\/475254105309_16.jpg\"><\/div><\/div><\/div><a class=\"ow_auto_item_text\" href=\"https:\/\/neueautos.ch\/it\/auto\/toyota-yaris-cross-1-5-vvt-i-hsd-premium-2wd-105309-2\/\"><div class=\"ow_auto_item_text_data\"><div class=\"ow_auto_item_title mb32 text-center\"><h3><strong>Toyota<\/strong> Yaris Cross 1.5 VVT-i HEV Premium 2WD<\/h3><\/div><p><strong>Car\u00adbu\u00adrante:<\/strong> Ibrido<\/p><p><strong>Tipo di cam\u00adbio:<\/strong> Cam\u00adbio automatico<\/p><p><strong>Chilometri:<\/strong> 50km<\/p><p><strong>Imma\u00adtri\u00adco\u00adlazione:<\/strong> Novit\u00e0<\/p><\/div><div class=\"ow_auto_item_text_bottom mt32\"><p class=\"preis\">CHF 31\u2019900.00<\/p><div class=\"ow_button ow_button_red\"><span><span>Mag\u00adgiori informazioni<\/span><\/span><\/div><\/div><\/a><\/div><div class=\"ow_auto_item\"><div class=\"ow_auto_item_image\"><div class=\"ow_auto_item_image_slide\"><div class=\"ow_galery_image_bg\"><img data-lazy=\"https:\/\/neueautos.ch\/wp-content\/themes\/Divi-Child\/actions\/zipContents\/475254105380.jpg\"><\/div><\/div><div class=\"ow_auto_item_image_slide\"><div class=\"ow_galery_image_bg\"><img data-lazy=\"https:\/\/neueautos.ch\/wp-content\/themes\/Divi-Child\/actions\/zipContents\/475254105380_2.jpg\"><\/div><\/div><div class=\"ow_auto_item_image_slide\"><div class=\"ow_galery_image_bg\"><img data-lazy=\"https:\/\/neueautos.ch\/wp-content\/themes\/Divi-Child\/actions\/zipContents\/475254105380_3.jpg\"><\/div><\/div><div class=\"ow_auto_item_image_slide\"><div class=\"ow_galery_image_bg\"><img data-lazy=\"https:\/\/neueautos.ch\/wp-content\/themes\/Divi-Child\/actions\/zipContents\/475254105380_4.jpg\"><\/div><\/div><div class=\"ow_auto_item_image_slide\"><div class=\"ow_galery_image_bg\"><img data-lazy=\"https:\/\/neueautos.ch\/wp-content\/themes\/Divi-Child\/actions\/zipContents\/475254105380_5.jpg\"><\/div><\/div><div class=\"ow_auto_item_image_slide\"><div class=\"ow_galery_image_bg\"><img data-lazy=\"https:\/\/neueautos.ch\/wp-content\/themes\/Divi-Child\/actions\/zipContents\/475254105380_6.jpg\"><\/div><\/div><div class=\"ow_auto_item_image_slide\"><div class=\"ow_galery_image_bg\"><img data-lazy=\"https:\/\/neueautos.ch\/wp-content\/themes\/Divi-Child\/actions\/zipContents\/475254105380_7.jpg\"><\/div><\/div><div class=\"ow_auto_item_image_slide\"><div class=\"ow_galery_image_bg\"><img data-lazy=\"https:\/\/neueautos.ch\/wp-content\/themes\/Divi-Child\/actions\/zipContents\/475254105380_8.jpg\"><\/div><\/div><div class=\"ow_auto_item_image_slide\"><div class=\"ow_galery_image_bg\"><img data-lazy=\"https:\/\/neueautos.ch\/wp-content\/themes\/Divi-Child\/actions\/zipContents\/475254105380_9.jpg\"><\/div><\/div><div class=\"ow_auto_item_image_slide\"><div class=\"ow_galery_image_bg\"><img data-lazy=\"https:\/\/neueautos.ch\/wp-content\/themes\/Divi-Child\/actions\/zipContents\/475254105380_10.jpg\"><\/div><\/div><div class=\"ow_auto_item_image_slide\"><div class=\"ow_galery_image_bg\"><img data-lazy=\"https:\/\/neueautos.ch\/wp-content\/themes\/Divi-Child\/actions\/zipContents\/475254105380_11.jpg\"><\/div><\/div><div class=\"ow_auto_item_image_slide\"><div class=\"ow_galery_image_bg\"><img data-lazy=\"https:\/\/neueautos.ch\/wp-content\/themes\/Divi-Child\/actions\/zipContents\/475254105380_12.jpg\"><\/div><\/div><div class=\"ow_auto_item_image_slide\"><div class=\"ow_galery_image_bg\"><img data-lazy=\"https:\/\/neueautos.ch\/wp-content\/themes\/Divi-Child\/actions\/zipContents\/475254105380_13.jpg\"><\/div><\/div><div class=\"ow_auto_item_image_slide\"><div class=\"ow_galery_image_bg\"><img data-lazy=\"https:\/\/neueautos.ch\/wp-content\/themes\/Divi-Child\/actions\/zipContents\/475254105380_14.jpg\"><\/div><\/div><div class=\"ow_auto_item_image_slide\"><div class=\"ow_galery_image_bg\"><img data-lazy=\"https:\/\/neueautos.ch\/wp-content\/themes\/Divi-Child\/actions\/zipContents\/475254105380_15.jpg\"><\/div><\/div><div class=\"ow_auto_item_image_slide\"><div class=\"ow_galery_image_bg\"><img data-lazy=\"https:\/\/neueautos.ch\/wp-content\/themes\/Divi-Child\/actions\/zipContents\/475254105380_16.jpg\"><\/div><\/div><\/div><a class=\"ow_auto_item_text\" href=\"https:\/\/neueautos.ch\/it\/auto\/toyota-yaris-cross-1-5-vvt-i-hsd-premium-2wd-105380-2\/\"><div class=\"ow_auto_item_text_data\"><div class=\"ow_auto_item_title mb32 text-center\"><h3><strong>Toyota<\/strong> Yaris Cross 1.5 VVT-i HSD Premium 2WD<\/h3><\/div><p><strong>Car\u00adbu\u00adrante:<\/strong> Ibrido<\/p><p><strong>Tipo di cam\u00adbio:<\/strong> Cam\u00adbio automatico<\/p><p><strong>Chilometri:<\/strong> 50km<\/p><p><strong>Imma\u00adtri\u00adco\u00adlazione:<\/strong> Novit\u00e0<\/p><\/div><div class=\"ow_auto_item_text_bottom mt32\"><p class=\"preis\">CHF 30\u2019900.00<\/p><div class=\"ow_button ow_button_red\"><span><span>Mag\u00adgiori informazioni<\/span><\/span><\/div><\/div><\/a><\/div><div class=\"ow_auto_item\"><div class=\"ow_auto_item_image\"><div class=\"ow_auto_item_image_slide\"><div class=\"ow_galery_image_bg\"><img data-lazy=\"https:\/\/neueautos.ch\/wp-content\/themes\/Divi-Child\/actions\/zipContents\/475254105385.jpg\"><\/div><\/div><div class=\"ow_auto_item_image_slide\"><div class=\"ow_galery_image_bg\"><img data-lazy=\"https:\/\/neueautos.ch\/wp-content\/themes\/Divi-Child\/actions\/zipContents\/475254105385_2.jpg\"><\/div><\/div><div class=\"ow_auto_item_image_slide\"><div class=\"ow_galery_image_bg\"><img data-lazy=\"https:\/\/neueautos.ch\/wp-content\/themes\/Divi-Child\/actions\/zipContents\/475254105385_3.jpg\"><\/div><\/div><div class=\"ow_auto_item_image_slide\"><div class=\"ow_galery_image_bg\"><img data-lazy=\"https:\/\/neueautos.ch\/wp-content\/themes\/Divi-Child\/actions\/zipContents\/475254105385_4.jpg\"><\/div><\/div><div class=\"ow_auto_item_image_slide\"><div class=\"ow_galery_image_bg\"><img data-lazy=\"https:\/\/neueautos.ch\/wp-content\/themes\/Divi-Child\/actions\/zipContents\/475254105385_5.jpg\"><\/div><\/div><div class=\"ow_auto_item_image_slide\"><div class=\"ow_galery_image_bg\"><img data-lazy=\"https:\/\/neueautos.ch\/wp-content\/themes\/Divi-Child\/actions\/zipContents\/475254105385_6.jpg\"><\/div><\/div><div class=\"ow_auto_item_image_slide\"><div class=\"ow_galery_image_bg\"><img data-lazy=\"https:\/\/neueautos.ch\/wp-content\/themes\/Divi-Child\/actions\/zipContents\/475254105385_7.jpg\"><\/div><\/div><div class=\"ow_auto_item_image_slide\"><div class=\"ow_galery_image_bg\"><img data-lazy=\"https:\/\/neueautos.ch\/wp-content\/themes\/Divi-Child\/actions\/zipContents\/475254105385_8.jpg\"><\/div><\/div><div class=\"ow_auto_item_image_slide\"><div class=\"ow_galery_image_bg\"><img data-lazy=\"https:\/\/neueautos.ch\/wp-content\/themes\/Divi-Child\/actions\/zipContents\/475254105385_9.jpg\"><\/div><\/div><div class=\"ow_auto_item_image_slide\"><div class=\"ow_galery_image_bg\"><img data-lazy=\"https:\/\/neueautos.ch\/wp-content\/themes\/Divi-Child\/actions\/zipContents\/475254105385_10.jpg\"><\/div><\/div><div class=\"ow_auto_item_image_slide\"><div class=\"ow_galery_image_bg\"><img data-lazy=\"https:\/\/neueautos.ch\/wp-content\/themes\/Divi-Child\/actions\/zipContents\/475254105385_11.jpg\"><\/div><\/div><div class=\"ow_auto_item_image_slide\"><div class=\"ow_galery_image_bg\"><img data-lazy=\"https:\/\/neueautos.ch\/wp-content\/themes\/Divi-Child\/actions\/zipContents\/475254105385_12.jpg\"><\/div><\/div><div class=\"ow_auto_item_image_slide\"><div class=\"ow_galery_image_bg\"><img data-lazy=\"https:\/\/neueautos.ch\/wp-content\/themes\/Divi-Child\/actions\/zipContents\/475254105385_13.jpg\"><\/div><\/div><div class=\"ow_auto_item_image_slide\"><div class=\"ow_galery_image_bg\"><img data-lazy=\"https:\/\/neueautos.ch\/wp-content\/themes\/Divi-Child\/actions\/zipContents\/475254105385_14.jpg\"><\/div><\/div><div class=\"ow_auto_item_image_slide\"><div class=\"ow_galery_image_bg\"><img data-lazy=\"https:\/\/neueautos.ch\/wp-content\/themes\/Divi-Child\/actions\/zipContents\/475254105385_15.jpg\"><\/div><\/div><div class=\"ow_auto_item_image_slide\"><div class=\"ow_galery_image_bg\"><img data-lazy=\"https:\/\/neueautos.ch\/wp-content\/themes\/Divi-Child\/actions\/zipContents\/475254105385_16.jpg\"><\/div><\/div><\/div><a class=\"ow_auto_item_text\" href=\"https:\/\/neueautos.ch\/it\/auto\/toyota-yaris-cross-1-5-vvt-i-hsd-premium-2wd-105385-2\/\"><div class=\"ow_auto_item_text_data\"><div class=\"ow_auto_item_title mb32 text-center\"><h3><strong>Toyota<\/strong> Yaris Cross 1.5 VVT-i HSD Premium 2WD<\/h3><\/div><p><strong>Car\u00adbu\u00adrante:<\/strong> Ibrido<\/p><p><strong>Tipo di cam\u00adbio:<\/strong> Cam\u00adbio automatico<\/p><p><strong>Chilometri:<\/strong> 100km<\/p><p><strong>Imma\u00adtri\u00adco\u00adlazione:<\/strong> 07.07.2025<\/p><\/div><div class=\"ow_auto_item_text_bottom mt32\"><p class=\"preis\">CHF 28\u2019900.00<\/p><div class=\"ow_button ow_button_red\"><span><span>Mag\u00adgiori informazioni<\/span><\/span><\/div><\/div><\/a><\/div><div class=\"ow_auto_item\"><div class=\"ow_auto_item_image\"><div class=\"ow_auto_item_image_slide\"><div class=\"ow_galery_image_bg\"><img data-lazy=\"https:\/\/neueautos.ch\/wp-content\/themes\/Divi-Child\/actions\/zipContents\/475254105386.jpg\"><\/div><\/div><div class=\"ow_auto_item_image_slide\"><div class=\"ow_galery_image_bg\"><img data-lazy=\"https:\/\/neueautos.ch\/wp-content\/themes\/Divi-Child\/actions\/zipContents\/475254105386_2.jpg\"><\/div><\/div><div class=\"ow_auto_item_image_slide\"><div class=\"ow_galery_image_bg\"><img data-lazy=\"https:\/\/neueautos.ch\/wp-content\/themes\/Divi-Child\/actions\/zipContents\/475254105386_3.jpg\"><\/div><\/div><div class=\"ow_auto_item_image_slide\"><div class=\"ow_galery_image_bg\"><img data-lazy=\"https:\/\/neueautos.ch\/wp-content\/themes\/Divi-Child\/actions\/zipContents\/475254105386_4.jpg\"><\/div><\/div><div class=\"ow_auto_item_image_slide\"><div class=\"ow_galery_image_bg\"><img data-lazy=\"https:\/\/neueautos.ch\/wp-content\/themes\/Divi-Child\/actions\/zipContents\/475254105386_5.jpg\"><\/div><\/div><div class=\"ow_auto_item_image_slide\"><div class=\"ow_galery_image_bg\"><img data-lazy=\"https:\/\/neueautos.ch\/wp-content\/themes\/Divi-Child\/actions\/zipContents\/475254105386_6.jpg\"><\/div><\/div><div class=\"ow_auto_item_image_slide\"><div class=\"ow_galery_image_bg\"><img data-lazy=\"https:\/\/neueautos.ch\/wp-content\/themes\/Divi-Child\/actions\/zipContents\/475254105386_7.jpg\"><\/div><\/div><div class=\"ow_auto_item_image_slide\"><div class=\"ow_galery_image_bg\"><img data-lazy=\"https:\/\/neueautos.ch\/wp-content\/themes\/Divi-Child\/actions\/zipContents\/475254105386_8.jpg\"><\/div><\/div><div class=\"ow_auto_item_image_slide\"><div class=\"ow_galery_image_bg\"><img data-lazy=\"https:\/\/neueautos.ch\/wp-content\/themes\/Divi-Child\/actions\/zipContents\/475254105386_9.jpg\"><\/div><\/div><div class=\"ow_auto_item_image_slide\"><div class=\"ow_galery_image_bg\"><img data-lazy=\"https:\/\/neueautos.ch\/wp-content\/themes\/Divi-Child\/actions\/zipContents\/475254105386_10.jpg\"><\/div><\/div><div class=\"ow_auto_item_image_slide\"><div class=\"ow_galery_image_bg\"><img data-lazy=\"https:\/\/neueautos.ch\/wp-content\/themes\/Divi-Child\/actions\/zipContents\/475254105386_11.jpg\"><\/div><\/div><div class=\"ow_auto_item_image_slide\"><div class=\"ow_galery_image_bg\"><img data-lazy=\"https:\/\/neueautos.ch\/wp-content\/themes\/Divi-Child\/actions\/zipContents\/475254105386_12.jpg\"><\/div><\/div><div class=\"ow_auto_item_image_slide\"><div class=\"ow_galery_image_bg\"><img data-lazy=\"https:\/\/neueautos.ch\/wp-content\/themes\/Divi-Child\/actions\/zipContents\/475254105386_13.jpg\"><\/div><\/div><div class=\"ow_auto_item_image_slide\"><div class=\"ow_galery_image_bg\"><img data-lazy=\"https:\/\/neueautos.ch\/wp-content\/themes\/Divi-Child\/actions\/zipContents\/475254105386_14.jpg\"><\/div><\/div><div class=\"ow_auto_item_image_slide\"><div class=\"ow_galery_image_bg\"><img data-lazy=\"https:\/\/neueautos.ch\/wp-content\/themes\/Divi-Child\/actions\/zipContents\/475254105386_15.jpg\"><\/div><\/div><div class=\"ow_auto_item_image_slide\"><div class=\"ow_galery_image_bg\"><img data-lazy=\"https:\/\/neueautos.ch\/wp-content\/themes\/Divi-Child\/actions\/zipContents\/475254105386_16.jpg\"><\/div><\/div><\/div><a class=\"ow_auto_item_text\" href=\"https:\/\/neueautos.ch\/it\/auto\/toyota-yaris-cross-1-5-vvt-i-hsd-premium-2wd-105386-2\/\"><div class=\"ow_auto_item_text_data\"><div class=\"ow_auto_item_title mb32 text-center\"><h3><strong>Toyota<\/strong> Yaris Cross 1.5 VVT-i HSD Premium 2WD<\/h3><\/div><p><strong>Car\u00adbu\u00adrante:<\/strong> Ibrido<\/p><p><strong>Tipo di cam\u00adbio:<\/strong> Cam\u00adbio automatico<\/p><p><strong>Chilometri:<\/strong> 100km<\/p><p><strong>Imma\u00adtri\u00adco\u00adlazione:<\/strong> 07.07.2025<\/p><\/div><div class=\"ow_auto_item_text_bottom mt32\"><p class=\"preis\">CHF 28\u2019900.00<\/p><div class=\"ow_button ow_button_red\"><span><span>Mag\u00adgiori informazioni<\/span><\/span><\/div><\/div><\/a><\/div><div class=\"ow_auto_item\"><div class=\"ow_auto_item_image\"><div class=\"ow_auto_item_image_slide\"><div class=\"ow_galery_image_bg\"><img data-lazy=\"https:\/\/neueautos.ch\/wp-content\/themes\/Divi-Child\/actions\/zipContents\/475254105387.jpg\"><\/div><\/div><div class=\"ow_auto_item_image_slide\"><div class=\"ow_galery_image_bg\"><img data-lazy=\"https:\/\/neueautos.ch\/wp-content\/themes\/Divi-Child\/actions\/zipContents\/475254105387_2.jpg\"><\/div><\/div><div class=\"ow_auto_item_image_slide\"><div class=\"ow_galery_image_bg\"><img data-lazy=\"https:\/\/neueautos.ch\/wp-content\/themes\/Divi-Child\/actions\/zipContents\/475254105387_3.jpg\"><\/div><\/div><div class=\"ow_auto_item_image_slide\"><div class=\"ow_galery_image_bg\"><img data-lazy=\"https:\/\/neueautos.ch\/wp-content\/themes\/Divi-Child\/actions\/zipContents\/475254105387_4.jpg\"><\/div><\/div><div class=\"ow_auto_item_image_slide\"><div class=\"ow_galery_image_bg\"><img data-lazy=\"https:\/\/neueautos.ch\/wp-content\/themes\/Divi-Child\/actions\/zipContents\/475254105387_5.jpg\"><\/div><\/div><div class=\"ow_auto_item_image_slide\"><div class=\"ow_galery_image_bg\"><img data-lazy=\"https:\/\/neueautos.ch\/wp-content\/themes\/Divi-Child\/actions\/zipContents\/475254105387_6.jpg\"><\/div><\/div><div class=\"ow_auto_item_image_slide\"><div class=\"ow_galery_image_bg\"><img data-lazy=\"https:\/\/neueautos.ch\/wp-content\/themes\/Divi-Child\/actions\/zipContents\/475254105387_7.jpg\"><\/div><\/div><div class=\"ow_auto_item_image_slide\"><div class=\"ow_galery_image_bg\"><img data-lazy=\"https:\/\/neueautos.ch\/wp-content\/themes\/Divi-Child\/actions\/zipContents\/475254105387_8.jpg\"><\/div><\/div><div class=\"ow_auto_item_image_slide\"><div class=\"ow_galery_image_bg\"><img data-lazy=\"https:\/\/neueautos.ch\/wp-content\/themes\/Divi-Child\/actions\/zipContents\/475254105387_9.jpg\"><\/div><\/div><div class=\"ow_auto_item_image_slide\"><div class=\"ow_galery_image_bg\"><img data-lazy=\"https:\/\/neueautos.ch\/wp-content\/themes\/Divi-Child\/actions\/zipContents\/475254105387_10.jpg\"><\/div><\/div><div class=\"ow_auto_item_image_slide\"><div class=\"ow_galery_image_bg\"><img data-lazy=\"https:\/\/neueautos.ch\/wp-content\/themes\/Divi-Child\/actions\/zipContents\/475254105387_11.jpg\"><\/div><\/div><div class=\"ow_auto_item_image_slide\"><div class=\"ow_galery_image_bg\"><img data-lazy=\"https:\/\/neueautos.ch\/wp-content\/themes\/Divi-Child\/actions\/zipContents\/475254105387_12.jpg\"><\/div><\/div><div class=\"ow_auto_item_image_slide\"><div class=\"ow_galery_image_bg\"><img data-lazy=\"https:\/\/neueautos.ch\/wp-content\/themes\/Divi-Child\/actions\/zipContents\/475254105387_13.jpg\"><\/div><\/div><div class=\"ow_auto_item_image_slide\"><div class=\"ow_galery_image_bg\"><img data-lazy=\"https:\/\/neueautos.ch\/wp-content\/themes\/Divi-Child\/actions\/zipContents\/475254105387_14.jpg\"><\/div><\/div><div class=\"ow_auto_item_image_slide\"><div class=\"ow_galery_image_bg\"><img data-lazy=\"https:\/\/neueautos.ch\/wp-content\/themes\/Divi-Child\/actions\/zipContents\/475254105387_15.jpg\"><\/div><\/div><div class=\"ow_auto_item_image_slide\"><div class=\"ow_galery_image_bg\"><img data-lazy=\"https:\/\/neueautos.ch\/wp-content\/themes\/Divi-Child\/actions\/zipContents\/475254105387_16.jpg\"><\/div><\/div><\/div><a class=\"ow_auto_item_text\" href=\"https:\/\/neueautos.ch\/it\/auto\/toyota-yaris-cross-1-5-vvt-i-hsd-premium-2wd-105387-2\/\"><div class=\"ow_auto_item_text_data\"><div class=\"ow_auto_item_title mb32 text-center\"><h3><strong>Toyota<\/strong> Yaris Cross 1.5 VVT-i HSD Premium 2WD<\/h3><\/div><p><strong>Car\u00adbu\u00adrante:<\/strong> Ibrido<\/p><p><strong>Tipo di cam\u00adbio:<\/strong> Cam\u00adbio automatico<\/p><p><strong>Chilometri:<\/strong> 100km<\/p><p><strong>Imma\u00adtri\u00adco\u00adlazione:<\/strong> 07.07.2025<\/p><\/div><div class=\"ow_auto_item_text_bottom mt32\"><p class=\"preis\">CHF 28\u2019900.00<\/p><div class=\"ow_button ow_button_red\"><span><span>Mag\u00adgiori informazioni<\/span><\/span><\/div><\/div><\/a><\/div><div class=\"ow_auto_item\"><div class=\"ow_auto_item_image\"><div class=\"ow_auto_item_image_slide\"><div class=\"ow_galery_image_bg\"><img data-lazy=\"https:\/\/neueautos.ch\/wp-content\/themes\/Divi-Child\/actions\/zipContents\/475254105393.jpg\"><\/div><\/div><div class=\"ow_auto_item_image_slide\"><div class=\"ow_galery_image_bg\"><img data-lazy=\"https:\/\/neueautos.ch\/wp-content\/themes\/Divi-Child\/actions\/zipContents\/475254105393_2.jpg\"><\/div><\/div><div class=\"ow_auto_item_image_slide\"><div class=\"ow_galery_image_bg\"><img data-lazy=\"https:\/\/neueautos.ch\/wp-content\/themes\/Divi-Child\/actions\/zipContents\/475254105393_3.jpg\"><\/div><\/div><div class=\"ow_auto_item_image_slide\"><div class=\"ow_galery_image_bg\"><img data-lazy=\"https:\/\/neueautos.ch\/wp-content\/themes\/Divi-Child\/actions\/zipContents\/475254105393_4.jpg\"><\/div><\/div><div class=\"ow_auto_item_image_slide\"><div class=\"ow_galery_image_bg\"><img data-lazy=\"https:\/\/neueautos.ch\/wp-content\/themes\/Divi-Child\/actions\/zipContents\/475254105393_5.jpg\"><\/div><\/div><div class=\"ow_auto_item_image_slide\"><div class=\"ow_galery_image_bg\"><img data-lazy=\"https:\/\/neueautos.ch\/wp-content\/themes\/Divi-Child\/actions\/zipContents\/475254105393_6.jpg\"><\/div><\/div><div class=\"ow_auto_item_image_slide\"><div class=\"ow_galery_image_bg\"><img data-lazy=\"https:\/\/neueautos.ch\/wp-content\/themes\/Divi-Child\/actions\/zipContents\/475254105393_7.jpg\"><\/div><\/div><div class=\"ow_auto_item_image_slide\"><div class=\"ow_galery_image_bg\"><img data-lazy=\"https:\/\/neueautos.ch\/wp-content\/themes\/Divi-Child\/actions\/zipContents\/475254105393_8.jpg\"><\/div><\/div><div class=\"ow_auto_item_image_slide\"><div class=\"ow_galery_image_bg\"><img data-lazy=\"https:\/\/neueautos.ch\/wp-content\/themes\/Divi-Child\/actions\/zipContents\/475254105393_9.jpg\"><\/div><\/div><div class=\"ow_auto_item_image_slide\"><div class=\"ow_galery_image_bg\"><img data-lazy=\"https:\/\/neueautos.ch\/wp-content\/themes\/Divi-Child\/actions\/zipContents\/475254105393_10.jpg\"><\/div><\/div><div class=\"ow_auto_item_image_slide\"><div class=\"ow_galery_image_bg\"><img data-lazy=\"https:\/\/neueautos.ch\/wp-content\/themes\/Divi-Child\/actions\/zipContents\/475254105393_11.jpg\"><\/div><\/div><div class=\"ow_auto_item_image_slide\"><div class=\"ow_galery_image_bg\"><img data-lazy=\"https:\/\/neueautos.ch\/wp-content\/themes\/Divi-Child\/actions\/zipContents\/475254105393_12.jpg\"><\/div><\/div><div class=\"ow_auto_item_image_slide\"><div class=\"ow_galery_image_bg\"><img data-lazy=\"https:\/\/neueautos.ch\/wp-content\/themes\/Divi-Child\/actions\/zipContents\/475254105393_13.jpg\"><\/div><\/div><div class=\"ow_auto_item_image_slide\"><div class=\"ow_galery_image_bg\"><img data-lazy=\"https:\/\/neueautos.ch\/wp-content\/themes\/Divi-Child\/actions\/zipContents\/475254105393_14.jpg\"><\/div><\/div><div class=\"ow_auto_item_image_slide\"><div class=\"ow_galery_image_bg\"><img data-lazy=\"https:\/\/neueautos.ch\/wp-content\/themes\/Divi-Child\/actions\/zipContents\/475254105393_15.jpg\"><\/div><\/div><div class=\"ow_auto_item_image_slide\"><div class=\"ow_galery_image_bg\"><img data-lazy=\"https:\/\/neueautos.ch\/wp-content\/themes\/Divi-Child\/actions\/zipContents\/475254105393_16.jpg\"><\/div><\/div><\/div><a class=\"ow_auto_item_text\" href=\"https:\/\/neueautos.ch\/it\/auto\/toyota-yaris-cross-1-5-vvt-i-hsd-premium-2wd-105393-2\/\"><div class=\"ow_auto_item_text_data\"><div class=\"ow_auto_item_title mb32 text-center\"><h3><strong>Toyota<\/strong> Yaris Cross 1.5 VVT-i HSD Premium 2WD<\/h3><\/div><p><strong>Car\u00adbu\u00adrante:<\/strong> Ibrido<\/p><p><strong>Tipo di cam\u00adbio:<\/strong> Cam\u00adbio automatico<\/p><p><strong>Chilometri:<\/strong> 50km<\/p><p><strong>Imma\u00adtri\u00adco\u00adlazione:<\/strong> Novit\u00e0<\/p><\/div><div class=\"ow_auto_item_text_bottom mt32\"><p class=\"preis\">CHF 30\u2019900.00<\/p><div class=\"ow_button ow_button_red\"><span><span>Mag\u00adgiori informazioni<\/span><\/span><\/div><\/div><\/a><\/div><\/div><\/div><\/div>\n<p>[\/et_pb_text][\/et_pb_column][\/et_pb_row][\/et_pb_section]<\/p>\n","protected":false},"excerpt":{"rendered":"<p>[et_\u200b\u200bpb_\u200b\u200bsection fb_built=\u201c1\u201d custom_padding_last_edited=\u201con|phone\u201d admin_label=\u201cListings\u201d _builder_version=\u201c4.7.3\u201d background_color=\u201crgba(0,0,0,0)\u201d custom_padding=\u201c30px|80px|60px|80px|false|true\u201d custom_padding_tablet=\u201d|40px||40px|false|true\u201d custom_padding_phone=\u201c30px|20px|60px|20px|false|true\u201d][et_pb_row use_custom_gutter=\u201con\u201d gutter_width=\u201c2\u201d custom_padding_last_edited=\u201con|phone\u201d admin_label=\u201cShop Area\u201d module_\u200b\u200bclass=\u201d et_\u200b\u200bpb_\u200b\u200brow_\u200b\u200bfullwidth\u201d _builder_version=\u201c4.7.3\u201d width=\u201c100%\u201d width_tablet=\u201c80%\u201d width_last_edited=\u201coff|desktop\u201d max_width=\u201c2340px\u201d max_width_tablet=\u201c80%\u201d max_width_last_edited=\u201coff|desktop\u201d custom_\u200b\u200bmargin=\u201d|||\u201d custom_padding=\u201c20px|240px|20px|240px|true|true\u201d custom_padding_tablet=\u201d|0px||0px|true|true\u201d custom_padding_phone=\u201c20px||20px||true|true\u201d animation_style=\u201cslide\u201d animation_direction=\u201cbottom\u201d animation_duration=\u201c600ms\u201d animation_delay=\u201c150ms\u201d animation_intensity_slide=\u201c3%\u201d make_fullwidth=\u201con\u201d custom_padding__hover_enabled=\u201coff|desktop\u201d][et_pb_column type=\u201c4_4\u201d _builder_version=\u201c3.25\u201d custom_\u200b\u200bpadding=\u201d|||\u201d custom_padding__hover=\u201d|||\u201d][et_pb_text _builder_version=\u201c4.7.3\u201d _module_preset=\u201cdefault\u201d header_2_font=\u201cRoboto Condensed|300||on|||||\u201d header_2_text_align=\u201ccenter\u201d header_2_text_color=\u201c#383838\u201d header_2_font_size=\u201c42px\u201d header_2_line_height=\u201c1.1em\u201d custom_padding=\u201c9px|||||\u201d] IMMATRICOLAZIONE SVIZZERA DEI VEICOLI [\/et_pb_text][\/et_pb_column][\/et_pb_row][et_pb_row use_custom_gutter=\u201con\u201d gutter_width=\u201c2\u201d custom_padding_last_edited=\u201con|phone\u201d [\u2026]<\/p>\n","protected":false},"author":10,"featured_media":0,"parent":0,"menu_order":0,"comment_status":"closed","ping_status":"closed","template":"","meta":{"_et_pb_use_builder":"on","_et_pb_old_content":"[et_pb_section fb_built=\"1\" custom_padding_last_edited=\"on|phone\" admin_label=\"Listings\" _builder_version=\"4.7.3\" background_color=\"rgba(0,0,0,0)\" custom_padding=\"30px|80px|60px|80px|false|true\" custom_padding_tablet=\"|40px||40px|false|true\" custom_padding_phone=\"30px|20px|60px|20px|false|true\"][et_pb_row use_custom_gutter=\"on\" gutter_width=\"2\" custom_padding_last_edited=\"on|phone\" admin_label=\"Shop Area\" module_class=\" et_pb_row_fullwidth\" _builder_version=\"4.7.3\" width=\"100%\" width_tablet=\"80%\" width_last_edited=\"off|desktop\" max_width=\"2340px\" max_width_tablet=\"80%\" max_width_last_edited=\"off|desktop\" custom_margin=\"|||\" custom_padding=\"20px|240px|20px|240px|true|true\" custom_padding_tablet=\"|0px||0px|true|true\" custom_padding_phone=\"20px||20px||true|true\" animation_style=\"slide\" animation_direction=\"bottom\" animation_duration=\"600ms\" animation_delay=\"150ms\" animation_intensity_slide=\"3%\" make_fullwidth=\"on\" custom_padding__hover_enabled=\"off|desktop\"][et_pb_column type=\"4_4\" _builder_version=\"3.25\" custom_padding=\"|||\" custom_padding__hover=\"|||\"][et_pb_text _builder_version=\"4.7.3\" _module_preset=\"default\" header_2_font=\"Roboto Condensed|300||on|||||\" header_2_text_align=\"center\" header_2_text_color=\"#383838\" header_2_font_size=\"42px\" header_2_line_height=\"1.1em\" custom_padding=\"9px|||||\"]<h2>SCHWEIZER FAHRZEUGZULASSUNG<\/h2>[\/et_pb_text][\/et_pb_column][\/et_pb_row][et_pb_row use_custom_gutter=\"on\" gutter_width=\"2\" custom_padding_last_edited=\"on|phone\" admin_label=\"Shop Area\" module_class=\" et_pb_row_fullwidth\" _builder_version=\"4.7.3\" width=\"100%\" width_tablet=\"80%\" width_last_edited=\"off|desktop\" max_width_tablet=\"80%\" max_width_last_edited=\"off|desktop\" custom_margin=\"|||\" custom_padding=\"20px||20px||true|true\" custom_padding_tablet=\"\" custom_padding_phone=\"\" animation_style=\"slide\" animation_direction=\"bottom\" animation_duration=\"600ms\" animation_delay=\"150ms\" animation_intensity_slide=\"3%\" make_fullwidth=\"on\"][et_pb_column type=\"4_4\" _builder_version=\"3.25\" custom_padding=\"|||\" custom_padding__hover=\"|||\"][et_pb_text _builder_version=\"4.7.3\" _module_preset=\"default\" text_font=\"Roboto|300|||||||\" text_text_color=\"#333333\" text_font_size=\"18px\" text_line_height=\"1.6em\" link_text_color=\"#bc3918\" ul_font=\"Roboto|300|||||||\" ul_text_color=\"#4f4f4f\" ul_font_size=\"18px\" ul_line_height=\"1.5em\" header_2_font=\"Roboto Condensed|700||on|||||\" header_2_text_color=\"#424242\" header_2_line_height=\"1.2em\" background_color=\"#f7f7f7\" custom_padding=\"40px|40px|40px|40px|true|true\" custom_padding_tablet=\"30px|30px|30px|30px|true|true\" custom_padding_phone=\"\" custom_padding_last_edited=\"on|phone\"]<p>F\u00fcr die CH-Fahrzeugzulassung muss das Fahrzeug bei der Zulassungsstelle vorgef\u00fchrt werden. Dabei ist darauf zu achten, dass das Fahrzeug den verlangten Vorschriften entspricht. Gerade beim \u00dcbergang von Vorschriften (z.B. \u00c4nderung von Euronormen oder technischen Ausr\u00fcstungen)<\/p>\r\n<p>Seit dem 1. Juli 2012 ist je nach Fahrzeug und Motorisierung eine CO2-Steuer f\u00e4llig. Diese gilt f\u00fcr Neuwagen und Occasionen die nicht \u00e4lter als 6 Monate sind.<br \/><a href=\"https:\/\/www.bfe.admin.ch\/bfe\/de\/home\/effizienz\/mobilitaet\/co2-emissionsvorschriften-fuer-neue-personen-und-lieferwagen\/personenwagen-pw\/berechnungstool-fuer-kleinimporteure-pw.html\" target=\"_blank\" rel=\"noopener\">CO2 Rechner ASTRA<\/a><\/p>\r\n<p>\u00a0<\/p>\r\n<h2>FOLGENDE DOKUMENTE WERDEN BEN\u00d6TIGT:<\/h2>\r\n<ul>\r\n<li>Einfuhrbest\u00e4tigung und Fahrzeugrechnung<\/li>\r\n<li>COC \u2013 Europ\u00e4ische \u00dcbereinstimmungsbescheinigung<\/li>\r\n<li>Anhand des COC muss die g\u00fcltige Euronorm erf\u00fcllt sein<\/li>\r\n<li>Formular 1320 A (Bekommt man nachdem der Zoll und die MWST bezahlt sind)<\/li>\r\n<li>Bewilligung des ASTRA betreffend der CO2 Sanktion<\/li>\r\n<li>Je nach Ausr\u00fcstung Best\u00e4tigungen f\u00fcr Felgen, Anh\u00e4ngekupplung oder Fahrwerk<\/li>\r\n<li>Bei US Fahrzeugen ist die Homologation sehr anspruchsvoll und umfangreich. Hier sollte man sich diesbez\u00fcglich vor dem Import ganz genau erkundigen.<\/li>\r\n<\/ul>\r\n<h3>\u00a0<\/h3>\r\n<h3>DAS K\u00d6NNTE SIE AUCH INTERESSIEREN<\/h3>\r\n<ul>\r\n<li><a href=\"https:\/\/neueautos.ch\/import\/\">Direktimport: Einfach zum g\u00fcnstigen Neuwagen<\/a><\/li>\r\n<li><a href=\"https:\/\/neueautos.ch\/privatperson-auto-importieren\/\">Als Privatperson ein Fahrzeug importieren<\/a><\/li>\r\n<\/ul>[\/et_pb_text][\/et_pb_column][\/et_pb_row][\/et_pb_section][et_pb_section fb_built=\"1\" admin_label=\"Listings\" module_class=\"ow_front_auto\" _builder_version=\"4.7.3\" background_color=\"rgba(0,0,0,0)\" custom_padding=\"50px|80px|60px|80px|false|true\"][et_pb_row use_custom_gutter=\"on\" gutter_width=\"2\" make_equal=\"on\" admin_label=\"Shop Area\" module_class=\" et_pb_row_fullwidth\" _builder_version=\"4.7.3\" width=\"100%\" width_tablet=\"auto\" width_phone=\"\" width_last_edited=\"on|desktop\" max_width=\"1440px\" max_width_tablet=\"100%\" max_width_phone=\"\" max_width_last_edited=\"on|tablet\" custom_margin=\"|||\" custom_padding=\"|||\" animation_style=\"slide\" animation_direction=\"bottom\" animation_duration=\"600ms\" animation_delay=\"150ms\" animation_intensity_slide=\"3%\" make_fullwidth=\"on\" width__hover_enabled=\"off|desktop\"][et_pb_column type=\"4_4\" _builder_version=\"4.7.3\" background_color=\"rgba(0,0,0,0)\" custom_padding=\"|||\" custom_padding__hover=\"|||\" transform_styles__hover_enabled=\"on|hover\" transform_scale__hover_enabled=\"on|hover\" transform_translate__hover_enabled=\"on|desktop\" transform_rotate__hover_enabled=\"on|desktop\" transform_skew__hover_enabled=\"on|desktop\" transform_origin__hover_enabled=\"on|desktop\"][et_pb_text _builder_version=\"4.7.3\" _module_preset=\"default\" header_2_font=\"Roboto Condensed|300||on|||||\" header_2_text_align=\"center\" header_2_text_color=\"#383838\" header_2_font_size=\"42px\" custom_padding=\"9px|||||\"]<h2>UNSERE TOP ANGEBOTE<\/h2>[\/et_pb_text][et_pb_text admin_label=\"Text\" _builder_version=\"4.7.3\" _module_preset=\"default\" text_font=\"Roboto|300|||||||\" text_text_color=\"#333333\" text_font_size=\"18px\" ul_font=\"Roboto|300|||||||\" ul_text_color=\"#4f4f4f\" ul_font_size=\"18px\" ul_line_height=\"1.5em\" header_2_font=\"Roboto Condensed|700|||||||\" header_2_text_color=\"#2d2d2d\" header_2_line_height=\"1.2em\" custom_padding=\"0px||0px|0px||\" transform_styles__hover_enabled=\"on|hover\" transform_scale__hover_enabled=\"on|hover\" transform_translate__hover_enabled=\"on|desktop\" transform_rotate__hover_enabled=\"on|desktop\" transform_skew__hover_enabled=\"on|desktop\" transform_origin__hover_enabled=\"on|desktop\"]<p>[autos show_posts=0]<\/p>[\/et_pb_text][\/et_pb_column][\/et_pb_row][\/et_pb_section]","_et_gb_content_width":"","inline_featured_image":false,"wp_typography_post_enhancements_disabled":false},"acf":[],"yoast_head":"<!-- This site is optimized with the Yoast SEO plugin v20.8 - https:\/\/yoast.com\/wordpress\/plugins\/seo\/ -->\n<title>IMMATRICOLAZIONE SVIZZERA DEI VEICOLI - Neueautos<\/title>\n<meta name=\"description\" content=\"Per l\u2019immatricolazione svizzera, il veicolo deve essere presentato al servizio d\u2019immatricolazione. \u00c8 importante assicurarsi che il veicolo sia conforme alle normative richieste.\" \/>\n<meta name=\"robots\" content=\"index, follow, max-snippet:-1, max-image-preview:large, max-video-preview:-1\" \/>\n<link rel=\"canonical\" href=\"https:\/\/neueautos.ch\/it\/immatricolazione-in-svizzera\/\" \/>\n<meta property=\"og:locale\" content=\"it_IT\" \/>\n<meta property=\"og:type\" content=\"article\" \/>\n<meta property=\"og:title\" content=\"Immatricolazione in Svizzera\" \/>\n<meta property=\"og:description\" content=\"Per l\u2019immatricolazione svizzera, il veicolo deve essere presentato al servizio d\u2019immatricolazione. \u00c8 importante assicurarsi che il veicolo sia conforme alle normative richieste.\" \/>\n<meta property=\"og:url\" content=\"https:\/\/neueautos.ch\/it\/immatricolazione-in-svizzera\/\" \/>\n<meta property=\"og:site_name\" content=\"Neueautos\" \/>\n<meta property=\"article:modified_time\" content=\"2021-06-23T12:49:32+00:00\" \/>\n<meta property=\"og:image\" content=\"https:\/\/neueautos.ch\/wp-content\/uploads\/2021\/06\/ah-logo-1-1.png\" \/>\n\t<meta property=\"og:image:width\" content=\"492\" \/>\n\t<meta property=\"og:image:height\" content=\"280\" \/>\n\t<meta property=\"og:image:type\" content=\"image\/png\" \/>\n<meta name=\"twitter:card\" content=\"summary_large_image\" \/>\n<meta name=\"twitter:title\" content=\"Immatricolazione in Svizzera\" \/>\n<meta name=\"twitter:description\" content=\"Per l\u2019immatricolazione svizzera, il veicolo deve essere presentato al servizio d\u2019immatricolazione. \u00c8 importante assicurarsi che il veicolo sia conforme alle normative richieste.\" \/>\n<meta name=\"twitter:image\" content=\"https:\/\/neueautos.ch\/wp-content\/uploads\/2021\/06\/ah-logo-1-1.png\" \/>\n<meta name=\"twitter:label1\" content=\"Tempo di lettura stimato\" \/>\n\t<meta name=\"twitter:data1\" content=\"4 minuti\" \/>\n<script type=\"application\/ld+json\" class=\"yoast-schema-graph\">{\"@context\":\"https:\/\/schema.org\",\"@graph\":[{\"@type\":\"WebPage\",\"@id\":\"https:\/\/neueautos.ch\/it\/immatricolazione-in-svizzera\/\",\"url\":\"https:\/\/neueautos.ch\/it\/immatricolazione-in-svizzera\/\",\"name\":\"IMMATRICOLAZIONE SVIZZERA DEI VEICOLI - Neueautos\",\"isPartOf\":{\"@id\":\"https:\/\/neueautos.ch\/#website\"},\"datePublished\":\"2021-06-23T12:25:23+00:00\",\"dateModified\":\"2021-06-23T12:49:32+00:00\",\"description\":\"Per l\u2019immatricolazione svizzera, il veicolo deve essere presentato al servizio d\u2019immatricolazione. \u00c8 importante assicurarsi che il veicolo sia conforme alle normative richieste.\",\"breadcrumb\":{\"@id\":\"https:\/\/neueautos.ch\/it\/immatricolazione-in-svizzera\/#breadcrumb\"},\"inLanguage\":\"it-IT\",\"potentialAction\":[{\"@type\":\"ReadAction\",\"target\":[\"https:\/\/neueautos.ch\/it\/immatricolazione-in-svizzera\/\"]}]},{\"@type\":\"BreadcrumbList\",\"@id\":\"https:\/\/neueautos.ch\/it\/immatricolazione-in-svizzera\/#breadcrumb\",\"itemListElement\":[{\"@type\":\"ListItem\",\"position\":1,\"name\":\"Home\",\"item\":\"https:\/\/neueautos.ch\/it\/\"},{\"@type\":\"ListItem\",\"position\":2,\"name\":\"IMMATRICOLAZIONE SVIZZERA DEI VEICOLI\"}]},{\"@type\":\"WebSite\",\"@id\":\"https:\/\/neueautos.ch\/#website\",\"url\":\"https:\/\/neueautos.ch\/\",\"name\":\"Neueautos\",\"description\":\"\",\"potentialAction\":[{\"@type\":\"SearchAction\",\"target\":{\"@type\":\"EntryPoint\",\"urlTemplate\":\"https:\/\/neueautos.ch\/?s={search_term_string}\"},\"query-input\":\"required name=search_term_string\"}],\"inLanguage\":\"it-IT\"}]}<\/script>\n<!-- \/ Yoast SEO plugin. -->","yoast_head_json":{"title":"IMMATRICOLAZIONE SVIZZERA DEI VEICOLI - Neueautos","description":"Per l\u2019immatricolazione svizzera, il veicolo deve essere presentato al servizio d\u2019immatricolazione. \u00c8 importante assicurarsi che il veicolo sia conforme alle normative richieste.","robots":{"index":"index","follow":"follow","max-snippet":"max-snippet:-1","max-image-preview":"max-image-preview:large","max-video-preview":"max-video-preview:-1"},"canonical":"https:\/\/neueautos.ch\/it\/immatricolazione-in-svizzera\/","og_locale":"it_IT","og_type":"article","og_title":"Immatricolazione in Svizzera","og_description":"Per l\u2019immatricolazione svizzera, il veicolo deve essere presentato al servizio d\u2019immatricolazione. \u00c8 importante assicurarsi che il veicolo sia conforme alle normative richieste.","og_url":"https:\/\/neueautos.ch\/it\/immatricolazione-in-svizzera\/","og_site_name":"Neueautos","article_modified_time":"2021-06-23T12:49:32+00:00","og_image":[{"width":492,"height":280,"url":"https:\/\/neueautos.ch\/wp-content\/uploads\/2021\/06\/ah-logo-1-1.png","type":"image\/png"}],"twitter_card":"summary_large_image","twitter_title":"Immatricolazione in Svizzera","twitter_description":"Per l\u2019immatricolazione svizzera, il veicolo deve essere presentato al servizio d\u2019immatricolazione. \u00c8 importante assicurarsi che il veicolo sia conforme alle normative richieste.","twitter_image":"https:\/\/neueautos.ch\/wp-content\/uploads\/2021\/06\/ah-logo-1-1.png","twitter_misc":{"Tempo di lettura stimato":"4 minuti"},"schema":{"@context":"https:\/\/schema.org","@graph":[{"@type":"WebPage","@id":"https:\/\/neueautos.ch\/it\/immatricolazione-in-svizzera\/","url":"https:\/\/neueautos.ch\/it\/immatricolazione-in-svizzera\/","name":"IMMATRICOLAZIONE SVIZZERA DEI VEICOLI - Neueautos","isPartOf":{"@id":"https:\/\/neueautos.ch\/#website"},"datePublished":"2021-06-23T12:25:23+00:00","dateModified":"2021-06-23T12:49:32+00:00","description":"Per l\u2019immatricolazione svizzera, il veicolo deve essere presentato al servizio d\u2019immatricolazione. \u00c8 importante assicurarsi che il veicolo sia conforme alle normative richieste.","breadcrumb":{"@id":"https:\/\/neueautos.ch\/it\/immatricolazione-in-svizzera\/#breadcrumb"},"inLanguage":"it-IT","potentialAction":[{"@type":"ReadAction","target":["https:\/\/neueautos.ch\/it\/immatricolazione-in-svizzera\/"]}]},{"@type":"BreadcrumbList","@id":"https:\/\/neueautos.ch\/it\/immatricolazione-in-svizzera\/#breadcrumb","itemListElement":[{"@type":"ListItem","position":1,"name":"Home","item":"https:\/\/neueautos.ch\/it\/"},{"@type":"ListItem","position":2,"name":"IMMATRICOLAZIONE SVIZZERA DEI VEICOLI"}]},{"@type":"WebSite","@id":"https:\/\/neueautos.ch\/#website","url":"https:\/\/neueautos.ch\/","name":"Neueautos","description":"","potentialAction":[{"@type":"SearchAction","target":{"@type":"EntryPoint","urlTemplate":"https:\/\/neueautos.ch\/?s={search_term_string}"},"query-input":"required name=search_term_string"}],"inLanguage":"it-IT"}]}},"_links":{"self":[{"href":"https:\/\/neueautos.ch\/it\/wp-json\/wp\/v2\/pages\/3611"}],"collection":[{"href":"https:\/\/neueautos.ch\/it\/wp-json\/wp\/v2\/pages"}],"about":[{"href":"https:\/\/neueautos.ch\/it\/wp-json\/wp\/v2\/types\/page"}],"author":[{"embeddable":true,"href":"https:\/\/neueautos.ch\/it\/wp-json\/wp\/v2\/users\/10"}],"replies":[{"embeddable":true,"href":"https:\/\/neueautos.ch\/it\/wp-json\/wp\/v2\/comments?post=3611"}],"version-history":[{"count":5,"href":"https:\/\/neueautos.ch\/it\/wp-json\/wp\/v2\/pages\/3611\/revisions"}],"predecessor-version":[{"id":3636,"href":"https:\/\/neueautos.ch\/it\/wp-json\/wp\/v2\/pages\/3611\/revisions\/3636"}],"wp:attachment":[{"href":"https:\/\/neueautos.ch\/it\/wp-json\/wp\/v2\/media?parent=3611"}],"curies":[{"name":"wp","href":"https:\/\/api.w.org\/{rel}","templated":true}]}}